{"id":2708389,"date":"2023-10-18T09:19:28","date_gmt":"2023-10-18T07:19:28","guid":{"rendered":"https:\/\/www.camping-le-calagogo.fr\/lloguer-mobil-home-llenguadoc-rossello\/"},"modified":"2025-12-02T15:47:31","modified_gmt":"2025-12-02T14:47:31","slug":"lloguer-mobil-home-llenguadoc-rossello","status":"publish","type":"page","link":"https:\/\/www.camping-le-calagogo.fr\/ca\/lloguer-mobil-home-llenguadoc-rossello\/","title":{"rendered":"Mobil-home"},"content":{"rendered":"<section id=\"ls-section-block_74f99c3db1118c7d697e8361e2ab4b89\" class=\"ls-section  page-chapeau deco has-p-b p-b-4\" >\r\n        <div class=\"container \">\r\n        \n\n<h1 class=\"ls__heading wp-block-heading has-text-align-center\">Lloguer de mobilhome Saint-Cyprien<br><strong>al Llenguadoc Rossell\u00f3<\/strong><\/h1>\n\n\r\n    <\/div>\r\n<\/section>\n\n<section id=\"ls-section-block_8e8ffca8eae62a2795ff8b3e2a4fd131\" class=\"ls-section  page-hebergements has-p-t p-t-0\" >\r\n        <div class=\"container container--wide\">\r\n        \n\n<div id=\"ls-hebergements-block_7a2843b7531655dd0592a059a4c50081\" class=\"ls-hebergements\" >\n    \n    <div class=\"ls-customizer\">\n\n    <div class=\"ls-customizer__filters\">\n        <div class=\"ls-customizer__filters__close\">\n            <i class=\"fas fa-times\"><\/i>\n        <\/div>\n\n        <div class=\"ls-customizer__filters__title\">\n            <b>Filtres<\/b>\n            <span class=\"ls-customizer__filters__clear\"><i class=\"fas fa-times\"><\/i>\n                Esborra els filtres<\/span>\n        <\/div>\n\n\n                \n        <!-- Filtres ACF fields -->\n        \n                        <!-- Filtre gammes_hebergements -->\n                <div class=\"filter\" id=\"filter-gammes_hebergements\">\n            <div class=\"filter__title\">Intervals<i class=\"fas fa-angle-down\"><\/i><\/div>\n            <fieldset data-filter=\"gammes_hebergements\" data-operator=\"==\"\n                class=\"input\">\n\n                <div><input type=\"radio\" name=\"gammes_hebergements\" id=\"gammes_hebergements-all\"  class=\"checkbox\" \/><label for='gammes_hebergements-all'>Tots<\/label><\/div><div><input type=\"radio\" name=\"gammes_hebergements\" id=\"gammes_hebergements-gamme-plaisir\" value=\"gamme-plaisir\" class=\"checkbox\"  \/><label for='gammes_hebergements-gamme-plaisir'>gamme plaisir<\/label><\/div><div><input type=\"radio\" name=\"gammes_hebergements\" id=\"gammes_hebergements-gamme-prestige\" value=\"gamme-prestige\" class=\"checkbox\"  \/><label for='gammes_hebergements-gamme-prestige'>gamme prestige<\/label><\/div><div><input type=\"radio\" name=\"gammes_hebergements\" id=\"gammes_hebergements-gamme-privilege\" value=\"gamme-privilege\" class=\"checkbox\"  \/><label for='gammes_hebergements-gamme-privilege'>gamme privilege<\/label><\/div>            <\/fieldset>\n        <\/div>\n                        <!-- Filtre nombre_de_personnes -->\n                <div class=\"filter\" id=\"filter-nombre_de_personnes\">\n            <div class=\"filter__title\">Capacitat m\u00e0xima<i class=\"fas fa-angle-down\"><\/i><\/div>\n            <fieldset data-filter=\"nombre_de_personnes\" data-operator=\"<=\"\n                class=\"input\">\n\n                <div><input type=\"radio\" name=\"nombre_de_personnes\" id=\"nombre_de_personnes-all\"  class=\"checkbox\" \/><label for='nombre_de_personnes-all'>Tots<\/label><\/div><div><input type=\"radio\" name=\"nombre_de_personnes\" id=\"nombre_de_personnes-3\" value=\"3\" class=\"checkbox\"  \/><label for='nombre_de_personnes-3'>Fins que 3 pers.<\/label><\/div><div><input type=\"radio\" name=\"nombre_de_personnes\" id=\"nombre_de_personnes-4\" value=\"4\" class=\"checkbox\"  \/><label for='nombre_de_personnes-4'>Fins que 4 pers.<\/label><\/div><div><input type=\"radio\" name=\"nombre_de_personnes\" id=\"nombre_de_personnes-6\" value=\"6\" class=\"checkbox\"  \/><label for='nombre_de_personnes-6'>Fins que 6 pers.<\/label><\/div><div><input type=\"radio\" name=\"nombre_de_personnes\" id=\"nombre_de_personnes-8\" value=\"8\" class=\"checkbox\"  \/><label for='nombre_de_personnes-8'>Fins que 8 pers.<\/label><\/div><div><input type=\"radio\" name=\"nombre_de_personnes\" id=\"nombre_de_personnes-10\" value=\"10\" class=\"checkbox\"  \/><label for='nombre_de_personnes-10'>Fins que 10 pers.<\/label><\/div><div><input type=\"radio\" name=\"nombre_de_personnes\" id=\"nombre_de_personnes-14\" value=\"14\" class=\"checkbox\"  \/><label for='nombre_de_personnes-14'>Fins que 14 pers.<\/label><\/div>            <\/fieldset>\n        <\/div>\n                        <!-- Filtre nombre_de_chambres -->\n                <div class=\"filter\" id=\"filter-nombre_de_chambres\">\n            <div class=\"filter__title\">nombre d&#8217;habitatges<i class=\"fas fa-angle-down\"><\/i><\/div>\n            <fieldset data-filter=\"nombre_de_chambres\" data-operator=\"==\"\n                class=\"input\">\n\n                <div><input type=\"radio\" name=\"nombre_de_chambres\" id=\"nombre_de_chambres-all\"  class=\"checkbox\" \/><label for='nombre_de_chambres-all'>Tots<\/label><\/div><div><input type=\"radio\" name=\"nombre_de_chambres\" id=\"nombre_de_chambres-1\" value=\"1\" class=\"checkbox\"  \/><label for='nombre_de_chambres-1'>1<\/label><\/div><div><input type=\"radio\" name=\"nombre_de_chambres\" id=\"nombre_de_chambres-2\" value=\"2\" class=\"checkbox\"  \/><label for='nombre_de_chambres-2'>2<\/label><\/div><div><input type=\"radio\" name=\"nombre_de_chambres\" id=\"nombre_de_chambres-3\" value=\"3\" class=\"checkbox\"  \/><label for='nombre_de_chambres-3'>3<\/label><\/div><div><input type=\"radio\" name=\"nombre_de_chambres\" id=\"nombre_de_chambres-4\" value=\"4\" class=\"checkbox\"  \/><label for='nombre_de_chambres-4'>4<\/label><\/div>            <\/fieldset>\n        <\/div>\n                \n        \n    <\/div>\n\n<\/div><div class=\"ls-hebergements__results\" data-row=\"3\" data-campings=\"false\" data-types=\"[22]\"><div class=\"ls-hebergement\" data-postid='2847240' data-id-reservation='146117' data-id-site='' data-id1='' data-gammes_hebergements='gamme-prestige' data-nombre_de_personnes='14' data-nombre_de_chambres='' data-type='accommodation-fr mobil-home-fr'>\n\t<a href=\"https:\/\/www.camping-le-calagogo.fr\/ca\/hebergements\/cleopatre-area-3-mh-7-ch-6-salles-deau-climatise-tv\/#primary\" rel=\"noopener\" target=\"_blank\"\n\t\tclass=\"ls-hebergement__link\">\n\t\t<div class=\"ls-hebergement__thumb\">\n\t\t\t\t\t\t<img decoding=\"async\" src=\"https:\/\/www.camping-le-calagogo.fr\/wp-content\/uploads\/2025\/12\/0-1409731-scaled.jpg\" alt=\"CLEOPATRE area &#8211; 3 mh &#8211; 7 ch &#8211; 6 Bathrooms &#8211; Air Conditioning &#8211; TV\" \/>\n\t\t<\/div>\n\t\t\t\t\t\t<div class=\"ls-hebergement__title\">\n\t\t\t<span class=\"ls-hebergement__photos-constructeur\">Photos constructeur<\/span>\n\t\t\t<div class=\"ls-hebergement__gammes\">\n\t\t\t\tgamme prestige\t\t\t<\/div>\n\t\t\tCLEOPATRE area &#8211; 3 mh &#8211; 7 ch &#8211; 6 Bathrooms &#8211; Air Conditioning &#8211; TV\t\t<\/div>\n\n\t\t<div class=\"ls-hebergement__details\">\n\n\t\t\t<div class=\"ls-hebergement__icons\">\n\n\t\t\t\t\t\t\t\t<span class=\"ls-hebergement__icon\">\n\t\t\t\t\t<i class=\"calagogo-family\"><\/i>\n\t\t\t\t\t14\t\t\t\t<\/span>\n\t\t\t\t\n\t\t\t\t\n\t\t\t\t<div class=\"ls-hebergement__infos\">\n\t\t\t\t\t\t\t\t\t\t\t\t\t\t<\/div>\n\t\t\t\t\n\t\t\t<\/div>\n\n\n\t\t<\/div>\n\n\t\t<div class=\"ls-hebergement__disponibilites\">\n\t\t\tDescobreix\t\t<\/div>\n\t\t<div class=\"ls-button in-view animated fadeInUp\" style=\"opacity: 1;\">\n\t\t\t<span>Descobreix<\/span><i class='calagogo-right-arrow'><\/i><\/div>\n\t<\/a>\n<\/div><div class=\"ls-hebergement\" data-postid='2847243' data-id-reservation='146165' data-id-site='' data-id1='' data-gammes_hebergements='gamme-prestige' data-nombre_de_personnes='10' data-nombre_de_chambres='' data-type='accommodation-fr mobil-home-fr'>\n\t<a href=\"https:\/\/www.camping-le-calagogo.fr\/ca\/hebergements\/hera-area-2-mh-5-ch-4-salles-deau-climatise-tv\/#primary\" rel=\"noopener\" target=\"_blank\"\n\t\tclass=\"ls-hebergement__link\">\n\t\t<div class=\"ls-hebergement__thumb\">\n\t\t\t\t\t\t<img decoding=\"async\" src=\"https:\/\/www.camping-le-calagogo.fr\/wp-content\/uploads\/2025\/12\/0-1409738-scaled.jpg\" alt=\"HERA area &#8211; 2 mh &#8211; 5 ch &#8211; 4 Bathrooms &#8211; Air Conditioning &#8211; TV\" \/>\n\t\t<\/div>\n\t\t\t\t\t\t<div class=\"ls-hebergement__title\">\n\t\t\t<span class=\"ls-hebergement__photos-constructeur\">Photos constructeur<\/span>\n\t\t\t<div class=\"ls-hebergement__gammes\">\n\t\t\t\tgamme prestige\t\t\t<\/div>\n\t\t\tHERA area &#8211; 2 mh &#8211; 5 ch &#8211; 4 Bathrooms &#8211; Air Conditioning &#8211; TV\t\t<\/div>\n\n\t\t<div class=\"ls-hebergement__details\">\n\n\t\t\t<div class=\"ls-hebergement__icons\">\n\n\t\t\t\t\t\t\t\t<span class=\"ls-hebergement__icon\">\n\t\t\t\t\t<i class=\"calagogo-family\"><\/i>\n\t\t\t\t\t10\t\t\t\t<\/span>\n\t\t\t\t\n\t\t\t\t\n\t\t\t\t<div class=\"ls-hebergement__infos\">\n\t\t\t\t\t\t\t\t\t\t<span class=\"ls-hebergement__detail\">\n\t\t\t\t\t\t<i class=\"calagogo-area1\"><\/i> 80m\u00b2\n\t\t\t\t\t<\/span>\n\t\t\t\t\t\t\t\t\t\t\t\t\t\t<\/div>\n\t\t\t\t\n\t\t\t<\/div>\n\n\n\t\t<\/div>\n\n\t\t<div class=\"ls-hebergement__disponibilites\">\n\t\t\tDescobreix\t\t<\/div>\n\t\t<div class=\"ls-button in-view animated fadeInUp\" style=\"opacity: 1;\">\n\t\t\t<span>Descobreix<\/span><i class='calagogo-right-arrow'><\/i><\/div>\n\t<\/a>\n<\/div><div class=\"ls-hebergement\" data-postid='2830198' data-id-reservation='97162' data-id-site='' data-id1='' data-gammes_hebergements='gamme-privilege' data-nombre_de_personnes='8' data-nombre_de_chambres='4' data-type='accommodation-fr mobil-home-fr'>\n\t<a href=\"https:\/\/www.camping-le-calagogo.fr\/ca\/hebergements\/mobilhome-maury-aire-condicionat\/#primary\" rel=\"noopener\" target=\"_blank\"\n\t\tclass=\"ls-hebergement__link\">\n\t\t<div class=\"ls-hebergement__thumb\">\n\t\t\t\t\t\t<img decoding=\"async\" src=\"https:\/\/www.camping-le-calagogo.fr\/wp-content\/uploads\/2025\/12\/0-1409728-scaled.jpg\" alt=\"Mobilhome MEDUSA aire condicionat\" \/>\n\t\t<\/div>\n\t\t\t\t\t\t<div class=\"ls-hebergement__title\">\n\t\t\t<span class=\"ls-hebergement__photos-constructeur\">Photos constructeur<\/span>\n\t\t\t<div class=\"ls-hebergement__gammes\">\n\t\t\t\tgamme privilege\t\t\t<\/div>\n\t\t\tMobilhome MEDUSA aire condicionat\t\t<\/div>\n\n\t\t<div class=\"ls-hebergement__details\">\n\n\t\t\t<div class=\"ls-hebergement__icons\">\n\n\t\t\t\t\t\t\t\t<span class=\"ls-hebergement__icon\">\n\t\t\t\t\t<i class=\"calagogo-family\"><\/i>\n\t\t\t\t\t8\t\t\t\t<\/span>\n\t\t\t\t\n\t\t\t\t\n\t\t\t\t<div class=\"ls-hebergement__infos\">\n\t\t\t\t\t\t\t\t\t\t<span class=\"ls-hebergement__detail\">\n\t\t\t\t\t\t<i class=\"calagogo-area1\"><\/i> 40m\u00b2\n\t\t\t\t\t<\/span>\n\t\t\t\t\t\t\t\t\t\t\t\t\t\t\t<span class=\"ls-hebergement__detail\">\n\t\t\t\t\t\t\t\t\t\t\t\t<i class=\"calagogo-door\"><\/i> 4\t\t\t\t\t\tcap.\t\t\t\t\t\t\t\t\t\t\t<\/span>\n\t\t\t\t\t\t\t\t\t<\/div>\n\t\t\t\t\n\t\t\t<\/div>\n\n\n\t\t<\/div>\n\n\t\t<div class=\"ls-hebergement__disponibilites\">\n\t\t\tDescobreix\t\t<\/div>\n\t\t<div class=\"ls-button in-view animated fadeInUp\" style=\"opacity: 1;\">\n\t\t\t<span>Descobreix<\/span><i class='calagogo-right-arrow'><\/i><\/div>\n\t<\/a>\n<\/div><div class=\"ls-hebergement\" data-postid='2830196' data-id-reservation='97161' data-id-site='' data-id1='' data-gammes_hebergements='gamme-privilege' data-nombre_de_personnes='6' data-nombre_de_chambres='3' data-type='accommodation-fr mobil-home-fr'>\n\t<a href=\"https:\/\/www.camping-le-calagogo.fr\/ca\/hebergements\/mobil-home-moscat-3-habitacions-2-banys-aire-condicionat-tv\/#primary\" rel=\"noopener\" target=\"_blank\"\n\t\tclass=\"ls-hebergement__link\">\n\t\t<div class=\"ls-hebergement__thumb\">\n\t\t\t\t\t\t<img decoding=\"async\" src=\"https:\/\/www.camping-le-calagogo.fr\/wp-content\/uploads\/2026\/03\/0-1409726-scaled.jpg\" alt=\"Mobilhome CALISTA aire condicionat\" \/>\n\t\t<\/div>\n\t\t\t\t\t\t<div class=\"ls-hebergement__title\">\n\t\t\t<span class=\"ls-hebergement__photos-constructeur\">Photos constructeur<\/span>\n\t\t\t<div class=\"ls-hebergement__gammes\">\n\t\t\t\tgamme privilege\t\t\t<\/div>\n\t\t\tMobilhome CALISTA aire condicionat\t\t<\/div>\n\n\t\t<div class=\"ls-hebergement__details\">\n\n\t\t\t<div class=\"ls-hebergement__icons\">\n\n\t\t\t\t\t\t\t\t<span class=\"ls-hebergement__icon\">\n\t\t\t\t\t<i class=\"calagogo-family\"><\/i>\n\t\t\t\t\t6\t\t\t\t<\/span>\n\t\t\t\t\n\t\t\t\t\n\t\t\t\t<div class=\"ls-hebergement__infos\">\n\t\t\t\t\t\t\t\t\t\t<span class=\"ls-hebergement__detail\">\n\t\t\t\t\t\t<i class=\"calagogo-area1\"><\/i> 40m\u00b2\n\t\t\t\t\t<\/span>\n\t\t\t\t\t\t\t\t\t\t\t\t\t\t\t<span class=\"ls-hebergement__detail\">\n\t\t\t\t\t\t\t\t\t\t\t\t<i class=\"calagogo-door\"><\/i> 3\t\t\t\t\t\tcap.\t\t\t\t\t\t\t\t\t\t\t<\/span>\n\t\t\t\t\t\t\t\t\t<\/div>\n\t\t\t\t\n\t\t\t<\/div>\n\n\n\t\t<\/div>\n\n\t\t<div class=\"ls-hebergement__disponibilites\">\n\t\t\tDescobreix\t\t<\/div>\n\t\t<div class=\"ls-button in-view animated fadeInUp\" style=\"opacity: 1;\">\n\t\t\t<span>Descobreix<\/span><i class='calagogo-right-arrow'><\/i><\/div>\n\t<\/a>\n<\/div><div class=\"ls-hebergement\" data-postid='2830192' data-id-reservation='97159' data-id-site='' data-id1='' data-gammes_hebergements='gamme-privilege' data-nombre_de_personnes='4' data-nombre_de_chambres='2' data-type='accommodation-fr mobil-home-fr'>\n\t<a href=\"https:\/\/www.camping-le-calagogo.fr\/ca\/hebergements\/mobil-home-banuyls-2-ch-2-salles-deau-climatise-tv\/#primary\" rel=\"noopener\" target=\"_blank\"\n\t\tclass=\"ls-hebergement__link\">\n\t\t<div class=\"ls-hebergement__thumb\">\n\t\t\t\t\t\t<img decoding=\"async\" src=\"https:\/\/www.camping-le-calagogo.fr\/wp-content\/uploads\/2026\/03\/0-1409721-scaled.jpg\" alt=\"Mobilhome VENUSIA aire condicionat\" \/>\n\t\t<\/div>\n\t\t\t\t\t\t<div class=\"ls-hebergement__title\">\n\t\t\t<span class=\"ls-hebergement__photos-constructeur\">Photos constructeur<\/span>\n\t\t\t<div class=\"ls-hebergement__gammes\">\n\t\t\t\tgamme privilege\t\t\t<\/div>\n\t\t\tMobilhome VENUSIA aire condicionat\t\t<\/div>\n\n\t\t<div class=\"ls-hebergement__details\">\n\n\t\t\t<div class=\"ls-hebergement__icons\">\n\n\t\t\t\t\t\t\t\t<span class=\"ls-hebergement__icon\">\n\t\t\t\t\t<i class=\"calagogo-family\"><\/i>\n\t\t\t\t\t4\t\t\t\t<\/span>\n\t\t\t\t\n\t\t\t\t\n\t\t\t\t<div class=\"ls-hebergement__infos\">\n\t\t\t\t\t\t\t\t\t\t<span class=\"ls-hebergement__detail\">\n\t\t\t\t\t\t<i class=\"calagogo-area1\"><\/i> 33m\u00b2\n\t\t\t\t\t<\/span>\n\t\t\t\t\t\t\t\t\t\t\t\t\t\t\t<span class=\"ls-hebergement__detail\">\n\t\t\t\t\t\t\t\t\t\t\t\t<i class=\"calagogo-door\"><\/i> 2\t\t\t\t\t\tcap.\t\t\t\t\t\t\t\t\t\t\t<\/span>\n\t\t\t\t\t\t\t\t\t<\/div>\n\t\t\t\t\n\t\t\t<\/div>\n\n\n\t\t<\/div>\n\n\t\t<div class=\"ls-hebergement__disponibilites\">\n\t\t\tDescobreix\t\t<\/div>\n\t\t<div class=\"ls-button in-view animated fadeInUp\" style=\"opacity: 1;\">\n\t\t\t<span>Descobreix<\/span><i class='calagogo-right-arrow'><\/i><\/div>\n\t<\/a>\n<\/div><div class=\"ls-hebergement\" data-postid='2830193' data-id-reservation='76982' data-id-site='' data-id1='' data-gammes_hebergements='gamme-privilege' data-nombre_de_personnes='4' data-nombre_de_chambres='2' data-type='accommodation-fr mobil-home-fr'>\n\t<a href=\"https:\/\/www.camping-le-calagogo.fr\/ca\/hebergements\/mobilhome-adaptat-per-a-persones-amb-mobilitat-reduida-adapt-pmr\/#primary\" rel=\"noopener\" target=\"_blank\"\n\t\tclass=\"ls-hebergement__link\">\n\t\t<div class=\"ls-hebergement__thumb\">\n\t\t\t\t\t\t<img decoding=\"async\" src=\"https:\/\/www.camping-le-calagogo.fr\/wp-content\/uploads\/2025\/12\/0-1409275-scaled.jpg\" alt=\"Mobilhome Adaptat per a persones amb mobilitat redu\u00efda ADAPT (PMR)\" \/>\n\t\t<\/div>\n\t\t\t\t\t\t<div class=\"ls-hebergement__title\">\n\t\t\t<span class=\"ls-hebergement__photos-constructeur\">Photos constructeur<\/span>\n\t\t\t<div class=\"ls-hebergement__gammes\">\n\t\t\t\tgamme privilege\t\t\t<\/div>\n\t\t\tMobilhome Adaptat per a persones amb mobilitat redu\u00efda ADAPT (PMR)\t\t<\/div>\n\n\t\t<div class=\"ls-hebergement__details\">\n\n\t\t\t<div class=\"ls-hebergement__icons\">\n\n\t\t\t\t\t\t\t\t<span class=\"ls-hebergement__icon\">\n\t\t\t\t\t<i class=\"calagogo-family\"><\/i>\n\t\t\t\t\t4\t\t\t\t<\/span>\n\t\t\t\t\n\t\t\t\t\n\t\t\t\t<div class=\"ls-hebergement__infos\">\n\t\t\t\t\t\t\t\t\t\t<span class=\"ls-hebergement__detail\">\n\t\t\t\t\t\t<i class=\"calagogo-area1\"><\/i> 36m\u00b2\n\t\t\t\t\t<\/span>\n\t\t\t\t\t\t\t\t\t\t\t\t\t\t\t<span class=\"ls-hebergement__detail\">\n\t\t\t\t\t\t\t\t\t\t\t\t<i class=\"calagogo-door\"><\/i> 2\t\t\t\t\t\tcap.\t\t\t\t\t\t\t\t\t\t\t<\/span>\n\t\t\t\t\t\t\t\t\t<\/div>\n\t\t\t\t\n\t\t\t<\/div>\n\n\n\t\t<\/div>\n\n\t\t<div class=\"ls-hebergement__disponibilites\">\n\t\t\tDescobreix\t\t<\/div>\n\t\t<div class=\"ls-button in-view animated fadeInUp\" style=\"opacity: 1;\">\n\t\t\t<span>Descobreix<\/span><i class='calagogo-right-arrow'><\/i><\/div>\n\t<\/a>\n<\/div><div class=\"ls-hebergement\" data-postid='2830194' data-id-reservation='45598' data-id-site='' data-id1='' data-gammes_hebergements='gamme-privilege' data-nombre_de_personnes='6' data-nombre_de_chambres='3' data-type='accommodation-fr mobil-home-fr'>\n\t<a href=\"https:\/\/www.camping-le-calagogo.fr\/ca\/hebergements\/casa-mobil-collioure-3-ch-climatise-tv\/#primary\" rel=\"noopener\" target=\"_blank\"\n\t\tclass=\"ls-hebergement__link\">\n\t\t<div class=\"ls-hebergement__thumb\">\n\t\t\t\t\t\t<img decoding=\"async\" src=\"https:\/\/www.camping-le-calagogo.fr\/wp-content\/uploads\/2025\/12\/0-1409706.jpg\" alt=\"Mobilhome HELIOS &#8211; aire condicionat &#8211; TV\" \/>\n\t\t<\/div>\n\t\t\t\t\t\t<div class=\"ls-hebergement__title\">\n\t\t\t<span class=\"ls-hebergement__photos-constructeur\">Photos constructeur<\/span>\n\t\t\t<div class=\"ls-hebergement__gammes\">\n\t\t\t\tgamme privilege\t\t\t<\/div>\n\t\t\tMobilhome HELIOS &#8211; aire condicionat &#8211; TV\t\t<\/div>\n\n\t\t<div class=\"ls-hebergement__details\">\n\n\t\t\t<div class=\"ls-hebergement__icons\">\n\n\t\t\t\t\t\t\t\t<span class=\"ls-hebergement__icon\">\n\t\t\t\t\t<i class=\"calagogo-family\"><\/i>\n\t\t\t\t\t6\t\t\t\t<\/span>\n\t\t\t\t\n\t\t\t\t\n\t\t\t\t<div class=\"ls-hebergement__infos\">\n\t\t\t\t\t\t\t\t\t\t<span class=\"ls-hebergement__detail\">\n\t\t\t\t\t\t<i class=\"calagogo-area1\"><\/i> 33m\u00b2\n\t\t\t\t\t<\/span>\n\t\t\t\t\t\t\t\t\t\t\t\t\t\t\t<span class=\"ls-hebergement__detail\">\n\t\t\t\t\t\t\t\t\t\t\t\t<i class=\"calagogo-door\"><\/i> 3\t\t\t\t\t\tcap.\t\t\t\t\t\t\t\t\t\t\t<\/span>\n\t\t\t\t\t\t\t\t\t<\/div>\n\t\t\t\t\n\t\t\t<\/div>\n\n\n\t\t<\/div>\n\n\t\t<div class=\"ls-hebergement__disponibilites\">\n\t\t\tDescobreix\t\t<\/div>\n\t\t<div class=\"ls-button in-view animated fadeInUp\" style=\"opacity: 1;\">\n\t\t\t<span>Descobreix<\/span><i class='calagogo-right-arrow'><\/i><\/div>\n\t<\/a>\n<\/div><div class=\"ls-hebergement\" data-postid='2830195' data-id-reservation='62542' data-id-site='' data-id1='' data-gammes_hebergements='gamme-plaisir' data-nombre_de_personnes='6' data-nombre_de_chambres='3' data-type='accommodation-fr mobil-home-fr'>\n\t<a href=\"https:\/\/www.camping-le-calagogo.fr\/ca\/hebergements\/mobil-home-tautavel-3-ch-climatise-tv\/#primary\" rel=\"noopener\" target=\"_blank\"\n\t\tclass=\"ls-hebergement__link\">\n\t\t<div class=\"ls-hebergement__thumb\">\n\t\t\t\t\t\t<img decoding=\"async\" src=\"https:\/\/www.camping-le-calagogo.fr\/wp-content\/uploads\/2025\/12\/0-1409700-scaled.jpg\" alt=\"Mobilhome ISIS &#8211; aire condicionat &#8211; TV\" \/>\n\t\t<\/div>\n\t\t\t\t\t\t<div class=\"ls-hebergement__title\">\n\t\t\t<span class=\"ls-hebergement__photos-constructeur\">Photos constructeur<\/span>\n\t\t\t<div class=\"ls-hebergement__gammes\">\n\t\t\t\tgamme plaisir\t\t\t<\/div>\n\t\t\tMobilhome ISIS &#8211; aire condicionat &#8211; TV\t\t<\/div>\n\n\t\t<div class=\"ls-hebergement__details\">\n\n\t\t\t<div class=\"ls-hebergement__icons\">\n\n\t\t\t\t\t\t\t\t<span class=\"ls-hebergement__icon\">\n\t\t\t\t\t<i class=\"calagogo-family\"><\/i>\n\t\t\t\t\t6\t\t\t\t<\/span>\n\t\t\t\t\n\t\t\t\t\n\t\t\t\t<div class=\"ls-hebergement__infos\">\n\t\t\t\t\t\t\t\t\t\t<span class=\"ls-hebergement__detail\">\n\t\t\t\t\t\t<i class=\"calagogo-area1\"><\/i> 33m\u00b2\n\t\t\t\t\t<\/span>\n\t\t\t\t\t\t\t\t\t\t\t\t\t\t\t<span class=\"ls-hebergement__detail\">\n\t\t\t\t\t\t\t\t\t\t\t\t<i class=\"calagogo-door\"><\/i> 3\t\t\t\t\t\tcap.\t\t\t\t\t\t\t\t\t\t\t<\/span>\n\t\t\t\t\t\t\t\t\t<\/div>\n\t\t\t\t\n\t\t\t<\/div>\n\n\n\t\t<\/div>\n\n\t\t<div class=\"ls-hebergement__disponibilites\">\n\t\t\tDescobreix\t\t<\/div>\n\t\t<div class=\"ls-button in-view animated fadeInUp\" style=\"opacity: 1;\">\n\t\t\t<span>Descobreix<\/span><i class='calagogo-right-arrow'><\/i><\/div>\n\t<\/a>\n<\/div><div class=\"ls-hebergement\" data-postid='2830199' data-id-reservation='45597' data-id-site='' data-id1='' data-gammes_hebergements='gamme-privilege' data-nombre_de_personnes='3' data-nombre_de_chambres='1' data-type='accommodation-fr mobil-home-fr'>\n\t<a href=\"https:\/\/www.camping-le-calagogo.fr\/ca\/hebergements\/mobil-home-rivesaltes-1-ch-climatise-tv\/#primary\" rel=\"noopener\" target=\"_blank\"\n\t\tclass=\"ls-hebergement__link\">\n\t\t<div class=\"ls-hebergement__thumb\">\n\t\t\t\t\t\t<img decoding=\"async\" src=\"https:\/\/www.camping-le-calagogo.fr\/wp-content\/uploads\/2025\/12\/0-1409703-scaled.jpg\" alt=\"Mobilhome CUPIDON &#8211; aire condicionat &#8211; TV\" \/>\n\t\t<\/div>\n\t\t\t\t\t\t<div class=\"ls-hebergement__title\">\n\t\t\t<span class=\"ls-hebergement__photos-constructeur\">Photos constructeur<\/span>\n\t\t\t<div class=\"ls-hebergement__gammes\">\n\t\t\t\tgamme privilege\t\t\t<\/div>\n\t\t\tMobilhome CUPIDON &#8211; aire condicionat &#8211; TV\t\t<\/div>\n\n\t\t<div class=\"ls-hebergement__details\">\n\n\t\t\t<div class=\"ls-hebergement__icons\">\n\n\t\t\t\t\t\t\t\t<span class=\"ls-hebergement__icon\">\n\t\t\t\t\t<i class=\"calagogo-family\"><\/i>\n\t\t\t\t\t3\t\t\t\t<\/span>\n\t\t\t\t\n\t\t\t\t\n\t\t\t\t<div class=\"ls-hebergement__infos\">\n\t\t\t\t\t\t\t\t\t\t<span class=\"ls-hebergement__detail\">\n\t\t\t\t\t\t<i class=\"calagogo-area1\"><\/i> 20m\u00b2\n\t\t\t\t\t<\/span>\n\t\t\t\t\t\t\t\t\t\t\t\t\t\t\t<span class=\"ls-hebergement__detail\">\n\t\t\t\t\t\t\t\t\t\t\t\t<i class=\"calagogo-door\"><\/i> 1\t\t\t\t\t\tcap.\t\t\t\t\t\t\t\t\t\t\t<\/span>\n\t\t\t\t\t\t\t\t\t<\/div>\n\t\t\t\t\n\t\t\t<\/div>\n\n\n\t\t<\/div>\n\n\t\t<div class=\"ls-hebergement__disponibilites\">\n\t\t\tDescobreix\t\t<\/div>\n\t\t<div class=\"ls-button in-view animated fadeInUp\" style=\"opacity: 1;\">\n\t\t\t<span>Descobreix<\/span><i class='calagogo-right-arrow'><\/i><\/div>\n\t<\/a>\n<\/div><div class=\"ls-hebergement\" data-postid='2830186' data-id-reservation='62539' data-id-site='' data-id1='' data-gammes_hebergements='gamme-plaisir' data-nombre_de_personnes='4' data-nombre_de_chambres='2' data-type='accommodation-fr mobil-home-fr'>\n\t<a href=\"https:\/\/www.camping-le-calagogo.fr\/ca\/hebergements\/mobil-home-caramany-2-ch-climatise-tv\/#primary\" rel=\"noopener\" target=\"_blank\"\n\t\tclass=\"ls-hebergement__link\">\n\t\t<div class=\"ls-hebergement__thumb\">\n\t\t\t\t\t\t<img decoding=\"async\" src=\"https:\/\/www.camping-le-calagogo.fr\/wp-content\/uploads\/2025\/12\/0-1409694-scaled.jpg\" alt=\"Mobilhome ATHENA &#8211; aire condicionat &#8211; TV\" \/>\n\t\t<\/div>\n\t\t\t\t\t\t<div class=\"ls-hebergement__title\">\n\t\t\t<span class=\"ls-hebergement__photos-constructeur\">Photos constructeur<\/span>\n\t\t\t<div class=\"ls-hebergement__gammes\">\n\t\t\t\tgamme plaisir\t\t\t<\/div>\n\t\t\tMobilhome ATHENA &#8211; aire condicionat &#8211; TV\t\t<\/div>\n\n\t\t<div class=\"ls-hebergement__details\">\n\n\t\t\t<div class=\"ls-hebergement__icons\">\n\n\t\t\t\t\t\t\t\t<span class=\"ls-hebergement__icon\">\n\t\t\t\t\t<i class=\"calagogo-family\"><\/i>\n\t\t\t\t\t4\t\t\t\t<\/span>\n\t\t\t\t\n\t\t\t\t\n\t\t\t\t<div class=\"ls-hebergement__infos\">\n\t\t\t\t\t\t\t\t\t\t<span class=\"ls-hebergement__detail\">\n\t\t\t\t\t\t<i class=\"calagogo-area1\"><\/i> 33m\u00b2\n\t\t\t\t\t<\/span>\n\t\t\t\t\t\t\t\t\t\t\t\t\t\t\t<span class=\"ls-hebergement__detail\">\n\t\t\t\t\t\t\t\t\t\t\t\t<i class=\"calagogo-door\"><\/i> 2\t\t\t\t\t\tcap.\t\t\t\t\t\t\t\t\t\t\t<\/span>\n\t\t\t\t\t\t\t\t\t<\/div>\n\t\t\t\t\n\t\t\t<\/div>\n\n\n\t\t<\/div>\n\n\t\t<div class=\"ls-hebergement__disponibilites\">\n\t\t\tDescobreix\t\t<\/div>\n\t\t<div class=\"ls-button in-view animated fadeInUp\" style=\"opacity: 1;\">\n\t\t\t<span>Descobreix<\/span><i class='calagogo-right-arrow'><\/i><\/div>\n\t<\/a>\n<\/div><\/div><\/div>\n\n\r\n    <\/div>\r\n<\/section>\n\n<section id=\"ls-section-block_754ede6251d309eee158f2e86c572450\" class=\"ls-section  page-one has-p-t p-t-0 has-p-b p-b-14\" >\r\n        <div class=\"container container--wide\">\r\n        \n\n<div class=\"wp-block-columns is-layout-flex wp-container-core-columns-is-layout-9d6595d7 wp-block-columns-is-layout-flex\">\n<div class=\"wp-block-column first is-layout-flow wp-block-column-is-layout-flow\" style=\"flex-basis:66.7%\">\n<figure class=\"wp-block-gallery has-nested-images columns-default is-cropped gallery-slider-page animated fadeInUp slow wp-block-gallery-1 is-layout-flex wp-block-gallery-is-layout-flex\">\n<figure class=\"wp-block-image size-full\"><a href=\"https:\/\/www.camping-le-calagogo.fr\/wp-content\/uploads\/2023\/12\/louer-mobil-home-perpignan.webp\"><img decoding=\"async\" width=\"1800\" height=\"1200\" data-id=\"2708254\" src=\"https:\/\/www.camping-le-calagogo.fr\/wp-content\/uploads\/2023\/12\/louer-mobil-home-perpignan.webp\" alt=\"llogar mobil home Llenguadoc Rossell\u00f3\" class=\"wp-image-2708254\" srcset=\"https:\/\/www.camping-le-calagogo.fr\/wp-content\/uploads\/2023\/12\/louer-mobil-home-perpignan.webp 1800w, https:\/\/www.camping-le-calagogo.fr\/wp-content\/uploads\/2023\/12\/louer-mobil-home-perpignan-300x200.webp 300w, https:\/\/www.camping-le-calagogo.fr\/wp-content\/uploads\/2023\/12\/louer-mobil-home-perpignan-1024x683.webp 1024w, https:\/\/www.camping-le-calagogo.fr\/wp-content\/uploads\/2023\/12\/louer-mobil-home-perpignan-768x512.webp 768w, https:\/\/www.camping-le-calagogo.fr\/wp-content\/uploads\/2023\/12\/louer-mobil-home-perpignan-1536x1024.webp 1536w\" sizes=\"(max-width: 1800px) 100vw, 1800px\" \/><\/a><\/figure>\n\n\n\n<figure class=\"wp-block-image size-full\"><a href=\"https:\/\/www.camping-le-calagogo.fr\/wp-content\/uploads\/2023\/12\/mobil-home-saint-cyprien.webp\"><img decoding=\"async\" width=\"2000\" height=\"1107\" data-id=\"2630218\" src=\"https:\/\/www.camping-le-calagogo.fr\/wp-content\/uploads\/2023\/12\/mobil-home-saint-cyprien.webp\" alt=\"mobil home saint cyprien\" class=\"wp-image-2630218\" srcset=\"https:\/\/www.camping-le-calagogo.fr\/wp-content\/uploads\/2023\/12\/mobil-home-saint-cyprien.webp 2000w, https:\/\/www.camping-le-calagogo.fr\/wp-content\/uploads\/2023\/12\/mobil-home-saint-cyprien-300x166.webp 300w, https:\/\/www.camping-le-calagogo.fr\/wp-content\/uploads\/2023\/12\/mobil-home-saint-cyprien-1024x567.webp 1024w, https:\/\/www.camping-le-calagogo.fr\/wp-content\/uploads\/2023\/12\/mobil-home-saint-cyprien-768x425.webp 768w, https:\/\/www.camping-le-calagogo.fr\/wp-content\/uploads\/2023\/12\/mobil-home-saint-cyprien-1536x850.webp 1536w\" sizes=\"(max-width: 2000px) 100vw, 2000px\" \/><\/a><\/figure>\n\n\n\n<figure class=\"wp-block-image size-full\"><a href=\"https:\/\/www.camping-le-calagogo.fr\/wp-content\/uploads\/2024\/01\/0-864139-scaled.jpg-scaled.webp\"><img decoding=\"async\" width=\"2048\" height=\"1366\" data-id=\"2830227\" src=\"https:\/\/www.camping-le-calagogo.fr\/wp-content\/uploads\/2024\/01\/0-864139-scaled.jpg-scaled.webp\" alt=\"casa m\u00f2bil de fusta cala gogo\" class=\"wp-image-2830227\" srcset=\"https:\/\/www.camping-le-calagogo.fr\/wp-content\/uploads\/2024\/01\/0-864139-scaled.jpg-scaled.webp 2048w, https:\/\/www.camping-le-calagogo.fr\/wp-content\/uploads\/2024\/01\/0-864139-scaled.jpg-300x200.webp 300w, https:\/\/www.camping-le-calagogo.fr\/wp-content\/uploads\/2024\/01\/0-864139-scaled.jpg-1024x683.webp 1024w, https:\/\/www.camping-le-calagogo.fr\/wp-content\/uploads\/2024\/01\/0-864139-scaled.jpg-768x512.webp 768w, https:\/\/www.camping-le-calagogo.fr\/wp-content\/uploads\/2024\/01\/0-864139-scaled.jpg-1536x1025.webp 1536w\" sizes=\"(max-width: 2048px) 100vw, 2048px\" \/><\/a><\/figure>\n\n\n\n<figure class=\"wp-block-image size-full\"><a href=\"https:\/\/www.camping-le-calagogo.fr\/wp-content\/uploads\/2024\/01\/1-864138-scaled.jpg-scaled.webp\"><img decoding=\"async\" width=\"2048\" height=\"1366\" data-id=\"2830232\" src=\"https:\/\/www.camping-le-calagogo.fr\/wp-content\/uploads\/2024\/01\/1-864138-scaled.jpg-scaled.webp\" alt=\"terrassa de fusta de mobilhome al c\u00e0mping Cala Gogo\" class=\"wp-image-2830232\" srcset=\"https:\/\/www.camping-le-calagogo.fr\/wp-content\/uploads\/2024\/01\/1-864138-scaled.jpg-scaled.webp 2048w, https:\/\/www.camping-le-calagogo.fr\/wp-content\/uploads\/2024\/01\/1-864138-scaled.jpg-300x200.webp 300w, https:\/\/www.camping-le-calagogo.fr\/wp-content\/uploads\/2024\/01\/1-864138-scaled.jpg-1024x683.webp 1024w, https:\/\/www.camping-le-calagogo.fr\/wp-content\/uploads\/2024\/01\/1-864138-scaled.jpg-768x512.webp 768w, https:\/\/www.camping-le-calagogo.fr\/wp-content\/uploads\/2024\/01\/1-864138-scaled.jpg-1536x1025.webp 1536w\" sizes=\"(max-width: 2048px) 100vw, 2048px\" \/><\/a><\/figure>\n<\/figure>\n<\/div>\n\n\n\n<div class=\"wp-block-column is-vertically-aligned-center second is-layout-flow wp-block-column-is-layout-flow\" style=\"flex-basis:33.3%\">\n<h2 class=\"ls__heading wp-block-heading\">C\u00e0mping Saint Cyprien al Llenguadoc Rossell\u00f3<\/h2>\n\n\n\n<p class=\"ls-paragraph\">Qu\u00e8 tal llogar una <strong>casa m\u00f2bil<\/strong> o bungalow <strong>c\u00f2mode<\/strong> al sud de Fran\u00e7a?<\/p>\n\n\n\n<p class=\"ls-paragraph\"><strong>En fam\u00edlia o amb amics<\/strong> , descobreix la nostra oferta de lloguer de mobil home a Saint Cyprien al Llenguadoc Rossell\u00f3, tots equipats i troba el teu lloguer de vacances ideal per a les teves vacances <a href=\"https:\/\/www.camping-le-calagogo.fr\/ca\/\" data-type=\"page\" data-id=\"9\">al c\u00e0mping 5 estrelles de Saint-Cyprien<\/a> .<\/p>\n\n\n\n<p class=\"ls-paragraph\">Busques <a href=\"https:\/\/www.camping-le-calagogo.fr\/ca\/camping-argeles-sur-mer\/lloguer-mobil-home-argeles\/\" data-type=\"page\" data-id=\"78\">llogar una casa m\u00f2bil a prop d&#8217;Argeles-sur-Mer<\/a> ? Una casa m\u00f2bil de lloguer a prop de Perpiny\u00e0? Un lloguer de mobil home prop de Canet en Roussillon per\u00f2 sobretot a Saint Cyprien al PO? T&#8217;oferim una \u00e0mplia selecci\u00f3 de lloguers aptes per a tota la fam\u00edlia.<\/p>\n\n\n\n<p class=\"ls-paragraph\">Descobreix ara la nostra <strong>completa gamma de mobil homes<\/strong> per llogar per a unes vacances de c\u00e0mping al costat del mar a \u201cSaint Cyp\u201d al Llenguadoc Rossell\u00f3, sota el sol dels Pirineus Orientals davant del mar Mediterrani.<\/p>\n<\/div>\n<\/div>\n\n\r\n    <\/div>\r\n<\/section>\n\n<section id=\"ls-section-block_63e45715e14bb2ab6fe914d4b98cb039\" class=\"ls-section  page-two mosaique has-background has-color-4-background-color has-p-t p-t-14 has-p-b p-b-14\" >\r\n        <div class=\"container container--wide\">\r\n        \n\n<div class=\"wp-block-columns is-layout-flex wp-container-core-columns-is-layout-9d6595d7 wp-block-columns-is-layout-flex\">\n<div class=\"wp-block-column is-vertically-aligned-top is-layout-flow wp-block-column-is-layout-flow\">\n<h2 class=\"ls__heading wp-block-heading\">9 mobil homes de lloguer a Saint Cyprien<\/h2>\n\n\n\n<ul class=\"ls-list ls-list-undefined wp-block-list\">\n<li><strong>Casa m\u00f2bil PMR<\/strong> per a 4 persones amb terrassa coberta, TV, aire condicionat.<\/li>\n\n\n\n<li><strong>Casa m\u00f2bil Ath\u00e9na<\/strong> per a <strong>4 persones<\/strong> que inclou 2 habitacions amb terrassa coberta, TV, aire condicionat<\/li>\n\n\n\n<li><strong>Mobilhome Isis 5-6 persones<\/strong> , 3 habitacions amb terrassa coberta, TV, aire condicionat.<\/li>\n\n\n\n<li><strong>Mobilhome Cupidon<\/strong> <strong>1 habitaci\u00f3<\/strong> per a 2-3 persones amb terrassa coberta, TV, aire condicionat<\/li>\n\n\n\n<li><strong>Casa m\u00f2bil H\u00e9lios<\/strong> <strong>3 habitacions<\/strong> per a 5-6 persones amb terrassa coberta, TV, aire condicionat.<\/li>\n\n\n\n<li><strong>Mobilhome V\u00e9nusia 2 habitacions<\/strong> , 2 banys per a 4 persones amb terrassa coberta, TV, aire condicionat.<\/li>\n\n\n\n<li><strong>Mobilhome Calista 3 habitacions<\/strong> , 2 banys per a 6 persones amb terrassa coberta, TV, aire condicionat.<\/li>\n\n\n\n<li><strong>Mobilhome <strong>M\u00e9dusa<\/strong><\/strong> <strong>4 habitacions<\/strong> , 2 banys per a 7\/8 persones amb terrassa coberta, TV, aire condicionat.<\/li>\n\n\n\n<li><strong>Espace H\u00e9ra<\/strong> <strong>2 m\u00f2bils, 5 habitacions<\/strong>, 4 banys per a 10 persones, terrassa amb jacuzzi privat equipat amb mobiliari de jard\u00ed, TV i aire condicionat.<\/li>\n\n\n\n<li><strong>Espace Cl\u00e9op\u00e2tre<\/strong> <strong>3 m\u00f2bils, 7 habitacions<\/strong>, 6 banys per a 14 persones, terrassa amb jacuzzi privat equipat amb mobiliari de jard\u00ed, TV i aire condicionat.<\/li>\n<\/ul>\n<\/div>\n\n\n\n<div class=\"wp-block-column is-vertically-aligned-center is-layout-flow wp-block-column-is-layout-flow\">\n<figure class=\"wp-block-image size-full animated fadeInRight delay-100ms slow\"><a href=\"https:\/\/www.camping-le-calagogo.fr\/wp-content\/uploads\/2023\/12\/louer-mobil-home-saint-cyprien.webp\"><img decoding=\"async\" width=\"1800\" height=\"1200\" src=\"https:\/\/www.camping-le-calagogo.fr\/wp-content\/uploads\/2023\/12\/louer-mobil-home-saint-cyprien.webp\" alt=\"llogar mobil home saint cyprien\" class=\"wp-image-2630239\" srcset=\"https:\/\/www.camping-le-calagogo.fr\/wp-content\/uploads\/2023\/12\/louer-mobil-home-saint-cyprien.webp 1800w, https:\/\/www.camping-le-calagogo.fr\/wp-content\/uploads\/2023\/12\/louer-mobil-home-saint-cyprien-300x200.webp 300w, https:\/\/www.camping-le-calagogo.fr\/wp-content\/uploads\/2023\/12\/louer-mobil-home-saint-cyprien-1024x683.webp 1024w, https:\/\/www.camping-le-calagogo.fr\/wp-content\/uploads\/2023\/12\/louer-mobil-home-saint-cyprien-768x512.webp 768w, https:\/\/www.camping-le-calagogo.fr\/wp-content\/uploads\/2023\/12\/louer-mobil-home-saint-cyprien-1536x1024.webp 1536w\" sizes=\"(max-width: 1800px) 100vw, 1800px\" \/><\/a><\/figure>\n<\/div>\n<\/div>\n\n\r\n    <\/div>\r\n<\/section>\n\n<section id=\"ls-section-block_e2dc174e626c70f272f4c6d0df7baa40\" class=\"ls-section  section-parallax has-background-image has-parallax has-background has-color-black-background-color has-p-t p-t-30 has-p-b p-b-0\" >\r\n    <div class=\"ls-section__background-image opacity-58\"><img decoding=\"async\" src=\"https:\/\/www.camping-le-calagogo.fr\/wp-content\/uploads\/2023\/12\/locatif-saint-cyprien.webp\" alt=\"\"><\/div>    <div class=\"container container--wide\">\r\n        \n\n<div id=\"ls-heading ls-titre-div-block_cb62409b5549346f3774e3e707d9c633\" class=\"ls-titre-div h1-like\" >\n      Cases m\u00f2bils <em>c\u00f2modes<\/em><\/div>\n\n\n\n<div class=\"wp-block-columns has-color-white-background-color has-background is-layout-flex wp-container-core-columns-is-layout-9d6595d7 wp-block-columns-is-layout-flex\">\n<div class=\"wp-block-column is-layout-flow wp-block-column-is-layout-flow\">\n<h2 class=\"ls__heading wp-block-heading has-text-align-center\">Cases m\u00f2bils al cor del Llenguadoc Rossell\u00f3<\/h2>\n\n\n\n<p class=\"ls-paragraph has-text-align-center\">Qu\u00e8 pot ser m\u00e9s agradable que prendre <strong>el teu caf\u00e8 al mat\u00ed a la terrassa del bar<\/strong> a l&#8217;ombra de la caseta de palla, davant de la piscina, mentre somies despert.<br>Tamb\u00e9 en un ambient musical, es pot <strong>berenar gelats, xurros, begudes fredes i c\u00f2ctels a l&#8217;ombra de les barraques<\/strong> .<\/p>\n\n\n\n<p class=\"ls-paragraph has-text-align-center\">El <strong>bell pa\u00eds del Llenguadoc Rossell\u00f3<\/strong> t\u00e9 molts llocs hist\u00f2rics i interessants per visitar amb fam\u00edlies nombroses. Durant les teves vacances en fam\u00edlia, des del teu lloguer de mobil homes amb terrassa semicoberta i acc\u00e9s directe a la platja, podr\u00e0s anar a <strong>tots els llocs m\u00e9s bonics de la regi\u00f3 des de St Cyprien fins a Perpiny\u00e0<\/strong> .<\/p>\n\n\n\n<p class=\"ls-paragraph has-text-align-center\">Aprecies <strong>la hist\u00f2ria i les pedres antigues?<\/strong> Sortiu de Saint-Cyprien en direcci\u00f3 a:  <\/p>\n\n\n\n<ul class=\"ls-list ls-list-undefined wp-block-list has-p-l p-l-14\">\n<li>de Cadaqu\u00e9s a Espanya<\/li>\n\n\n\n<li>de Carcassona. Aquesta ciutat medieval amb el seu encant \u00fanic et donar\u00e0 la impressi\u00f3 de viatjar en el temps.<\/li>\n\n\n\n<li>o una altra meravella arquitect\u00f2nica: el Pont du Gard. Situat a unes desenes de quil\u00f2metres de la teva casa m\u00f2bil, descobreix aquest <strong>imponent edifici conegut arreu del m\u00f3n<\/strong> .<\/li>\n<\/ul>\n<\/div>\n<\/div>\n\n\r\n    <\/div>\r\n<\/section>\n\n<section id=\"ls-section-block_cb4b65912c6c6a3fd162a0af35e884f2\" class=\"ls-section  page-three has-p-t p-t-14 has-p-b p-b-0\" >\r\n        <div class=\"container container--wide\">\r\n        \n\n<div class=\"wp-block-columns is-layout-flex wp-container-core-columns-is-layout-9d6595d7 wp-block-columns-is-layout-flex\">\n<div class=\"wp-block-column is-vertically-aligned-center first is-layout-flow wp-block-column-is-layout-flow\">\n<figure class=\"wp-block-image size-full animated fadeInLeft delay-100ms slow\"><img decoding=\"async\" width=\"1920\" height=\"1152\" src=\"https:\/\/www.camping-le-calagogo.fr\/wp-content\/uploads\/2023\/12\/aquarium-pyrenees-orientales.webp\" alt=\"aquari dels Pirineus orientals\" class=\"wp-image-2630244\" style=\"object-fit:cover\" srcset=\"https:\/\/www.camping-le-calagogo.fr\/wp-content\/uploads\/2023\/12\/aquarium-pyrenees-orientales.webp 1920w, https:\/\/www.camping-le-calagogo.fr\/wp-content\/uploads\/2023\/12\/aquarium-pyrenees-orientales-300x180.webp 300w, https:\/\/www.camping-le-calagogo.fr\/wp-content\/uploads\/2023\/12\/aquarium-pyrenees-orientales-1024x614.webp 1024w, https:\/\/www.camping-le-calagogo.fr\/wp-content\/uploads\/2023\/12\/aquarium-pyrenees-orientales-768x461.webp 768w, https:\/\/www.camping-le-calagogo.fr\/wp-content\/uploads\/2023\/12\/aquarium-pyrenees-orientales-1536x922.webp 1536w\" sizes=\"(max-width: 1920px) 100vw, 1920px\" \/><\/figure>\n\n\n<div class=\"wp-block-image lunettes m-left\">\n<figure class=\"alignright size-large is-resized\"><img decoding=\"async\" src=\"https:\/\/www.camping-le-calagogo.fr\/wp-content\/uploads\/2023\/11\/icones_Plan-de-travail-1-23.svg\" alt=\"Icones del pla de treball 1 23\" class=\"wp-image-2804\" style=\"width:387px;height:auto\"\/><\/figure>\n<\/div><\/div>\n\n\n\n<div class=\"wp-block-column is-vertically-aligned-center second is-layout-flow wp-block-column-is-layout-flow\">\n<h2 class=\"ls__heading wp-block-heading\">Visiteu els Pirineus Orientals des de la vostra casa m\u00f2bil<\/h2>\n\n\n\n<p class=\"ls-paragraph\"><strong>Prefereixes els animals<\/strong> i vols aprofitar el lloguer de la teva casa m\u00f2bil a Saint-Cyprien per anar a con\u00e8ixer-los? Cita<\/p>\n\n\n\n<ul class=\"ls-list wp-block-list\">\n\n<li>al Biodiversarium de Banyuls sur mer<\/li>\n\n\n<li>a l&#8217;espectacle Aigles de Valmy d&#8217;Argeles sur mer<\/li>\n\n\n<li>a Montpeller a \u201cPlanet Oc\u00e9an\u201d per descobrir m\u00e9s de <strong>400 esp\u00e8cies aqu\u00e0tiques<\/strong> d&#8217;arreu del m\u00f3n. Fins i tot pots mascotes raigs, amor a primera vista assegurat amb aquest animal molt m\u00e9s entranyable del que sembla a primera vista.<\/li>\n\n\n<li>Per visitar animals dels quatre racons del m\u00f3n, opteu pel <strong>parc zool\u00f2gic Lunaret de Montpeller<\/strong> . Admireu el Bharal (b\u00f2vid originari d&#8217;\u00c0sia) i les seves imponents banyes o el Casuari, un magn\u00edfic ocell amb plomatge blau el\u00e8ctric.<\/li>\n\n<\/ul>\n\n\n\n<p class=\"ls-paragraph addReadMore showlesscontent\">Des del vostre c\u00f2mode mobil home al <a href=\"https:\/\/www.camping-le-calagogo.fr\/ca\/camping-argeles-sur-mer\/economic-camping-argeles-sur-mer\/\" data-type=\"page\" data-id=\"102\">c\u00e0mping econ\u00f2mic prop d&#8217;Argel\u00e8s<\/a> , podeu planificar f\u00e0cilment la vostra <strong>futura excursi\u00f3 als Pirineus Orientals<\/strong> . Els llocs m\u00e9s bonics per visitar al Llenguadoc-Rossell\u00f3 es troben molt a prop del c\u00e0mping i dels seus lloguers de mobil-home <a href=\"https:\/\/www.camping-le-calagogo.fr\/ca\/barat-camping-llenguadoc-rossello\/\" data-type=\"page\" data-id=\"2178\">al millor preu al Llenguadoc-Rossell\u00f3<\/a> .<\/p>\n\n\n\n<p class=\"ls-paragraph\">Prefereixes un c\u00e0mping tradicional durant les teves <a href=\"https:\/\/www.camping-le-calagogo.fr\/ca\/camping-argeles-sur-mer\/camping-al-mar-argeles-sur-mer\/\" data-type=\"page\" data-id=\"44\">vacances de c\u00e0mping al Llenguadoc-Rossell\u00f3 a prop del mar<\/a> ? Descobriu les nostres ubicacions a les <a href=\"https:\/\/www.camping-le-calagogo.fr\/ca\/camping-argeles-sur-mer\/caravaning-location-argeles-sur-mer\/\" data-type=\"page\" data-id=\"90\">ubicacions properes a la p\u00e0gina d&#8217;Argeles-sur-Mer<\/a> .<\/p>\n<\/div>\n<\/div>\n\n\r\n    <\/div>\r\n<\/section>\n\n<section id=\"ls-section-block_503f9b4a3202b4832a20e86fa476fddc\" class=\"ls-section  section-parallax has-background-image has-parallax has-background has-color-black-background-color has-p-t p-t-30 has-p-b p-b-0\" >\r\n    <div class=\"ls-section__background-image opacity-58\"><img decoding=\"async\" src=\"https:\/\/www.camping-le-calagogo.fr\/wp-content\/uploads\/2023\/12\/sejour-emplacement-pyrenees-orientales.webp\" alt=\"\"><\/div>    <div class=\"container container--wide\">\r\n        \n\n<div id=\"ls-heading ls-titre-div-block_b0dd97d55039040bed43c65dbadf9ed2\" class=\"ls-titre-div m-right aligncenter h1-like\" >\n    Una <em>pregunta?<\/em><\/div>\n\n\n\n<div class=\"wp-block-columns has-color-white-background-color has-background is-layout-flex wp-container-core-columns-is-layout-9d6595d7 wp-block-columns-is-layout-flex\">\n<div class=\"wp-block-column is-layout-flow wp-block-column-is-layout-flow\">\n<h2 class=\"ls__heading wp-block-heading has-text-align-center\">Preguntes freq\u00fcents  <br>pel que fa a l&#8217;allotjament<\/h2>\n\n\n<div id=\"faq\" class=\"faq-container\"><div class=\"faq-wrap\" itemscope=\"\" itemtype=\"https:\/\/schema.org\/FAQPage\"><div class=\"faq__box faq__item\"><div class=\"faq__container\"><div class=\"faq__block\" itemscope=\"\" itemprop=\"mainEntity\" itemtype=\"https:\/\/schema.org\/Question\"><details class=\"faq\"><summary class=\"faq-question\" itemprop=\"name\">\u00c9s possible llogar llen\u00e7ols i tovalloles?<span class=\"faq-opener\"><\/span><\/summary><div class=\"content\" itemscope=\"\" itemprop=\"acceptedAnswer\" itemtype=\"https:\/\/schema.org\/Answer\"><div itemprop=\"text\"><p><em><p>Oferim lloguer de llen\u00e7ols, per\u00f2 no tovalloles. Informaci\u00f3 de recepci\u00f3.<\/p>\n<\/em><\/p><\/div><\/div><\/details><\/div><\/div><\/div><div class=\"faq__box faq__item\"><div class=\"faq__container\"><div class=\"faq__block\" itemscope=\"\" itemprop=\"mainEntity\" itemtype=\"https:\/\/schema.org\/Question\"><details class=\"faq\"><summary class=\"faq-question\" itemprop=\"name\">El wifi \u00e9s gratu\u00eft i est\u00e0 disponible a tot el c\u00e0mping?<span class=\"faq-opener\"><\/span><\/summary><div class=\"content\" itemscope=\"\" itemprop=\"acceptedAnswer\" itemtype=\"https:\/\/schema.org\/Answer\"><div itemprop=\"text\"><p><em><p>S\u00ed, ara el WIFI \u00e9s gratu\u00eft a tot el c\u00e0mping.<\/p>\n<\/em><\/p><\/div><\/div><\/details><\/div><\/div><\/div><div class=\"faq__box faq__item\"><div class=\"faq__container\"><div class=\"faq__block\" itemscope=\"\" itemprop=\"mainEntity\" itemtype=\"https:\/\/schema.org\/Question\"><details class=\"faq\"><summary class=\"faq-question\" itemprop=\"name\">Podem afegir una tenda de campanya al costat d&#8217;una casa m\u00f2bil?<span class=\"faq-opener\"><\/span><\/summary><div class=\"content\" itemscope=\"\" itemprop=\"acceptedAnswer\" itemtype=\"https:\/\/schema.org\/Answer\"><div itemprop=\"text\"><p><em><p>Malauradament, no podeu afegir una tenda de campanya al costat de la casa m\u00f2bil.<\/p>\n<\/em><\/p><\/div><\/div><\/details><\/div><\/div><\/div><div class=\"faq__box faq__item\"><div class=\"faq__container\"><div class=\"faq__block\" itemscope=\"\" itemprop=\"mainEntity\" itemtype=\"https:\/\/schema.org\/Question\"><details class=\"faq\"><summary class=\"faq-question\" itemprop=\"name\">Pots aparcar el teu vehicle o autocaravana en un lloc?<span class=\"faq-opener\"><\/span><\/summary><div class=\"content\" itemscope=\"\" itemprop=\"acceptedAnswer\" itemtype=\"https:\/\/schema.org\/Answer\"><div itemprop=\"text\"><p><em><p>S\u00ed, pots aparcar un cotxe a la teva parcel\u00b7la si cont\u00e9 a la parcel\u00b7la.<\/p>\n<\/em><\/p><\/div><\/div><\/details><\/div><\/div><\/div><div class=\"faq__box faq__item\"><div class=\"faq__container\"><div class=\"faq__block\" itemscope=\"\" itemprop=\"mainEntity\" itemtype=\"https:\/\/schema.org\/Question\"><details class=\"faq\"><summary class=\"faq-question\" itemprop=\"name\">Tens un allotjament adequat per a persones amb mobilitat redu\u00efda?<span class=\"faq-opener\"><\/span><\/summary><div class=\"content\" itemscope=\"\" itemprop=\"acceptedAnswer\" itemtype=\"https:\/\/schema.org\/Answer\"><div itemprop=\"text\"><p><em><p>S\u00ed, tenim una casa m\u00f2bil adequada (n\u00fam. 61).<\/p>\n<\/em><\/p><\/div><\/div><\/details><\/div><\/div><\/div><div class=\"faq__box faq__item\"><div class=\"faq__container\"><div class=\"faq__block\" itemscope=\"\" itemprop=\"mainEntity\" itemtype=\"https:\/\/schema.org\/Question\"><details class=\"faq\"><summary class=\"faq-question\" itemprop=\"name\">Hi ha televisi\u00f3 a les cases m\u00f2bils?<span class=\"faq-opener\"><\/span><\/summary><div class=\"content\" itemscope=\"\" itemprop=\"acceptedAnswer\" itemtype=\"https:\/\/schema.org\/Answer\"><div itemprop=\"text\"><p><em><p>S\u00ed, tots els nostres mobil homes estan equipats amb televisi\u00f3.<\/p>\n<\/em><\/p><\/div><\/div><\/details><\/div><\/div><\/div><div class=\"faq__box faq__item\"><div class=\"faq__container\"><div class=\"faq__block\" itemscope=\"\" itemprop=\"mainEntity\" itemtype=\"https:\/\/schema.org\/Question\"><details class=\"faq\"><summary class=\"faq-question\" itemprop=\"name\">S&#8217;ofereix servei de neteja per a mobil homes?<span class=\"faq-opener\"><\/span><\/summary><div class=\"content\" itemscope=\"\" itemprop=\"acceptedAnswer\" itemtype=\"https:\/\/schema.org\/Answer\"><div itemprop=\"text\"><p><em><p>S\u00ed, oferim un servei de neteja de 80\u20ac al final de l&#8217;estada<\/p>\n<\/em><\/p><\/div><\/div><\/details><\/div><\/div><\/div><div class=\"faq__box faq__item\"><div class=\"faq__container\"><div class=\"faq__block\" itemscope=\"\" itemprop=\"mainEntity\" itemtype=\"https:\/\/schema.org\/Question\"><details class=\"faq\"><summary class=\"faq-question\" itemprop=\"name\">El c\u00e0mping disposa de servei de bugaderia?<span class=\"faq-opener\"><\/span><\/summary><div class=\"content\" itemscope=\"\" itemprop=\"acceptedAnswer\" itemtype=\"https:\/\/schema.org\/Answer\"><div itemprop=\"text\"><p><em><p>S\u00ed, tenim bugaderia darrere de la zona aqu\u00e0tica.<\/p>\n<\/em><\/p><\/div><\/div><\/details><\/div><\/div><\/div><span class=\"faq__elipsis lire-plus active\">Llegir m\u00e9s +<\/span><span class=\"faq__elipsis lire-moins\">Lire moins &#8211;<\/span><\/div><\/div><\/div>\n<\/div>\n\n\r\n    <\/div>\r\n<\/section>\n\n<section id=\"ls-section-block_de4ed1bdffd4ed1327065daaf8b5e81d\" class=\"ls-section  page-maillage has-p-b p-b-14\" >\r\n        <div class=\"container container--wide\">\r\n        \n\n<div id=\"ls-heading ls-titre-div-block_58408c7830e3e769d438f7f9ceb0ba31\" class=\"ls-titre-div m-left h2-like\" >\n    Llogar una casa m\u00f2bil<\/br> als Pirineus Orientals<\/div>\n\n\n<div id=\"ls-maillage-block_176652a6dbf8910ffdba6eefd511c5c9\" class=\"ls-maillage cta-style-normal\" data-rows=\"4\">\n    <div class=\"wp-block-columns  \"><div class=\"wp-block-column\"><div id=\"destinations\" class=\"ls-cta\">\n\n<a href=\"https:\/\/www.camping-le-calagogo.fr\/ca\/camping-argeles-sur-mer\/lloguer-mobil-home-argeles\/\" target=\"\" rel=\"noopener\" class=\"ls-cta__link\">\n\n\t<div class=\"ls-cta__image\"><img decoding=\"async\" src=\"https:\/\/www.camping-le-calagogo.fr\/wp-content\/uploads\/2023\/12\/camping-cala-gogo-a-saint-cyprien-avec-mobil-homes_resultat.webp\" alt=\"location mobil home\"><\/div>\n\t<div class=\"ls-cta__title\">\n\t\tCases m\u00f2bils\t<\/div>\n\t\n\t\t\n<\/a><\/div><\/div><div class=\"wp-block-column\"><div id=\"destinations\" class=\"ls-cta\">\n\n<a href=\"https:\/\/www.camping-le-calagogo.fr\/ca\/camping-collioure\/autocaravana-perpinya\/\" target=\"\" rel=\"noopener\" class=\"ls-cta__link\">\n\n\t<div class=\"ls-cta__image\"><img decoding=\"async\" src=\"https:\/\/www.camping-le-calagogo.fr\/wp-content\/uploads\/2023\/12\/louer-mobil-home-perpignan.webp\" alt=\"louer mobil home\"><\/div>\n\t<div class=\"ls-cta__title\">\n\t\tCases m\u00f2bils Cotlliure\t<\/div>\n\t\n\t\t\n<\/a><\/div><\/div><div class=\"wp-block-column\"><div id=\"destinations\" class=\"ls-cta\">\n\n<a href=\"https:\/\/www.camping-le-calagogo.fr\/ca\/camping-perpinya\/autocaravana-perpinya\/\" target=\"\" rel=\"noopener\" class=\"ls-cta__link\">\n\n\t<div class=\"ls-cta__image\"><img decoding=\"async\" src=\"https:\/\/www.camping-le-calagogo.fr\/wp-content\/uploads\/2023\/12\/louer-hebergement-perpignan.webp\" alt=\"\"><\/div>\n\t<div class=\"ls-cta__title\">\n\t\tCases m\u00f2bils Perpiny\u00e0\t<\/div>\n\t\n\t\t\n<\/a><\/div><\/div><div class=\"wp-block-column\"><div id=\"destinations\" class=\"ls-cta\">\n\n<a href=\"https:\/\/www.camping-le-calagogo.fr\/ca\/camping-port-barcares\/autocaravana-perpinya\/\" target=\"\" rel=\"noopener\" class=\"ls-cta__link\">\n\n\t<div class=\"ls-cta__image\"><img decoding=\"async\" src=\"https:\/\/www.camping-le-calagogo.fr\/wp-content\/uploads\/2023\/12\/vacances-port-barcares.webp.webp\" alt=\"\"><\/div>\n\t<div class=\"ls-cta__title\">\n\t\tCases m\u00f2bils Port Barcar\u00e8s\t<\/div>\n\t\n\t\t\n<\/a><\/div><\/div><\/div><\/div>\n\r\n    <\/div>\r\n<\/section>","protected":false},"excerpt":{"rendered":"","protected":false},"author":1,"featured_media":2630276,"parent":0,"menu_order":0,"comment_status":"closed","ping_status":"closed","template":"","meta":{"_acf_changed":false,"_seopress_robots_primary_cat":"","_seopress_titles_title":"Lloguer de mobilhome Saint Cyprien a Llenguadoc Rossell\u00f3 (66)","_seopress_titles_desc":"Opta per una casa m\u00f2bil de lloguer a Saint Cyprien: lloguers de 5 estrelles per garantir-te una estada de luxe!","_seopress_robots_index":"","inline_featured_image":false,"footnotes":""},"sujet":[],"class_list":["post-2708389","page","type-page","status-publish","has-post-thumbnail","hentry"],"acf":[],"_links":{"self":[{"href":"https:\/\/www.camping-le-calagogo.fr\/ca\/wp-json\/wp\/v2\/pages\/2708389","targetHints":{"allow":["GET"]}}],"collection":[{"href":"https:\/\/www.camping-le-calagogo.fr\/ca\/wp-json\/wp\/v2\/pages"}],"about":[{"href":"https:\/\/www.camping-le-calagogo.fr\/ca\/wp-json\/wp\/v2\/types\/page"}],"author":[{"embeddable":true,"href":"https:\/\/www.camping-le-calagogo.fr\/ca\/wp-json\/wp\/v2\/users\/1"}],"replies":[{"embeddable":true,"href":"https:\/\/www.camping-le-calagogo.fr\/ca\/wp-json\/wp\/v2\/comments?post=2708389"}],"version-history":[{"count":27,"href":"https:\/\/www.camping-le-calagogo.fr\/ca\/wp-json\/wp\/v2\/pages\/2708389\/revisions"}],"predecessor-version":[{"id":2847842,"href":"https:\/\/www.camping-le-calagogo.fr\/ca\/wp-json\/wp\/v2\/pages\/2708389\/revisions\/2847842"}],"wp:featuredmedia":[{"embeddable":true,"href":"https:\/\/www.camping-le-calagogo.fr\/ca\/wp-json\/wp\/v2\/media\/2630276"}],"wp:attachment":[{"href":"https:\/\/www.camping-le-calagogo.fr\/ca\/wp-json\/wp\/v2\/media?parent=2708389"}],"wp:term":[{"taxonomy":"sujet","embeddable":true,"href":"https:\/\/www.camping-le-calagogo.fr\/ca\/wp-json\/wp\/v2\/sujet?post=2708389"}],"curies":[{"name":"wp","href":"https:\/\/api.w.org\/{rel}","templated":true}]}}