{"id":2708468,"date":"2023-10-18T09:41:55","date_gmt":"2023-10-18T07:41:55","guid":{"rendered":"https:\/\/www.camping-le-calagogo.fr\/barat\/"},"modified":"2024-03-21T08:59:46","modified_gmt":"2024-03-21T07:59:46","slug":"barat","status":"publish","type":"page","link":"https:\/\/www.camping-le-calagogo.fr\/ca\/camping-port-barcares\/barat\/","title":{"rendered":"Camping barat Barcar\u00e8s"},"content":{"rendered":"<section id=\"ls-section-block_9da8919bcdd9852e35a268fda5e0ab36\" class=\"ls-section  page-chapeau deco has-p-b p-b-4\" >\r\n        <div class=\"container \">\r\n        \n\n<h1 class=\"ls__heading wp-block-heading has-text-align-center\">Camping econ\u00f2mic a Port Barcar\u00e8s<br\/><strong>als Pirineus Orientals<\/strong><\/h1>\n\n\n\n<p class=\"ls-paragraph has-text-align-center\">Passeu unes meravelloses vacances amb la fam\u00edlia o els amics a l&#8217;entorn encantador del <a href=\"https:\/\/www.camping-le-calagogo.fr\/ca\/\" data-type=\"page\" data-id=\"9\">c\u00e0mping de cinc estrelles Le Cala Gogo<\/a> . L&#8217;establiment us acull a la vora del Mediterrani, a mitja hora del Port Barcar\u00e8s.<\/p>\n\n\r\n    <\/div>\r\n<\/section><section id=\"ls-section-block_bb528c0ec1b08cf6eb66396f2fe4ac5d\" class=\"ls-section  page-one has-p-t p-t-0 has-p-b p-b-14\" >\r\n        <div class=\"container container--wide\">\r\n        \n\n<div class=\"wp-block-columns is-layout-flex wp-container-core-columns-is-layout-9d6595d7 wp-block-columns-is-layout-flex\">\n<div class=\"wp-block-column is-vertically-aligned-center first is-layout-flow wp-block-column-is-layout-flow\" style=\"flex-basis:66.7%\">\n<figure class=\"wp-block-image size-full\"><img decoding=\"async\" width=\"1920\" height=\"1200\" src=\"https:\/\/www.camping-le-calagogo.fr\/wp-content\/uploads\/2023\/11\/vacances-port-barcares.webp.webp\" alt=\"vacances de port barcares\" class=\"wp-image-2629343\" srcset=\"https:\/\/www.camping-le-calagogo.fr\/wp-content\/uploads\/2023\/11\/vacances-port-barcares.webp.webp 1920w, https:\/\/www.camping-le-calagogo.fr\/wp-content\/uploads\/2023\/11\/vacances-port-barcares.webp-300x188.webp 300w, https:\/\/www.camping-le-calagogo.fr\/wp-content\/uploads\/2023\/11\/vacances-port-barcares.webp-1024x640.webp 1024w, https:\/\/www.camping-le-calagogo.fr\/wp-content\/uploads\/2023\/11\/vacances-port-barcares.webp-768x480.webp 768w, https:\/\/www.camping-le-calagogo.fr\/wp-content\/uploads\/2023\/11\/vacances-port-barcares.webp-1536x960.webp 1536w\" sizes=\"(max-width: 1920px) 100vw, 1920px\" \/><\/figure>\n<\/div>\n\n\n\n<div class=\"wp-block-column is-vertically-aligned-center second is-layout-flow wp-block-column-is-layout-flow\" style=\"flex-basis:33.3%\">\n<h2 class=\"ls__heading wp-block-heading\">Allotjament barat a Port Barcar\u00e8s<\/h2>\n\n\n\n<p class=\"ls-paragraph\">Per a aquestes vacances de c\u00e0mping amb tota la fam\u00edlia al sud de Fran\u00e7a, tindreu l&#8217;opci\u00f3 d&#8217;escollir entre diversos lloguers c\u00f2modes i ben equipats. Es tracta <a href=\"https:\/\/www.camping-le-calagogo.fr\/ca\/camping-port-barcares\/autocaravana-perpinya\/\" data-type=\"page\" data-id=\"2309\">de lloguers de mobil-home Port Barcar\u00e8s<\/a> d&#8217;un a quatre dormitoris, amb capacitat de dues a vuit persones.<\/p>\n\n\n\n<p class=\"ls-paragraph addReadMore showlesscontent\">Totes tenen aire condicionat i una terrassa coberta.<\/p>\n\n\n\n<ul class=\"ls-list wp-block-list\">\n<li>Mobilhome Rivesaltes 1 habitaci\u00f3 (19,5 m\u00b2): 2-3 persones<\/li>\n\n\n\n<li>Caramany mobil home 2 habitacions (25 m\u00b2): 4 persones amb nad\u00f3<\/li>\n\n\n\n<li>Casa m\u00f2bil PMR (35 m\u00b2): 4 persones amb nad\u00f3<\/li>\n\n\n\n<li>Mobilhome Banyuls 2 habitacions i 2 banys (32 m\u00b2): 4 persones amb nad\u00f3<\/li>\n\n\n\n<li>Mobilhome Muscat 3 habitacions i 2 banys (37 m\u00b2): 6 persones amb nad\u00f3<\/li>\n\n\n\n<li>Casa m\u00f2bil Paulilles 2 habitacions (27 m\u00b2): 5 persones amb nad\u00f3<\/li>\n\n\n\n<li>Casa m\u00f2bil Cotlliure 3 habitacions (34 m\u00b2): 6 persones amb nad\u00f3<\/li>\n\n\n\n<li>Casa m\u00f2bil Maury 4 habitacions i 2 banys (41 m\u00b2): 7-8 persones<\/li>\n\n\n\n<li>Mobilhome Rivesaltes 1 habitaci\u00f3 per a 2-3 persones amb terrassa coberta<\/li>\n<\/ul>\n<\/div>\n<\/div>\n\n\r\n    <\/div>\r\n<\/section><section id=\"ls-section-block_48e0db22af2d86bbaad57ac3fb0bebc7\" class=\"ls-section  page-two mosaique has-background has-color-4-background-color has-p-t p-t-14 has-p-b p-b-14\" >\r\n        <div class=\"container container--wide\">\r\n        \n\n<div class=\"wp-block-columns is-layout-flex wp-container-core-columns-is-layout-9d6595d7 wp-block-columns-is-layout-flex\">\n<div class=\"wp-block-column is-vertically-aligned-center is-layout-flow wp-block-column-is-layout-flow\">\n<p class=\"ls-paragraph\">Els estiuejants tamb\u00e9 poden esperar estalviar en les seves despeses de vacances gr\u00e0cies a les diferents rebaixes de preus que ofereix el <strong>c\u00e0mping barat Port Barcar\u00e8s<\/strong> .  <\/p>\n\n\n\n<p class=\"ls-paragraph\">Aix\u00ed, per a qualsevol reserva de quatre o tres setmanes, els darrers set dies s\u00f3n gratu\u00efts, aix\u00f2 suposa <strong>reduccions del -30%<\/strong> (28 dies de passatge al c\u00e0mping) <strong>i -20%<\/strong> (estada de 21 dies) respectivament.<\/p>\n\n\n\n<p class=\"ls-paragraph has-text-align-left\">Tamb\u00e9 hi ha ofertes interessants pel que fa a ubicacions. L&#8217;establiment ofereix dos paquets:<\/p>\n\n\n\n<p class=\"ls-paragraph\">Amb el <strong>paquet \u201cest\u00e0ndard\u201d<\/strong> , tindreu dret a una parcel\u00b7la amb capacitat per a dues persones i un cotxe. La parcel\u00b7la disposa d&#8217;una connexi\u00f3 el\u00e8ctrica de 10 amperes i \u00e9s accessible per a persones amb mobilitat redu\u00efda.<\/p>\n\n\n\n<p class=\"ls-paragraph\">Amb el <strong>paquet &#8220;confort&#8221;<\/strong> , podeu reservar una parcel\u00b7la amb la mateixa capacitat i beneficiant-vos tamb\u00e9 d&#8217;una connexi\u00f3 el\u00e8ctrica de 10 amperes. Per\u00f2 la parcel\u00b7la tamb\u00e9 comptar\u00e0 amb una connexi\u00f3 d&#8217;aigua i un sistema d&#8217;evacuaci\u00f3 d&#8217;aig\u00fces residuals.<\/p>\n<\/div>\n\n\n\n<div class=\"wp-block-column is-vertically-aligned-center is-layout-flow wp-block-column-is-layout-flow\">\n<figure class=\"wp-block-image size-full\"><img decoding=\"async\" width=\"1800\" height=\"1200\" src=\"https:\/\/www.camping-le-calagogo.fr\/wp-content\/uploads\/2023\/12\/louer-mobil-home-saint-cyprien.webp\" alt=\"lloguer de baix preu mobil home port barcares\" class=\"wp-image-2630239\" srcset=\"https:\/\/www.camping-le-calagogo.fr\/wp-content\/uploads\/2023\/12\/louer-mobil-home-saint-cyprien.webp 1800w, https:\/\/www.camping-le-calagogo.fr\/wp-content\/uploads\/2023\/12\/louer-mobil-home-saint-cyprien-300x200.webp 300w, https:\/\/www.camping-le-calagogo.fr\/wp-content\/uploads\/2023\/12\/louer-mobil-home-saint-cyprien-1024x683.webp 1024w, https:\/\/www.camping-le-calagogo.fr\/wp-content\/uploads\/2023\/12\/louer-mobil-home-saint-cyprien-768x512.webp 768w, https:\/\/www.camping-le-calagogo.fr\/wp-content\/uploads\/2023\/12\/louer-mobil-home-saint-cyprien-1536x1024.webp 1536w\" sizes=\"(max-width: 1800px) 100vw, 1800px\" \/><\/figure>\n<\/div>\n<\/div>\n\n\r\n    <\/div>\r\n<\/section><section id=\"ls-section-block_27524435557e5a30fcf9bf2cfdbe5eeb\" class=\"ls-section  has-p-t p-t-14 has-p-b p-b-14\" >\r\n        <div class=\"container container--wide\">\r\n        \n\n<div class=\"wp-block-columns is-layout-flex wp-container-core-columns-is-layout-9d6595d7 wp-block-columns-is-layout-flex\">\n<div class=\"wp-block-column is-layout-flow wp-block-column-is-layout-flow\">\n<h2 class=\"ls__heading wp-block-heading\">Camping econ\u00f2mic Port Barcar\u00e8s vora mar<\/h2>\n\n\n\n<p class=\"ls-paragraph\">Gaudeix plenament d&#8217;una estada al costat del mar. Comparteix aquesta experi\u00e8ncia amb familiars o amics que potser no has tingut l&#8217;oportunitat de veure durant el confinament.<\/p>\n\n\n\n<p class=\"ls-paragraph\">El <a href=\"https:\/\/www.camping-le-calagogo.fr\/ca\/camping-port-barcares\/\" data-type=\"page\" data-id=\"2144\">c\u00e0mping Port Barcares Le Cala Gogo<\/a> \u00e9s una opci\u00f3 interessant per a aquesta escapada als Pirineus Orientals, sobretot perqu\u00e8 l&#8217;establiment ofereix acc\u00e9s directe al Mediterrani. L&#8217;acc\u00e9s a la platja des del <strong>c\u00e0mping econ\u00f2mic Port Barcar\u00e8s<\/strong> es facilita gr\u00e0cies a un llarg terra de fusta que sembla un passeig de Ni\u00e7a.<\/p>\n\n\n\n<p class=\"ls-paragraph\">Durant els mesos de juliol i agost, les platges estan vigilades. Aix\u00ed et pots divertir amb els teus fills amb total tranquil\u00b7litat. Tamb\u00e9 s&#8217;hi pot accedir a una platja per als amants del naturisme a pocs centenars de metres del <a href=\"https:\/\/www.camping-le-calagogo.fr\/ca\/camping-port-barcares\/costat-del-mar\/\" data-type=\"page\" data-id=\"49\">c\u00e0mping mar\u00edtim Port Barcar\u00e8s<\/a> .<\/p>\n<\/div>\n\n\n\n<div class=\"wp-block-column is-layout-flow wp-block-column-is-layout-flow\">\n<h2 class=\"ls__heading wp-block-heading\">Beneficia&#8217;t de les millors ofertes i promocions<\/h2>\n\n\n\n<p class=\"ls-paragraph\">Les ofertes i promocions del c\u00e0mping permeten gaudir <strong>d&#8217;unes fant\u00e0stiques vacances<\/strong> al costat del mar sense gastar-se. Les diferents rebaixes de preus es refereixen a mobil homes i parcel\u00b7les, en particular la nostra rebaixa <strong>\u201cMar \u2013 Sol\u201d<\/strong> , no dubteu a contactar amb nosaltres per a m\u00e9s informaci\u00f3.<\/p>\n\n\n\n<ul class=\"ls-list wp-block-list\">\n<li><strong>Beneficia&#8217;t d&#8217;un -30%<\/strong> : 4 setmanes = 3 setmanes comprades + 1 gratu\u00efta<\/li>\n\n\n\n<li><strong>Reserva 3 setmanes<\/strong> = 2 setmanes comprades + 1 gratu\u00efta! 20% de descompte<\/li>\n<\/ul>\n\n\n\n<p class=\"ls-paragraph has-text-align-left\"><em>V\u00e0lid al maig, juny i setembre<\/em> &#8211; <em>Oferta no acumulable<\/em><\/p>\n<\/div>\n<\/div>\n\n\r\n    <\/div>\r\n<\/section><section id=\"ls-section-block_9b628b98321db3b7546e3fd64a71895e\" class=\"ls-section  page-maillage has-p-b p-b-14\" >\r\n        <div class=\"container container--wide\">\r\n        \n\n<div id=\"ls-heading ls-titre-div-block_6a30212b541b88bfc3b3dfd60c44cbf4\" class=\"ls-titre-div m-left h2-like\" >\n    C\u00e0mping i mobil homes<\/br> al Port Barcar\u00e8s<\/div>\n\n\n<div id=\"ls-maillage-block_bebcc0c5a86c0ea20e07927db0f6d6b8\" class=\"ls-maillage cta-style-normal\" data-rows=\"3\">\n    <div class=\"wp-block-columns  \"><div class=\"wp-block-column\"><div id=\"destinations\" class=\"ls-cta\">\n\n<a href=\"https:\/\/www.camping-le-calagogo.fr\/ca\/camping-port-barcares\/costat-del-mar\/\" target=\"\" rel=\"noopener\" class=\"ls-cta__link\">\n\n\t<div class=\"ls-cta__image\"><img decoding=\"async\" src=\"https:\/\/www.camping-le-calagogo.fr\/wp-content\/uploads\/2023\/12\/decouvrir-port-barcares.webp\" alt=\"\"><\/div>\n\t<div class=\"ls-cta__title\">\n\t\tPort de Mar Barcar\u00e8s\t<\/div>\n\t\n\t\t\n<\/a><\/div><\/div><div class=\"wp-block-column\"><div id=\"destinations\" class=\"ls-cta\">\n\n<a href=\"https:\/\/www.camping-le-calagogo.fr\/ca\/camping-port-barcares\/\" target=\"\" rel=\"noopener\" class=\"ls-cta__link\">\n\n\t<div class=\"ls-cta__image\"><img decoding=\"async\" src=\"https:\/\/www.camping-le-calagogo.fr\/wp-content\/uploads\/2023\/12\/louer-hebergement-perpignan.webp\" alt=\"\"><\/div>\n\t<div class=\"ls-cta__title\">\n\t\tCamping Barcar\u00e8s\t<\/div>\n\t\n\t\t\n<\/a><\/div><\/div><div class=\"wp-block-column\"><div id=\"destinations\" class=\"ls-cta\">\n\n<a href=\"https:\/\/www.camping-le-calagogo.fr\/ca\/camping-port-barcares\/autocaravana-perpinya\/\" target=\"\" rel=\"noopener\" class=\"ls-cta__link\">\n\n\t<div class=\"ls-cta__image\"><img decoding=\"async\" src=\"https:\/\/www.camping-le-calagogo.fr\/wp-content\/uploads\/2023\/12\/vacances-port-barcares.webp.webp\" alt=\"\"><\/div>\n\t<div class=\"ls-cta__title\">\n\t\tCases m\u00f2bils Port Barcar\u00e8s\t<\/div>\n\t\n\t\t\n<\/a><\/div><\/div><\/div><\/div>\n\r\n    <\/div>\r\n<\/section>","protected":false},"excerpt":{"rendered":"","protected":false},"author":1,"featured_media":2630366,"parent":2708613,"menu_order":0,"comment_status":"closed","ping_status":"closed","template":"","meta":{"_acf_changed":false,"_seopress_robots_primary_cat":"","_seopress_titles_title":"Camping Port Barcar\u00e8s barat | Promoci\u00f3 d'estada en c\u00e0mping a Barcar\u00e8s","_seopress_titles_desc":"","_seopress_robots_index":"","inline_featured_image":false,"footnotes":""},"sujet":[],"class_list":["post-2708468","page","type-page","status-publish","has-post-thumbnail","hentry"],"acf":[],"_links":{"self":[{"href":"https:\/\/www.camping-le-calagogo.fr\/ca\/wp-json\/wp\/v2\/pages\/2708468","targetHints":{"allow":["GET"]}}],"collection":[{"href":"https:\/\/www.camping-le-calagogo.fr\/ca\/wp-json\/wp\/v2\/pages"}],"about":[{"href":"https:\/\/www.camping-le-calagogo.fr\/ca\/wp-json\/wp\/v2\/types\/page"}],"author":[{"embeddable":true,"href":"https:\/\/www.camping-le-calagogo.fr\/ca\/wp-json\/wp\/v2\/users\/1"}],"replies":[{"embeddable":true,"href":"https:\/\/www.camping-le-calagogo.fr\/ca\/wp-json\/wp\/v2\/comments?post=2708468"}],"version-history":[{"count":8,"href":"https:\/\/www.camping-le-calagogo.fr\/ca\/wp-json\/wp\/v2\/pages\/2708468\/revisions"}],"predecessor-version":[{"id":2832368,"href":"https:\/\/www.camping-le-calagogo.fr\/ca\/wp-json\/wp\/v2\/pages\/2708468\/revisions\/2832368"}],"up":[{"embeddable":true,"href":"https:\/\/www.camping-le-calagogo.fr\/ca\/wp-json\/wp\/v2\/pages\/2708613"}],"wp:featuredmedia":[{"embeddable":true,"href":"https:\/\/www.camping-le-calagogo.fr\/ca\/wp-json\/wp\/v2\/media\/2630366"}],"wp:attachment":[{"href":"https:\/\/www.camping-le-calagogo.fr\/ca\/wp-json\/wp\/v2\/media?parent=2708468"}],"wp:term":[{"taxonomy":"sujet","embeddable":true,"href":"https:\/\/www.camping-le-calagogo.fr\/ca\/wp-json\/wp\/v2\/sujet?post=2708468"}],"curies":[{"name":"wp","href":"https:\/\/api.w.org\/{rel}","templated":true}]}}