{"id":2708514,"date":"2023-10-18T09:47:07","date_gmt":"2023-10-18T07:47:07","guid":{"rendered":"https:\/\/www.camping-le-calagogo.fr\/turisme-argeles-sur-mer\/"},"modified":"2024-09-03T09:52:17","modified_gmt":"2024-09-03T07:52:17","slug":"turisme-argeles-sur-mer","status":"publish","type":"page","link":"https:\/\/www.camping-le-calagogo.fr\/ca\/camping-argeles-sur-mer\/turisme-argeles-sur-mer\/","title":{"rendered":"Argel\u00e8s-sur-Mer"},"content":{"rendered":"<section id=\"ls-section-block_5689d2728252dd2b9474831586904343\" class=\"ls-section  page-chapeau deco has-p-b p-b-4\" >\r\n        <div class=\"container \">\r\n        \n\n<h1 class=\"ls__heading wp-block-heading has-text-align-center\">Descobrint Argel\u00e8s-sur-Mer<br><strong>als Pirineus Orientals<\/strong><\/h1>\n\n\n\n<p class=\"ls-paragraph has-text-align-center\">Estaci\u00f3 emblem\u00e0tica dels Pirineus orientals a les portes de la Costa Vermeille, Argel\u00e8s-sur-Mer \u00e9s coneguda per la bellesa de les seves llargues platges de sorra fina i per les seves nombroses activitats familiars. Aprofita la teva estada al <a href=\"https:\/\/www.camping-le-calagogo.fr\/ca\/camping-argeles-sur-mer\/\" data-type=\"page\" data-id=\"2272\">c\u00e0mping de 5 estrelles Argeles sur Mer<\/a> per descobrir la ciutat i els seus voltants.<\/p>\n\n\r\n    <\/div>\r\n<\/section>\n\n<section id=\"ls-section-block_8ec6ace536ec9e37603f60a0c6dcc155\" class=\"ls-section  page-one has-p-t p-t-0 has-p-b p-b-14\" >\r\n        <div class=\"container container--wide\">\r\n        \n\n<div class=\"wp-block-columns is-layout-flex wp-container-core-columns-is-layout-9d6595d7 wp-block-columns-is-layout-flex\">\n<div class=\"wp-block-column is-vertically-aligned-center first is-layout-flow wp-block-column-is-layout-flow\" style=\"flex-basis:66.7%\">\n<iframe src=\"https:\/\/www.google.com\/maps\/embed?pb=!1m28!1m12!1m3!1d172398.5889279952!2d2.962629827107172!3d42.58646248396845!2m3!1f0!2f0!3f0!3m2!1i1024!2i768!4f13.1!4m13!3e0!4m5!1s0x12b07c232d050435%3A0xcb342de2280a2e20!2sCamping%20Cala%20Gogo%2C%20Avenue%20Armand%20Lanoux%2C%20Saint-Cyprien%2C%20France!3m2!1d42.5988201!2d3.0397849!4m5!1s0x12b07ed5678ac6ed%3A0xbb4c16ee0221830!2s66700%20Argel%C3%A8s-sur-Mer%2C%20France!3m2!1d42.5487052!2d3.0242793999999997!5e0!3m2!1sfr!2sar!4v1700509163595!5m2!1sfr!2sar\" width=\"100%\" height=\"550\" style=\"border:0;\" allowfullscreen=\"\" loading=\"lazy\" referrerpolicy=\"no-referrer-when-downgrade\"><\/iframe>\n<\/div>\n\n\n\n<div class=\"wp-block-column is-vertically-aligned-center second is-layout-flow wp-block-column-is-layout-flow\" style=\"flex-basis:33.3%\">\n<h2 class=\"ls__heading wp-block-heading\">On es troba Argel\u00e8s-sur-Mer?<\/h2>\n\n\n\n<p class=\"ls-paragraph\">Al peu del mass\u00eds de les Alb\u00e8res, a pocs quil\u00f2metres de la frontera espanyola, Argel\u00e8s marca la frontera entre les cales rocoses de la costa Vermeille i les grans extensions sorrenques de la costa d&#8217;Ametista.<\/p>\n\n\n\n<p class=\"ls-paragraph\">L&#8217;antic poble est\u00e0 situat a la riba de la Massane a l&#8217;interior, a dos quil\u00f2metres del Mediterrani, mentre que l&#8217;estaci\u00f3 d&#8217;Argel\u00e8s-Plage s&#8217;ha desenvolupat a la costa, entre Saint-Cyprien i Cotlliure.<\/p>\n\n\n\n<p class=\"ls-paragraph\">El seu litoral s&#8217;est\u00e9n durant 10 km entre la desembocadura del Tech i la platja de l&#8217;Ouille. A l&#8217;interior, el territori d&#8217;Argel\u00e8s s&#8217;est\u00e9n fins a la frontera espanyola.<\/p>\n<\/div>\n<\/div>\n\n\r\n    <\/div>\r\n<\/section>\n\n<section id=\"ls-section-block_6becae57ae39eafaf0763b87d52e6322\" class=\"ls-section  page-two mosaique has-background has-color-4-background-color has-p-t p-t-14 has-p-b p-b-14\" >\r\n        <div class=\"container container--wide\">\r\n        \n\n<div class=\"wp-block-columns is-layout-flex wp-container-core-columns-is-layout-9d6595d7 wp-block-columns-is-layout-flex\">\n<div class=\"wp-block-column is-vertically-aligned-center is-layout-flow wp-block-column-is-layout-flow\">\n<h2 class=\"ls__heading wp-block-heading has-text-align-left\">Qu\u00e8 fer a Argel\u00e8s-sur-Mer?<\/h2>\n\n\n\n<ul class=\"ls-list wp-block-list\">\n\n<li>Jocs de platja, nataci\u00f3 i relax<\/li>\n\n\n<li>Passejada pels <a href=\"https:\/\/www.camping-le-calagogo.fr\/ca\/novedades-del-camping-en-saint-cyprien\/los-mercados-de-argeles-sur-mer\/\" data-type=\"post\" data-id=\"2821987\">mercats d&#8217;Argel\u00e8s<\/a><\/li>\n\n\n<li>Diverteix-te al parc d&#8217;atraccions: les <a href=\"https:\/\/www.camping-le-calagogo.fr\/ca\/actu-camping-saint-cyprien\/luna-park-en-argeles-sur-mer\/\" data-type=\"post\" data-id=\"3601\">atraccions al Luna Park<\/a> s&#8217;estenen sobre 1 hect\u00e0rea.<\/li>\n\n\n<li>Senderisme pel mass\u00eds de les Alb\u00e8res<\/li>\n\n\n<li>Passejades refrescants pel parc del castell de Valmy<\/li>\n\n\n<li>Barranquisme amb la fam\u00edlia en un parc dedicat: el parc de barranquisme<\/li>\n\n\n<li>Visites i actes culturals: des del memorial del campament d&#8217;Argel\u00e8s fins a la festa dels Xiquets del Mar<\/li>\n\n\n<li><a href=\"https:\/\/www.camping-le-calagogo.fr\/ca\/actu-camping-saint-cyprien\/5-cosas-que-ver-en-colliure\/\" data-type=\"post\" data-id=\"10299\">Visiteu el proper Cotlliure<\/a> , les seves galeries d&#8217;art i el seu castell reial<\/li>\n\n\n<li>Anar de compres a <a href=\"https:\/\/www.camping-le-calagogo.fr\/ca\/novedades-del-camping-en-saint-cyprien\/cosas-que-hacer-en-perpinan-con-ninos\/\" data-type=\"post\" data-id=\"2707437\">Perpiny\u00e0<\/a><\/li>\n\n<\/ul>\n<\/div>\n\n\n\n<div class=\"wp-block-column is-vertically-aligned-center is-layout-flow wp-block-column-is-layout-flow\">\n<figure class=\"wp-block-image size-full\"><img decoding=\"async\" width=\"1807\" height=\"1200\" src=\"https:\/\/www.camping-le-calagogo.fr\/wp-content\/uploads\/2023\/12\/argeles-sur-mer-bord-de-mer.webp\" alt=\"argeles sur mer seaside\" class=\"wp-image-2629382\" srcset=\"https:\/\/www.camping-le-calagogo.fr\/wp-content\/uploads\/2023\/12\/argeles-sur-mer-bord-de-mer.webp 1807w, https:\/\/www.camping-le-calagogo.fr\/wp-content\/uploads\/2023\/12\/argeles-sur-mer-bord-de-mer-300x199.webp 300w, https:\/\/www.camping-le-calagogo.fr\/wp-content\/uploads\/2023\/12\/argeles-sur-mer-bord-de-mer-1024x680.webp 1024w, https:\/\/www.camping-le-calagogo.fr\/wp-content\/uploads\/2023\/12\/argeles-sur-mer-bord-de-mer-768x510.webp 768w, https:\/\/www.camping-le-calagogo.fr\/wp-content\/uploads\/2023\/12\/argeles-sur-mer-bord-de-mer-1536x1020.webp 1536w\" sizes=\"(max-width: 1807px) 100vw, 1807px\" \/><\/figure>\n<\/div>\n<\/div>\n\n\r\n    <\/div>\r\n<\/section>\n\n<section id=\"ls-section-block_9345f607c6ac5a62b7dec3ffe515e442\" class=\"ls-section  section-parallax has-background-image has-parallax has-background has-color-black-background-color has-p-t p-t-30 has-p-b p-b-0\" >\r\n    <div class=\"ls-section__background-image opacity-58\"><img decoding=\"async\" src=\"https:\/\/www.camping-le-calagogo.fr\/wp-content\/uploads\/2023\/12\/port-argeles.webp\" alt=\"\"><\/div>    <div class=\"container container--wide\">\r\n        \n\n<div class=\"wp-block-columns has-color-white-background-color has-background is-layout-flex wp-container-core-columns-is-layout-9d6595d7 wp-block-columns-is-layout-flex\">\n<div class=\"wp-block-column is-layout-flow wp-block-column-is-layout-flow\">\n<h2 class=\"ls__heading wp-block-heading has-text-align-center\">Litoral i platges d&#8217;Argel\u00e8s-sur-Mer<\/h2>\n\n\n\n<p class=\"ls-paragraph has-text-align-center\">A 1500 metres de l&#8217;antic poble occit\u00e0 d&#8217;Argel\u00e8s, l&#8217;estaci\u00f3 d&#8217;Argel\u00e8s-Plage allarga els seus <strong>7 km de sorra daurada<\/strong> a banda i banda del port.<br><br>Des de <strong><a href=\"https:\/\/www.camping-le-calagogo.fr\/ca\/actu-camping-saint-cyprien\/descubre-la-playa-del-racou\/\" data-type=\"post\" data-id=\"10694\">la platja de Racou<\/a><\/strong>  i la cala de Porteils, que marquen l&#8217;inici de la costa Vermeille cap a Cotlliure, fins a les llargues platges familiars que s&#8217;estenen fins a la reserva natural del Mas Larrieu, l&#8217;estaci\u00f3 tur\u00edstica d&#8217;Argel\u00e8s ofereix als amants del relax i als amants del lleure n\u00e0utic i dels esports aqu\u00e0tics una \u00e0mplia selecci\u00f3 de platges vigilades i familiars, cales amb encant i extensions salvatges.<br><br>Al sud del port, gaudim del paisatge caracter\u00edstic de la <strong>costa Vermeille;<\/strong> al nord, llargs trams de sorra t\u00edpics de la costa d&#8217;Ametista.<\/p>\n\n\n\n<p class=\"ls-paragraph has-text-align-center\">Des del port fins a la vora de Saint-Cyprien, hi ha una successi\u00f3 de  <strong>platges vigilades<\/strong>  du sud, du Centre, des Pins, du Tamariguer i de la Marenda, tots accessibles per a minusv\u00e0lids i envoltats d&#8217;un agradable passeig.Principals actors del turisme a Argel\u00e8s-sur-Mer, els nombrosos  <strong>clubs de platja<\/strong>  de l&#8217;estaci\u00f3 us ofereixen serveis d&#8217;una varietat infinita: des del lloguer de gandules i para-sols per a la relaxaci\u00f3, fins a sessions de boies remolcades, incloent cursos de vela.<\/p>\n\n\n\n<p class=\"ls-paragraph has-text-align-center addReadMore showlesscontent [08:23]\">Els amants dels <strong>esports aqu\u00e0tics<\/strong> , tranquils o emocionants, estan servits: p\u00e0del gegant, hidropedal amb tobogan, catamar\u00e0 o caiac de mar, els clubs de platja d&#8217;Argel\u00e8s ofereixen nombroses embarcacions de lloguer. Els nens tamb\u00e9 troben zones de jocs i llits el\u00e0stics. Alguns clubs estan \u00edntegrament dedicats als joves estiuejants, com el club de platja Pirate&#8217;s Land i les seves estructures de joc inflables.<\/p>\n\n\n\n<p class=\"ls-paragraph has-text-align-center\">Al llarg de les <strong>platges d&#8217;Argel\u00e8s<\/strong> , des del port fins a l&#8217;inici de la platja de Marenda i el Bois des Pins, s&#8217;est\u00e9n un magn\u00edfic passeig mar\u00edtim: reservat per a vianants, ciclistes i altres caminants amb mitjans de transport suaus, est\u00e0 agradablement revestit de baladres i palmeres. Amb gaireb\u00e9 2 km de longitud, el passeig mar\u00edtim d&#8217;Argel\u00e8s \u00e9s el lloc ideal per passejar durant el dia o al capvespre, en parella o en fam\u00edlia. Acull fotografies del festival anual Argel\u00e8s Photos Nature.<\/p>\n<\/div>\n<\/div>\n\n\r\n    <\/div>\r\n<\/section>\n\n<section id=\"ls-section-block_685f9d0f807f01fd22d5739a3599bf84\" class=\"ls-section  page-three has-p-t p-t-14\" >\r\n        <div class=\"container container--wide\">\r\n        \n\n<div class=\"wp-block-columns is-layout-flex wp-container-core-columns-is-layout-9d6595d7 wp-block-columns-is-layout-flex\">\n<div class=\"wp-block-column first is-layout-flow wp-block-column-is-layout-flow\">\n<figure class=\"wp-block-image size-full\"><img decoding=\"async\" width=\"2000\" height=\"1125\" src=\"https:\/\/www.camping-le-calagogo.fr\/wp-content\/uploads\/2023\/12\/decouvrir-argeles-sur-mer.webp\" alt=\"descobrir argeles sur mer\" class=\"wp-image-2629369\" srcset=\"https:\/\/www.camping-le-calagogo.fr\/wp-content\/uploads\/2023\/12\/decouvrir-argeles-sur-mer.webp 2000w, https:\/\/www.camping-le-calagogo.fr\/wp-content\/uploads\/2023\/12\/decouvrir-argeles-sur-mer-300x169.webp 300w, https:\/\/www.camping-le-calagogo.fr\/wp-content\/uploads\/2023\/12\/decouvrir-argeles-sur-mer-1024x576.webp 1024w, https:\/\/www.camping-le-calagogo.fr\/wp-content\/uploads\/2023\/12\/decouvrir-argeles-sur-mer-768x432.webp 768w, https:\/\/www.camping-le-calagogo.fr\/wp-content\/uploads\/2023\/12\/decouvrir-argeles-sur-mer-1536x864.webp 1536w\" sizes=\"(max-width: 2000px) 100vw, 2000px\" \/><\/figure>\n<\/div>\n\n\n\n<div class=\"wp-block-column is-vertically-aligned-top second is-layout-flow wp-block-column-is-layout-flow\">\n<h2 class=\"ls__heading wp-block-heading has-text-align-left\">Passejades i excursions per Argel\u00e8s-sur-Mer<\/h2>\n\n\n\n<p class=\"ls-paragraph has-text-align-left\">Al peu del mass\u00eds de les Alb\u00e8res, Argel\u00e8s \u00e9s una destinaci\u00f3 de mar i muntanya, que permet alternar activitats d&#8217;oci mar\u00edtim amb activitats a l&#8217;aire lliure als turons. La diversitat dels seus paisatges el converteix en un parad\u00eds per als excursionistes.<\/p>\n\n\n\n<p class=\"ls-paragraph\">Partint del Ch\u00e2teau de Valmy, una xarxa de senders senyalitzats ofereix una \u00e0mplia selecci\u00f3 de <a href=\"https:\/\/www.camping-le-calagogo.fr\/ca\/novedades-del-camping-en-saint-cyprien\/las-5-mejores-rutas-en-torno-a-la-torre-de-la-macana\/\" data-type=\"post\" data-id=\"2707420\">rutes de senderisme de tots els nivells<\/a> , sempre amb una panor\u00e0mica privilegiada del Mediterrani. Entre elles hi ha la imprescindible ascensi\u00f3 a la Torre Massane, una de les restes defensives del Regne de Mallorca, a gaireb\u00e9 800 metres d&#8217;altitud.<\/p>\n\n\n\n<p class=\"ls-paragraph addReadMore showlesscontent [08:23]\">Al costat del mar, tamb\u00e9 es poden fer nombroses excursions amb, per exemple, la ruta costanera que uneix el poble de Racou amb Cotlliure a trav\u00e9s de les cales protegides de Porteils. Un sender senyalitzat de 10 km tamb\u00e9 convida a seguir el litoral argel\u00e8s: aquesta caminada, de 3 hores de durada, us portar\u00e0 des de l&#8217;oficina de turisme d&#8217;Argel\u00e8s fins a la reserva de Mas Larrieu, amb una volta marcada per panells did\u00e0ctics a la reserva, pels voltants de la Ribereta i el boca del Tech.<\/p>\n<\/div>\n<\/div>\n\n\r\n    <\/div>\r\n<\/section>\n\n<section id=\"ls-section-block_6becae57ae39eafaf0763b87d52e6322\" class=\"ls-section  page-two mosaique has-background has-color-4-background-color has-p-t p-t-14 has-p-b p-b-14\" >\r\n        <div class=\"container container--wide\">\r\n        \n\n<div class=\"wp-block-columns is-layout-flex wp-container-core-columns-is-layout-9d6595d7 wp-block-columns-is-layout-flex\">\n<div class=\"wp-block-column is-vertically-aligned-center is-layout-flow wp-block-column-is-layout-flow\">\n<h2 class=\"ls__heading wp-block-heading has-text-align-left\">Activitats d&#8217;oci i turisme a Argel\u00e8s-sur-Mer<\/h2>\n\n\n\n<p class=\"ls-paragraph\">Resort familiar per excel\u00b7l\u00e8ncia, Argel\u00e8s \u00e9s ple d&#8217; <strong>activitats d&#8217;oci<\/strong> per a tots els gustos.<\/p>\n\n\n\n<p class=\"ls-paragraph\">EL  <strong>activitats aqu\u00e0tiques i n\u00e0utiques<\/strong>  s\u00f3n, per descomptat, reines del turisme a Argel\u00e8s-sur-Mer: podeu practicar el p\u00e0del i el surf SUP, provar el busseig als llocs m\u00e9s bonics de la costa de Vermeille, descobrir el litoral a bord d&#8217;un caiac de mar o llogar un vaixell al port d&#8217;Argel\u00e8s. Les empreses ofereixen creuers comentats, aix\u00ed com sortides d&#8217;iniciaci\u00f3 a la pesca mar\u00edtima.  <\/p>\n\n\n\n<p class=\"ls-paragraph\">Els amants de l&#8217;emoci\u00f3 trobaran altres activitats aqu\u00e0tiques que ofereixen els clubs de platja de l&#8217;estaci\u00f3, com ara boies de remolc i esqu\u00ed aqu\u00e0tic.<\/p>\n\n\n\n<p class=\"ls-paragraph\">Argel\u00e8s-sur-Mer \u00e9s tamb\u00e9 una <strong>destinaci\u00f3 cultural<\/strong> , amb un important patrimoni per descobrir: des de la seva esgl\u00e9sia fortificada de Notre-Dame-del-Prats fins al castell de Pujol i la Tour de la Massane, passant per el castell de Valmy i el seu magn\u00edfic parc, o pels d\u00f2lmens amagats al mass\u00eds.<\/p>\n<\/div>\n\n\n\n<div class=\"wp-block-column is-vertically-aligned-center is-layout-flow wp-block-column-is-layout-flow\">\n<figure class=\"wp-block-image size-full\"><img decoding=\"async\" width=\"2000\" height=\"1125\" src=\"https:\/\/www.camping-le-calagogo.fr\/wp-content\/uploads\/2023\/12\/paddle-argeles-sur-mer.webp\" alt=\"paddle argeles sur mer\" class=\"wp-image-2629465\" srcset=\"https:\/\/www.camping-le-calagogo.fr\/wp-content\/uploads\/2023\/12\/paddle-argeles-sur-mer.webp 2000w, https:\/\/www.camping-le-calagogo.fr\/wp-content\/uploads\/2023\/12\/paddle-argeles-sur-mer-300x169.webp 300w, https:\/\/www.camping-le-calagogo.fr\/wp-content\/uploads\/2023\/12\/paddle-argeles-sur-mer-1024x576.webp 1024w, https:\/\/www.camping-le-calagogo.fr\/wp-content\/uploads\/2023\/12\/paddle-argeles-sur-mer-768x432.webp 768w, https:\/\/www.camping-le-calagogo.fr\/wp-content\/uploads\/2023\/12\/paddle-argeles-sur-mer-1536x864.webp 1536w\" sizes=\"(max-width: 2000px) 100vw, 2000px\" \/><\/figure>\n<\/div>\n<\/div>\n\n\r\n    <\/div>\r\n<\/section>\n\n<section id=\"ls-section-block_c242471ec6438da69c4a43f09113fbb2\" class=\"ls-section  page-three has-p-t p-t-14 has-p-b p-b-14\" >\r\n        <div class=\"container container--wide\">\r\n        \n\n<div class=\"wp-block-columns is-layout-flex wp-container-core-columns-is-layout-9d6595d7 wp-block-columns-is-layout-flex\">\n<div class=\"wp-block-column first is-layout-flow wp-block-column-is-layout-flow\">\n<figure class=\"wp-block-image size-full\"><img decoding=\"async\" width=\"2000\" height=\"1200\" src=\"https:\/\/www.camping-le-calagogo.fr\/wp-content\/uploads\/2023\/12\/vtt-argeles-sur-mer.webp\" alt=\"BTT argeles sur mer\" class=\"wp-image-2629472\" srcset=\"https:\/\/www.camping-le-calagogo.fr\/wp-content\/uploads\/2023\/12\/vtt-argeles-sur-mer.webp 2000w, https:\/\/www.camping-le-calagogo.fr\/wp-content\/uploads\/2023\/12\/vtt-argeles-sur-mer-300x180.webp 300w, https:\/\/www.camping-le-calagogo.fr\/wp-content\/uploads\/2023\/12\/vtt-argeles-sur-mer-1024x614.webp 1024w, https:\/\/www.camping-le-calagogo.fr\/wp-content\/uploads\/2023\/12\/vtt-argeles-sur-mer-768x461.webp 768w, https:\/\/www.camping-le-calagogo.fr\/wp-content\/uploads\/2023\/12\/vtt-argeles-sur-mer-1536x922.webp 1536w\" sizes=\"(max-width: 2000px) 100vw, 2000px\" \/><\/figure>\n<\/div>\n\n\n\n<div class=\"wp-block-column is-vertically-aligned-top second is-layout-flow wp-block-column-is-layout-flow\">\n<p class=\"ls-paragraph has-text-align-left\">Tamb\u00e9 a Argel\u00e8s, no deixeu de visitar la casa patrimonial de la Casa de l&#8217;Albera, el memorial del camp de refugiats franquistes o el museu d&#8217;art de la galeria Marianne.<\/p>\n\n\n\n<p class=\"ls-paragraph\">El <strong>patrimoni natural<\/strong> d&#8217;Argel\u00e8s i els seus voltants tamb\u00e9 \u00e9s molt ric. Inclou entorns tan variats com el Bois des Pins i els seus 8.000 arbres centenaris, la reserva natural del Mas Larrieu a la desembocadura del Tech, la reserva natural del bosc de Massane, el recinte protegit de Racou, aix\u00ed com espais enjardinats del parc de Valmy o el passeig mar\u00edtim. Les activitats a l&#8217;aire lliure s\u00f3n part integrant del turisme a Argel\u00e8s.<\/p>\n\n\n\n<p class=\"ls-paragraph\">Senderisme, c\u00f3rrer, creuar el Tech a cavall, anar en bicicleta, senderisme o BTT, passejades per la natura amb guia: des del mass\u00eds de les Alb\u00e8res fins a la costa, l&#8217;elecci\u00f3 \u00e9s \u00e0mplia!<\/p>\n\n\n\n<p class=\"ls-paragraph addReadMore showlesscontent [08:23]\">Vols divertir-te al Rossell\u00f3, a trav\u00e9s d&#8217;activitats originals i d&#8217;oci per a totes les edats? Tamb\u00e9 trobareu a Argel\u00e8s-sur-Mer un ampli ventall de <strong>sortides familiars<\/strong> i parcs tem\u00e0tics: el molt agradable parc Valmy i el seu espectacle d&#8217;aus rapinyaires, el recinte firal <a href=\"https:\/\/www.camping-le-calagogo.fr\/ca\/actu-camping-saint-cyprien\/luna-park-en-argeles-sur-mer\/\" data-type=\"post\" data-id=\"2707243\">Luna Park<\/a> , la vall de les tortugues, l&#8217; <a href=\"https:\/\/www.camping-le-calagogo.fr\/ca\/actu-camping-saint-cyprien\/biodiversarium-de-banyuls-sur-mer\/\" data-type=\"post\" data-id=\"2707291\">aquari de Banyuls<\/a> o el tr\u00f2pic de la papallona. de nou.  <\/p>\n\n\n\n<p class=\"ls-paragraph\">Els amants de les emocions trobaran el que busquen a la torre extrema, als cursos <a href=\"https:\/\/www.camping-le-calagogo.fr\/actu-camping-saint-cyprien\/accrobranche-argeles-sur-mer\/\" data-type=\"post\" data-id=\"4360\">d&#8217;aventura Argel\u00e8s Aventure<\/a> , al parc de barranquisme o al parc aqu\u00e0tic <a href=\"https:\/\/dropinwaterjump.fr\/fr\/argeles\/\" target=\"_blank\" rel=\"noreferrer noopener\">Drop In Water Jump<\/a> .<br><br>Moltes altres activitats tur\u00edstiques a Argel\u00e8s-sur-Mer es poden practicar en fam\u00edlia: activitats d&#8217;oci en clubs de platja, surf de p\u00e0del, creuers amb vistes submarines, mini-karting, o fins i tot minigolf!<\/p>\n<\/div>\n<\/div>\n\n\r\n    <\/div>\r\n<\/section>\n\n<section id=\"ls-section-block_938bb31c4d408f69a7deb5ec0407d6c1\" class=\"ls-section  section-parallax has-background-image has-parallax has-background has-color-black-background-color has-p-t p-t-30 has-p-b p-b-0\" >\r\n    <div class=\"ls-section__background-image opacity-58\"><img decoding=\"async\" src=\"https:\/\/www.camping-le-calagogo.fr\/wp-content\/uploads\/2023\/12\/restaurant-argeles-sur-mer.webp\" alt=\"\"><\/div>    <div class=\"container container--wide\">\r\n        \n\n<div class=\"wp-block-columns has-color-white-background-color has-background is-layout-flex wp-container-core-columns-is-layout-9d6595d7 wp-block-columns-is-layout-flex\">\n<div class=\"wp-block-column is-layout-flow wp-block-column-is-layout-flow\">\n<h2 class=\"ls__heading wp-block-heading has-text-align-center\">Turisme d&#8217;Argel\u00e8s-sur-Mer: restaurants<\/h2>\n\n\n\n<div class=\"wp-block-columns is-layout-flex wp-container-core-columns-is-layout-9d6595d7 wp-block-columns-is-layout-flex\">\n<div class=\"wp-block-column is-layout-flow wp-block-column-is-layout-flow\">\n<ul class=\"ls-list ls-list-undefined wp-block-list\">\n<li>Le Flowers: rostisseria, Le Flowers es troba al carrer Victor-Hugo, 59, a la part de la ciutat, prop de l&#8217;estaci\u00f3 de tren d&#8217;Argel\u00e8s. Ofereix plats a la carta entre 11 i 20 euros i un men\u00fa de temporada per 29 euros. Per degustar, carn, peix i plats vegans.<\/li>\n\n\n\n<li><strong>L&#8217;Auberge du Cayrou<\/strong> : restaurant tradicional, l&#8217;Auberge du Cayrou ofereix una cuina senzilla i elegant en una decoraci\u00f3 que reflecteix la seva imatge, al 18 rue du 14-juliol a Argel\u00e8s. El bitllet mitj\u00e0 per persona oscil\u00b7la entre els 25 i els 39 euros.<\/li>\n\n\n\n<li><strong>\u00d4 Malassi<\/strong> : a la localitat d&#8217;Argel\u00e8s-Plage, \u00d4 Malassi us d\u00f3na la benvinguda a primera l\u00ednia de mar en un ambient de bodegues andaluses. Tapes i taules entre mar i muntanya per gaudir al 28 all\u00e9e Jules Aroles.<\/li>\n<\/ul>\n<\/div>\n\n\n\n<div class=\"wp-block-column is-layout-flow wp-block-column-is-layout-flow\">\n<ul class=\"ls-list ls-list-undefined wp-block-list\">\n<li>Seven Street Kf\u00e9 : avinguda de palmeres, a pocs metres de la platja, Seven Street Kf\u00e9 \u00e9s l&#8217;especialista en parillades de marisc i Mojitos. Una adre\u00e7a gourmet que ofereix tapes, c\u00f2ctels, amanides grans, musclos i patates fregides, hamburgueses, plats de carn i peix elaborats a casa amb productes frescos de gran qualitat.<\/li>\n\n\n\n<li><strong>Le Bleu Marine:<\/strong> al port d&#8217;Argel\u00e8s, quai Vasco de Gama, Le Bleu Marine \u00e9s l&#8217;adre\u00e7a dels amants del peix i el marisc. Una selecci\u00f3 de men\u00fas per a grans i petits amb especialitats variades com fondue de mar, peix a la planxa o plat per compartir.<\/li>\n<\/ul>\n<\/div>\n<\/div>\n\n\n\n<p class=\"ls-paragraph has-text-align-center\">Descobreix els <a href=\"https:\/\/www.camping-le-calagogo.fr\/ca\/actu-camping-saint-cyprien\/los-5-mejores-restaurantes-de-argeles-sur-mer\/\" data-type=\"post\" data-id=\"2707237\">millors restaurants d&#8217;Argel\u00e8s-sur-Mer<\/a> als Pirineus Orientals.<\/p>\n<\/div>\n<\/div>\n\n\r\n    <\/div>\r\n<\/section>\n\n<section id=\"ls-section-block_c242471ec6438da69c4a43f09113fbb2\" class=\"ls-section  page-three has-p-t p-t-14 has-p-b p-b-14\" >\r\n        <div class=\"container container--wide\">\r\n        \n\n<div class=\"wp-block-columns is-layout-flex wp-container-core-columns-is-layout-9d6595d7 wp-block-columns-is-layout-flex\">\n<div class=\"wp-block-column first is-layout-flow wp-block-column-is-layout-flow\">\n<figure class=\"wp-block-image size-full animated fadeInLeft delay-100ms slow\"><img decoding=\"async\" width=\"1802\" height=\"1081\" src=\"https:\/\/www.camping-le-calagogo.fr\/wp-content\/uploads\/2023\/12\/argeles-sur-mer-bar-restaurant.webp\" alt=\"bar restaurant argeles sur mer\" class=\"wp-image-2629486\" srcset=\"https:\/\/www.camping-le-calagogo.fr\/wp-content\/uploads\/2023\/12\/argeles-sur-mer-bar-restaurant.webp 1802w, https:\/\/www.camping-le-calagogo.fr\/wp-content\/uploads\/2023\/12\/argeles-sur-mer-bar-restaurant-300x180.webp 300w, https:\/\/www.camping-le-calagogo.fr\/wp-content\/uploads\/2023\/12\/argeles-sur-mer-bar-restaurant-1024x614.webp 1024w, https:\/\/www.camping-le-calagogo.fr\/wp-content\/uploads\/2023\/12\/argeles-sur-mer-bar-restaurant-768x461.webp 768w, https:\/\/www.camping-le-calagogo.fr\/wp-content\/uploads\/2023\/12\/argeles-sur-mer-bar-restaurant-1536x921.webp 1536w\" sizes=\"(max-width: 1802px) 100vw, 1802px\" \/><\/figure>\n<\/div>\n\n\n\n<div class=\"wp-block-column is-vertically-aligned-top second is-layout-flow wp-block-column-is-layout-flow\">\n<h2 class=\"ls__heading wp-block-heading\">On sortir a Argel\u00e8s?<\/h2>\n\n\n\n<p class=\"ls-paragraph\">De cara al port, a primera l\u00ednia de mar o al poble vell, <strong>a Argel\u00e8s hi ha molts llocs per prendre una copa<\/strong> . En fam\u00edlia, en parella o amb els amics, per un simple aperitiu o per fer festa fins ben entrada la nit, us espera una \u00e0mplia selecci\u00f3 d&#8217;ambients.<\/p>\n\n\n\n<p class=\"ls-paragraph\">Els amants de la cervesa apreciaran l&#8217;incre\u00efble men\u00fa La volta al m\u00f3n en 80 cerveses, format per m\u00e9s de 120 varietats de cerveses de 40 pa\u00efsos d&#8217;arreu del m\u00f3n, i la ubicaci\u00f3 excepcional de l&#8217;establiment al port.<\/p>\n\n\n\n<p class=\"ls-paragraph\">Per prendre un c\u00f2ctel davant de la platja, aneu a <strong>Sirocco<\/strong> , <strong>Wantilan Caf\u00e9<\/strong> o <strong>Carr\u00e9 Blanc<\/strong> . Els amants del bon vi preferiran Chai Deprade, route de Collioure, i els seus plats de xarcuteria o formatge.<\/p>\n<\/div>\n<\/div>\n\n\r\n    <\/div>\r\n<\/section>\n\n<section id=\"ls-section-block_6becae57ae39eafaf0763b87d52e6322\" class=\"ls-section  page-two mosaique has-background has-color-4-background-color has-p-t p-t-14 has-p-b p-b-14\" >\r\n        <div class=\"container container--wide\">\r\n        \n\n<div class=\"wp-block-columns is-layout-flex wp-container-core-columns-is-layout-9d6595d7 wp-block-columns-is-layout-flex\">\n<div class=\"wp-block-column is-vertically-aligned-center is-layout-flow wp-block-column-is-layout-flow\">\n<p class=\"ls-paragraph\">Els <strong>bars d&#8217;Argel\u00e8s<\/strong> t&#8217;han inspirat i t&#8217;agradaria continuar la vetllada en una discoteca? L&#8217;elecci\u00f3 tamb\u00e9 \u00e9s \u00e0mplia en aquesta localitat dels Pirineus Orientals: discoteques i bars nocturns s\u00f3n presents principalment a Argel\u00e8s-Plage, vora el mar. Imperdible amb la seva gran terrassa davant del mar. Situat a l&#8217;All\u00e9e des Pins, ofereix vetllades tem\u00e0tiques amb discj\u00f2queis de mitjanit a les 6 del mat\u00ed, tots els dies a l&#8217;estiu.<\/p>\n\n\n\n<p class=\"ls-paragraph\">Vols passar tota la vetllada al mateix establiment? No lluny de l&#8217;oficina de turisme d&#8217;Argel\u00e8s, el bar musical Carnaval Caf\u00e9 us d\u00f3na la benvinguda per prendre un c\u00f2ctel i unes brases que continuen fins a una vetllada a c\u00e0rrec d&#8217;un DJ. Si busques una discoteca de moda amb piscina per a una festa a la piscina a la platja, finalment \u00e9s al PotChic, al Boulevard de la Mer, on trobar\u00e0s el que est\u00e0s buscant.<\/p>\n<\/div>\n\n\n\n<div class=\"wp-block-column is-vertically-aligned-center is-layout-flow wp-block-column-is-layout-flow\">\n<figure class=\"wp-block-image size-full\"><img decoding=\"async\" width=\"1920\" height=\"1152\" src=\"https:\/\/www.camping-le-calagogo.fr\/wp-content\/uploads\/2023\/12\/bar-argeles-sur-mer.webp\" alt=\"Argeles sur mer bar\" class=\"wp-image-2629478\" srcset=\"https:\/\/www.camping-le-calagogo.fr\/wp-content\/uploads\/2023\/12\/bar-argeles-sur-mer.webp 1920w, https:\/\/www.camping-le-calagogo.fr\/wp-content\/uploads\/2023\/12\/bar-argeles-sur-mer-300x180.webp 300w, https:\/\/www.camping-le-calagogo.fr\/wp-content\/uploads\/2023\/12\/bar-argeles-sur-mer-1024x614.webp 1024w, https:\/\/www.camping-le-calagogo.fr\/wp-content\/uploads\/2023\/12\/bar-argeles-sur-mer-768x461.webp 768w, https:\/\/www.camping-le-calagogo.fr\/wp-content\/uploads\/2023\/12\/bar-argeles-sur-mer-1536x922.webp 1536w\" sizes=\"(max-width: 1920px) 100vw, 1920px\" \/><\/figure>\n<\/div>\n<\/div>\n\n\r\n    <\/div>\r\n<\/section>\n\n<section id=\"ls-section-block_72ab55321c4f262df7c005d44492be2d\" class=\"ls-section  section-parallax has-background-image has-parallax has-background has-color-black-background-color has-p-t p-t-30 has-p-b p-b-0\" >\r\n    <div class=\"ls-section__background-image opacity-58\"><img decoding=\"async\" src=\"https:\/\/www.camping-le-calagogo.fr\/wp-content\/uploads\/2023\/12\/casino-argeles-sur-mer.webp\" alt=\"\"><\/div>    <div class=\"container container--wide\">\r\n        \n\n<div class=\"wp-block-columns has-color-white-background-color has-background is-layout-flex wp-container-core-columns-is-layout-9d6595d7 wp-block-columns-is-layout-flex\">\n<div class=\"wp-block-column is-layout-flow wp-block-column-is-layout-flow\">\n<h2 class=\"ls__heading wp-block-heading has-text-align-center\">Qu\u00e8 fer a Argel\u00e8s-sur-Mer quan plou?<\/h2>\n\n\n\n<div class=\"wp-block-columns is-layout-flex wp-container-core-columns-is-layout-9d6595d7 wp-block-columns-is-layout-flex\">\n<div class=\"wp-block-column is-layout-flow wp-block-column-is-layout-flow\">\n<ul class=\"ls-list wp-block-list\">\n\n<li>El casino: els seus jocs de taula, m\u00e0quines escurabutxaques, restaurant i bar<\/li>\n\n\n<li>La bolera Plaza, les seves pistes de bitlles, els seus jocs d&#8217;arcade, el seu billar i el seu joc l\u00e0ser<\/li>\n\n\n<li>La Galeria Marianne: la galeria d&#8217;art municipal amb obres de tots els horitzons<\/li>\n\n\n<li>El cinema Jean-Jaur\u00e8s, les seves sales 2D i 3D climatitzades<\/li>\n\n<\/ul>\n<\/div>\n\n\n\n<div class=\"wp-block-column is-layout-flow wp-block-column-is-layout-flow\">\n<ul class=\"ls-list wp-block-list\">\n\n<li>El memorial del camp d&#8217;Argel\u00e8s-sur-Mer, que va acollir centenars de milers de refugiats espanyols sota la dictadura franquista.<\/li>\n\n\n<li>La piscina Alberaquatique, la seva piscina i la seva piscina relax<\/li>\n\n\n<li>La Casa de l&#8217;Albera, casa patrimonial dedicada al mass\u00eds de les Alb\u00e8res<\/li>\n\n<\/ul>\n<\/div>\n<\/div>\n<\/div>\n<\/div>\n\n\r\n    <\/div>\r\n<\/section>\n\n<section id=\"ls-section-block_65ccd8336c360234a3ba273e954bf8fe\" class=\"ls-section  page-maillage has-p-b p-b-14\" >\r\n        <div class=\"container container--wide\">\r\n        \n\n<div id=\"ls-heading ls-titre-div-block_7a8b95ecb554d67ec64de26c023eedda\" class=\"ls-titre-div m-left h2-like\" >\n    Ciutats properes<\/br> d&#8217;Argel\u00e8s-sur-Mer<\/div>\n\n\n<div id=\"ls-maillage-block_723ece1bf751fb325cb3582937e40969\" class=\"ls-maillage cta-style-normal\" data-rows=\"3\">\n    <div class=\"wp-block-columns  \"><div class=\"wp-block-column\"><div id=\"destinations\" class=\"ls-cta\">\n\n<a href=\"https:\/\/www.camping-le-calagogo.fr\/ca\/turisme-colliure\/\" target=\"\" rel=\"noopener\" class=\"ls-cta__link\">\n\n\t<div class=\"ls-cta__image\"><img decoding=\"async\" src=\"https:\/\/www.camping-le-calagogo.fr\/wp-content\/uploads\/2023\/12\/tourisme-collioure.webp\" alt=\"\"><\/div>\n\t<div class=\"ls-cta__title\">\n\t\tCotlliure\t<\/div>\n\t\n\t\t\n<\/a><\/div><\/div><div class=\"wp-block-column\"><div id=\"destinations\" class=\"ls-cta\">\n\n<a href=\"https:\/\/www.camping-le-calagogo.fr\/ca\/turisme-port-barcares\/\" target=\"\" rel=\"noopener\" class=\"ls-cta__link\">\n\n\t<div class=\"ls-cta__image\"><img decoding=\"async\" src=\"https:\/\/www.camping-le-calagogo.fr\/wp-content\/uploads\/2023\/11\/visiter-port-barcares.webp\" alt=\"\"><\/div>\n\t<div class=\"ls-cta__title\">\n\t\tPort Barcar\u00e8s\t<\/div>\n\t\n\t\t\n<\/a><\/div><\/div><div class=\"wp-block-column\"><div id=\"destinations\" class=\"ls-cta\">\n\n<a href=\"https:\/\/www.camping-le-calagogo.fr\/ca\/camping-carcassona\/\" target=\"\" rel=\"noopener\" class=\"ls-cta__link\">\n\n\t<div class=\"ls-cta__image\"><img decoding=\"async\" src=\"https:\/\/www.camping-le-calagogo.fr\/wp-content\/uploads\/2023\/12\/sejour-camping-carcassonne.webp\" alt=\"\"><\/div>\n\t<div class=\"ls-cta__title\">\n\t\tCamping Carcasonne\t<\/div>\n\t\n\t\t\n<\/a><\/div><\/div><\/div><\/div>\n\r\n    <\/div>\r\n<\/section>","protected":false},"excerpt":{"rendered":"","protected":false},"author":1,"featured_media":3401,"parent":2708633,"menu_order":0,"comment_status":"closed","ping_status":"closed","template":"","meta":{"_acf_changed":false,"_seopress_robots_primary_cat":"","_seopress_titles_title":"Descobreix l'encant del turisme a Argel\u00e8s-sur-Mer - Plaers d'estiu inoblidables","_seopress_titles_desc":"Explora els tresors d'Argel\u00e8s-sur-Mer. Platges daurades, cuina deliciosa i un ambient c\u00e0lid us esperen. Planifica la teva escapada ara.","_seopress_robots_index":"","inline_featured_image":false,"footnotes":""},"sujet":[],"class_list":["post-2708514","page","type-page","status-publish","has-post-thumbnail","hentry"],"acf":[],"_links":{"self":[{"href":"https:\/\/www.camping-le-calagogo.fr\/ca\/wp-json\/wp\/v2\/pages\/2708514","targetHints":{"allow":["GET"]}}],"collection":[{"href":"https:\/\/www.camping-le-calagogo.fr\/ca\/wp-json\/wp\/v2\/pages"}],"about":[{"href":"https:\/\/www.camping-le-calagogo.fr\/ca\/wp-json\/wp\/v2\/types\/page"}],"author":[{"embeddable":true,"href":"https:\/\/www.camping-le-calagogo.fr\/ca\/wp-json\/wp\/v2\/users\/1"}],"replies":[{"embeddable":true,"href":"https:\/\/www.camping-le-calagogo.fr\/ca\/wp-json\/wp\/v2\/comments?post=2708514"}],"version-history":[{"count":28,"href":"https:\/\/www.camping-le-calagogo.fr\/ca\/wp-json\/wp\/v2\/pages\/2708514\/revisions"}],"predecessor-version":[{"id":2845684,"href":"https:\/\/www.camping-le-calagogo.fr\/ca\/wp-json\/wp\/v2\/pages\/2708514\/revisions\/2845684"}],"up":[{"embeddable":true,"href":"https:\/\/www.camping-le-calagogo.fr\/ca\/wp-json\/wp\/v2\/pages\/2708633"}],"wp:featuredmedia":[{"embeddable":true,"href":"https:\/\/www.camping-le-calagogo.fr\/ca\/wp-json\/wp\/v2\/media\/3401"}],"wp:attachment":[{"href":"https:\/\/www.camping-le-calagogo.fr\/ca\/wp-json\/wp\/v2\/media?parent=2708514"}],"wp:term":[{"taxonomy":"sujet","embeddable":true,"href":"https:\/\/www.camping-le-calagogo.fr\/ca\/wp-json\/wp\/v2\/sujet?post=2708514"}],"curies":[{"name":"wp","href":"https:\/\/api.w.org\/{rel}","templated":true}]}}