{"id":2708526,"date":"2023-10-19T09:59:17","date_gmt":"2023-10-19T07:59:17","guid":{"rendered":"https:\/\/www.camping-le-calagogo.fr\/camping-elne\/"},"modified":"2024-08-19T11:04:46","modified_gmt":"2024-08-19T09:04:46","slug":"camping-elne","status":"publish","type":"page","link":"https:\/\/www.camping-le-calagogo.fr\/ca\/camping-elne\/","title":{"rendered":"Camping Elne"},"content":{"rendered":"<section id=\"ls-section-block_21915d64226279e962583d89acc9d67c\" class=\"ls-section  page-chapeau deco has-p-b p-b-4\" >\r\n        <div class=\"container \">\r\n        \n\n<h1 class=\"ls__heading wp-block-heading has-text-align-center\">Camping Elne<br><strong>5 estrelles<\/strong><\/h1>\n\n\n\n<p class=\"ls-paragraph has-text-align-center\">El vostre c\u00e0mping Cala Gogo est\u00e0 situat a nom\u00e9s <strong>7 km d&#8217;Elne,<\/strong> al sud de Fran\u00e7a, on hi ha la notable <strong>catedral de Sainte-Eulalie-et-Sainte-Julie<\/strong> i el seu claustre medieval. Una ciutat d&#8217;art i hist\u00f2ria molt animada a l&#8217;estiu, Elne val la pena fer una petita excursi\u00f3 durant la vostra <a href=\"https:\/\/www.camping-le-calagogo.fr\/ca\/\" data-type=\"page\" data-id=\"9\">estada en c\u00e0mping a Saint-Cyprien,<\/a> als Pirineus Orientals, a la vora del Mediterrani.<\/p>\n\n\n\n<ul class=\"ls-list ls-list-undefined wp-block-list has-p-l p-l-14\">\n<li>Gaudeix d&#8217;una <strong><a href=\"https:\/\/www.camping-le-calagogo.fr\/ca\/camping-costat-del-mar-llenguadoc-rossello\/\" data-type=\"page\" data-id=\"2708436\">estada al mar<\/a><\/strong> a la costa mediterr\u00e0nia.<\/li>\n\n\n\n<li>Lloguer <strong>allotjament de 5 estrelles<\/strong> a prop d&#8217;Elne als Pirineus Orientals.<\/li>\n\n\n\n<li>Opta per una estada en <a href=\"https:\/\/www.camping-le-calagogo.fr\/ca\/parcelles-caravaning-saint-cyprien\/\" data-type=\"page\" data-id=\"90\"><strong>un c\u00e0mping c\u00f2mode<\/strong><\/a> .<\/li>\n\n\n\n<li><strong>Beneficieu-vos de les promocions<\/strong> a les nostres propietats de lloguer.<\/li>\n\n\n\n<li>Submergeix-te al <strong><a href=\"https:\/\/www.camping-le-calagogo.fr\/ca\/camping-amb-piscina-saint-cyprien\/\" data-type=\"page\" data-id=\"1377\">gran parc aqu\u00e0tic<\/a><\/strong> del c\u00e0mping.<\/li>\n<\/ul>\n\n\r\n    <\/div>\r\n<\/section>\n\n<section id=\"ls-section-block_ef62df98f7f466282f09c9ea53df1619\" class=\"ls-section  page-one has-p-t p-t-0 has-p-b p-b-14\" >\r\n        <div class=\"container container--wide\">\r\n        \n\n<div class=\"wp-block-columns is-layout-flex wp-container-core-columns-is-layout-9d6595d7 wp-block-columns-is-layout-flex\">\n<div class=\"wp-block-column is-vertically-aligned-center first is-layout-flow wp-block-column-is-layout-flow\" style=\"flex-basis:66.7%\">\n<iframe src=\"https:\/\/www.google.com\/maps\/embed?pb=!1m28!1m12!1m3!1d188945.57841166347!2d3.0177640602613858!3d42.53162310856284!2m3!1f0!2f0!3f0!3m2!1i1024!2i768!4f13.1!4m13!3e0!4m5!1s0x12b07c232d050435%3A0xcb342de2280a2e20!2sCamping%20Cala%20Gogo%2C%2004%20Av.%20Armand%20Lanoux%2C%2066750%20Saint-Cyprien%2C%20France!3m2!1d42.5988201!2d3.0397849!4m5!1s0x12b07a2f91f564a7%3A0x38270da70fae7c96!2sElne%2C%20France!3m2!1d42.600336!2d2.970433!5e0!3m2!1sfr!2sar!4v1700880798304!5m2!1sfr!2sar\" width=\"100%\" height=\"450\" style=\"border:0;\" allowfullscreen=\"\" loading=\"lazy\" referrerpolicy=\"no-referrer-when-downgrade\"><\/iframe>\n<\/div>\n\n\n\n<div class=\"wp-block-column is-vertically-aligned-center second is-layout-flow wp-block-column-is-layout-flow\" style=\"flex-basis:33.3%\">\n<h2 class=\"ls__heading wp-block-heading\">Presentaci\u00f3 del c\u00e0mping prop d&#8217;Elne<\/h2>\n\n\n\n<p class=\"ls-paragraph\">Ideal per aprofitar al m\u00e0xim <strong>les activitats al costat del mar<\/strong> , el c\u00e0mping prop d&#8217;Elne, al sud de Saint-Cyprien, tamb\u00e9 far\u00e0 les del\u00edcies <strong>dels amants de la hist\u00f2ria, l&#8217;arquitectura i les visites culturals<\/strong> .<\/p>\n\n\n\n<p class=\"ls-paragraph\">El c\u00e0mping us ofereix <strong>nombrosos serveis<\/strong> com ara una zona de jocs infantils, una botiga de queviures, un restaurant i fins i tot un chiringuito. Vine a relaxar-te a la nostra <strong>piscina de 600 m\u00b2<\/strong> amb tobogan que far\u00e0 les del\u00edcies de grans i petits. Hi trobareu <strong>2 piscines grans<\/strong> i una piscina infantil amb jocs d&#8217;aigua per als nens.<\/p>\n<\/div>\n<\/div>\n\n\r\n    <\/div>\r\n<\/section>\n\n<section id=\"ls-section-block_fccbbbf2ff6e45b77d0b712b9d4e8872\" class=\"ls-section  page-two mosaique has-background has-color-4-background-color has-p-t p-t-14 has-p-b p-b-14\" >\r\n        <div class=\"container container--wide\">\r\n        \n\n<div class=\"wp-block-columns is-layout-flex wp-container-core-columns-is-layout-9d6595d7 wp-block-columns-is-layout-flex\">\n<div class=\"wp-block-column is-vertically-aligned-center is-layout-flow wp-block-column-is-layout-flow\">\n<p class=\"ls-paragraph\">Tamb\u00e9 hi ha una <strong>\u00e0mplia gamma de mobil homes<\/strong> a prop de la nostra piscina. Far\u00e0 les del\u00edcies de tothom, ja sigui per unes <strong>vacances amb els amics o la fam\u00edlia<\/strong> . Inevitablement trobareu una oferta que us convingui per descobrir la regi\u00f3 dels Pirineus Orientals, aix\u00ed com Elne i el Llenguadoc Rossell\u00f3.<\/p>\n\n\n\n<p class=\"ls-paragraph\">Les parcel\u00b7les reservades per a autocaravanes i caravanes tamb\u00e9 estan disponibles per a les vostres properes vacances de c\u00e0mping. Estalvieu les vostres vacances de c\u00e0mping reservant amb molta antelaci\u00f3.<\/p>\n\n\n\n<p class=\"ls-paragraph\">Aix\u00ed que opta per unes vacances en fam\u00edlia amb una estada d&#8217;acampada amb els peus a l&#8217;aigua al costat del mar Mediterrani, en una \u00e0mplia parcel\u00b7la per a autocaravanes i caravanes amb acc\u00e9s directe a la platja i al club infantil.<\/p>\n<\/div>\n\n\n\n<div class=\"wp-block-column is-vertically-aligned-center is-layout-flow wp-block-column-is-layout-flow\">\n<figure class=\"wp-block-image size-full\"><img decoding=\"async\" width=\"1800\" height=\"1200\" src=\"https:\/\/www.camping-le-calagogo.fr\/wp-content\/uploads\/2023\/12\/camping-cala-gogo-a-saint-cyprien-avec-mobil-homes_resultat.webp\" alt=\"lloguer de mobil home elne\" class=\"wp-image-2708098\" srcset=\"https:\/\/www.camping-le-calagogo.fr\/wp-content\/uploads\/2023\/12\/camping-cala-gogo-a-saint-cyprien-avec-mobil-homes_resultat.webp 1800w, https:\/\/www.camping-le-calagogo.fr\/wp-content\/uploads\/2023\/12\/camping-cala-gogo-a-saint-cyprien-avec-mobil-homes_resultat-300x200.webp 300w, https:\/\/www.camping-le-calagogo.fr\/wp-content\/uploads\/2023\/12\/camping-cala-gogo-a-saint-cyprien-avec-mobil-homes_resultat-1024x683.webp 1024w, https:\/\/www.camping-le-calagogo.fr\/wp-content\/uploads\/2023\/12\/camping-cala-gogo-a-saint-cyprien-avec-mobil-homes_resultat-768x512.webp 768w, https:\/\/www.camping-le-calagogo.fr\/wp-content\/uploads\/2023\/12\/camping-cala-gogo-a-saint-cyprien-avec-mobil-homes_resultat-1536x1024.webp 1536w\" sizes=\"(max-width: 1800px) 100vw, 1800px\" \/><\/figure>\n<\/div>\n<\/div>\n\n\r\n    <\/div>\r\n<\/section>\n\n<section id=\"ls-section-block_833bbe6c95adb505b9987b372f66ff8c\" class=\"ls-section  has-background has-color-white-background-color\" >\r\n        <div class=\"container container--wide\">\r\n        \n\n<div id=\"ls-hebergements-block_bd38c0eb2b9834971cb88584c4e8f3d0\" class=\"ls-hebergements\" >\n    \n    <div class=\"ls-customizer\">\n\n    <div class=\"ls-customizer__filters\">\n        <div class=\"ls-customizer__filters__close\">\n            <i class=\"fas fa-times\"><\/i>\n        <\/div>\n\n        <div class=\"ls-customizer__filters__title\">\n            <b>Filtres<\/b>\n            <span class=\"ls-customizer__filters__clear\"><i class=\"fas fa-times\"><\/i>\n                Esborra els filtres<\/span>\n        <\/div>\n\n\n                \n        <!-- Filtres ACF fields -->\n        \n                        <!-- Filtre gammes_hebergements -->\n                <div class=\"filter\" id=\"filter-gammes_hebergements\">\n            <div class=\"filter__title\">Intervals<i class=\"fas fa-angle-down\"><\/i><\/div>\n            <fieldset data-filter=\"gammes_hebergements\" data-operator=\"==\"\n                class=\"input\">\n\n                <div><input type=\"radio\" name=\"gammes_hebergements\" id=\"gammes_hebergements-all\"  class=\"checkbox\" \/><label for='gammes_hebergements-all'>Tots<\/label><\/div><div><input type=\"radio\" name=\"gammes_hebergements\" id=\"gammes_hebergements-gamme-plaisir\" value=\"gamme-plaisir\" class=\"checkbox\"  \/><label for='gammes_hebergements-gamme-plaisir'>gamme plaisir<\/label><\/div><div><input type=\"radio\" name=\"gammes_hebergements\" id=\"gammes_hebergements-gamme-prestige\" value=\"gamme-prestige\" class=\"checkbox\"  \/><label for='gammes_hebergements-gamme-prestige'>gamme prestige<\/label><\/div><div><input type=\"radio\" name=\"gammes_hebergements\" id=\"gammes_hebergements-gamme-privilege\" value=\"gamme-privilege\" class=\"checkbox\"  \/><label for='gammes_hebergements-gamme-privilege'>gamme privilege<\/label><\/div>            <\/fieldset>\n        <\/div>\n                        <!-- Filtre nombre_de_personnes -->\n                <div class=\"filter\" id=\"filter-nombre_de_personnes\">\n            <div class=\"filter__title\">Capacitat m\u00e0xima<i class=\"fas fa-angle-down\"><\/i><\/div>\n            <fieldset data-filter=\"nombre_de_personnes\" data-operator=\"<=\"\n                class=\"input\">\n\n                <div><input type=\"radio\" name=\"nombre_de_personnes\" id=\"nombre_de_personnes-all\"  class=\"checkbox\" \/><label for='nombre_de_personnes-all'>Tots<\/label><\/div><div><input type=\"radio\" name=\"nombre_de_personnes\" id=\"nombre_de_personnes-3\" value=\"3\" class=\"checkbox\"  \/><label for='nombre_de_personnes-3'>Fins que 3 pers.<\/label><\/div><div><input type=\"radio\" name=\"nombre_de_personnes\" id=\"nombre_de_personnes-4\" value=\"4\" class=\"checkbox\"  \/><label for='nombre_de_personnes-4'>Fins que 4 pers.<\/label><\/div><div><input type=\"radio\" name=\"nombre_de_personnes\" id=\"nombre_de_personnes-6\" value=\"6\" class=\"checkbox\"  \/><label for='nombre_de_personnes-6'>Fins que 6 pers.<\/label><\/div><div><input type=\"radio\" name=\"nombre_de_personnes\" id=\"nombre_de_personnes-8\" value=\"8\" class=\"checkbox\"  \/><label for='nombre_de_personnes-8'>Fins que 8 pers.<\/label><\/div><div><input type=\"radio\" name=\"nombre_de_personnes\" id=\"nombre_de_personnes-10\" value=\"10\" class=\"checkbox\"  \/><label for='nombre_de_personnes-10'>Fins que 10 pers.<\/label><\/div><div><input type=\"radio\" name=\"nombre_de_personnes\" id=\"nombre_de_personnes-14\" value=\"14\" class=\"checkbox\"  \/><label for='nombre_de_personnes-14'>Fins que 14 pers.<\/label><\/div>            <\/fieldset>\n        <\/div>\n                        <!-- Filtre nombre_de_chambres -->\n                <div class=\"filter\" id=\"filter-nombre_de_chambres\">\n            <div class=\"filter__title\">nombre d&#8217;habitatges<i class=\"fas fa-angle-down\"><\/i><\/div>\n            <fieldset data-filter=\"nombre_de_chambres\" data-operator=\"==\"\n                class=\"input\">\n\n                <div><input type=\"radio\" name=\"nombre_de_chambres\" id=\"nombre_de_chambres-all\"  class=\"checkbox\" \/><label for='nombre_de_chambres-all'>Tots<\/label><\/div><div><input type=\"radio\" name=\"nombre_de_chambres\" id=\"nombre_de_chambres-1\" value=\"1\" class=\"checkbox\"  \/><label for='nombre_de_chambres-1'>1<\/label><\/div><div><input type=\"radio\" name=\"nombre_de_chambres\" id=\"nombre_de_chambres-2\" value=\"2\" class=\"checkbox\"  \/><label for='nombre_de_chambres-2'>2<\/label><\/div><div><input type=\"radio\" name=\"nombre_de_chambres\" id=\"nombre_de_chambres-3\" value=\"3\" class=\"checkbox\"  \/><label for='nombre_de_chambres-3'>3<\/label><\/div><div><input type=\"radio\" name=\"nombre_de_chambres\" id=\"nombre_de_chambres-4\" value=\"4\" class=\"checkbox\"  \/><label for='nombre_de_chambres-4'>4<\/label><\/div>            <\/fieldset>\n        <\/div>\n                \n        \n    <\/div>\n\n<\/div><div class=\"ls-hebergements__results\" data-row=\"3\" data-campings=\"false\" data-types=\"false\"><div class=\"ls-hebergement\" data-postid='2847240' data-id-reservation='146117' data-id-site='' data-id1='' data-gammes_hebergements='gamme-prestige' data-nombre_de_personnes='14' data-nombre_de_chambres='' data-type='accommodation-fr mobil-home-fr'>\n\t<a href=\"https:\/\/www.camping-le-calagogo.fr\/ca\/hebergements\/cleopatre-area-3-mh-7-ch-6-salles-deau-climatise-tv\/#primary\" rel=\"noopener\" target=\"_blank\"\n\t\tclass=\"ls-hebergement__link\">\n\t\t<div class=\"ls-hebergement__thumb\">\n\t\t\t\t\t\t<img decoding=\"async\" src=\"https:\/\/www.camping-le-calagogo.fr\/wp-content\/uploads\/2025\/12\/0-1409731-scaled.jpg\" alt=\"CLEOPATRE area &#8211; 3 mh &#8211; 7 ch &#8211; 6 Bathrooms &#8211; Air Conditioning &#8211; TV\" \/>\n\t\t<\/div>\n\t\t\t\t\t\t<div class=\"ls-hebergement__title\">\n\t\t\t<span class=\"ls-hebergement__photos-constructeur\">Photos constructeur<\/span>\n\t\t\t<div class=\"ls-hebergement__gammes\">\n\t\t\t\tgamme prestige\t\t\t<\/div>\n\t\t\tCLEOPATRE area &#8211; 3 mh &#8211; 7 ch &#8211; 6 Bathrooms &#8211; Air Conditioning &#8211; TV\t\t<\/div>\n\n\t\t<div class=\"ls-hebergement__details\">\n\n\t\t\t<div class=\"ls-hebergement__icons\">\n\n\t\t\t\t\t\t\t\t<span class=\"ls-hebergement__icon\">\n\t\t\t\t\t<i class=\"calagogo-family\"><\/i>\n\t\t\t\t\t14\t\t\t\t<\/span>\n\t\t\t\t\n\t\t\t\t\n\t\t\t\t<div class=\"ls-hebergement__infos\">\n\t\t\t\t\t\t\t\t\t\t\t\t\t\t<\/div>\n\t\t\t\t\n\t\t\t<\/div>\n\n\n\t\t<\/div>\n\n\t\t<div class=\"ls-hebergement__disponibilites\">\n\t\t\tDescobreix\t\t<\/div>\n\t\t<div class=\"ls-button in-view animated fadeInUp\" style=\"opacity: 1;\">\n\t\t\t<span>Descobreix<\/span><i class='calagogo-right-arrow'><\/i><\/div>\n\t<\/a>\n<\/div><div class=\"ls-hebergement\" data-postid='2847243' data-id-reservation='146165' data-id-site='' data-id1='' data-gammes_hebergements='gamme-prestige' data-nombre_de_personnes='10' data-nombre_de_chambres='' data-type='accommodation-fr mobil-home-fr'>\n\t<a href=\"https:\/\/www.camping-le-calagogo.fr\/ca\/hebergements\/hera-area-2-mh-5-ch-4-salles-deau-climatise-tv\/#primary\" rel=\"noopener\" target=\"_blank\"\n\t\tclass=\"ls-hebergement__link\">\n\t\t<div class=\"ls-hebergement__thumb\">\n\t\t\t\t\t\t<img decoding=\"async\" src=\"https:\/\/www.camping-le-calagogo.fr\/wp-content\/uploads\/2025\/12\/0-1409738-scaled.jpg\" alt=\"HERA area &#8211; 2 mh &#8211; 5 ch &#8211; 4 Bathrooms &#8211; Air Conditioning &#8211; TV\" \/>\n\t\t<\/div>\n\t\t\t\t\t\t<div class=\"ls-hebergement__title\">\n\t\t\t<span class=\"ls-hebergement__photos-constructeur\">Photos constructeur<\/span>\n\t\t\t<div class=\"ls-hebergement__gammes\">\n\t\t\t\tgamme prestige\t\t\t<\/div>\n\t\t\tHERA area &#8211; 2 mh &#8211; 5 ch &#8211; 4 Bathrooms &#8211; Air Conditioning &#8211; TV\t\t<\/div>\n\n\t\t<div class=\"ls-hebergement__details\">\n\n\t\t\t<div class=\"ls-hebergement__icons\">\n\n\t\t\t\t\t\t\t\t<span class=\"ls-hebergement__icon\">\n\t\t\t\t\t<i class=\"calagogo-family\"><\/i>\n\t\t\t\t\t10\t\t\t\t<\/span>\n\t\t\t\t\n\t\t\t\t\n\t\t\t\t<div class=\"ls-hebergement__infos\">\n\t\t\t\t\t\t\t\t\t\t<span class=\"ls-hebergement__detail\">\n\t\t\t\t\t\t<i class=\"calagogo-area1\"><\/i> 80m\u00b2\n\t\t\t\t\t<\/span>\n\t\t\t\t\t\t\t\t\t\t\t\t\t\t<\/div>\n\t\t\t\t\n\t\t\t<\/div>\n\n\n\t\t<\/div>\n\n\t\t<div class=\"ls-hebergement__disponibilites\">\n\t\t\tDescobreix\t\t<\/div>\n\t\t<div class=\"ls-button in-view animated fadeInUp\" style=\"opacity: 1;\">\n\t\t\t<span>Descobreix<\/span><i class='calagogo-right-arrow'><\/i><\/div>\n\t<\/a>\n<\/div><div class=\"ls-hebergement\" data-postid='2830198' data-id-reservation='97162' data-id-site='' data-id1='' data-gammes_hebergements='gamme-privilege' data-nombre_de_personnes='8' data-nombre_de_chambres='4' data-type='accommodation-fr mobil-home-fr'>\n\t<a href=\"https:\/\/www.camping-le-calagogo.fr\/ca\/hebergements\/mobilhome-maury-aire-condicionat\/#primary\" rel=\"noopener\" target=\"_blank\"\n\t\tclass=\"ls-hebergement__link\">\n\t\t<div class=\"ls-hebergement__thumb\">\n\t\t\t\t\t\t<img decoding=\"async\" src=\"https:\/\/www.camping-le-calagogo.fr\/wp-content\/uploads\/2025\/12\/0-1409728-scaled.jpg\" alt=\"Mobilhome MEDUSA aire condicionat\" \/>\n\t\t<\/div>\n\t\t\t\t\t\t<div class=\"ls-hebergement__title\">\n\t\t\t<span class=\"ls-hebergement__photos-constructeur\">Photos constructeur<\/span>\n\t\t\t<div class=\"ls-hebergement__gammes\">\n\t\t\t\tgamme privilege\t\t\t<\/div>\n\t\t\tMobilhome MEDUSA aire condicionat\t\t<\/div>\n\n\t\t<div class=\"ls-hebergement__details\">\n\n\t\t\t<div class=\"ls-hebergement__icons\">\n\n\t\t\t\t\t\t\t\t<span class=\"ls-hebergement__icon\">\n\t\t\t\t\t<i class=\"calagogo-family\"><\/i>\n\t\t\t\t\t8\t\t\t\t<\/span>\n\t\t\t\t\n\t\t\t\t\n\t\t\t\t<div class=\"ls-hebergement__infos\">\n\t\t\t\t\t\t\t\t\t\t<span class=\"ls-hebergement__detail\">\n\t\t\t\t\t\t<i class=\"calagogo-area1\"><\/i> 40m\u00b2\n\t\t\t\t\t<\/span>\n\t\t\t\t\t\t\t\t\t\t\t\t\t\t\t<span class=\"ls-hebergement__detail\">\n\t\t\t\t\t\t\t\t\t\t\t\t<i class=\"calagogo-door\"><\/i> 4\t\t\t\t\t\tcap.\t\t\t\t\t\t\t\t\t\t\t<\/span>\n\t\t\t\t\t\t\t\t\t<\/div>\n\t\t\t\t\n\t\t\t<\/div>\n\n\n\t\t<\/div>\n\n\t\t<div class=\"ls-hebergement__disponibilites\">\n\t\t\tDescobreix\t\t<\/div>\n\t\t<div class=\"ls-button in-view animated fadeInUp\" style=\"opacity: 1;\">\n\t\t\t<span>Descobreix<\/span><i class='calagogo-right-arrow'><\/i><\/div>\n\t<\/a>\n<\/div><div class=\"ls-hebergement\" data-postid='2830196' data-id-reservation='97161' data-id-site='' data-id1='' data-gammes_hebergements='gamme-privilege' data-nombre_de_personnes='6' data-nombre_de_chambres='3' data-type='accommodation-fr mobil-home-fr'>\n\t<a href=\"https:\/\/www.camping-le-calagogo.fr\/ca\/hebergements\/mobil-home-moscat-3-habitacions-2-banys-aire-condicionat-tv\/#primary\" rel=\"noopener\" target=\"_blank\"\n\t\tclass=\"ls-hebergement__link\">\n\t\t<div class=\"ls-hebergement__thumb\">\n\t\t\t\t\t\t<img decoding=\"async\" src=\"https:\/\/www.camping-le-calagogo.fr\/wp-content\/uploads\/2026\/03\/0-1409726-scaled.jpg\" alt=\"Mobilhome CALISTA aire condicionat\" \/>\n\t\t<\/div>\n\t\t\t\t\t\t<div class=\"ls-hebergement__title\">\n\t\t\t<span class=\"ls-hebergement__photos-constructeur\">Photos constructeur<\/span>\n\t\t\t<div class=\"ls-hebergement__gammes\">\n\t\t\t\tgamme privilege\t\t\t<\/div>\n\t\t\tMobilhome CALISTA aire condicionat\t\t<\/div>\n\n\t\t<div class=\"ls-hebergement__details\">\n\n\t\t\t<div class=\"ls-hebergement__icons\">\n\n\t\t\t\t\t\t\t\t<span class=\"ls-hebergement__icon\">\n\t\t\t\t\t<i class=\"calagogo-family\"><\/i>\n\t\t\t\t\t6\t\t\t\t<\/span>\n\t\t\t\t\n\t\t\t\t\n\t\t\t\t<div class=\"ls-hebergement__infos\">\n\t\t\t\t\t\t\t\t\t\t<span class=\"ls-hebergement__detail\">\n\t\t\t\t\t\t<i class=\"calagogo-area1\"><\/i> 40m\u00b2\n\t\t\t\t\t<\/span>\n\t\t\t\t\t\t\t\t\t\t\t\t\t\t\t<span class=\"ls-hebergement__detail\">\n\t\t\t\t\t\t\t\t\t\t\t\t<i class=\"calagogo-door\"><\/i> 3\t\t\t\t\t\tcap.\t\t\t\t\t\t\t\t\t\t\t<\/span>\n\t\t\t\t\t\t\t\t\t<\/div>\n\t\t\t\t\n\t\t\t<\/div>\n\n\n\t\t<\/div>\n\n\t\t<div class=\"ls-hebergement__disponibilites\">\n\t\t\tDescobreix\t\t<\/div>\n\t\t<div class=\"ls-button in-view animated fadeInUp\" style=\"opacity: 1;\">\n\t\t\t<span>Descobreix<\/span><i class='calagogo-right-arrow'><\/i><\/div>\n\t<\/a>\n<\/div><div class=\"ls-hebergement\" data-postid='2830189' data-id-reservation='40480' data-id-site='' data-id1='' data-gammes_hebergements='' data-nombre_de_personnes='6' data-nombre_de_chambres='' data-type='pitch-fr'>\n\t<a href=\"https:\/\/www.camping-le-calagogo.fr\/ca\/hebergements\/pack-confort-parcella-1-cotxe-electricitat-10a-connexio-aigua-calenta-desguas\/#primary\" rel=\"noopener\" target=\"_blank\"\n\t\tclass=\"ls-hebergement__link\">\n\t\t<div class=\"ls-hebergement__thumb\">\n\t\t\t\t\t\t<img decoding=\"async\" src=\"https:\/\/www.camping-le-calagogo.fr\/wp-content\/uploads\/2025\/12\/0-1409269-scaled.jpg\" alt=\"Pack CONFORT  : Parcel\u2022la + 1 cotxe + electricitat 10A + Connexi\u00f3 aigua calenta \/ desgu\u00e0s\" \/>\n\t\t<\/div>\n\t\t\t\t<div class=\"ls-hebergement__title\">\n\t\t\t<span class=\"ls-hebergement__photos-constructeur\">Photos constructeur<\/span>\n\t\t\t<div class=\"ls-hebergement__gammes\">\n\t\t\t\t\t\t\t<\/div>\n\t\t\tPack CONFORT  : Parcel\u2022la + 1 cotxe + electricitat 10A + Connexi\u00f3 aigua calenta \/ desgu\u00e0s\t\t<\/div>\n\n\t\t<div class=\"ls-hebergement__details\">\n\n\t\t\t<div class=\"ls-hebergement__icons\">\n\n\t\t\t\t\t\t\t\t<span class=\"ls-hebergement__icon\">\n\t\t\t\t\t<i class=\"calagogo-family\"><\/i>\n\t\t\t\t\t6\t\t\t\t<\/span>\n\t\t\t\t\n\t\t\t\t\n\t\t\t\t<div class=\"ls-hebergement__infos\">\n\t\t\t\t\t\t\t\t\t\t\t\t\t\t<\/div>\n\t\t\t\t\n\t\t\t<\/div>\n\n\n\t\t<\/div>\n\n\t\t<div class=\"ls-hebergement__disponibilites\">\n\t\t\tDescobreix\t\t<\/div>\n\t\t<div class=\"ls-button in-view animated fadeInUp\" style=\"opacity: 1;\">\n\t\t\t<span>Descobreix<\/span><i class='calagogo-right-arrow'><\/i><\/div>\n\t<\/a>\n<\/div><div class=\"ls-hebergement\" data-postid='2830192' data-id-reservation='97159' data-id-site='' data-id1='' data-gammes_hebergements='gamme-privilege' data-nombre_de_personnes='4' data-nombre_de_chambres='2' data-type='accommodation-fr mobil-home-fr'>\n\t<a href=\"https:\/\/www.camping-le-calagogo.fr\/ca\/hebergements\/mobil-home-banuyls-2-ch-2-salles-deau-climatise-tv\/#primary\" rel=\"noopener\" target=\"_blank\"\n\t\tclass=\"ls-hebergement__link\">\n\t\t<div class=\"ls-hebergement__thumb\">\n\t\t\t\t\t\t<img decoding=\"async\" src=\"https:\/\/www.camping-le-calagogo.fr\/wp-content\/uploads\/2026\/03\/0-1409721-scaled.jpg\" alt=\"Mobilhome VENUSIA aire condicionat\" \/>\n\t\t<\/div>\n\t\t\t\t\t\t<div class=\"ls-hebergement__title\">\n\t\t\t<span class=\"ls-hebergement__photos-constructeur\">Photos constructeur<\/span>\n\t\t\t<div class=\"ls-hebergement__gammes\">\n\t\t\t\tgamme privilege\t\t\t<\/div>\n\t\t\tMobilhome VENUSIA aire condicionat\t\t<\/div>\n\n\t\t<div class=\"ls-hebergement__details\">\n\n\t\t\t<div class=\"ls-hebergement__icons\">\n\n\t\t\t\t\t\t\t\t<span class=\"ls-hebergement__icon\">\n\t\t\t\t\t<i class=\"calagogo-family\"><\/i>\n\t\t\t\t\t4\t\t\t\t<\/span>\n\t\t\t\t\n\t\t\t\t\n\t\t\t\t<div class=\"ls-hebergement__infos\">\n\t\t\t\t\t\t\t\t\t\t<span class=\"ls-hebergement__detail\">\n\t\t\t\t\t\t<i class=\"calagogo-area1\"><\/i> 33m\u00b2\n\t\t\t\t\t<\/span>\n\t\t\t\t\t\t\t\t\t\t\t\t\t\t\t<span class=\"ls-hebergement__detail\">\n\t\t\t\t\t\t\t\t\t\t\t\t<i class=\"calagogo-door\"><\/i> 2\t\t\t\t\t\tcap.\t\t\t\t\t\t\t\t\t\t\t<\/span>\n\t\t\t\t\t\t\t\t\t<\/div>\n\t\t\t\t\n\t\t\t<\/div>\n\n\n\t\t<\/div>\n\n\t\t<div class=\"ls-hebergement__disponibilites\">\n\t\t\tDescobreix\t\t<\/div>\n\t\t<div class=\"ls-button in-view animated fadeInUp\" style=\"opacity: 1;\">\n\t\t\t<span>Descobreix<\/span><i class='calagogo-right-arrow'><\/i><\/div>\n\t<\/a>\n<\/div><div class=\"ls-hebergement\" data-postid='2830193' data-id-reservation='76982' data-id-site='' data-id1='' data-gammes_hebergements='gamme-privilege' data-nombre_de_personnes='4' data-nombre_de_chambres='2' data-type='accommodation-fr mobil-home-fr'>\n\t<a href=\"https:\/\/www.camping-le-calagogo.fr\/ca\/hebergements\/mobilhome-adaptat-per-a-persones-amb-mobilitat-reduida-adapt-pmr\/#primary\" rel=\"noopener\" target=\"_blank\"\n\t\tclass=\"ls-hebergement__link\">\n\t\t<div class=\"ls-hebergement__thumb\">\n\t\t\t\t\t\t<img decoding=\"async\" src=\"https:\/\/www.camping-le-calagogo.fr\/wp-content\/uploads\/2025\/12\/0-1409275-scaled.jpg\" alt=\"Mobilhome Adaptat per a persones amb mobilitat redu\u00efda ADAPT (PMR)\" \/>\n\t\t<\/div>\n\t\t\t\t\t\t<div class=\"ls-hebergement__title\">\n\t\t\t<span class=\"ls-hebergement__photos-constructeur\">Photos constructeur<\/span>\n\t\t\t<div class=\"ls-hebergement__gammes\">\n\t\t\t\tgamme privilege\t\t\t<\/div>\n\t\t\tMobilhome Adaptat per a persones amb mobilitat redu\u00efda ADAPT (PMR)\t\t<\/div>\n\n\t\t<div class=\"ls-hebergement__details\">\n\n\t\t\t<div class=\"ls-hebergement__icons\">\n\n\t\t\t\t\t\t\t\t<span class=\"ls-hebergement__icon\">\n\t\t\t\t\t<i class=\"calagogo-family\"><\/i>\n\t\t\t\t\t4\t\t\t\t<\/span>\n\t\t\t\t\n\t\t\t\t\n\t\t\t\t<div class=\"ls-hebergement__infos\">\n\t\t\t\t\t\t\t\t\t\t<span class=\"ls-hebergement__detail\">\n\t\t\t\t\t\t<i class=\"calagogo-area1\"><\/i> 36m\u00b2\n\t\t\t\t\t<\/span>\n\t\t\t\t\t\t\t\t\t\t\t\t\t\t\t<span class=\"ls-hebergement__detail\">\n\t\t\t\t\t\t\t\t\t\t\t\t<i class=\"calagogo-door\"><\/i> 2\t\t\t\t\t\tcap.\t\t\t\t\t\t\t\t\t\t\t<\/span>\n\t\t\t\t\t\t\t\t\t<\/div>\n\t\t\t\t\n\t\t\t<\/div>\n\n\n\t\t<\/div>\n\n\t\t<div class=\"ls-hebergement__disponibilites\">\n\t\t\tDescobreix\t\t<\/div>\n\t\t<div class=\"ls-button in-view animated fadeInUp\" style=\"opacity: 1;\">\n\t\t\t<span>Descobreix<\/span><i class='calagogo-right-arrow'><\/i><\/div>\n\t<\/a>\n<\/div><div class=\"ls-hebergement\" data-postid='2830194' data-id-reservation='45598' data-id-site='' data-id1='' data-gammes_hebergements='gamme-privilege' data-nombre_de_personnes='6' data-nombre_de_chambres='3' data-type='accommodation-fr mobil-home-fr'>\n\t<a href=\"https:\/\/www.camping-le-calagogo.fr\/ca\/hebergements\/casa-mobil-collioure-3-ch-climatise-tv\/#primary\" rel=\"noopener\" target=\"_blank\"\n\t\tclass=\"ls-hebergement__link\">\n\t\t<div class=\"ls-hebergement__thumb\">\n\t\t\t\t\t\t<img decoding=\"async\" src=\"https:\/\/www.camping-le-calagogo.fr\/wp-content\/uploads\/2025\/12\/0-1409706.jpg\" alt=\"Mobilhome HELIOS &#8211; aire condicionat &#8211; TV\" \/>\n\t\t<\/div>\n\t\t\t\t\t\t<div class=\"ls-hebergement__title\">\n\t\t\t<span class=\"ls-hebergement__photos-constructeur\">Photos constructeur<\/span>\n\t\t\t<div class=\"ls-hebergement__gammes\">\n\t\t\t\tgamme privilege\t\t\t<\/div>\n\t\t\tMobilhome HELIOS &#8211; aire condicionat &#8211; TV\t\t<\/div>\n\n\t\t<div class=\"ls-hebergement__details\">\n\n\t\t\t<div class=\"ls-hebergement__icons\">\n\n\t\t\t\t\t\t\t\t<span class=\"ls-hebergement__icon\">\n\t\t\t\t\t<i class=\"calagogo-family\"><\/i>\n\t\t\t\t\t6\t\t\t\t<\/span>\n\t\t\t\t\n\t\t\t\t\n\t\t\t\t<div class=\"ls-hebergement__infos\">\n\t\t\t\t\t\t\t\t\t\t<span class=\"ls-hebergement__detail\">\n\t\t\t\t\t\t<i class=\"calagogo-area1\"><\/i> 33m\u00b2\n\t\t\t\t\t<\/span>\n\t\t\t\t\t\t\t\t\t\t\t\t\t\t\t<span class=\"ls-hebergement__detail\">\n\t\t\t\t\t\t\t\t\t\t\t\t<i class=\"calagogo-door\"><\/i> 3\t\t\t\t\t\tcap.\t\t\t\t\t\t\t\t\t\t\t<\/span>\n\t\t\t\t\t\t\t\t\t<\/div>\n\t\t\t\t\n\t\t\t<\/div>\n\n\n\t\t<\/div>\n\n\t\t<div class=\"ls-hebergement__disponibilites\">\n\t\t\tDescobreix\t\t<\/div>\n\t\t<div class=\"ls-button in-view animated fadeInUp\" style=\"opacity: 1;\">\n\t\t\t<span>Descobreix<\/span><i class='calagogo-right-arrow'><\/i><\/div>\n\t<\/a>\n<\/div><div class=\"ls-hebergement\" data-postid='2830195' data-id-reservation='62542' data-id-site='' data-id1='' data-gammes_hebergements='gamme-plaisir' data-nombre_de_personnes='6' data-nombre_de_chambres='3' data-type='accommodation-fr mobil-home-fr'>\n\t<a href=\"https:\/\/www.camping-le-calagogo.fr\/ca\/hebergements\/mobil-home-tautavel-3-ch-climatise-tv\/#primary\" rel=\"noopener\" target=\"_blank\"\n\t\tclass=\"ls-hebergement__link\">\n\t\t<div class=\"ls-hebergement__thumb\">\n\t\t\t\t\t\t<img decoding=\"async\" src=\"https:\/\/www.camping-le-calagogo.fr\/wp-content\/uploads\/2025\/12\/0-1409700-scaled.jpg\" alt=\"Mobilhome ISIS &#8211; aire condicionat &#8211; TV\" \/>\n\t\t<\/div>\n\t\t\t\t\t\t<div class=\"ls-hebergement__title\">\n\t\t\t<span class=\"ls-hebergement__photos-constructeur\">Photos constructeur<\/span>\n\t\t\t<div class=\"ls-hebergement__gammes\">\n\t\t\t\tgamme plaisir\t\t\t<\/div>\n\t\t\tMobilhome ISIS &#8211; aire condicionat &#8211; TV\t\t<\/div>\n\n\t\t<div class=\"ls-hebergement__details\">\n\n\t\t\t<div class=\"ls-hebergement__icons\">\n\n\t\t\t\t\t\t\t\t<span class=\"ls-hebergement__icon\">\n\t\t\t\t\t<i class=\"calagogo-family\"><\/i>\n\t\t\t\t\t6\t\t\t\t<\/span>\n\t\t\t\t\n\t\t\t\t\n\t\t\t\t<div class=\"ls-hebergement__infos\">\n\t\t\t\t\t\t\t\t\t\t<span class=\"ls-hebergement__detail\">\n\t\t\t\t\t\t<i class=\"calagogo-area1\"><\/i> 33m\u00b2\n\t\t\t\t\t<\/span>\n\t\t\t\t\t\t\t\t\t\t\t\t\t\t\t<span class=\"ls-hebergement__detail\">\n\t\t\t\t\t\t\t\t\t\t\t\t<i class=\"calagogo-door\"><\/i> 3\t\t\t\t\t\tcap.\t\t\t\t\t\t\t\t\t\t\t<\/span>\n\t\t\t\t\t\t\t\t\t<\/div>\n\t\t\t\t\n\t\t\t<\/div>\n\n\n\t\t<\/div>\n\n\t\t<div class=\"ls-hebergement__disponibilites\">\n\t\t\tDescobreix\t\t<\/div>\n\t\t<div class=\"ls-button in-view animated fadeInUp\" style=\"opacity: 1;\">\n\t\t\t<span>Descobreix<\/span><i class='calagogo-right-arrow'><\/i><\/div>\n\t<\/a>\n<\/div><div class=\"ls-hebergement\" data-postid='2830199' data-id-reservation='45597' data-id-site='' data-id1='' data-gammes_hebergements='gamme-privilege' data-nombre_de_personnes='3' data-nombre_de_chambres='1' data-type='accommodation-fr mobil-home-fr'>\n\t<a href=\"https:\/\/www.camping-le-calagogo.fr\/ca\/hebergements\/mobil-home-rivesaltes-1-ch-climatise-tv\/#primary\" rel=\"noopener\" target=\"_blank\"\n\t\tclass=\"ls-hebergement__link\">\n\t\t<div class=\"ls-hebergement__thumb\">\n\t\t\t\t\t\t<img decoding=\"async\" src=\"https:\/\/www.camping-le-calagogo.fr\/wp-content\/uploads\/2025\/12\/0-1409703-scaled.jpg\" alt=\"Mobilhome CUPIDON &#8211; aire condicionat &#8211; TV\" \/>\n\t\t<\/div>\n\t\t\t\t\t\t<div class=\"ls-hebergement__title\">\n\t\t\t<span class=\"ls-hebergement__photos-constructeur\">Photos constructeur<\/span>\n\t\t\t<div class=\"ls-hebergement__gammes\">\n\t\t\t\tgamme privilege\t\t\t<\/div>\n\t\t\tMobilhome CUPIDON &#8211; aire condicionat &#8211; TV\t\t<\/div>\n\n\t\t<div class=\"ls-hebergement__details\">\n\n\t\t\t<div class=\"ls-hebergement__icons\">\n\n\t\t\t\t\t\t\t\t<span class=\"ls-hebergement__icon\">\n\t\t\t\t\t<i class=\"calagogo-family\"><\/i>\n\t\t\t\t\t3\t\t\t\t<\/span>\n\t\t\t\t\n\t\t\t\t\n\t\t\t\t<div class=\"ls-hebergement__infos\">\n\t\t\t\t\t\t\t\t\t\t<span class=\"ls-hebergement__detail\">\n\t\t\t\t\t\t<i class=\"calagogo-area1\"><\/i> 20m\u00b2\n\t\t\t\t\t<\/span>\n\t\t\t\t\t\t\t\t\t\t\t\t\t\t\t<span class=\"ls-hebergement__detail\">\n\t\t\t\t\t\t\t\t\t\t\t\t<i class=\"calagogo-door\"><\/i> 1\t\t\t\t\t\tcap.\t\t\t\t\t\t\t\t\t\t\t<\/span>\n\t\t\t\t\t\t\t\t\t<\/div>\n\t\t\t\t\n\t\t\t<\/div>\n\n\n\t\t<\/div>\n\n\t\t<div class=\"ls-hebergement__disponibilites\">\n\t\t\tDescobreix\t\t<\/div>\n\t\t<div class=\"ls-button in-view animated fadeInUp\" style=\"opacity: 1;\">\n\t\t\t<span>Descobreix<\/span><i class='calagogo-right-arrow'><\/i><\/div>\n\t<\/a>\n<\/div><div class=\"ls-hebergement\" data-postid='2830182' data-id-reservation='125289' data-id-site='' data-id1='' data-gammes_hebergements='' data-nombre_de_personnes='6' data-nombre_de_chambres='' data-type='pitch-fr'>\n\t<a href=\"https:\/\/www.camping-le-calagogo.fr\/ca\/hebergements\/parcella-amb-lavabo\/#primary\" rel=\"noopener\" target=\"_blank\"\n\t\tclass=\"ls-hebergement__link\">\n\t\t<div class=\"ls-hebergement__thumb\">\n\t\t\t\t\t\t<img decoding=\"async\" src=\"https:\/\/www.camping-le-calagogo.fr\/wp-content\/uploads\/2025\/12\/0-1409271-scaled.jpg\" alt=\"Parcel\u00b7la amb lavabo\" \/>\n\t\t<\/div>\n\t\t\t\t<div class=\"ls-hebergement__title\">\n\t\t\t<span class=\"ls-hebergement__photos-constructeur\">Photos constructeur<\/span>\n\t\t\t<div class=\"ls-hebergement__gammes\">\n\t\t\t\t\t\t\t<\/div>\n\t\t\tParcel\u00b7la amb lavabo\t\t<\/div>\n\n\t\t<div class=\"ls-hebergement__details\">\n\n\t\t\t<div class=\"ls-hebergement__icons\">\n\n\t\t\t\t\t\t\t\t<span class=\"ls-hebergement__icon\">\n\t\t\t\t\t<i class=\"calagogo-family\"><\/i>\n\t\t\t\t\t6\t\t\t\t<\/span>\n\t\t\t\t\n\t\t\t\t\n\t\t\t\t<div class=\"ls-hebergement__infos\">\n\t\t\t\t\t\t\t\t\t\t\t\t\t\t<\/div>\n\t\t\t\t\n\t\t\t<\/div>\n\n\n\t\t<\/div>\n\n\t\t<div class=\"ls-hebergement__disponibilites\">\n\t\t\tDescobreix\t\t<\/div>\n\t\t<div class=\"ls-button in-view animated fadeInUp\" style=\"opacity: 1;\">\n\t\t\t<span>Descobreix<\/span><i class='calagogo-right-arrow'><\/i><\/div>\n\t<\/a>\n<\/div><div class=\"ls-hebergement\" data-postid='2830186' data-id-reservation='62539' data-id-site='' data-id1='' data-gammes_hebergements='gamme-plaisir' data-nombre_de_personnes='4' data-nombre_de_chambres='2' data-type='accommodation-fr mobil-home-fr'>\n\t<a href=\"https:\/\/www.camping-le-calagogo.fr\/ca\/hebergements\/mobil-home-caramany-2-ch-climatise-tv\/#primary\" rel=\"noopener\" target=\"_blank\"\n\t\tclass=\"ls-hebergement__link\">\n\t\t<div class=\"ls-hebergement__thumb\">\n\t\t\t\t\t\t<img decoding=\"async\" src=\"https:\/\/www.camping-le-calagogo.fr\/wp-content\/uploads\/2025\/12\/0-1409694-scaled.jpg\" alt=\"Mobilhome ATHENA &#8211; aire condicionat &#8211; TV\" \/>\n\t\t<\/div>\n\t\t\t\t\t\t<div class=\"ls-hebergement__title\">\n\t\t\t<span class=\"ls-hebergement__photos-constructeur\">Photos constructeur<\/span>\n\t\t\t<div class=\"ls-hebergement__gammes\">\n\t\t\t\tgamme plaisir\t\t\t<\/div>\n\t\t\tMobilhome ATHENA &#8211; aire condicionat &#8211; TV\t\t<\/div>\n\n\t\t<div class=\"ls-hebergement__details\">\n\n\t\t\t<div class=\"ls-hebergement__icons\">\n\n\t\t\t\t\t\t\t\t<span class=\"ls-hebergement__icon\">\n\t\t\t\t\t<i class=\"calagogo-family\"><\/i>\n\t\t\t\t\t4\t\t\t\t<\/span>\n\t\t\t\t\n\t\t\t\t\n\t\t\t\t<div class=\"ls-hebergement__infos\">\n\t\t\t\t\t\t\t\t\t\t<span class=\"ls-hebergement__detail\">\n\t\t\t\t\t\t<i class=\"calagogo-area1\"><\/i> 33m\u00b2\n\t\t\t\t\t<\/span>\n\t\t\t\t\t\t\t\t\t\t\t\t\t\t\t<span class=\"ls-hebergement__detail\">\n\t\t\t\t\t\t\t\t\t\t\t\t<i class=\"calagogo-door\"><\/i> 2\t\t\t\t\t\tcap.\t\t\t\t\t\t\t\t\t\t\t<\/span>\n\t\t\t\t\t\t\t\t\t<\/div>\n\t\t\t\t\n\t\t\t<\/div>\n\n\n\t\t<\/div>\n\n\t\t<div class=\"ls-hebergement__disponibilites\">\n\t\t\tDescobreix\t\t<\/div>\n\t\t<div class=\"ls-button in-view animated fadeInUp\" style=\"opacity: 1;\">\n\t\t\t<span>Descobreix<\/span><i class='calagogo-right-arrow'><\/i><\/div>\n\t<\/a>\n<\/div><div class=\"ls-hebergement\" data-postid='2830188' data-id-reservation='7475' data-id-site='' data-id1='' data-gammes_hebergements='' data-nombre_de_personnes='6' data-nombre_de_chambres='' data-type='pitch-fr'>\n\t<a href=\"https:\/\/www.camping-le-calagogo.fr\/ca\/hebergements\/pack-standard-parcella-1-cotxe-electricitat-10a\/#primary\" rel=\"noopener\" target=\"_blank\"\n\t\tclass=\"ls-hebergement__link\">\n\t\t<div class=\"ls-hebergement__thumb\">\n\t\t\t\t\t\t<img decoding=\"async\" src=\"https:\/\/www.camping-le-calagogo.fr\/wp-content\/uploads\/2025\/12\/0-1409267-scaled.jpg\" alt=\"Pack STANDARD : Parcella + 1 cotxe + electricitat 10A\" \/>\n\t\t<\/div>\n\t\t\t\t<div class=\"ls-hebergement__title\">\n\t\t\t<span class=\"ls-hebergement__photos-constructeur\">Photos constructeur<\/span>\n\t\t\t<div class=\"ls-hebergement__gammes\">\n\t\t\t\t\t\t\t<\/div>\n\t\t\tPack STANDARD : Parcella + 1 cotxe + electricitat 10A\t\t<\/div>\n\n\t\t<div class=\"ls-hebergement__details\">\n\n\t\t\t<div class=\"ls-hebergement__icons\">\n\n\t\t\t\t\t\t\t\t<span class=\"ls-hebergement__icon\">\n\t\t\t\t\t<i class=\"calagogo-family\"><\/i>\n\t\t\t\t\t6\t\t\t\t<\/span>\n\t\t\t\t\n\t\t\t\t\n\t\t\t\t<div class=\"ls-hebergement__infos\">\n\t\t\t\t\t\t\t\t\t\t\t\t\t\t<\/div>\n\t\t\t\t\n\t\t\t<\/div>\n\n\n\t\t<\/div>\n\n\t\t<div class=\"ls-hebergement__disponibilites\">\n\t\t\tDescobreix\t\t<\/div>\n\t\t<div class=\"ls-button in-view animated fadeInUp\" style=\"opacity: 1;\">\n\t\t\t<span>Descobreix<\/span><i class='calagogo-right-arrow'><\/i><\/div>\n\t<\/a>\n<\/div><\/div><\/div>\n\n\n\n<h2 class=\"ls__heading wp-block-heading has-text-align-center m-t-4\">Lloguer de mobil home a Elne<\/h2>\n\n\n\n<p class=\"ls-paragraph has-text-align-center\">Descobreix els diferents lloguers de mobil homes de prestigi al c\u00e0mping Cala Gogo prop d&#8217;Elne, als Pirineus Orientals. Tria el lloguer que s&#8217;adapti a les teves necessitats per a les teves properes vacances a prop d&#8217;Elne. El nostre allotjament de c\u00e0mping de baix cost disposa de 2 a 5 habitacions per allotjar de 2 a 8 persones. Disposar\u00e0s de terrassa, televisi\u00f3, WIFI i vaixella per a la teva estada d&#8217;una o diverses nits.<\/p>\n\n\n\n<a href=\"https:\/\/www.camping-le-calagogo.fr\/ca\/barat-camping-llenguadoc-rossello\/\" id=\"ls-button-block_e1550132466c6f34a2459be6d7a31261\" target=\"\" rel=\"\" class=\"ls-button aligncenter\" ><span>Descobreix les nostres ofertes especials<\/span> <i class='calagogo-right-arrow'><\/i><\/a>\n\n\r\n    <\/div>\r\n<\/section>\n\n<section id=\"ls-section-block_00dadfb43786de7e840e632adc28c996\" class=\"ls-section  page-one mosaique has-background has-color-4-background-color has-p-t p-t-14 has-p-b p-b-14\" >\r\n        <div class=\"container container--wide\">\r\n        \n\n<div class=\"wp-block-columns is-layout-flex wp-container-core-columns-is-layout-9d6595d7 wp-block-columns-is-layout-flex\">\n<div class=\"wp-block-column is-vertically-aligned-center first is-layout-flow wp-block-column-is-layout-flow\" style=\"flex-basis:66.7%\">\n<iframe width=\"100%\" height=\"550\" src=\"https:\/\/www.youtube.com\/embed\/QO-U3NfKGDk?si=LJi1VxI1zXAi4_PX\" title=\"Reproductor de v\u00eddeo de YouTube\" frameborder=\"0\" allow=\"accelerometer; autoplay; clipboard-write; encrypted-media; gyroscope; picture-in-picture; web-share\" allowfullscreen=\"\"><\/iframe>\n<\/div>\n\n\n\n<div class=\"wp-block-column is-vertically-aligned-center second is-layout-flow wp-block-column-is-layout-flow\" style=\"flex-basis:33.3%\">\n<h2 class=\"ls__heading wp-block-heading\">Turisme a Elne<\/h2>\n\n\n\n<p class=\"ls-paragraph\"><strong>Ciutat amb una hist\u00f2ria molt llarga<\/strong> , <a href=\"https:\/\/www.tourisme-pyrenees-mediterranee.com\/ca\/explorer\/les-villages-incontournables-en-pyrenees-mediterranee\/elne\/\" target=\"_blank\" rel=\"noreferrer noopener\">Elne<\/a> ha estat durant molt de temps en rivalitat amb Perpiny\u00e0. Important basti\u00f3 a l&#8217;edat mitjana, conserva les seves <strong>antigues muralles i tres portes<\/strong> (Balagu\u00e9, <a href=\"https:\/\/www.camping-le-calagogo.fr\/ca\/camping-collioure\/\" data-type=\"page\" data-id=\"2708666\">Cotlliure<\/a> i <a href=\"https:\/\/www.camping-le-calagogo.fr\/ca\/camping-perpinya\/\" data-type=\"page\" data-id=\"2708668\">Perpiny\u00e0<\/a> catalogades com a <strong>monuments hist\u00f2rics<\/strong> .<\/p>\n\n\n\n<p class=\"ls-paragraph\">Constru\u00efda entre el segle XI i el XIV, <strong>la catedral d&#8217;Elne<\/strong> t\u00e9 unes dimensions impressionants. La seva fa\u00e7ana austera i els seus dos campanars li donen l&#8217;aspecte general d&#8217;una fortalesa. Tamb\u00e9 es pot visitar el claustre on van viure els canonges de la catedral: acull <strong>diverses sales d&#8217;exposicions<\/strong> .<\/p>\n<\/div>\n<\/div>\n\n\r\n    <\/div>\r\n<\/section>\n\n<section id=\"ls-section-block_a1ff58b311f36f999c371cb56cc2e87d\" class=\"ls-section  page-two has-background has-color-white-background-color has-p-t p-t-14 has-p-b p-b-14\" >\r\n        <div class=\"container container--wide\">\r\n        \n\n<div class=\"wp-block-columns is-layout-flex wp-container-core-columns-is-layout-9d6595d7 wp-block-columns-is-layout-flex\">\n<div class=\"wp-block-column is-vertically-aligned-center is-layout-flow wp-block-column-is-layout-flow\">\n<p class=\"ls-paragraph\"><strong>Especialista en els paisatges del Rossell\u00f3<\/strong> , el pintor Etienne Terrus neix i mor a Elne. La ciutat li dedica un museu que alberga una gran <strong>col\u00b7lecci\u00f3 d&#8217;obres de l&#8217;artista<\/strong> , per\u00f2 tamb\u00e9 dels seus amics Matisse i Maillol. Tamb\u00e9 val la pena visitar a <strong>Elne<\/strong> la Maternitat Su\u00efssa, un lloc carregat d&#8217;hist\u00f2ria que va acollir entre 1939 i 1944 a prop de 500 dones embarassades rescatades dels camps.<\/p>\n\n\n\n<p class=\"ls-paragraph\">El pa\u00eds catal\u00e0 \u00e9s propici per a nombrosos descobriments. A un tir de pedra de la vostra casa m\u00f2bil hi ha la <strong>ciutat alta d&#8217;Elne<\/strong> , una antiga ciutat fortificada del Regne d&#8217;Arag\u00f3. Si busqueu qu\u00e8 fer als <a href=\"https:\/\/www.camping-le-calagogo.fr\/ca\/turisme-pirineu-oriental\/\" data-type=\"page\" data-id=\"2708557\">Pirineus Orientals<\/a> , penseu a fer una passejada pel <strong>nucli antic d&#8217;Elne<\/strong> : seu episcopal del Rossell\u00f3 del segle VI al segle XVII, la seva catedral i el claustre de marbre que hi ha al costat formen un magn\u00edfic rom\u00e0nic. conjunt arquitect\u00f2nic.<\/p>\n\n\n\n<p class=\"ls-paragraph addReadMore showlesscontent\">La ciutat tamb\u00e9 acull els tallers de molts artesans i s&#8217;anima amb mercats tres dies a la setmana. <strong>La platja d&#8217;Elne<\/strong> , situada en un lloc anomenat Bocal-del-Tec a l&#8217;antiga desembocadura del Tech, limita amb el vostre c\u00e0mping en continu\u00eftat amb la platja sud de Saint-Cyprien. Quan t&#8217;allotjes al c\u00e0mping Cala Gogo, \u00e9s <strong>a Elne on nedes!<\/strong><\/p>\n<\/div>\n\n\n\n<div class=\"wp-block-column is-vertically-aligned-center is-layout-flow wp-block-column-is-layout-flow\">\n<figure class=\"wp-block-image size-full\"><img decoding=\"async\" src=\"https:\/\/www.camping-le-calagogo.fr\/wp-content\/uploads\/2023\/12\/sejour-camping-elne.webp\" alt=\"estada al c\u00e0mping elne\" class=\"wp-image-2629821\"\/><\/figure>\n<\/div>\n<\/div>\n\n\r\n    <\/div>\r\n<\/section>\n\n<section id=\"ls-section-block_958e5447359bbafecdc3635f7279283d\" class=\"ls-section  page-maillage has-p-b p-b-14\" >\r\n        <div class=\"container container--wide\">\r\n        \n\n<div id=\"ls-heading ls-titre-div-block_cbaa9c9dbf6e593149b478c55804b863\" class=\"ls-titre-div m-left h2-like\" >\n    Els voltants d&#8217;Elne<\/br> als Pirineus Orientals<\/div>\n\n\n<div id=\"ls-maillage-block_083d3c91d3ff36fd45aff2186b2432e4\" class=\"ls-maillage cta-style-normal\" data-rows=\"6\">\n    <div class=\"wp-block-columns  \"><div class=\"wp-block-column\"><div id=\"destinations\" class=\"ls-cta\">\n\n<a href=\"https:\/\/www.camping-le-calagogo.fr\/ca\/camping-canet-en-rousillon\/\" target=\"\" rel=\"noopener\" class=\"ls-cta__link\">\n\n\t<div class=\"ls-cta__image\"><img decoding=\"async\" src=\"https:\/\/www.camping-le-calagogo.fr\/wp-content\/uploads\/2023\/12\/vacances-canet-en-rousillon.webp\" alt=\"\"><\/div>\n\t<div class=\"ls-cta__title\">\n\t\tCamping a Canet-en-Rousillon\t<\/div>\n\t\n\t\t\n<\/a><\/div><\/div><div class=\"wp-block-column\"><div id=\"destinations\" class=\"ls-cta\">\n\n<a href=\"https:\/\/www.camping-le-calagogo.fr\/ca\/camping-argeles-sur-mer\/\" target=\"\" rel=\"noopener\" class=\"ls-cta__link\">\n\n\t<div class=\"ls-cta__image\"><img decoding=\"async\" src=\"https:\/\/www.camping-le-calagogo.fr\/wp-content\/uploads\/2023\/12\/camping-argeles-mer.webp\" alt=\"\"><\/div>\n\t<div class=\"ls-cta__title\">\n\t\tCamping Argel\u00e8s-sur-Mer\t<\/div>\n\t\n\t\t\n<\/a><\/div><\/div><div class=\"wp-block-column\"><div id=\"destinations\" class=\"ls-cta\">\n\n<a href=\"https:\/\/www.camping-le-calagogo.fr\/ca\/camping-perpinya\/\" target=\"\" rel=\"noopener\" class=\"ls-cta__link\">\n\n\t<div class=\"ls-cta__image\"><img decoding=\"async\" src=\"https:\/\/www.camping-le-calagogo.fr\/wp-content\/uploads\/2023\/12\/camping-perpignan.webp\" alt=\"\"><\/div>\n\t<div class=\"ls-cta__title\">\n\t\tCamping Perpiny\u00e0\t<\/div>\n\t\n\t\t\n<\/a><\/div><\/div><\/div><\/div>\n\r\n    <\/div>\r\n<\/section>","protected":false},"excerpt":{"rendered":"","protected":false},"author":1,"featured_media":2630210,"parent":0,"menu_order":0,"comment_status":"closed","ping_status":"closed","template":"","meta":{"_acf_changed":false,"_seopress_robots_primary_cat":"","_seopress_titles_title":"Camping Elne 5 estrelles | Lloguer de mobilhome i parcel\u00b7la a Elne","_seopress_titles_desc":"","_seopress_robots_index":"","inline_featured_image":false,"footnotes":""},"sujet":[],"class_list":["post-2708526","page","type-page","status-publish","has-post-thumbnail","hentry"],"acf":[],"_links":{"self":[{"href":"https:\/\/www.camping-le-calagogo.fr\/ca\/wp-json\/wp\/v2\/pages\/2708526","targetHints":{"allow":["GET"]}}],"collection":[{"href":"https:\/\/www.camping-le-calagogo.fr\/ca\/wp-json\/wp\/v2\/pages"}],"about":[{"href":"https:\/\/www.camping-le-calagogo.fr\/ca\/wp-json\/wp\/v2\/types\/page"}],"author":[{"embeddable":true,"href":"https:\/\/www.camping-le-calagogo.fr\/ca\/wp-json\/wp\/v2\/users\/1"}],"replies":[{"embeddable":true,"href":"https:\/\/www.camping-le-calagogo.fr\/ca\/wp-json\/wp\/v2\/comments?post=2708526"}],"version-history":[{"count":6,"href":"https:\/\/www.camping-le-calagogo.fr\/ca\/wp-json\/wp\/v2\/pages\/2708526\/revisions"}],"predecessor-version":[{"id":2845618,"href":"https:\/\/www.camping-le-calagogo.fr\/ca\/wp-json\/wp\/v2\/pages\/2708526\/revisions\/2845618"}],"wp:featuredmedia":[{"embeddable":true,"href":"https:\/\/www.camping-le-calagogo.fr\/ca\/wp-json\/wp\/v2\/media\/2630210"}],"wp:attachment":[{"href":"https:\/\/www.camping-le-calagogo.fr\/ca\/wp-json\/wp\/v2\/media?parent=2708526"}],"wp:term":[{"taxonomy":"sujet","embeddable":true,"href":"https:\/\/www.camping-le-calagogo.fr\/ca\/wp-json\/wp\/v2\/sujet?post=2708526"}],"curies":[{"name":"wp","href":"https:\/\/api.w.org\/{rel}","templated":true}]}}