{"id":2708615,"date":"2023-10-19T10:01:46","date_gmt":"2023-10-19T08:01:46","guid":{"rendered":"https:\/\/www.camping-le-calagogo.fr\/camping-canet-en-rousillon\/"},"modified":"2024-01-05T16:39:12","modified_gmt":"2024-01-05T15:39:12","slug":"camping-canet-en-rousillon","status":"publish","type":"page","link":"https:\/\/www.camping-le-calagogo.fr\/ca\/camping-canet-en-rousillon\/","title":{"rendered":"Camping Canet-en-Rousillon"},"content":{"rendered":"<section id=\"ls-section-block_3d897dfc95f0a7874e62961bef8149f9\" class=\"ls-section  page-chapeau deco has-p-b p-b-4\" >\r\n        <div class=\"container \">\r\n        \n\n<h1 class=\"ls__heading wp-block-heading has-text-align-center\">Camping proper<br><strong>de Canet en Rossell\u00f3<\/strong><\/h1>\n\n\n\n<p class=\"ls-paragraph has-text-align-center\">Busques un  <strong>allotjament de luxe<\/strong>  amb cuina equipada i terrassa privada per a la vostra estada  <strong>C\u00e0mping Canet-en-Roussillon?<\/strong>  El c\u00e0mping de 5 estrelles Cala Gogo a Saint-Cyprien us d\u00f3na la benvinguda a prop de Canet en Rossell\u00f3,  <strong>a la vora del Mediterrani<\/strong>, per a unes vacances excepcionals al seu magn\u00edfic parc bosc\u00f3s de 12 hect\u00e0rees  <strong>als Pirineus Orientals<\/strong>.<\/p>\n\n\r\n    <\/div>\r\n<\/section>\n\n<section id=\"ls-section-block_ba5075e0ab92b96b43d6dd7933057960\" class=\"ls-section  page-one has-p-t p-t-0 has-p-b p-b-14\" >\r\n        <div class=\"container container--wide\">\r\n        \n\n<div class=\"wp-block-columns is-layout-flex wp-container-core-columns-is-layout-9d6595d7 wp-block-columns-is-layout-flex\">\n<div class=\"wp-block-column is-vertically-aligned-center first is-layout-flow wp-block-column-is-layout-flow\" style=\"flex-basis:66.7%\">\n<iframe src=\"https:\/\/www.google.com\/maps\/embed?pb=!1m28!1m12!1m3!1d195625.04931519768!2d2.863684243559259!3d42.67623698740485!2m3!1f0!2f0!3f0!3m2!1i1024!2i768!4f13.1!4m13!3e0!4m5!1s0x12b07c232d050435%3A0xcb342de2280a2e20!2sCamping%20Cala%20Gogo%2C%2004%20Av.%20Armand%20Lanoux%2C%2066750%20Saint-Cyprien!3m2!1d42.5988201!2d3.0397849!4m5!1s0x12b06489347ae3cd%3A0xf794c83f59f94996!2sCanet-en-Roussillon!3m2!1d42.706091!2d3.0098979999999997!5e0!3m2!1sfr!2sfr!4v1701120726691!5m2!1sfr!2sfr\" width=\"100%\" height=\"550\" style=\"border:0;\" allowfullscreen=\"\" loading=\"lazy\" referrerpolicy=\"no-referrer-when-downgrade\"><\/iframe>\n<\/div>\n\n\n\n<div class=\"wp-block-column is-vertically-aligned-center second is-layout-flow wp-block-column-is-layout-flow\" style=\"flex-basis:33.3%\">\n<h2 class=\"ls__heading wp-block-heading\">Camping 5 estrelles a prop de Canet en Rossell\u00f3<\/h2>\n\n\n\n<p class=\"ls-paragraph\">Si est\u00e0s pensant en unes vacances de c\u00e0mping de 5 estrelles a Canet en Roussillon, segur que trobar\u00e0s el que est\u00e0s buscant al <a href=\"https:\/\/www.camping-le-calagogo.fr\/ca\/\" data-type=\"page\" data-id=\"9\">c\u00e0mping de 5 estrelles a Saint Cyprien<\/a> , prop de <strong>Canet-en-Roussillon i Perpiny\u00e0<\/strong> , per a unes <strong>vacances inoblidables al costat del mar. a Occit\u00e0nia:<\/strong><\/p>\n\n\n\n<ul class=\"ls-list wp-block-list\">\n<li>Un complex modern situat en una zona boscosa <strong>propera al Mediterrani<\/strong> i perfectament integrat a la natura.<\/li>\n\n\n\n<li>Infraestructures de qualitat pensades per a adults i nens amb ganes de <strong>desfogar-se i divertir-se<\/strong> com ara una zona aqu\u00e0tica, un camp poliesportiu, una pista de volei platja a la platja, una pista de bitlles, una sala de jocs i estructures inflables.<\/li>\n<\/ul>\n\n\n\n<ul class=\"ls-list ls-list-undefined addReadMore showlesscontent wp-block-list\">\n<li>Allotjament de luxe per a una <strong>estada c\u00f2moda<\/strong> i <a href=\"https:\/\/www.camping-le-calagogo.fr\/ca\/parcelles-caravaning-saint-cyprien\/\" data-type=\"page\" data-id=\"2630658\">\u00e0mplies parcel\u00b7les<\/a> per a tendes de campanya, caravanes i autocaravanes.<\/li>\n\n\n\n<li><strong>Activitats i animaci\u00f3<\/strong> per a tota la fam\u00edlia des del mat\u00ed fins al vespre com sessions d&#8217;aquagym, tornejos esportius i vetllades tem\u00e0tiques. Una c\u00e0lida benvinguda, un ambient agradable, un bar restaurant amb terrassa prop de la piscina per a un canvi total d&#8217;escenari i <strong>serveis d&#8217;alta gamma<\/strong> com ara bugaderia, botiga de queviures, lloguer de bicicletes i acc\u00e9s a Internet (Wi-Fi).<\/li>\n<\/ul>\n<\/div>\n<\/div>\n\n\r\n    <\/div>\r\n<\/section>\n\n<section id=\"ls-section-block_8a53f3bcee799c7a33055dce0fb1bb4e\" class=\"ls-section \" >\r\n        <div class=\"container container--wide\">\r\n        \n\n<h2 class=\"ls__heading wp-block-heading has-text-align-center\">Descobreix els nostres allotjaments prop de Canet<\/h2>\n\n\n\n<div id=\"ls-hebergements-block_dd3630ccad1a78550c251c0a72630ca7\" class=\"ls-hebergements\" >\n    \n    <div class=\"ls-customizer\">\n\n    <div class=\"ls-customizer__filters\">\n        <div class=\"ls-customizer__filters__close\">\n            <i class=\"fas fa-times\"><\/i>\n        <\/div>\n\n        <div class=\"ls-customizer__filters__title\">\n            <b>Filtres<\/b>\n            <span class=\"ls-customizer__filters__clear\"><i class=\"fas fa-times\"><\/i>\n                Esborra els filtres<\/span>\n        <\/div>\n\n\n                \n        <!-- Filtres ACF fields -->\n        \n                        <!-- Filtre gammes_hebergements -->\n                <div class=\"filter\" id=\"filter-gammes_hebergements\">\n            <div class=\"filter__title\">Intervals<i class=\"fas fa-angle-down\"><\/i><\/div>\n            <fieldset data-filter=\"gammes_hebergements\" data-operator=\"==\"\n                class=\"input\">\n\n                <div><input type=\"radio\" name=\"gammes_hebergements\" id=\"gammes_hebergements-all\"  class=\"checkbox\" \/><label for='gammes_hebergements-all'>Tots<\/label><\/div><div><input type=\"radio\" name=\"gammes_hebergements\" id=\"gammes_hebergements-gamme-plaisir\" value=\"gamme-plaisir\" class=\"checkbox\"  \/><label for='gammes_hebergements-gamme-plaisir'>gamme plaisir<\/label><\/div><div><input type=\"radio\" name=\"gammes_hebergements\" id=\"gammes_hebergements-gamme-prestige\" value=\"gamme-prestige\" class=\"checkbox\"  \/><label for='gammes_hebergements-gamme-prestige'>gamme prestige<\/label><\/div><div><input type=\"radio\" name=\"gammes_hebergements\" id=\"gammes_hebergements-gamme-privilege\" value=\"gamme-privilege\" class=\"checkbox\"  \/><label for='gammes_hebergements-gamme-privilege'>gamme privilege<\/label><\/div>            <\/fieldset>\n        <\/div>\n                        <!-- Filtre nombre_de_personnes -->\n                <div class=\"filter\" id=\"filter-nombre_de_personnes\">\n            <div class=\"filter__title\">Capacitat m\u00e0xima<i class=\"fas fa-angle-down\"><\/i><\/div>\n            <fieldset data-filter=\"nombre_de_personnes\" data-operator=\"<=\"\n                class=\"input\">\n\n                <div><input type=\"radio\" name=\"nombre_de_personnes\" id=\"nombre_de_personnes-all\"  class=\"checkbox\" \/><label for='nombre_de_personnes-all'>Tots<\/label><\/div><div><input type=\"radio\" name=\"nombre_de_personnes\" id=\"nombre_de_personnes-3\" value=\"3\" class=\"checkbox\"  \/><label for='nombre_de_personnes-3'>Fins que 3 pers.<\/label><\/div><div><input type=\"radio\" name=\"nombre_de_personnes\" id=\"nombre_de_personnes-4\" value=\"4\" class=\"checkbox\"  \/><label for='nombre_de_personnes-4'>Fins que 4 pers.<\/label><\/div><div><input type=\"radio\" name=\"nombre_de_personnes\" id=\"nombre_de_personnes-6\" value=\"6\" class=\"checkbox\"  \/><label for='nombre_de_personnes-6'>Fins que 6 pers.<\/label><\/div><div><input type=\"radio\" name=\"nombre_de_personnes\" id=\"nombre_de_personnes-8\" value=\"8\" class=\"checkbox\"  \/><label for='nombre_de_personnes-8'>Fins que 8 pers.<\/label><\/div><div><input type=\"radio\" name=\"nombre_de_personnes\" id=\"nombre_de_personnes-10\" value=\"10\" class=\"checkbox\"  \/><label for='nombre_de_personnes-10'>Fins que 10 pers.<\/label><\/div><div><input type=\"radio\" name=\"nombre_de_personnes\" id=\"nombre_de_personnes-14\" value=\"14\" class=\"checkbox\"  \/><label for='nombre_de_personnes-14'>Fins que 14 pers.<\/label><\/div>            <\/fieldset>\n        <\/div>\n                        <!-- Filtre nombre_de_chambres -->\n                <div class=\"filter\" id=\"filter-nombre_de_chambres\">\n            <div class=\"filter__title\">nombre d&#8217;habitatges<i class=\"fas fa-angle-down\"><\/i><\/div>\n            <fieldset data-filter=\"nombre_de_chambres\" data-operator=\"==\"\n                class=\"input\">\n\n                <div><input type=\"radio\" name=\"nombre_de_chambres\" id=\"nombre_de_chambres-all\"  class=\"checkbox\" \/><label for='nombre_de_chambres-all'>Tots<\/label><\/div><div><input type=\"radio\" name=\"nombre_de_chambres\" id=\"nombre_de_chambres-1\" value=\"1\" class=\"checkbox\"  \/><label for='nombre_de_chambres-1'>1<\/label><\/div><div><input type=\"radio\" name=\"nombre_de_chambres\" id=\"nombre_de_chambres-2\" value=\"2\" class=\"checkbox\"  \/><label for='nombre_de_chambres-2'>2<\/label><\/div><div><input type=\"radio\" name=\"nombre_de_chambres\" id=\"nombre_de_chambres-3\" value=\"3\" class=\"checkbox\"  \/><label for='nombre_de_chambres-3'>3<\/label><\/div><div><input type=\"radio\" name=\"nombre_de_chambres\" id=\"nombre_de_chambres-4\" value=\"4\" class=\"checkbox\"  \/><label for='nombre_de_chambres-4'>4<\/label><\/div>            <\/fieldset>\n        <\/div>\n                \n        \n    <\/div>\n\n<\/div><div class=\"ls-hebergements__results\" data-row=\"3\" data-campings=\"false\" data-types=\"false\"><div class=\"ls-hebergement\" data-postid='2847240' data-id-reservation='146117' data-id-site='' data-id1='' data-gammes_hebergements='gamme-prestige' data-nombre_de_personnes='14' data-nombre_de_chambres='' data-type='accommodation-fr mobil-home-fr'>\n\t<a href=\"https:\/\/www.camping-le-calagogo.fr\/ca\/hebergements\/cleopatre-area-3-mh-7-ch-6-salles-deau-climatise-tv\/#primary\" rel=\"noopener\" target=\"_blank\"\n\t\tclass=\"ls-hebergement__link\">\n\t\t<div class=\"ls-hebergement__thumb\">\n\t\t\t\t\t\t<img decoding=\"async\" src=\"https:\/\/www.camping-le-calagogo.fr\/wp-content\/uploads\/2025\/12\/0-1409731-scaled.jpg\" alt=\"CLEOPATRE area &#8211; 3 mh &#8211; 7 ch &#8211; 6 Bathrooms &#8211; Air Conditioning &#8211; TV\" \/>\n\t\t<\/div>\n\t\t\t\t\t\t<div class=\"ls-hebergement__title\">\n\t\t\t<span class=\"ls-hebergement__photos-constructeur\">Photos constructeur<\/span>\n\t\t\t<div class=\"ls-hebergement__gammes\">\n\t\t\t\tgamme prestige\t\t\t<\/div>\n\t\t\tCLEOPATRE area &#8211; 3 mh &#8211; 7 ch &#8211; 6 Bathrooms &#8211; Air Conditioning &#8211; TV\t\t<\/div>\n\n\t\t<div class=\"ls-hebergement__details\">\n\n\t\t\t<div class=\"ls-hebergement__icons\">\n\n\t\t\t\t\t\t\t\t<span class=\"ls-hebergement__icon\">\n\t\t\t\t\t<i class=\"calagogo-family\"><\/i>\n\t\t\t\t\t14\t\t\t\t<\/span>\n\t\t\t\t\n\t\t\t\t\n\t\t\t\t<div class=\"ls-hebergement__infos\">\n\t\t\t\t\t\t\t\t\t\t\t\t\t\t<\/div>\n\t\t\t\t\n\t\t\t<\/div>\n\n\n\t\t<\/div>\n\n\t\t<div class=\"ls-hebergement__disponibilites\">\n\t\t\tDescobreix\t\t<\/div>\n\t\t<div class=\"ls-button in-view animated fadeInUp\" style=\"opacity: 1;\">\n\t\t\t<span>Descobreix<\/span><i class='calagogo-right-arrow'><\/i><\/div>\n\t<\/a>\n<\/div><div class=\"ls-hebergement\" data-postid='2847243' data-id-reservation='146165' data-id-site='' data-id1='' data-gammes_hebergements='gamme-prestige' data-nombre_de_personnes='10' data-nombre_de_chambres='' data-type='accommodation-fr mobil-home-fr'>\n\t<a href=\"https:\/\/www.camping-le-calagogo.fr\/ca\/hebergements\/hera-area-2-mh-5-ch-4-salles-deau-climatise-tv\/#primary\" rel=\"noopener\" target=\"_blank\"\n\t\tclass=\"ls-hebergement__link\">\n\t\t<div class=\"ls-hebergement__thumb\">\n\t\t\t\t\t\t<img decoding=\"async\" src=\"https:\/\/www.camping-le-calagogo.fr\/wp-content\/uploads\/2025\/12\/0-1409738-scaled.jpg\" alt=\"HERA area &#8211; 2 mh &#8211; 5 ch &#8211; 4 Bathrooms &#8211; Air Conditioning &#8211; TV\" \/>\n\t\t<\/div>\n\t\t\t\t\t\t<div class=\"ls-hebergement__title\">\n\t\t\t<span class=\"ls-hebergement__photos-constructeur\">Photos constructeur<\/span>\n\t\t\t<div class=\"ls-hebergement__gammes\">\n\t\t\t\tgamme prestige\t\t\t<\/div>\n\t\t\tHERA area &#8211; 2 mh &#8211; 5 ch &#8211; 4 Bathrooms &#8211; Air Conditioning &#8211; TV\t\t<\/div>\n\n\t\t<div class=\"ls-hebergement__details\">\n\n\t\t\t<div class=\"ls-hebergement__icons\">\n\n\t\t\t\t\t\t\t\t<span class=\"ls-hebergement__icon\">\n\t\t\t\t\t<i class=\"calagogo-family\"><\/i>\n\t\t\t\t\t10\t\t\t\t<\/span>\n\t\t\t\t\n\t\t\t\t\n\t\t\t\t<div class=\"ls-hebergement__infos\">\n\t\t\t\t\t\t\t\t\t\t<span class=\"ls-hebergement__detail\">\n\t\t\t\t\t\t<i class=\"calagogo-area1\"><\/i> 80m\u00b2\n\t\t\t\t\t<\/span>\n\t\t\t\t\t\t\t\t\t\t\t\t\t\t<\/div>\n\t\t\t\t\n\t\t\t<\/div>\n\n\n\t\t<\/div>\n\n\t\t<div class=\"ls-hebergement__disponibilites\">\n\t\t\tDescobreix\t\t<\/div>\n\t\t<div class=\"ls-button in-view animated fadeInUp\" style=\"opacity: 1;\">\n\t\t\t<span>Descobreix<\/span><i class='calagogo-right-arrow'><\/i><\/div>\n\t<\/a>\n<\/div><div class=\"ls-hebergement\" data-postid='2830198' data-id-reservation='97162' data-id-site='' data-id1='' data-gammes_hebergements='gamme-privilege' data-nombre_de_personnes='8' data-nombre_de_chambres='4' data-type='accommodation-fr mobil-home-fr'>\n\t<a href=\"https:\/\/www.camping-le-calagogo.fr\/ca\/hebergements\/mobilhome-maury-aire-condicionat\/#primary\" rel=\"noopener\" target=\"_blank\"\n\t\tclass=\"ls-hebergement__link\">\n\t\t<div class=\"ls-hebergement__thumb\">\n\t\t\t\t\t\t<img decoding=\"async\" src=\"https:\/\/www.camping-le-calagogo.fr\/wp-content\/uploads\/2025\/12\/0-1409728-scaled.jpg\" alt=\"Mobilhome MEDUSA aire condicionat\" \/>\n\t\t<\/div>\n\t\t\t\t\t\t<div class=\"ls-hebergement__title\">\n\t\t\t<span class=\"ls-hebergement__photos-constructeur\">Photos constructeur<\/span>\n\t\t\t<div class=\"ls-hebergement__gammes\">\n\t\t\t\tgamme privilege\t\t\t<\/div>\n\t\t\tMobilhome MEDUSA aire condicionat\t\t<\/div>\n\n\t\t<div class=\"ls-hebergement__details\">\n\n\t\t\t<div class=\"ls-hebergement__icons\">\n\n\t\t\t\t\t\t\t\t<span class=\"ls-hebergement__icon\">\n\t\t\t\t\t<i class=\"calagogo-family\"><\/i>\n\t\t\t\t\t8\t\t\t\t<\/span>\n\t\t\t\t\n\t\t\t\t\n\t\t\t\t<div class=\"ls-hebergement__infos\">\n\t\t\t\t\t\t\t\t\t\t<span class=\"ls-hebergement__detail\">\n\t\t\t\t\t\t<i class=\"calagogo-area1\"><\/i> 40m\u00b2\n\t\t\t\t\t<\/span>\n\t\t\t\t\t\t\t\t\t\t\t\t\t\t\t<span class=\"ls-hebergement__detail\">\n\t\t\t\t\t\t\t\t\t\t\t\t<i class=\"calagogo-door\"><\/i> 4\t\t\t\t\t\tcap.\t\t\t\t\t\t\t\t\t\t\t<\/span>\n\t\t\t\t\t\t\t\t\t<\/div>\n\t\t\t\t\n\t\t\t<\/div>\n\n\n\t\t<\/div>\n\n\t\t<div class=\"ls-hebergement__disponibilites\">\n\t\t\tDescobreix\t\t<\/div>\n\t\t<div class=\"ls-button in-view animated fadeInUp\" style=\"opacity: 1;\">\n\t\t\t<span>Descobreix<\/span><i class='calagogo-right-arrow'><\/i><\/div>\n\t<\/a>\n<\/div><div class=\"ls-hebergement\" data-postid='2830196' data-id-reservation='97161' data-id-site='' data-id1='' data-gammes_hebergements='gamme-privilege' data-nombre_de_personnes='6' data-nombre_de_chambres='3' data-type='accommodation-fr mobil-home-fr'>\n\t<a href=\"https:\/\/www.camping-le-calagogo.fr\/ca\/hebergements\/mobil-home-moscat-3-habitacions-2-banys-aire-condicionat-tv\/#primary\" rel=\"noopener\" target=\"_blank\"\n\t\tclass=\"ls-hebergement__link\">\n\t\t<div class=\"ls-hebergement__thumb\">\n\t\t\t\t\t\t<img decoding=\"async\" src=\"https:\/\/www.camping-le-calagogo.fr\/wp-content\/uploads\/2026\/03\/0-1409726-scaled.jpg\" alt=\"Mobilhome CALISTA aire condicionat\" \/>\n\t\t<\/div>\n\t\t\t\t\t\t<div class=\"ls-hebergement__title\">\n\t\t\t<span class=\"ls-hebergement__photos-constructeur\">Photos constructeur<\/span>\n\t\t\t<div class=\"ls-hebergement__gammes\">\n\t\t\t\tgamme privilege\t\t\t<\/div>\n\t\t\tMobilhome CALISTA aire condicionat\t\t<\/div>\n\n\t\t<div class=\"ls-hebergement__details\">\n\n\t\t\t<div class=\"ls-hebergement__icons\">\n\n\t\t\t\t\t\t\t\t<span class=\"ls-hebergement__icon\">\n\t\t\t\t\t<i class=\"calagogo-family\"><\/i>\n\t\t\t\t\t6\t\t\t\t<\/span>\n\t\t\t\t\n\t\t\t\t\n\t\t\t\t<div class=\"ls-hebergement__infos\">\n\t\t\t\t\t\t\t\t\t\t<span class=\"ls-hebergement__detail\">\n\t\t\t\t\t\t<i class=\"calagogo-area1\"><\/i> 40m\u00b2\n\t\t\t\t\t<\/span>\n\t\t\t\t\t\t\t\t\t\t\t\t\t\t\t<span class=\"ls-hebergement__detail\">\n\t\t\t\t\t\t\t\t\t\t\t\t<i class=\"calagogo-door\"><\/i> 3\t\t\t\t\t\tcap.\t\t\t\t\t\t\t\t\t\t\t<\/span>\n\t\t\t\t\t\t\t\t\t<\/div>\n\t\t\t\t\n\t\t\t<\/div>\n\n\n\t\t<\/div>\n\n\t\t<div class=\"ls-hebergement__disponibilites\">\n\t\t\tDescobreix\t\t<\/div>\n\t\t<div class=\"ls-button in-view animated fadeInUp\" style=\"opacity: 1;\">\n\t\t\t<span>Descobreix<\/span><i class='calagogo-right-arrow'><\/i><\/div>\n\t<\/a>\n<\/div><div class=\"ls-hebergement\" data-postid='2830189' data-id-reservation='40480' data-id-site='' data-id1='' data-gammes_hebergements='' data-nombre_de_personnes='6' data-nombre_de_chambres='' data-type='pitch-fr'>\n\t<a href=\"https:\/\/www.camping-le-calagogo.fr\/ca\/hebergements\/pack-confort-parcella-1-cotxe-electricitat-10a-connexio-aigua-calenta-desguas\/#primary\" rel=\"noopener\" target=\"_blank\"\n\t\tclass=\"ls-hebergement__link\">\n\t\t<div class=\"ls-hebergement__thumb\">\n\t\t\t\t\t\t<img decoding=\"async\" src=\"https:\/\/www.camping-le-calagogo.fr\/wp-content\/uploads\/2025\/12\/0-1409269-scaled.jpg\" alt=\"Pack CONFORT  : Parcel\u2022la + 1 cotxe + electricitat 10A + Connexi\u00f3 aigua calenta \/ desgu\u00e0s\" \/>\n\t\t<\/div>\n\t\t\t\t<div class=\"ls-hebergement__title\">\n\t\t\t<span class=\"ls-hebergement__photos-constructeur\">Photos constructeur<\/span>\n\t\t\t<div class=\"ls-hebergement__gammes\">\n\t\t\t\t\t\t\t<\/div>\n\t\t\tPack CONFORT  : Parcel\u2022la + 1 cotxe + electricitat 10A + Connexi\u00f3 aigua calenta \/ desgu\u00e0s\t\t<\/div>\n\n\t\t<div class=\"ls-hebergement__details\">\n\n\t\t\t<div class=\"ls-hebergement__icons\">\n\n\t\t\t\t\t\t\t\t<span class=\"ls-hebergement__icon\">\n\t\t\t\t\t<i class=\"calagogo-family\"><\/i>\n\t\t\t\t\t6\t\t\t\t<\/span>\n\t\t\t\t\n\t\t\t\t\n\t\t\t\t<div class=\"ls-hebergement__infos\">\n\t\t\t\t\t\t\t\t\t\t\t\t\t\t<\/div>\n\t\t\t\t\n\t\t\t<\/div>\n\n\n\t\t<\/div>\n\n\t\t<div class=\"ls-hebergement__disponibilites\">\n\t\t\tDescobreix\t\t<\/div>\n\t\t<div class=\"ls-button in-view animated fadeInUp\" style=\"opacity: 1;\">\n\t\t\t<span>Descobreix<\/span><i class='calagogo-right-arrow'><\/i><\/div>\n\t<\/a>\n<\/div><div class=\"ls-hebergement\" data-postid='2830192' data-id-reservation='97159' data-id-site='' data-id1='' data-gammes_hebergements='gamme-privilege' data-nombre_de_personnes='4' data-nombre_de_chambres='2' data-type='accommodation-fr mobil-home-fr'>\n\t<a href=\"https:\/\/www.camping-le-calagogo.fr\/ca\/hebergements\/mobil-home-banuyls-2-ch-2-salles-deau-climatise-tv\/#primary\" rel=\"noopener\" target=\"_blank\"\n\t\tclass=\"ls-hebergement__link\">\n\t\t<div class=\"ls-hebergement__thumb\">\n\t\t\t\t\t\t<img decoding=\"async\" src=\"https:\/\/www.camping-le-calagogo.fr\/wp-content\/uploads\/2026\/03\/0-1409721-scaled.jpg\" alt=\"Mobilhome VENUSIA aire condicionat\" \/>\n\t\t<\/div>\n\t\t\t\t\t\t<div class=\"ls-hebergement__title\">\n\t\t\t<span class=\"ls-hebergement__photos-constructeur\">Photos constructeur<\/span>\n\t\t\t<div class=\"ls-hebergement__gammes\">\n\t\t\t\tgamme privilege\t\t\t<\/div>\n\t\t\tMobilhome VENUSIA aire condicionat\t\t<\/div>\n\n\t\t<div class=\"ls-hebergement__details\">\n\n\t\t\t<div class=\"ls-hebergement__icons\">\n\n\t\t\t\t\t\t\t\t<span class=\"ls-hebergement__icon\">\n\t\t\t\t\t<i class=\"calagogo-family\"><\/i>\n\t\t\t\t\t4\t\t\t\t<\/span>\n\t\t\t\t\n\t\t\t\t\n\t\t\t\t<div class=\"ls-hebergement__infos\">\n\t\t\t\t\t\t\t\t\t\t<span class=\"ls-hebergement__detail\">\n\t\t\t\t\t\t<i class=\"calagogo-area1\"><\/i> 33m\u00b2\n\t\t\t\t\t<\/span>\n\t\t\t\t\t\t\t\t\t\t\t\t\t\t\t<span class=\"ls-hebergement__detail\">\n\t\t\t\t\t\t\t\t\t\t\t\t<i class=\"calagogo-door\"><\/i> 2\t\t\t\t\t\tcap.\t\t\t\t\t\t\t\t\t\t\t<\/span>\n\t\t\t\t\t\t\t\t\t<\/div>\n\t\t\t\t\n\t\t\t<\/div>\n\n\n\t\t<\/div>\n\n\t\t<div class=\"ls-hebergement__disponibilites\">\n\t\t\tDescobreix\t\t<\/div>\n\t\t<div class=\"ls-button in-view animated fadeInUp\" style=\"opacity: 1;\">\n\t\t\t<span>Descobreix<\/span><i class='calagogo-right-arrow'><\/i><\/div>\n\t<\/a>\n<\/div><div class=\"ls-hebergement\" data-postid='2830193' data-id-reservation='76982' data-id-site='' data-id1='' data-gammes_hebergements='gamme-privilege' data-nombre_de_personnes='4' data-nombre_de_chambres='2' data-type='accommodation-fr mobil-home-fr'>\n\t<a href=\"https:\/\/www.camping-le-calagogo.fr\/ca\/hebergements\/mobilhome-adaptat-per-a-persones-amb-mobilitat-reduida-adapt-pmr\/#primary\" rel=\"noopener\" target=\"_blank\"\n\t\tclass=\"ls-hebergement__link\">\n\t\t<div class=\"ls-hebergement__thumb\">\n\t\t\t\t\t\t<img decoding=\"async\" src=\"https:\/\/www.camping-le-calagogo.fr\/wp-content\/uploads\/2025\/12\/0-1409275-scaled.jpg\" alt=\"Mobilhome Adaptat per a persones amb mobilitat redu\u00efda ADAPT (PMR)\" \/>\n\t\t<\/div>\n\t\t\t\t\t\t<div class=\"ls-hebergement__title\">\n\t\t\t<span class=\"ls-hebergement__photos-constructeur\">Photos constructeur<\/span>\n\t\t\t<div class=\"ls-hebergement__gammes\">\n\t\t\t\tgamme privilege\t\t\t<\/div>\n\t\t\tMobilhome Adaptat per a persones amb mobilitat redu\u00efda ADAPT (PMR)\t\t<\/div>\n\n\t\t<div class=\"ls-hebergement__details\">\n\n\t\t\t<div class=\"ls-hebergement__icons\">\n\n\t\t\t\t\t\t\t\t<span class=\"ls-hebergement__icon\">\n\t\t\t\t\t<i class=\"calagogo-family\"><\/i>\n\t\t\t\t\t4\t\t\t\t<\/span>\n\t\t\t\t\n\t\t\t\t\n\t\t\t\t<div class=\"ls-hebergement__infos\">\n\t\t\t\t\t\t\t\t\t\t<span class=\"ls-hebergement__detail\">\n\t\t\t\t\t\t<i class=\"calagogo-area1\"><\/i> 36m\u00b2\n\t\t\t\t\t<\/span>\n\t\t\t\t\t\t\t\t\t\t\t\t\t\t\t<span class=\"ls-hebergement__detail\">\n\t\t\t\t\t\t\t\t\t\t\t\t<i class=\"calagogo-door\"><\/i> 2\t\t\t\t\t\tcap.\t\t\t\t\t\t\t\t\t\t\t<\/span>\n\t\t\t\t\t\t\t\t\t<\/div>\n\t\t\t\t\n\t\t\t<\/div>\n\n\n\t\t<\/div>\n\n\t\t<div class=\"ls-hebergement__disponibilites\">\n\t\t\tDescobreix\t\t<\/div>\n\t\t<div class=\"ls-button in-view animated fadeInUp\" style=\"opacity: 1;\">\n\t\t\t<span>Descobreix<\/span><i class='calagogo-right-arrow'><\/i><\/div>\n\t<\/a>\n<\/div><div class=\"ls-hebergement\" data-postid='2830194' data-id-reservation='45598' data-id-site='' data-id1='' data-gammes_hebergements='gamme-privilege' data-nombre_de_personnes='6' data-nombre_de_chambres='3' data-type='accommodation-fr mobil-home-fr'>\n\t<a href=\"https:\/\/www.camping-le-calagogo.fr\/ca\/hebergements\/casa-mobil-collioure-3-ch-climatise-tv\/#primary\" rel=\"noopener\" target=\"_blank\"\n\t\tclass=\"ls-hebergement__link\">\n\t\t<div class=\"ls-hebergement__thumb\">\n\t\t\t\t\t\t<img decoding=\"async\" src=\"https:\/\/www.camping-le-calagogo.fr\/wp-content\/uploads\/2025\/12\/0-1409706.jpg\" alt=\"Mobilhome HELIOS &#8211; aire condicionat &#8211; TV\" \/>\n\t\t<\/div>\n\t\t\t\t\t\t<div class=\"ls-hebergement__title\">\n\t\t\t<span class=\"ls-hebergement__photos-constructeur\">Photos constructeur<\/span>\n\t\t\t<div class=\"ls-hebergement__gammes\">\n\t\t\t\tgamme privilege\t\t\t<\/div>\n\t\t\tMobilhome HELIOS &#8211; aire condicionat &#8211; TV\t\t<\/div>\n\n\t\t<div class=\"ls-hebergement__details\">\n\n\t\t\t<div class=\"ls-hebergement__icons\">\n\n\t\t\t\t\t\t\t\t<span class=\"ls-hebergement__icon\">\n\t\t\t\t\t<i class=\"calagogo-family\"><\/i>\n\t\t\t\t\t6\t\t\t\t<\/span>\n\t\t\t\t\n\t\t\t\t\n\t\t\t\t<div class=\"ls-hebergement__infos\">\n\t\t\t\t\t\t\t\t\t\t<span class=\"ls-hebergement__detail\">\n\t\t\t\t\t\t<i class=\"calagogo-area1\"><\/i> 33m\u00b2\n\t\t\t\t\t<\/span>\n\t\t\t\t\t\t\t\t\t\t\t\t\t\t\t<span class=\"ls-hebergement__detail\">\n\t\t\t\t\t\t\t\t\t\t\t\t<i class=\"calagogo-door\"><\/i> 3\t\t\t\t\t\tcap.\t\t\t\t\t\t\t\t\t\t\t<\/span>\n\t\t\t\t\t\t\t\t\t<\/div>\n\t\t\t\t\n\t\t\t<\/div>\n\n\n\t\t<\/div>\n\n\t\t<div class=\"ls-hebergement__disponibilites\">\n\t\t\tDescobreix\t\t<\/div>\n\t\t<div class=\"ls-button in-view animated fadeInUp\" style=\"opacity: 1;\">\n\t\t\t<span>Descobreix<\/span><i class='calagogo-right-arrow'><\/i><\/div>\n\t<\/a>\n<\/div><div class=\"ls-hebergement\" data-postid='2830195' data-id-reservation='62542' data-id-site='' data-id1='' data-gammes_hebergements='gamme-plaisir' data-nombre_de_personnes='6' data-nombre_de_chambres='3' data-type='accommodation-fr mobil-home-fr'>\n\t<a href=\"https:\/\/www.camping-le-calagogo.fr\/ca\/hebergements\/mobil-home-tautavel-3-ch-climatise-tv\/#primary\" rel=\"noopener\" target=\"_blank\"\n\t\tclass=\"ls-hebergement__link\">\n\t\t<div class=\"ls-hebergement__thumb\">\n\t\t\t\t\t\t<img decoding=\"async\" src=\"https:\/\/www.camping-le-calagogo.fr\/wp-content\/uploads\/2025\/12\/0-1409700-scaled.jpg\" alt=\"Mobilhome ISIS &#8211; aire condicionat &#8211; TV\" \/>\n\t\t<\/div>\n\t\t\t\t\t\t<div class=\"ls-hebergement__title\">\n\t\t\t<span class=\"ls-hebergement__photos-constructeur\">Photos constructeur<\/span>\n\t\t\t<div class=\"ls-hebergement__gammes\">\n\t\t\t\tgamme plaisir\t\t\t<\/div>\n\t\t\tMobilhome ISIS &#8211; aire condicionat &#8211; TV\t\t<\/div>\n\n\t\t<div class=\"ls-hebergement__details\">\n\n\t\t\t<div class=\"ls-hebergement__icons\">\n\n\t\t\t\t\t\t\t\t<span class=\"ls-hebergement__icon\">\n\t\t\t\t\t<i class=\"calagogo-family\"><\/i>\n\t\t\t\t\t6\t\t\t\t<\/span>\n\t\t\t\t\n\t\t\t\t\n\t\t\t\t<div class=\"ls-hebergement__infos\">\n\t\t\t\t\t\t\t\t\t\t<span class=\"ls-hebergement__detail\">\n\t\t\t\t\t\t<i class=\"calagogo-area1\"><\/i> 33m\u00b2\n\t\t\t\t\t<\/span>\n\t\t\t\t\t\t\t\t\t\t\t\t\t\t\t<span class=\"ls-hebergement__detail\">\n\t\t\t\t\t\t\t\t\t\t\t\t<i class=\"calagogo-door\"><\/i> 3\t\t\t\t\t\tcap.\t\t\t\t\t\t\t\t\t\t\t<\/span>\n\t\t\t\t\t\t\t\t\t<\/div>\n\t\t\t\t\n\t\t\t<\/div>\n\n\n\t\t<\/div>\n\n\t\t<div class=\"ls-hebergement__disponibilites\">\n\t\t\tDescobreix\t\t<\/div>\n\t\t<div class=\"ls-button in-view animated fadeInUp\" style=\"opacity: 1;\">\n\t\t\t<span>Descobreix<\/span><i class='calagogo-right-arrow'><\/i><\/div>\n\t<\/a>\n<\/div><div class=\"ls-hebergement\" data-postid='2830199' data-id-reservation='45597' data-id-site='' data-id1='' data-gammes_hebergements='gamme-privilege' data-nombre_de_personnes='3' data-nombre_de_chambres='1' data-type='accommodation-fr mobil-home-fr'>\n\t<a href=\"https:\/\/www.camping-le-calagogo.fr\/ca\/hebergements\/mobil-home-rivesaltes-1-ch-climatise-tv\/#primary\" rel=\"noopener\" target=\"_blank\"\n\t\tclass=\"ls-hebergement__link\">\n\t\t<div class=\"ls-hebergement__thumb\">\n\t\t\t\t\t\t<img decoding=\"async\" src=\"https:\/\/www.camping-le-calagogo.fr\/wp-content\/uploads\/2025\/12\/0-1409703-scaled.jpg\" alt=\"Mobilhome CUPIDON &#8211; aire condicionat &#8211; TV\" \/>\n\t\t<\/div>\n\t\t\t\t\t\t<div class=\"ls-hebergement__title\">\n\t\t\t<span class=\"ls-hebergement__photos-constructeur\">Photos constructeur<\/span>\n\t\t\t<div class=\"ls-hebergement__gammes\">\n\t\t\t\tgamme privilege\t\t\t<\/div>\n\t\t\tMobilhome CUPIDON &#8211; aire condicionat &#8211; TV\t\t<\/div>\n\n\t\t<div class=\"ls-hebergement__details\">\n\n\t\t\t<div class=\"ls-hebergement__icons\">\n\n\t\t\t\t\t\t\t\t<span class=\"ls-hebergement__icon\">\n\t\t\t\t\t<i class=\"calagogo-family\"><\/i>\n\t\t\t\t\t3\t\t\t\t<\/span>\n\t\t\t\t\n\t\t\t\t\n\t\t\t\t<div class=\"ls-hebergement__infos\">\n\t\t\t\t\t\t\t\t\t\t<span class=\"ls-hebergement__detail\">\n\t\t\t\t\t\t<i class=\"calagogo-area1\"><\/i> 20m\u00b2\n\t\t\t\t\t<\/span>\n\t\t\t\t\t\t\t\t\t\t\t\t\t\t\t<span class=\"ls-hebergement__detail\">\n\t\t\t\t\t\t\t\t\t\t\t\t<i class=\"calagogo-door\"><\/i> 1\t\t\t\t\t\tcap.\t\t\t\t\t\t\t\t\t\t\t<\/span>\n\t\t\t\t\t\t\t\t\t<\/div>\n\t\t\t\t\n\t\t\t<\/div>\n\n\n\t\t<\/div>\n\n\t\t<div class=\"ls-hebergement__disponibilites\">\n\t\t\tDescobreix\t\t<\/div>\n\t\t<div class=\"ls-button in-view animated fadeInUp\" style=\"opacity: 1;\">\n\t\t\t<span>Descobreix<\/span><i class='calagogo-right-arrow'><\/i><\/div>\n\t<\/a>\n<\/div><div class=\"ls-hebergement\" data-postid='2830182' data-id-reservation='125289' data-id-site='' data-id1='' data-gammes_hebergements='' data-nombre_de_personnes='6' data-nombre_de_chambres='' data-type='pitch-fr'>\n\t<a href=\"https:\/\/www.camping-le-calagogo.fr\/ca\/hebergements\/parcella-amb-lavabo\/#primary\" rel=\"noopener\" target=\"_blank\"\n\t\tclass=\"ls-hebergement__link\">\n\t\t<div class=\"ls-hebergement__thumb\">\n\t\t\t\t\t\t<img decoding=\"async\" src=\"https:\/\/www.camping-le-calagogo.fr\/wp-content\/uploads\/2025\/12\/0-1409271-scaled.jpg\" alt=\"Parcel\u00b7la amb lavabo\" \/>\n\t\t<\/div>\n\t\t\t\t<div class=\"ls-hebergement__title\">\n\t\t\t<span class=\"ls-hebergement__photos-constructeur\">Photos constructeur<\/span>\n\t\t\t<div class=\"ls-hebergement__gammes\">\n\t\t\t\t\t\t\t<\/div>\n\t\t\tParcel\u00b7la amb lavabo\t\t<\/div>\n\n\t\t<div class=\"ls-hebergement__details\">\n\n\t\t\t<div class=\"ls-hebergement__icons\">\n\n\t\t\t\t\t\t\t\t<span class=\"ls-hebergement__icon\">\n\t\t\t\t\t<i class=\"calagogo-family\"><\/i>\n\t\t\t\t\t6\t\t\t\t<\/span>\n\t\t\t\t\n\t\t\t\t\n\t\t\t\t<div class=\"ls-hebergement__infos\">\n\t\t\t\t\t\t\t\t\t\t\t\t\t\t<\/div>\n\t\t\t\t\n\t\t\t<\/div>\n\n\n\t\t<\/div>\n\n\t\t<div class=\"ls-hebergement__disponibilites\">\n\t\t\tDescobreix\t\t<\/div>\n\t\t<div class=\"ls-button in-view animated fadeInUp\" style=\"opacity: 1;\">\n\t\t\t<span>Descobreix<\/span><i class='calagogo-right-arrow'><\/i><\/div>\n\t<\/a>\n<\/div><div class=\"ls-hebergement\" data-postid='2830186' data-id-reservation='62539' data-id-site='' data-id1='' data-gammes_hebergements='gamme-plaisir' data-nombre_de_personnes='4' data-nombre_de_chambres='2' data-type='accommodation-fr mobil-home-fr'>\n\t<a href=\"https:\/\/www.camping-le-calagogo.fr\/ca\/hebergements\/mobil-home-caramany-2-ch-climatise-tv\/#primary\" rel=\"noopener\" target=\"_blank\"\n\t\tclass=\"ls-hebergement__link\">\n\t\t<div class=\"ls-hebergement__thumb\">\n\t\t\t\t\t\t<img decoding=\"async\" src=\"https:\/\/www.camping-le-calagogo.fr\/wp-content\/uploads\/2025\/12\/0-1409694-scaled.jpg\" alt=\"Mobilhome ATHENA &#8211; aire condicionat &#8211; TV\" \/>\n\t\t<\/div>\n\t\t\t\t\t\t<div class=\"ls-hebergement__title\">\n\t\t\t<span class=\"ls-hebergement__photos-constructeur\">Photos constructeur<\/span>\n\t\t\t<div class=\"ls-hebergement__gammes\">\n\t\t\t\tgamme plaisir\t\t\t<\/div>\n\t\t\tMobilhome ATHENA &#8211; aire condicionat &#8211; TV\t\t<\/div>\n\n\t\t<div class=\"ls-hebergement__details\">\n\n\t\t\t<div class=\"ls-hebergement__icons\">\n\n\t\t\t\t\t\t\t\t<span class=\"ls-hebergement__icon\">\n\t\t\t\t\t<i class=\"calagogo-family\"><\/i>\n\t\t\t\t\t4\t\t\t\t<\/span>\n\t\t\t\t\n\t\t\t\t\n\t\t\t\t<div class=\"ls-hebergement__infos\">\n\t\t\t\t\t\t\t\t\t\t<span class=\"ls-hebergement__detail\">\n\t\t\t\t\t\t<i class=\"calagogo-area1\"><\/i> 33m\u00b2\n\t\t\t\t\t<\/span>\n\t\t\t\t\t\t\t\t\t\t\t\t\t\t\t<span class=\"ls-hebergement__detail\">\n\t\t\t\t\t\t\t\t\t\t\t\t<i class=\"calagogo-door\"><\/i> 2\t\t\t\t\t\tcap.\t\t\t\t\t\t\t\t\t\t\t<\/span>\n\t\t\t\t\t\t\t\t\t<\/div>\n\t\t\t\t\n\t\t\t<\/div>\n\n\n\t\t<\/div>\n\n\t\t<div class=\"ls-hebergement__disponibilites\">\n\t\t\tDescobreix\t\t<\/div>\n\t\t<div class=\"ls-button in-view animated fadeInUp\" style=\"opacity: 1;\">\n\t\t\t<span>Descobreix<\/span><i class='calagogo-right-arrow'><\/i><\/div>\n\t<\/a>\n<\/div><div class=\"ls-hebergement\" data-postid='2830188' data-id-reservation='7475' data-id-site='' data-id1='' data-gammes_hebergements='' data-nombre_de_personnes='6' data-nombre_de_chambres='' data-type='pitch-fr'>\n\t<a href=\"https:\/\/www.camping-le-calagogo.fr\/ca\/hebergements\/pack-standard-parcella-1-cotxe-electricitat-10a\/#primary\" rel=\"noopener\" target=\"_blank\"\n\t\tclass=\"ls-hebergement__link\">\n\t\t<div class=\"ls-hebergement__thumb\">\n\t\t\t\t\t\t<img decoding=\"async\" src=\"https:\/\/www.camping-le-calagogo.fr\/wp-content\/uploads\/2025\/12\/0-1409267-scaled.jpg\" alt=\"Pack STANDARD : Parcella + 1 cotxe + electricitat 10A\" \/>\n\t\t<\/div>\n\t\t\t\t<div class=\"ls-hebergement__title\">\n\t\t\t<span class=\"ls-hebergement__photos-constructeur\">Photos constructeur<\/span>\n\t\t\t<div class=\"ls-hebergement__gammes\">\n\t\t\t\t\t\t\t<\/div>\n\t\t\tPack STANDARD : Parcella + 1 cotxe + electricitat 10A\t\t<\/div>\n\n\t\t<div class=\"ls-hebergement__details\">\n\n\t\t\t<div class=\"ls-hebergement__icons\">\n\n\t\t\t\t\t\t\t\t<span class=\"ls-hebergement__icon\">\n\t\t\t\t\t<i class=\"calagogo-family\"><\/i>\n\t\t\t\t\t6\t\t\t\t<\/span>\n\t\t\t\t\n\t\t\t\t\n\t\t\t\t<div class=\"ls-hebergement__infos\">\n\t\t\t\t\t\t\t\t\t\t\t\t\t\t<\/div>\n\t\t\t\t\n\t\t\t<\/div>\n\n\n\t\t<\/div>\n\n\t\t<div class=\"ls-hebergement__disponibilites\">\n\t\t\tDescobreix\t\t<\/div>\n\t\t<div class=\"ls-button in-view animated fadeInUp\" style=\"opacity: 1;\">\n\t\t\t<span>Descobreix<\/span><i class='calagogo-right-arrow'><\/i><\/div>\n\t<\/a>\n<\/div><\/div><\/div>\n\n\r\n    <\/div>\r\n<\/section>\n\n<section id=\"ls-section-block_944e5339a7900c0591de6f206820cfb4\" class=\"ls-section  section-parallax mosaique has-parallax has-background has-color-4-background-color has-p-t p-t-14 has-p-b p-b-14\" >\r\n        <div class=\"container container--wide\">\r\n        \n\n<h2 class=\"ls__heading wp-block-heading has-text-align-center\">Lloguer de mobil home prop de Canet<\/h2>\n\n\n\n<p class=\"ls-paragraph has-text-align-center\">El <strong>c\u00e0mping de luxe Cala Gogo<\/strong> presenta una selecci\u00f3 de <a href=\"https:\/\/www.camping-le-calagogo.fr\/ca\/lloguer-mobil-home-llenguadoc-rossello\/\" data-type=\"page\" data-id=\"74\">mobil homes moblats i totalment equipats<\/a> per a 2 a 8 persones als Pirineus Orientals que us garantiran un confort \u00f2ptim durant la vostra <strong>estada en parella, en fam\u00edlia o amb amics<\/strong> en c\u00e0mpings propers a Canet-en-Roussillon. .<\/p>\n\n\n\n<p class=\"ls-paragraph has-text-align-center\">El nostre prestigi\u00f3s allotjament disposa d&#8217;un gran sal\u00f3 menjador amb sal\u00f3 i cuina equipada, d&#8217;1 a 4 habitacions, un preci\u00f3s bany, lavabos independents i una magn\u00edfica terrassa privada amb mobles de jard\u00ed per gaudir al m\u00e0xim del <strong>suau clima occit\u00e0 amb total intimitat<\/strong> .<\/p>\n\n\n\n<p class=\"ls-paragraph has-text-align-center\">La nostra flota de lloguer inclou mobil homes de diferents mides adaptades al pressupost i necessitats de tots els turistes. Apreciar\u00e0s el luxe i la comoditat durant el lloguer del teu mobil home a Canet en Rossell\u00f3 del mat\u00ed al vespre, des de l&#8217;esmorzar a la terrassa fins a la vesprada de la brasa amb els teus nous amics despr\u00e9s de visitar S\u00e8te i les altres ciutats costaneres d&#8217;Occit\u00e0nia. Tots els nostres mobil homes estan instal\u00b7lats en grans parcel\u00b7les ombrejades, en una <strong>zona tranquil\u00b7la del c\u00e0mping<\/strong> , i estan delimitades per tanques naturals.<\/p>\n\n\r\n    <\/div>\r\n<\/section>\n\n<section id=\"ls-section-block_a285ca3fc73208a8c33e5c461c075794\" class=\"ls-section  page-one has-p-b p-b-14\" >\r\n        <div class=\"container container--wide\">\r\n        \n\n<div class=\"wp-block-columns is-layout-flex wp-container-core-columns-is-layout-9d6595d7 wp-block-columns-is-layout-flex\">\n<div class=\"wp-block-column is-vertically-aligned-center first is-layout-flow wp-block-column-is-layout-flow\" style=\"flex-basis:66.7%\">\n<figure class=\"wp-block-image size-full\"><img decoding=\"async\" width=\"1800\" height=\"1200\" src=\"https:\/\/www.camping-le-calagogo.fr\/wp-content\/uploads\/2023\/12\/camping-piscine-chauffee-perpignan.webp\" alt=\"C\u00e0mping piscina climatitzada perpiny\u00e0\" class=\"wp-image-2629795\" srcset=\"https:\/\/www.camping-le-calagogo.fr\/wp-content\/uploads\/2023\/12\/camping-piscine-chauffee-perpignan.webp 1800w, https:\/\/www.camping-le-calagogo.fr\/wp-content\/uploads\/2023\/12\/camping-piscine-chauffee-perpignan-300x200.webp 300w, https:\/\/www.camping-le-calagogo.fr\/wp-content\/uploads\/2023\/12\/camping-piscine-chauffee-perpignan-1024x683.webp 1024w, https:\/\/www.camping-le-calagogo.fr\/wp-content\/uploads\/2023\/12\/camping-piscine-chauffee-perpignan-768x512.webp 768w, https:\/\/www.camping-le-calagogo.fr\/wp-content\/uploads\/2023\/12\/camping-piscine-chauffee-perpignan-1536x1024.webp 1536w\" sizes=\"(max-width: 1800px) 100vw, 1800px\" \/><\/figure>\n<\/div>\n\n\n\n<div class=\"wp-block-column is-vertically-aligned-center second is-layout-flow wp-block-column-is-layout-flow\" style=\"flex-basis:33.3%\">\n<h2 class=\"ls__heading wp-block-heading\">Camping Canet en Rossell\u00f3 amb piscina<\/h2>\n\n\n\n<p class=\"ls-paragraph\">Si busqueu un <strong>c\u00e0mping d&#8217;alta gamma amb piscina<\/strong> prop de Canet-en-Roussillon, al sud de Fran\u00e7a, trobareu a Cala Gogo un <strong>regne de la nataci\u00f3 per a grans i petits<\/strong> que complir\u00e0 amb sobra les vostres expectatives. El nostre c\u00e0mping amb zona aqu\u00e0tica ocupa una superf\u00edcie de 600 metres quadrats, garantint-vos rialles, emocions, deliciosos moments de relaxaci\u00f3 i un total canvi d&#8217;escenari.<\/p>\n<\/div>\n<\/div>\n\n\r\n    <\/div>\r\n<\/section>\n\n<section id=\"ls-section-block_7d6dc650081fb39dc1f9b7987c6877eb\" class=\"ls-section  page-two mosaique has-background has-color-4-background-color has-p-t p-t-14 has-p-b p-b-14\" >\r\n        <div class=\"container container--wide\">\r\n        \n\n<div class=\"wp-block-columns is-layout-flex wp-container-core-columns-is-layout-9d6595d7 wp-block-columns-is-layout-flex\">\n<div class=\"wp-block-column is-vertically-aligned-center is-layout-flow wp-block-column-is-layout-flow\">\n<p class=\"ls-paragraph has-text-align-left\">Neda les teves faldes o participa en el despertar muscular en una de les nostres piscines climatitzades (una de les piscines est\u00e0 climatitzada) mentre els teus fills es submergeixen i es diverteixen. Al nostre <a href=\"https:\/\/www.camping-le-calagogo.fr\/ca\/camping-amb-piscina-saint-cyprien\/\" data-type=\"page\" data-id=\"1377\">c\u00e0mping amb piscina al Llenguadoc<\/a> , els m\u00e9s petits disposen d&#8217;un espai reservat per a ells, una piscina infantil amb <strong>jocs d&#8217;aigua i tobogans<\/strong> perqu\u00e8 puguin esquitxar-se i descobrir les alegries de la nataci\u00f3 amb total seguretat.<\/p>\n\n\n\n<p class=\"ls-paragraph has-text-align-left\">Tots els vostres fills han trobat alguna cosa per divertir-se? Col\u00b7loca la teva tovallola en una <strong>gandula al sol o a l&#8217;ombra d&#8217;una palmera<\/strong> i gaudeix plenament de les teves vacances a prop de Canet-en-Roussillon als Pirineus Orientals.<br><br>Sempre has somiat amb passar les teves vacances amb els peus a l&#8217;aigua, a un pas d&#8217;una platja de sorra fina? Pren una alenada d&#8217;aire fresc i vine a gaudir del nostre c\u00e0mping situat a prop de Canet en Rousillon.<\/p>\n\n\n\n<a href=\"https:\/\/www.camping-le-calagogo.fr\/ca\/\" id=\"ls-button-block_3ae92ee742c6aec0a3cb1898cb2f9d6f\" target=\"\" rel=\"\" class=\"ls-button alignleft\" ><span>Descobreix la nostra piscina<\/span> <i class='calagogo-right-arrow'><\/i><\/a>\n<\/div>\n\n\n\n<div class=\"wp-block-column is-vertically-aligned-center is-layout-flow wp-block-column-is-layout-flow\">\n<figure class=\"wp-block-image size-full\"><img decoding=\"async\" width=\"1831\" height=\"1200\" src=\"https:\/\/www.camping-le-calagogo.fr\/wp-content\/uploads\/2023\/12\/piscine-toboggan-perpignan.webp\" alt=\"tobogan piscina perpiny\u00e0\" class=\"wp-image-2629853\" srcset=\"https:\/\/www.camping-le-calagogo.fr\/wp-content\/uploads\/2023\/12\/piscine-toboggan-perpignan.webp 1831w, https:\/\/www.camping-le-calagogo.fr\/wp-content\/uploads\/2023\/12\/piscine-toboggan-perpignan-300x197.webp 300w, https:\/\/www.camping-le-calagogo.fr\/wp-content\/uploads\/2023\/12\/piscine-toboggan-perpignan-1024x671.webp 1024w, https:\/\/www.camping-le-calagogo.fr\/wp-content\/uploads\/2023\/12\/piscine-toboggan-perpignan-768x503.webp 768w, https:\/\/www.camping-le-calagogo.fr\/wp-content\/uploads\/2023\/12\/piscine-toboggan-perpignan-1536x1007.webp 1536w\" sizes=\"(max-width: 1831px) 100vw, 1831px\" \/><\/figure>\n<\/div>\n<\/div>\n\n\r\n    <\/div>\r\n<\/section>\n\n<section id=\"ls-section-block_662028cc55c204e00b8f0f3123ffa921\" class=\"ls-section  section-parallax has-parallax has-background has-color-white-background-color has-p-t p-t-14 has-p-b p-b-14\" >\r\n        <div class=\"container container--wide\">\r\n        \n\n<h2 class=\"ls__heading wp-block-heading has-text-align-center\">Camping econ\u00f2mic Canet-en-Roussillon<\/h2>\n\n\n\n<p class=\"ls-paragraph has-text-align-center\">En reservar la teva estada en c\u00e0mping al <strong>c\u00e0mping econ\u00f2mic de Canet-en-Roussillon<\/strong> Le Cala Gogo, tens l&#8217;opci\u00f3 de triar entre diverses cases m\u00f2bils ben equipades, amb espais d&#8217;estar c\u00f2modes. Per a les teves properes vacances rom\u00e0ntiques, pots reservar una casa m\u00f2bil de 19,5 m\u00b2, que inclou un dormitori i una cuina equipada, per\u00f2 tamb\u00e9 una sala d&#8217;estar amb banc, TV i WIFI o fins i tot mobles de jard\u00ed amb gandules. Tingueu en compte que sempre hi haur\u00e0 una pla\u00e7a d&#8217;aparcament disponible per al vostre vehicle.<\/p>\n\n\n\n<p class=\"ls-paragraph has-text-align-center\">Hi ha molts altres lloguers disponibles si teniu previst gaudir d&#8217;una estada familiar en dates flexibles. Es tracta de lloguers amb espais habitables perfectament ordenats, que inclouen tres o quatre dormitoris i amb capacitat d&#8217;entre quatre i sis persones. Per a una major comoditat, pots reservar entre els models de la gamma &#8220;privilegi&#8221;. En aquesta categoria, trobem per exemple la casa m\u00f2bil Maury, un lloguer de 41 m\u00b2 amb quatre habitacions i dos banys, i amb capacitat per a vuit persones.<\/p>\n\n\n\n<p class=\"ls-paragraph has-text-align-center\">Aprofita tamb\u00e9 la nostra promoci\u00f3 <strong>\u201cMar \u2013 Sol\u201d<\/strong> al teu allotjament:<\/p>\n\n\n\n<ul class=\"ls-list ls-list-undefined has-p-l p-l-14 Y aller wp-block-list\">\n<li><strong>Beneficia&#8217;t d&#8217;un -30%<\/strong> : 4 setmanes = 3 setmanes comprades + 1 gratu\u00efta<\/li>\n\n\n\n<li><strong>Reserva 3 setmanes<\/strong> = 2 setmanes comprades + 1 gratu\u00efta! 20% de descompte<\/li>\n<\/ul>\n\n\n\n<p class=\"ls-paragraph has-text-align-center\"><em>V\u00e0lid al maig, juny i setembre<\/em> &#8211; <em>Oferta no acumulable<\/em><\/p>\n\n\n\n<a href=\"https:\/\/www.camping-le-calagogo.fr\/ca\/\" id=\"ls-button-block_a5b938a106962f0ffab7b87664b016ff\" target=\"\" rel=\"\" class=\"ls-button aligncenter\" ><span>Descobreix les nostres ofertes especials<\/span> <i class='calagogo-right-arrow'><\/i><\/a>\n\n\r\n    <\/div>\r\n<\/section>\n\n<section id=\"ls-section-block_72281ec0e33239d2f52ac08820fcbf46\" class=\"ls-section  page-one has-background has-color-4-background-color has-p-t p-t-14 has-p-b p-b-14\" >\r\n        <div class=\"container container--wide\">\r\n        \n\n<div class=\"wp-block-columns is-layout-flex wp-container-core-columns-is-layout-9d6595d7 wp-block-columns-is-layout-flex\">\n<div class=\"wp-block-column is-vertically-aligned-center first is-layout-flow wp-block-column-is-layout-flow\" style=\"flex-basis:66.7%\">\n<figure class=\"wp-block-image size-full\"><img decoding=\"async\" width=\"1799\" height=\"1200\" src=\"https:\/\/www.camping-le-calagogo.fr\/wp-content\/uploads\/2023\/12\/camping-acces-direct-lage.webp\" alt=\"C\u00e0mping acc\u00e9s directe a la platja\" class=\"wp-image-2630057\" srcset=\"https:\/\/www.camping-le-calagogo.fr\/wp-content\/uploads\/2023\/12\/camping-acces-direct-lage.webp 1799w, https:\/\/www.camping-le-calagogo.fr\/wp-content\/uploads\/2023\/12\/camping-acces-direct-lage-300x200.webp 300w, https:\/\/www.camping-le-calagogo.fr\/wp-content\/uploads\/2023\/12\/camping-acces-direct-lage-1024x683.webp 1024w, https:\/\/www.camping-le-calagogo.fr\/wp-content\/uploads\/2023\/12\/camping-acces-direct-lage-768x512.webp 768w, https:\/\/www.camping-le-calagogo.fr\/wp-content\/uploads\/2023\/12\/camping-acces-direct-lage-1536x1025.webp 1536w\" sizes=\"(max-width: 1799px) 100vw, 1799px\" \/><\/figure>\n<\/div>\n\n\n\n<div class=\"wp-block-column is-vertically-aligned-center second is-layout-flow wp-block-column-is-layout-flow\" style=\"flex-basis:33.3%\">\n<h2 class=\"ls__heading wp-block-heading\">Camping Canet-en-Roussillon vora mar<\/h2>\n\n\n\n<p class=\"ls-paragraph\">Despr\u00e9s del final del confinament i de la limitaci\u00f3 dels viatges de llarga dist\u00e0ncia, \u00e9s el moment de descobrir nous paisatges m\u00e9s tranquils i propers a la natura. El <strong>c\u00e0mping al costat del mar de Canet-en-Roussillon<\/strong> Le Cala Gogo \u00e9s apreciat per la seva decoraci\u00f3 encantadora, a pocs passos del Mediterrani.<\/p>\n\n\n\n<p class=\"ls-paragraph addReadMore showlesscontent Y aller\">L&#8217;establiment de cinc estrelles tamb\u00e9 \u00e9s un punt de partida interessant per explorar els paratges naturals del territori, en particular les boniques platges del Llenguadoc-Rossell\u00f3.<\/p>\n\n\n\n<ul class=\"ls-list wp-block-list\">\n<li>La Plage des Pins \u00e9s un dels llocs imprescindibles de la regi\u00f3, especialment per a la nataci\u00f3 en fam\u00edlia.<\/li>\n\n\n\n<li>La platja de Racou \u00e9s apreciada pel seu entorn salvatge.<\/li>\n\n\n\n<li>La platja de Saint-Cyprien \u00e9s la m\u00e9s propera al c\u00e0mping, a la qual s&#8217;hi pot arribar a trav\u00e9s d&#8217;un llarg terra de fusta que sembla un passeig de Ni\u00e7a.<\/li>\n<\/ul>\n\n\n\n<p class=\"ls-paragraph\">Molts estiuejants tamb\u00e9 es deixen seduir per la platja de c\u00f2dols d&#8217;Ouille o fins i tot per la de Paulilles.<\/p>\n\n\n\n<a href=\"https:\/\/www.camping-le-calagogo.fr\/ca\/\" id=\"ls-button-block_548a88a20abb9264a00386c61e510434\" target=\"\" rel=\"\" class=\"ls-button\" ><span>Descobreix la vora del mar<\/span> <i class='calagogo-right-arrow'><\/i><\/a>\n<\/div>\n<\/div>\n\n\r\n    <\/div>\r\n<\/section>\n\n<section id=\"ls-section-block_7f8462291adabcf6038e5f6ff35c2e4e\" class=\"ls-section  page-two mosaique has-background has-color-white-background-color has-p-t p-t-14 has-p-b p-b-14\" >\r\n        <div class=\"container container--wide\">\r\n        \n\n<div class=\"wp-block-columns is-layout-flex wp-container-core-columns-is-layout-9d6595d7 wp-block-columns-is-layout-flex\">\n<div class=\"wp-block-column is-vertically-aligned-center is-layout-flow wp-block-column-is-layout-flow\">\n<h2 class=\"ls__heading wp-block-heading has-text-align-left\">Turisme a Canet en Rossell\u00f3<\/h2>\n\n\n\n<p class=\"ls-paragraph has-text-align-left\">Situat a prop de Perpiny\u00e0 i d&#8217;Argeles sur mer, la <a href=\"https:\/\/www.canetenroussillon.fr\/\" target=\"_blank\" rel=\"noreferrer noopener\">ciutat de Canet-en-Roussillon<\/a> \u00e9s una de les <strong>estacions balne\u00e0ries m\u00e9s belles<\/strong> dels Pirineus Orientals i de l&#8217;antiga regi\u00f3 del Llenguadoc-Rossell\u00f3. Limita al nord amb la desembocadura del T\u00eat, a l&#8217;est amb el mar Mediterrani.<\/p>\n\n\n\n<p class=\"ls-paragraph has-text-align-left\">Cont\u00e9 alguns <strong>monuments remarcables<\/strong> com el castell vescomte, el castell d&#8217;Esparrou i l&#8217;esgl\u00e9sia de Saint-Jacques.<\/p>\n\n\n\n<p class=\"ls-paragraph has-text-align-left\">La poblaci\u00f3 tamb\u00e9 compta amb un <strong>bonic jard\u00ed bot\u00e0nic (arbor\u00e8tum)<\/strong> i un estany (estany de Canet-Saint-Nazaire) freq\u00fcentat per senderistes i amants de la natura.<\/p>\n<\/div>\n\n\n\n<div class=\"wp-block-column is-vertically-aligned-center is-layout-flow wp-block-column-is-layout-flow\">\n<iframe width=\"100%\" height=\"550\" src=\"https:\/\/www.youtube.com\/embed\/0D4RaaFqIWI?si=zyE75YZ5iLjWghuV\" title=\"Reproductor de v\u00eddeo de YouTube\" frameborder=\"0\" allow=\"accelerometer; autoplay; clipboard-write; encrypted-media; gyroscope; picture-in-picture; web-share\" allowfullscreen=\"\"><\/iframe>\n<\/div>\n<\/div>\n\n\r\n    <\/div>\r\n<\/section>\n\n<section id=\"ls-section-block_45bd10425609dc5fe932e9e9a45bd0cf\" class=\"ls-section  has-background has-color-4-background-color\" >\r\n        <div class=\"container container--wide\">\r\n        \n\n<h2 class=\"ls__heading wp-block-heading has-text-align-center\">Canet en Rossell\u00f3: visita tur\u00edstica<\/h2>\n\n\n\n<div class=\"wp-block-columns is-layout-flex wp-container-core-columns-is-layout-9d6595d7 wp-block-columns-is-layout-flex\">\n<div class=\"wp-block-column is-layout-flow wp-block-column-is-layout-flow\">\n<p class=\"ls-paragraph\">La <strong>poblaci\u00f3 de Canet-En-Roussillon<\/strong> \u00e9s a prop del c\u00e0mping Cala Gogo. \u00c9s la segona ciutat m\u00e9s gran dels Pirineus Orientals. Aquesta <strong>ciutat que limita amb St Cyprien<\/strong> promet grans descobriments durant la vostra visita.<\/p>\n\n\n\n<ul class=\"ls-list wp-block-list\">\n<li><strong>El castell vescomtal de Canet-en-Roussillon:<\/strong> El castell vescomtal est\u00e0 inscrit com a Monument Hist\u00f2ric. La hist\u00f2ria del castell, antiga resid\u00e8ncia d&#8217;un comte, \u00e9s fascinant.<\/li>\n\n\n\n<li><strong>Els hospicis de Canet-en-Rousillon<\/strong> : Tamb\u00e9 es pot visitar la galeria d&#8217;hospicis, constru\u00efda inicialment per servir d&#8217;estable, s&#8217;ofereixen regularment exposicions gratu\u00eftes en aquest edifici.<\/li>\n\n\n\n<li><strong>Tradicions regionals:<\/strong> Potser podreu presenciar una de les tradicions catalanes m\u00e9s conegudes: la famosa pesca del lamparo. De vegades es fan danses i m\u00fasica populars a Canet-en-Roussillon, llavors \u00e9s possible admirar els vestits tradicionals. Els instruments que fan servir els m\u00fasics s\u00f3n sovint sorprenents.<\/li>\n<\/ul>\n<\/div>\n\n\n\n<div class=\"wp-block-column is-layout-flow wp-block-column-is-layout-flow\">\n<ul class=\"ls-list wp-block-list\">\n<li><strong>El mercat nocturn:<\/strong> cada vespre durant la temporada d&#8217;estiu, vine a descobrir el mercat nocturn. Hi seran presents nombrosos artesans i productors locals. Despr\u00e9s descobrir\u00e0s productes t\u00edpics de la regi\u00f3 a preus redu\u00efts. El mercat comen\u00e7a a partir de les 18.30 h i acaba a mitjanit, des del solstici d&#8217;estiu fins al 8 de setembre. Si preferiu anar al mercat durant el dia, el mercat del \u201cPort de Canet\u201d t\u00e9 lloc tots els divendres, al Passeig Costa Vermeille de 8 a 13 h de mitjans de juny al 6 de setembre.<\/li>\n\n\n\n<li><strong>L&#8217;Arbor\u00e8tum del Mas Rossell\u00f3:<\/strong> <a href=\"https:\/\/www.arboretum-canetenroussillon.fr\/\" target=\"_blank\" rel=\"noreferrer noopener\">L&#8217;arboretum<\/a> \u00e9s un conservatori on es guarden i es presenten moltes esp\u00e8cies vegetals. Al juliol i a l&#8217;agost podreu collir alguns pr\u00e9ssecs i nectarines aix\u00ed com figues al final de l&#8217;estiu. L&#8217;hort est\u00e0 obert els dilluns, dimecres i divendres de 8:30 a 12 h.<\/li>\n\n\n\n<li><strong>Descobriu pobles sublims:<\/strong> Descobriu el magn\u00edfic poble de Torreilles, o fins i tot Barcar\u00e8s.<\/li>\n<\/ul>\n<\/div>\n<\/div>\n\n\r\n    <\/div>\r\n<\/section>\n\n<section id=\"ls-section-block_ff8971d61f4df3bd094c072258d9dcb2\" class=\"ls-section  page-maillage has-p-b p-b-14\" >\r\n        <div class=\"container container--wide\">\r\n        \n\n<div id=\"ls-heading ls-titre-div-block_65eb3b11816fca88bd68e2e23e72e336\" class=\"ls-titre-div m-left h2-like\" >\n    Els voltants<\/br> de Canet-en-Roussillon<\/div>\n\n\n<div id=\"ls-maillage-block_99f1a328b802c05226eb122f09ad17a6\" class=\"ls-maillage cta-style-normal\" data-rows=\"6\">\n    <div class=\"wp-block-columns  \"><div class=\"wp-block-column\"><div id=\"destinations\" class=\"ls-cta\">\n\n<a href=\"https:\/\/www.camping-le-calagogo.fr\/ca\/camping-argeles-sur-mer\/turisme-argeles-sur-mer\/\" target=\"\" rel=\"noopener\" class=\"ls-cta__link\">\n\n\t<div class=\"ls-cta__image\"><img decoding=\"async\" src=\"https:\/\/www.camping-le-calagogo.fr\/wp-content\/uploads\/2023\/11\/visiter-argeles-sur-mer.webp\" alt=\"\"><\/div>\n\t<div class=\"ls-cta__title\">\n\t\tArgel\u00e8s-sur-Mer\t<\/div>\n\t\n\t\t\n<\/a><\/div><\/div><div class=\"wp-block-column\"><div id=\"destinations\" class=\"ls-cta\">\n\n<a href=\"https:\/\/www.camping-le-calagogo.fr\/ca\/camping-elne\/\" target=\"\" rel=\"noopener\" class=\"ls-cta__link\">\n\n\t<div class=\"ls-cta__image\"><img decoding=\"async\" src=\"https:\/\/www.camping-le-calagogo.fr\/wp-content\/uploads\/2023\/12\/sejour-camping-elne.webp\" alt=\"\"><\/div>\n\t<div class=\"ls-cta__title\">\n\t\tCamping Elne\t<\/div>\n\t\n\t\t\n<\/a><\/div><\/div><div class=\"wp-block-column\"><div id=\"destinations\" class=\"ls-cta\">\n\n<a href=\"https:\/\/www.camping-le-calagogo.fr\/ca\/turisme-colliure\/\" target=\"\" rel=\"noopener\" class=\"ls-cta__link\">\n\n\t<div class=\"ls-cta__image\"><img decoding=\"async\" src=\"https:\/\/www.camping-le-calagogo.fr\/wp-content\/uploads\/2023\/12\/tourisme-collioure.webp\" alt=\"\"><\/div>\n\t<div class=\"ls-cta__title\">\n\t\tCotlliure\t<\/div>\n\t\n\t\t\n<\/a><\/div><\/div><div class=\"wp-block-column\"><div id=\"destinations\" class=\"ls-cta\">\n\n<a href=\"https:\/\/www.camping-le-calagogo.fr\/ca\/turisme-port-barcares\/\" target=\"\" rel=\"noopener\" class=\"ls-cta__link\">\n\n\t<div class=\"ls-cta__image\"><img decoding=\"async\" src=\"https:\/\/www.camping-le-calagogo.fr\/wp-content\/uploads\/2023\/11\/visiter-port-barcares.webp\" alt=\"\"><\/div>\n\t<div class=\"ls-cta__title\">\n\t\tPort Barcar\u00e8s\t<\/div>\n\t\n\t\t\n<\/a><\/div><\/div><div class=\"wp-block-column\"><div id=\"destinations\" class=\"ls-cta\">\n\n<a href=\"https:\/\/www.camping-le-calagogo.fr\/ca\/camping-carcassona\/\" target=\"\" rel=\"noopener\" class=\"ls-cta__link\">\n\n\t<div class=\"ls-cta__image\"><img decoding=\"async\" src=\"https:\/\/www.camping-le-calagogo.fr\/wp-content\/uploads\/2023\/12\/sejour-camping-carcassonne.webp\" alt=\"\"><\/div>\n\t<div class=\"ls-cta__title\">\n\t\tCamping Carcasonne\t<\/div>\n\t\n\t\t\n<\/a><\/div><\/div><\/div><\/div>\n\r\n    <\/div>\r\n<\/section>","protected":false},"excerpt":{"rendered":"","protected":false},"author":1,"featured_media":2708152,"parent":0,"menu_order":0,"comment_status":"closed","ping_status":"closed","template":"","meta":{"_acf_changed":false,"_seopress_robots_primary_cat":"","_seopress_titles_title":"Camping Canet en Roussillon 5 estrelles | Casa m\u00f2bil prop de Canet","_seopress_titles_desc":"Busques un c\u00e0mping 5 estrelles a Canet en Rossell\u00f3? Descobriu Cala-Gogo , un dels c\u00e0mpings costaners m\u00e9s bonics dels Pirineus Orientals","_seopress_robots_index":"","inline_featured_image":false,"footnotes":""},"sujet":[],"class_list":["post-2708615","page","type-page","status-publish","has-post-thumbnail","hentry"],"acf":[],"_links":{"self":[{"href":"https:\/\/www.camping-le-calagogo.fr\/ca\/wp-json\/wp\/v2\/pages\/2708615","targetHints":{"allow":["GET"]}}],"collection":[{"href":"https:\/\/www.camping-le-calagogo.fr\/ca\/wp-json\/wp\/v2\/pages"}],"about":[{"href":"https:\/\/www.camping-le-calagogo.fr\/ca\/wp-json\/wp\/v2\/types\/page"}],"author":[{"embeddable":true,"href":"https:\/\/www.camping-le-calagogo.fr\/ca\/wp-json\/wp\/v2\/users\/1"}],"replies":[{"embeddable":true,"href":"https:\/\/www.camping-le-calagogo.fr\/ca\/wp-json\/wp\/v2\/comments?post=2708615"}],"version-history":[{"count":9,"href":"https:\/\/www.camping-le-calagogo.fr\/ca\/wp-json\/wp\/v2\/pages\/2708615\/revisions"}],"predecessor-version":[{"id":2825611,"href":"https:\/\/www.camping-le-calagogo.fr\/ca\/wp-json\/wp\/v2\/pages\/2708615\/revisions\/2825611"}],"wp:featuredmedia":[{"embeddable":true,"href":"https:\/\/www.camping-le-calagogo.fr\/ca\/wp-json\/wp\/v2\/media\/2708152"}],"wp:attachment":[{"href":"https:\/\/www.camping-le-calagogo.fr\/ca\/wp-json\/wp\/v2\/media?parent=2708615"}],"wp:term":[{"taxonomy":"sujet","embeddable":true,"href":"https:\/\/www.camping-le-calagogo.fr\/ca\/wp-json\/wp\/v2\/sujet?post=2708615"}],"curies":[{"name":"wp","href":"https:\/\/api.w.org\/{rel}","templated":true}]}}