{"id":2708668,"date":"2023-11-22T01:20:16","date_gmt":"2023-11-22T00:20:16","guid":{"rendered":"https:\/\/www.camping-le-calagogo.fr\/camping-perpinya\/"},"modified":"2024-04-17T10:39:39","modified_gmt":"2024-04-17T08:39:39","slug":"camping-perpinya","status":"publish","type":"page","link":"https:\/\/www.camping-le-calagogo.fr\/ca\/camping-perpinya\/","title":{"rendered":"Camping Perpiny\u00e0"},"content":{"rendered":"<section id=\"ls-section-block_02eedd97383a1253fef00c4d679862a9\" class=\"ls-section  page-chapeau deco has-p-b p-b-4\" >\r\n        <div class=\"container \">\r\n        \n\n<h1 class=\"ls__heading wp-block-heading has-text-align-center\">Camping 5 estrelles<br\/><strong>a Perpiny\u00e0<\/strong><\/h1>\n\n\n\n<p class=\"ls-paragraph has-text-align-center\">Antiga capital del Regne de Mallorca, <strong>Perpiny\u00e0<\/strong> conserva un <strong>patrimoni arquitect\u00f2nic excepcional<\/strong> del seu ric passat. Aprofita la teva <strong>estada a Catalunya<\/strong> per visitar aquesta ciutat sorprenent, enclavada a la frontera espanyola entre el mar Mediterrani i les muntanyes m\u00e9s orientals dels Pirineus.<\/p>\n\n\n\n<ul class=\"ls-list ls-list-undefined has-p-l p-l-14 wp-block-list\">\n<li>Allotja&#8217;t en un <strong>c\u00e0mping de 5 estrelles prop de Perpiny\u00e0<\/strong><\/li>\n\n\n\n<li><strong>Lloga la teva casa m\u00f2bil d&#8217;alta gamma<\/strong><\/li>\n\n\n\n<li>Ideal per a una <strong>estada en parella, amb amics o en fam\u00edlia<\/strong> al costat <a href=\"https:\/\/www.camping-le-calagogo.fr\/ca\/camping-costat-del-mar-llenguadoc-rossello\/\" data-type=\"page\" data-id=\"40\">del mar al Llenguadoc Rossell\u00f3<\/a><\/li>\n\n\n\n<li><strong>Aprofita les promocions excepcionals<\/strong> per a la teva estada<\/li>\n\n\n\n<li>Nedar a la <strong>gran zona aqu\u00e0tica<\/strong> del c\u00e0mping 5 estrelles de Perpiny\u00e0<\/li>\n\n\n\n<li>Descobriu les nombroses <strong>activitats<\/strong> del c\u00e0mping<\/li>\n<\/ul>\n\n\r\n    <\/div>\r\n<\/section><section id=\"ls-section-block_b7ac7f8bad61b13c8897b52594301fb5\" class=\"ls-section  page-one has-p-t p-t-0 has-p-b p-b-14\" >\r\n        <div class=\"container container--wide\">\r\n        \n\n<div class=\"wp-block-columns is-layout-flex wp-container-core-columns-is-layout-9d6595d7 wp-block-columns-is-layout-flex\">\n<div class=\"wp-block-column is-vertically-aligned-center first is-layout-flow wp-block-column-is-layout-flow\" style=\"flex-basis:66.7%\">\n<figure class=\"wp-block-image size-full\"><img decoding=\"async\" width=\"1800\" height=\"1200\" src=\"https:\/\/www.camping-le-calagogo.fr\/wp-content\/uploads\/2023\/12\/beach-volley-perpignan.webp\" alt=\"volei platja perpiny&#xE0;\" class=\"wp-image-2629903\" srcset=\"https:\/\/www.camping-le-calagogo.fr\/wp-content\/uploads\/2023\/12\/beach-volley-perpignan.webp 1800w, https:\/\/www.camping-le-calagogo.fr\/wp-content\/uploads\/2023\/12\/beach-volley-perpignan-300x200.webp 300w, https:\/\/www.camping-le-calagogo.fr\/wp-content\/uploads\/2023\/12\/beach-volley-perpignan-1024x683.webp 1024w, https:\/\/www.camping-le-calagogo.fr\/wp-content\/uploads\/2023\/12\/beach-volley-perpignan-768x512.webp 768w, https:\/\/www.camping-le-calagogo.fr\/wp-content\/uploads\/2023\/12\/beach-volley-perpignan-1536x1024.webp 1536w\" sizes=\"(max-width: 1800px) 100vw, 1800px\" \/><\/figure>\n<\/div>\n\n\n\n<div class=\"wp-block-column is-vertically-aligned-center second is-layout-flow wp-block-column-is-layout-flow\" style=\"flex-basis:33.3%\">\n<h2 class=\"ls__heading wp-block-heading\">Camping Perpiny\u00e0 als Pirineus Orientals<\/h2>\n\n\n\n<p class=\"ls-paragraph\"><strong>Entre mar i muntanya<\/strong>, prop de la frontera entre Fran\u00e7a i Espanya, amb un tel\u00f3 de fons de muntanyes verdes que s&#8217;enfonsen al Mediterrani sota el sol catal\u00e0, el  <strong>C\u00e0mping 5 estrelles Cala Gogo a Saint-Cyprien<\/strong>  us d\u00f3na la benvinguda en un entorn natural preservat per a unes vacances excepcionals a prop  <strong>Perpiny\u00e0 als Pirineus Orientals<\/strong>.<\/p>\n\n\n\n<p class=\"ls-paragraph\">Des del despertar muscular a les nostres piscines climatitzades fins a un torneig de petanca, des d&#8217;un joc de futbol\u00ed fins a un partit de volei platja a la platja, el nostre equip us ofereix tornejos esportius i activitats l\u00fadiques per a adults i nens. Podeu reservar una nit o m\u00e9s en allotjament de 2 a 8 persones.<\/p>\n<\/div>\n<\/div>\n\n\r\n    <\/div>\r\n<\/section><section id=\"ls-section-block_cc9f93dbb6188494a558add93fb86dd6\" class=\"ls-section  page-two mosaique has-background has-color-4-background-color has-p-t p-t-14 has-p-b p-b-14\" >\r\n        <div class=\"container container--wide\">\r\n        \n\n<div class=\"wp-block-columns is-layout-flex wp-container-core-columns-is-layout-9d6595d7 wp-block-columns-is-layout-flex\">\n<div class=\"wp-block-column is-vertically-aligned-center is-layout-flow wp-block-column-is-layout-flow\">\n<p class=\"ls-paragraph\">Despr\u00e9s de <strong>les vostres visites i dels vostres moments \u00edntims<\/strong> a la vostra \u00e0mplia parcel\u00b7la o al vostre allotjament de luxe, redescobriu <strong>l&#8217;ambient agradable<\/strong> del <a href=\"https:\/\/www.camping-le-calagogo.fr\/ca\/camping-perpinya\/barat\/\" data-type=\"page\" data-id=\"106\">c\u00e0mping econ\u00f2mic de Perpiny\u00e0<\/a> participant a les nostres vetllades tem\u00e0tiques mentre els vostres fills desafien els seus nous amics al futbol\u00ed als jocs de sala.<\/p>\n\n\n\n<p class=\"ls-paragraph\">El nostre hotel a l&#8217;aire lliure tamb\u00e9 ofereix als visitants un ampli ventall de serveis per a una <strong>estada d&#8217;acampada inoblidable a prop de Perpiny\u00e0:<\/strong> lloguer de bicicletes, bugaderia, botigues, Wi-Fi, etc.<\/p>\n<\/div>\n\n\n\n<div class=\"wp-block-column is-vertically-aligned-center is-layout-flow wp-block-column-is-layout-flow\">\n<figure class=\"wp-block-image size-full\"><img decoding=\"async\" width=\"1878\" height=\"1200\" src=\"https:\/\/www.camping-le-calagogo.fr\/wp-content\/uploads\/2023\/12\/location-velo-perpignan.webp\" alt=\"lloguer de bicicletes perpiny&#xE0;\" class=\"wp-image-2629898\" srcset=\"https:\/\/www.camping-le-calagogo.fr\/wp-content\/uploads\/2023\/12\/location-velo-perpignan.webp 1878w, https:\/\/www.camping-le-calagogo.fr\/wp-content\/uploads\/2023\/12\/location-velo-perpignan-300x192.webp 300w, https:\/\/www.camping-le-calagogo.fr\/wp-content\/uploads\/2023\/12\/location-velo-perpignan-1024x654.webp 1024w, https:\/\/www.camping-le-calagogo.fr\/wp-content\/uploads\/2023\/12\/location-velo-perpignan-768x491.webp 768w, https:\/\/www.camping-le-calagogo.fr\/wp-content\/uploads\/2023\/12\/location-velo-perpignan-1536x981.webp 1536w\" sizes=\"(max-width: 1878px) 100vw, 1878px\" \/><\/figure>\n<\/div>\n<\/div>\n\n\r\n    <\/div>\r\n<\/section><section id=\"ls-section-block_d635b4f1afb38c8dedd2b0de37ff5615\" class=\"ls-section \" >\r\n        <div class=\"container container--wide\">\r\n        \n\n<h2 class=\"ls__heading wp-block-heading has-text-align-center\">Lloguer de mobilhome Perpiny\u00e0 al Llenguadoc Rossell\u00f3<\/h2>\n\n\n\n<div id=\"ls-hebergements-block_cd8557e4ffc6c22fc23805081fc02b9f\" class=\"ls-hebergements\" >\n    \n    <div class=\"ls-customizer\">\n\n    <div class=\"ls-customizer__filters\">\n        <div class=\"ls-customizer__filters__close\">\n            <i class=\"fas fa-times\"><\/i>\n        <\/div>\n\n        <div class=\"ls-customizer__filters__title\">\n            <b>Filtres<\/b>\n            <span class=\"ls-customizer__filters__clear\"><i class=\"fas fa-times\"><\/i>\n                Esborra els filtres<\/span>\n        <\/div>\n\n\n                \n        <!-- Filtres ACF fields -->\n        \n                        <!-- Filtre gammes_hebergements -->\n                <div class=\"filter\" id=\"filter-gammes_hebergements\">\n            <div class=\"filter__title\">Intervals<i class=\"fas fa-angle-down\"><\/i><\/div>\n            <fieldset data-filter=\"gammes_hebergements\" data-operator=\"==\"\n                class=\"input\">\n\n                <div><input type=\"radio\" name=\"gammes_hebergements\" id=\"gammes_hebergements-all\"  class=\"checkbox\" \/><label for='gammes_hebergements-all'>Tots<\/label><\/div><div><input type=\"radio\" name=\"gammes_hebergements\" id=\"gammes_hebergements-gamme-plaisir\" value=\"gamme-plaisir\" class=\"checkbox\"  \/><label for='gammes_hebergements-gamme-plaisir'>gamme plaisir<\/label><\/div><div><input type=\"radio\" name=\"gammes_hebergements\" id=\"gammes_hebergements-gamme-prestige\" value=\"gamme-prestige\" class=\"checkbox\"  \/><label for='gammes_hebergements-gamme-prestige'>gamme prestige<\/label><\/div><div><input type=\"radio\" name=\"gammes_hebergements\" id=\"gammes_hebergements-gamme-privilege\" value=\"gamme-privilege\" class=\"checkbox\"  \/><label for='gammes_hebergements-gamme-privilege'>gamme privilege<\/label><\/div>            <\/fieldset>\n        <\/div>\n                        <!-- Filtre nombre_de_personnes -->\n                <div class=\"filter\" id=\"filter-nombre_de_personnes\">\n            <div class=\"filter__title\">Capacitat m\u00e0xima<i class=\"fas fa-angle-down\"><\/i><\/div>\n            <fieldset data-filter=\"nombre_de_personnes\" data-operator=\"<=\"\n                class=\"input\">\n\n                <div><input type=\"radio\" name=\"nombre_de_personnes\" id=\"nombre_de_personnes-all\"  class=\"checkbox\" \/><label for='nombre_de_personnes-all'>Tots<\/label><\/div><div><input type=\"radio\" name=\"nombre_de_personnes\" id=\"nombre_de_personnes-3\" value=\"3\" class=\"checkbox\"  \/><label for='nombre_de_personnes-3'>Fins que 3 pers.<\/label><\/div><div><input type=\"radio\" name=\"nombre_de_personnes\" id=\"nombre_de_personnes-4\" value=\"4\" class=\"checkbox\"  \/><label for='nombre_de_personnes-4'>Fins que 4 pers.<\/label><\/div><div><input type=\"radio\" name=\"nombre_de_personnes\" id=\"nombre_de_personnes-6\" value=\"6\" class=\"checkbox\"  \/><label for='nombre_de_personnes-6'>Fins que 6 pers.<\/label><\/div><div><input type=\"radio\" name=\"nombre_de_personnes\" id=\"nombre_de_personnes-8\" value=\"8\" class=\"checkbox\"  \/><label for='nombre_de_personnes-8'>Fins que 8 pers.<\/label><\/div><div><input type=\"radio\" name=\"nombre_de_personnes\" id=\"nombre_de_personnes-10\" value=\"10\" class=\"checkbox\"  \/><label for='nombre_de_personnes-10'>Fins que 10 pers.<\/label><\/div><div><input type=\"radio\" name=\"nombre_de_personnes\" id=\"nombre_de_personnes-14\" value=\"14\" class=\"checkbox\"  \/><label for='nombre_de_personnes-14'>Fins que 14 pers.<\/label><\/div>            <\/fieldset>\n        <\/div>\n                        <!-- Filtre nombre_de_chambres -->\n                <div class=\"filter\" id=\"filter-nombre_de_chambres\">\n            <div class=\"filter__title\">nombre d&#8217;habitatges<i class=\"fas fa-angle-down\"><\/i><\/div>\n            <fieldset data-filter=\"nombre_de_chambres\" data-operator=\"==\"\n                class=\"input\">\n\n                <div><input type=\"radio\" name=\"nombre_de_chambres\" id=\"nombre_de_chambres-all\"  class=\"checkbox\" \/><label for='nombre_de_chambres-all'>Tots<\/label><\/div><div><input type=\"radio\" name=\"nombre_de_chambres\" id=\"nombre_de_chambres-1\" value=\"1\" class=\"checkbox\"  \/><label for='nombre_de_chambres-1'>1<\/label><\/div><div><input type=\"radio\" name=\"nombre_de_chambres\" id=\"nombre_de_chambres-2\" value=\"2\" class=\"checkbox\"  \/><label for='nombre_de_chambres-2'>2<\/label><\/div><div><input type=\"radio\" name=\"nombre_de_chambres\" id=\"nombre_de_chambres-3\" value=\"3\" class=\"checkbox\"  \/><label for='nombre_de_chambres-3'>3<\/label><\/div><div><input type=\"radio\" name=\"nombre_de_chambres\" id=\"nombre_de_chambres-4\" value=\"4\" class=\"checkbox\"  \/><label for='nombre_de_chambres-4'>4<\/label><\/div>            <\/fieldset>\n        <\/div>\n                \n        \n    <\/div>\n\n<\/div><div class=\"ls-hebergements__results\" data-row=\"3\" data-campings=\"false\" data-types=\"[22]\"><div class=\"ls-hebergement\" data-postid='2847240' data-id-reservation='146117' data-id-site='' data-id1='' data-gammes_hebergements='gamme-prestige' data-nombre_de_personnes='14' data-nombre_de_chambres='' data-type='accommodation-fr mobil-home-fr'>\n\t<a href=\"https:\/\/www.camping-le-calagogo.fr\/ca\/hebergements\/cleopatre-area-3-mh-7-ch-6-salles-deau-climatise-tv\/#primary\" rel=\"noopener\" target=\"_blank\"\n\t\tclass=\"ls-hebergement__link\">\n\t\t<div class=\"ls-hebergement__thumb\">\n\t\t\t\t\t\t<img decoding=\"async\" src=\"https:\/\/www.camping-le-calagogo.fr\/wp-content\/uploads\/2025\/12\/0-1409731-scaled.jpg\" alt=\"CLEOPATRE area &#8211; 3 mh &#8211; 7 ch &#8211; 6 Bathrooms &#8211; Air Conditioning &#8211; TV\" \/>\n\t\t<\/div>\n\t\t\t\t\t\t<div class=\"ls-hebergement__title\">\n\t\t\t<span class=\"ls-hebergement__photos-constructeur\">Photos constructeur<\/span>\n\t\t\t<div class=\"ls-hebergement__gammes\">\n\t\t\t\tgamme prestige\t\t\t<\/div>\n\t\t\tCLEOPATRE area &#8211; 3 mh &#8211; 7 ch &#8211; 6 Bathrooms &#8211; Air Conditioning &#8211; TV\t\t<\/div>\n\n\t\t<div class=\"ls-hebergement__details\">\n\n\t\t\t<div class=\"ls-hebergement__icons\">\n\n\t\t\t\t\t\t\t\t<span class=\"ls-hebergement__icon\">\n\t\t\t\t\t<i class=\"calagogo-family\"><\/i>\n\t\t\t\t\t14\t\t\t\t<\/span>\n\t\t\t\t\n\t\t\t\t\n\t\t\t\t<div class=\"ls-hebergement__infos\">\n\t\t\t\t\t\t\t\t\t\t\t\t\t\t<\/div>\n\t\t\t\t\n\t\t\t<\/div>\n\n\n\t\t<\/div>\n\n\t\t<div class=\"ls-hebergement__disponibilites\">\n\t\t\tDescobreix\t\t<\/div>\n\t\t<div class=\"ls-button in-view animated fadeInUp\" style=\"opacity: 1;\">\n\t\t\t<span>Descobreix<\/span><i class='calagogo-right-arrow'><\/i><\/div>\n\t<\/a>\n<\/div><div class=\"ls-hebergement\" data-postid='2847243' data-id-reservation='146165' data-id-site='' data-id1='' data-gammes_hebergements='gamme-prestige' data-nombre_de_personnes='10' data-nombre_de_chambres='' data-type='accommodation-fr mobil-home-fr'>\n\t<a href=\"https:\/\/www.camping-le-calagogo.fr\/ca\/hebergements\/hera-area-2-mh-5-ch-4-salles-deau-climatise-tv\/#primary\" rel=\"noopener\" target=\"_blank\"\n\t\tclass=\"ls-hebergement__link\">\n\t\t<div class=\"ls-hebergement__thumb\">\n\t\t\t\t\t\t<img decoding=\"async\" src=\"https:\/\/www.camping-le-calagogo.fr\/wp-content\/uploads\/2025\/12\/0-1409738-scaled.jpg\" alt=\"HERA area &#8211; 2 mh &#8211; 5 ch &#8211; 4 Bathrooms &#8211; Air Conditioning &#8211; TV\" \/>\n\t\t<\/div>\n\t\t\t\t\t\t<div class=\"ls-hebergement__title\">\n\t\t\t<span class=\"ls-hebergement__photos-constructeur\">Photos constructeur<\/span>\n\t\t\t<div class=\"ls-hebergement__gammes\">\n\t\t\t\tgamme prestige\t\t\t<\/div>\n\t\t\tHERA area &#8211; 2 mh &#8211; 5 ch &#8211; 4 Bathrooms &#8211; Air Conditioning &#8211; TV\t\t<\/div>\n\n\t\t<div class=\"ls-hebergement__details\">\n\n\t\t\t<div class=\"ls-hebergement__icons\">\n\n\t\t\t\t\t\t\t\t<span class=\"ls-hebergement__icon\">\n\t\t\t\t\t<i class=\"calagogo-family\"><\/i>\n\t\t\t\t\t10\t\t\t\t<\/span>\n\t\t\t\t\n\t\t\t\t\n\t\t\t\t<div class=\"ls-hebergement__infos\">\n\t\t\t\t\t\t\t\t\t\t<span class=\"ls-hebergement__detail\">\n\t\t\t\t\t\t<i class=\"calagogo-area1\"><\/i> 80m\u00b2\n\t\t\t\t\t<\/span>\n\t\t\t\t\t\t\t\t\t\t\t\t\t\t<\/div>\n\t\t\t\t\n\t\t\t<\/div>\n\n\n\t\t<\/div>\n\n\t\t<div class=\"ls-hebergement__disponibilites\">\n\t\t\tDescobreix\t\t<\/div>\n\t\t<div class=\"ls-button in-view animated fadeInUp\" style=\"opacity: 1;\">\n\t\t\t<span>Descobreix<\/span><i class='calagogo-right-arrow'><\/i><\/div>\n\t<\/a>\n<\/div><div class=\"ls-hebergement\" data-postid='2830198' data-id-reservation='97162' data-id-site='' data-id1='' data-gammes_hebergements='gamme-privilege' data-nombre_de_personnes='8' data-nombre_de_chambres='4' data-type='accommodation-fr mobil-home-fr'>\n\t<a href=\"https:\/\/www.camping-le-calagogo.fr\/ca\/hebergements\/mobilhome-maury-aire-condicionat\/#primary\" rel=\"noopener\" target=\"_blank\"\n\t\tclass=\"ls-hebergement__link\">\n\t\t<div class=\"ls-hebergement__thumb\">\n\t\t\t\t\t\t<img decoding=\"async\" src=\"https:\/\/www.camping-le-calagogo.fr\/wp-content\/uploads\/2025\/12\/0-1409728-scaled.jpg\" alt=\"Mobilhome MEDUSA aire condicionat\" \/>\n\t\t<\/div>\n\t\t\t\t\t\t<div class=\"ls-hebergement__title\">\n\t\t\t<span class=\"ls-hebergement__photos-constructeur\">Photos constructeur<\/span>\n\t\t\t<div class=\"ls-hebergement__gammes\">\n\t\t\t\tgamme privilege\t\t\t<\/div>\n\t\t\tMobilhome MEDUSA aire condicionat\t\t<\/div>\n\n\t\t<div class=\"ls-hebergement__details\">\n\n\t\t\t<div class=\"ls-hebergement__icons\">\n\n\t\t\t\t\t\t\t\t<span class=\"ls-hebergement__icon\">\n\t\t\t\t\t<i class=\"calagogo-family\"><\/i>\n\t\t\t\t\t8\t\t\t\t<\/span>\n\t\t\t\t\n\t\t\t\t\n\t\t\t\t<div class=\"ls-hebergement__infos\">\n\t\t\t\t\t\t\t\t\t\t<span class=\"ls-hebergement__detail\">\n\t\t\t\t\t\t<i class=\"calagogo-area1\"><\/i> 40m\u00b2\n\t\t\t\t\t<\/span>\n\t\t\t\t\t\t\t\t\t\t\t\t\t\t\t<span class=\"ls-hebergement__detail\">\n\t\t\t\t\t\t\t\t\t\t\t\t<i class=\"calagogo-door\"><\/i> 4\t\t\t\t\t\tcap.\t\t\t\t\t\t\t\t\t\t\t<\/span>\n\t\t\t\t\t\t\t\t\t<\/div>\n\t\t\t\t\n\t\t\t<\/div>\n\n\n\t\t<\/div>\n\n\t\t<div class=\"ls-hebergement__disponibilites\">\n\t\t\tDescobreix\t\t<\/div>\n\t\t<div class=\"ls-button in-view animated fadeInUp\" style=\"opacity: 1;\">\n\t\t\t<span>Descobreix<\/span><i class='calagogo-right-arrow'><\/i><\/div>\n\t<\/a>\n<\/div><div class=\"ls-hebergement\" data-postid='2830196' data-id-reservation='97161' data-id-site='' data-id1='' data-gammes_hebergements='gamme-privilege' data-nombre_de_personnes='6' data-nombre_de_chambres='3' data-type='accommodation-fr mobil-home-fr'>\n\t<a href=\"https:\/\/www.camping-le-calagogo.fr\/ca\/hebergements\/mobil-home-moscat-3-habitacions-2-banys-aire-condicionat-tv\/#primary\" rel=\"noopener\" target=\"_blank\"\n\t\tclass=\"ls-hebergement__link\">\n\t\t<div class=\"ls-hebergement__thumb\">\n\t\t\t\t\t\t<img decoding=\"async\" src=\"https:\/\/www.camping-le-calagogo.fr\/wp-content\/uploads\/2026\/03\/0-1409726-scaled.jpg\" alt=\"Mobilhome CALISTA aire condicionat\" \/>\n\t\t<\/div>\n\t\t\t\t\t\t<div class=\"ls-hebergement__title\">\n\t\t\t<span class=\"ls-hebergement__photos-constructeur\">Photos constructeur<\/span>\n\t\t\t<div class=\"ls-hebergement__gammes\">\n\t\t\t\tgamme privilege\t\t\t<\/div>\n\t\t\tMobilhome CALISTA aire condicionat\t\t<\/div>\n\n\t\t<div class=\"ls-hebergement__details\">\n\n\t\t\t<div class=\"ls-hebergement__icons\">\n\n\t\t\t\t\t\t\t\t<span class=\"ls-hebergement__icon\">\n\t\t\t\t\t<i class=\"calagogo-family\"><\/i>\n\t\t\t\t\t6\t\t\t\t<\/span>\n\t\t\t\t\n\t\t\t\t\n\t\t\t\t<div class=\"ls-hebergement__infos\">\n\t\t\t\t\t\t\t\t\t\t<span class=\"ls-hebergement__detail\">\n\t\t\t\t\t\t<i class=\"calagogo-area1\"><\/i> 40m\u00b2\n\t\t\t\t\t<\/span>\n\t\t\t\t\t\t\t\t\t\t\t\t\t\t\t<span class=\"ls-hebergement__detail\">\n\t\t\t\t\t\t\t\t\t\t\t\t<i class=\"calagogo-door\"><\/i> 3\t\t\t\t\t\tcap.\t\t\t\t\t\t\t\t\t\t\t<\/span>\n\t\t\t\t\t\t\t\t\t<\/div>\n\t\t\t\t\n\t\t\t<\/div>\n\n\n\t\t<\/div>\n\n\t\t<div class=\"ls-hebergement__disponibilites\">\n\t\t\tDescobreix\t\t<\/div>\n\t\t<div class=\"ls-button in-view animated fadeInUp\" style=\"opacity: 1;\">\n\t\t\t<span>Descobreix<\/span><i class='calagogo-right-arrow'><\/i><\/div>\n\t<\/a>\n<\/div><div class=\"ls-hebergement\" data-postid='2830192' data-id-reservation='97159' data-id-site='' data-id1='' data-gammes_hebergements='gamme-privilege' data-nombre_de_personnes='4' data-nombre_de_chambres='2' data-type='accommodation-fr mobil-home-fr'>\n\t<a href=\"https:\/\/www.camping-le-calagogo.fr\/ca\/hebergements\/mobil-home-banuyls-2-ch-2-salles-deau-climatise-tv\/#primary\" rel=\"noopener\" target=\"_blank\"\n\t\tclass=\"ls-hebergement__link\">\n\t\t<div class=\"ls-hebergement__thumb\">\n\t\t\t\t\t\t<img decoding=\"async\" src=\"https:\/\/www.camping-le-calagogo.fr\/wp-content\/uploads\/2026\/03\/0-1409721-scaled.jpg\" alt=\"Mobilhome VENUSIA aire condicionat\" \/>\n\t\t<\/div>\n\t\t\t\t\t\t<div class=\"ls-hebergement__title\">\n\t\t\t<span class=\"ls-hebergement__photos-constructeur\">Photos constructeur<\/span>\n\t\t\t<div class=\"ls-hebergement__gammes\">\n\t\t\t\tgamme privilege\t\t\t<\/div>\n\t\t\tMobilhome VENUSIA aire condicionat\t\t<\/div>\n\n\t\t<div class=\"ls-hebergement__details\">\n\n\t\t\t<div class=\"ls-hebergement__icons\">\n\n\t\t\t\t\t\t\t\t<span class=\"ls-hebergement__icon\">\n\t\t\t\t\t<i class=\"calagogo-family\"><\/i>\n\t\t\t\t\t4\t\t\t\t<\/span>\n\t\t\t\t\n\t\t\t\t\n\t\t\t\t<div class=\"ls-hebergement__infos\">\n\t\t\t\t\t\t\t\t\t\t<span class=\"ls-hebergement__detail\">\n\t\t\t\t\t\t<i class=\"calagogo-area1\"><\/i> 33m\u00b2\n\t\t\t\t\t<\/span>\n\t\t\t\t\t\t\t\t\t\t\t\t\t\t\t<span class=\"ls-hebergement__detail\">\n\t\t\t\t\t\t\t\t\t\t\t\t<i class=\"calagogo-door\"><\/i> 2\t\t\t\t\t\tcap.\t\t\t\t\t\t\t\t\t\t\t<\/span>\n\t\t\t\t\t\t\t\t\t<\/div>\n\t\t\t\t\n\t\t\t<\/div>\n\n\n\t\t<\/div>\n\n\t\t<div class=\"ls-hebergement__disponibilites\">\n\t\t\tDescobreix\t\t<\/div>\n\t\t<div class=\"ls-button in-view animated fadeInUp\" style=\"opacity: 1;\">\n\t\t\t<span>Descobreix<\/span><i class='calagogo-right-arrow'><\/i><\/div>\n\t<\/a>\n<\/div><div class=\"ls-hebergement\" data-postid='2830193' data-id-reservation='76982' data-id-site='' data-id1='' data-gammes_hebergements='gamme-privilege' data-nombre_de_personnes='4' data-nombre_de_chambres='2' data-type='accommodation-fr mobil-home-fr'>\n\t<a href=\"https:\/\/www.camping-le-calagogo.fr\/ca\/hebergements\/mobilhome-adaptat-per-a-persones-amb-mobilitat-reduida-adapt-pmr\/#primary\" rel=\"noopener\" target=\"_blank\"\n\t\tclass=\"ls-hebergement__link\">\n\t\t<div class=\"ls-hebergement__thumb\">\n\t\t\t\t\t\t<img decoding=\"async\" src=\"https:\/\/www.camping-le-calagogo.fr\/wp-content\/uploads\/2025\/12\/0-1409275-scaled.jpg\" alt=\"Mobilhome Adaptat per a persones amb mobilitat redu\u00efda ADAPT (PMR)\" \/>\n\t\t<\/div>\n\t\t\t\t\t\t<div class=\"ls-hebergement__title\">\n\t\t\t<span class=\"ls-hebergement__photos-constructeur\">Photos constructeur<\/span>\n\t\t\t<div class=\"ls-hebergement__gammes\">\n\t\t\t\tgamme privilege\t\t\t<\/div>\n\t\t\tMobilhome Adaptat per a persones amb mobilitat redu\u00efda ADAPT (PMR)\t\t<\/div>\n\n\t\t<div class=\"ls-hebergement__details\">\n\n\t\t\t<div class=\"ls-hebergement__icons\">\n\n\t\t\t\t\t\t\t\t<span class=\"ls-hebergement__icon\">\n\t\t\t\t\t<i class=\"calagogo-family\"><\/i>\n\t\t\t\t\t4\t\t\t\t<\/span>\n\t\t\t\t\n\t\t\t\t\n\t\t\t\t<div class=\"ls-hebergement__infos\">\n\t\t\t\t\t\t\t\t\t\t<span class=\"ls-hebergement__detail\">\n\t\t\t\t\t\t<i class=\"calagogo-area1\"><\/i> 36m\u00b2\n\t\t\t\t\t<\/span>\n\t\t\t\t\t\t\t\t\t\t\t\t\t\t\t<span class=\"ls-hebergement__detail\">\n\t\t\t\t\t\t\t\t\t\t\t\t<i class=\"calagogo-door\"><\/i> 2\t\t\t\t\t\tcap.\t\t\t\t\t\t\t\t\t\t\t<\/span>\n\t\t\t\t\t\t\t\t\t<\/div>\n\t\t\t\t\n\t\t\t<\/div>\n\n\n\t\t<\/div>\n\n\t\t<div class=\"ls-hebergement__disponibilites\">\n\t\t\tDescobreix\t\t<\/div>\n\t\t<div class=\"ls-button in-view animated fadeInUp\" style=\"opacity: 1;\">\n\t\t\t<span>Descobreix<\/span><i class='calagogo-right-arrow'><\/i><\/div>\n\t<\/a>\n<\/div><div class=\"ls-hebergement\" data-postid='2830194' data-id-reservation='45598' data-id-site='' data-id1='' data-gammes_hebergements='gamme-privilege' data-nombre_de_personnes='6' data-nombre_de_chambres='3' data-type='accommodation-fr mobil-home-fr'>\n\t<a href=\"https:\/\/www.camping-le-calagogo.fr\/ca\/hebergements\/casa-mobil-collioure-3-ch-climatise-tv\/#primary\" rel=\"noopener\" target=\"_blank\"\n\t\tclass=\"ls-hebergement__link\">\n\t\t<div class=\"ls-hebergement__thumb\">\n\t\t\t\t\t\t<img decoding=\"async\" src=\"https:\/\/www.camping-le-calagogo.fr\/wp-content\/uploads\/2025\/12\/0-1409706.jpg\" alt=\"Mobilhome HELIOS &#8211; aire condicionat &#8211; TV\" \/>\n\t\t<\/div>\n\t\t\t\t\t\t<div class=\"ls-hebergement__title\">\n\t\t\t<span class=\"ls-hebergement__photos-constructeur\">Photos constructeur<\/span>\n\t\t\t<div class=\"ls-hebergement__gammes\">\n\t\t\t\tgamme privilege\t\t\t<\/div>\n\t\t\tMobilhome HELIOS &#8211; aire condicionat &#8211; TV\t\t<\/div>\n\n\t\t<div class=\"ls-hebergement__details\">\n\n\t\t\t<div class=\"ls-hebergement__icons\">\n\n\t\t\t\t\t\t\t\t<span class=\"ls-hebergement__icon\">\n\t\t\t\t\t<i class=\"calagogo-family\"><\/i>\n\t\t\t\t\t6\t\t\t\t<\/span>\n\t\t\t\t\n\t\t\t\t\n\t\t\t\t<div class=\"ls-hebergement__infos\">\n\t\t\t\t\t\t\t\t\t\t<span class=\"ls-hebergement__detail\">\n\t\t\t\t\t\t<i class=\"calagogo-area1\"><\/i> 33m\u00b2\n\t\t\t\t\t<\/span>\n\t\t\t\t\t\t\t\t\t\t\t\t\t\t\t<span class=\"ls-hebergement__detail\">\n\t\t\t\t\t\t\t\t\t\t\t\t<i class=\"calagogo-door\"><\/i> 3\t\t\t\t\t\tcap.\t\t\t\t\t\t\t\t\t\t\t<\/span>\n\t\t\t\t\t\t\t\t\t<\/div>\n\t\t\t\t\n\t\t\t<\/div>\n\n\n\t\t<\/div>\n\n\t\t<div class=\"ls-hebergement__disponibilites\">\n\t\t\tDescobreix\t\t<\/div>\n\t\t<div class=\"ls-button in-view animated fadeInUp\" style=\"opacity: 1;\">\n\t\t\t<span>Descobreix<\/span><i class='calagogo-right-arrow'><\/i><\/div>\n\t<\/a>\n<\/div><div class=\"ls-hebergement\" data-postid='2830195' data-id-reservation='62542' data-id-site='' data-id1='' data-gammes_hebergements='gamme-plaisir' data-nombre_de_personnes='6' data-nombre_de_chambres='3' data-type='accommodation-fr mobil-home-fr'>\n\t<a href=\"https:\/\/www.camping-le-calagogo.fr\/ca\/hebergements\/mobil-home-tautavel-3-ch-climatise-tv\/#primary\" rel=\"noopener\" target=\"_blank\"\n\t\tclass=\"ls-hebergement__link\">\n\t\t<div class=\"ls-hebergement__thumb\">\n\t\t\t\t\t\t<img decoding=\"async\" src=\"https:\/\/www.camping-le-calagogo.fr\/wp-content\/uploads\/2025\/12\/0-1409700-scaled.jpg\" alt=\"Mobilhome ISIS &#8211; aire condicionat &#8211; TV\" \/>\n\t\t<\/div>\n\t\t\t\t\t\t<div class=\"ls-hebergement__title\">\n\t\t\t<span class=\"ls-hebergement__photos-constructeur\">Photos constructeur<\/span>\n\t\t\t<div class=\"ls-hebergement__gammes\">\n\t\t\t\tgamme plaisir\t\t\t<\/div>\n\t\t\tMobilhome ISIS &#8211; aire condicionat &#8211; TV\t\t<\/div>\n\n\t\t<div class=\"ls-hebergement__details\">\n\n\t\t\t<div class=\"ls-hebergement__icons\">\n\n\t\t\t\t\t\t\t\t<span class=\"ls-hebergement__icon\">\n\t\t\t\t\t<i class=\"calagogo-family\"><\/i>\n\t\t\t\t\t6\t\t\t\t<\/span>\n\t\t\t\t\n\t\t\t\t\n\t\t\t\t<div class=\"ls-hebergement__infos\">\n\t\t\t\t\t\t\t\t\t\t<span class=\"ls-hebergement__detail\">\n\t\t\t\t\t\t<i class=\"calagogo-area1\"><\/i> 33m\u00b2\n\t\t\t\t\t<\/span>\n\t\t\t\t\t\t\t\t\t\t\t\t\t\t\t<span class=\"ls-hebergement__detail\">\n\t\t\t\t\t\t\t\t\t\t\t\t<i class=\"calagogo-door\"><\/i> 3\t\t\t\t\t\tcap.\t\t\t\t\t\t\t\t\t\t\t<\/span>\n\t\t\t\t\t\t\t\t\t<\/div>\n\t\t\t\t\n\t\t\t<\/div>\n\n\n\t\t<\/div>\n\n\t\t<div class=\"ls-hebergement__disponibilites\">\n\t\t\tDescobreix\t\t<\/div>\n\t\t<div class=\"ls-button in-view animated fadeInUp\" style=\"opacity: 1;\">\n\t\t\t<span>Descobreix<\/span><i class='calagogo-right-arrow'><\/i><\/div>\n\t<\/a>\n<\/div><div class=\"ls-hebergement\" data-postid='2830199' data-id-reservation='45597' data-id-site='' data-id1='' data-gammes_hebergements='gamme-privilege' data-nombre_de_personnes='3' data-nombre_de_chambres='1' data-type='accommodation-fr mobil-home-fr'>\n\t<a href=\"https:\/\/www.camping-le-calagogo.fr\/ca\/hebergements\/mobil-home-rivesaltes-1-ch-climatise-tv\/#primary\" rel=\"noopener\" target=\"_blank\"\n\t\tclass=\"ls-hebergement__link\">\n\t\t<div class=\"ls-hebergement__thumb\">\n\t\t\t\t\t\t<img decoding=\"async\" src=\"https:\/\/www.camping-le-calagogo.fr\/wp-content\/uploads\/2025\/12\/0-1409703-scaled.jpg\" alt=\"Mobilhome CUPIDON &#8211; aire condicionat &#8211; TV\" \/>\n\t\t<\/div>\n\t\t\t\t\t\t<div class=\"ls-hebergement__title\">\n\t\t\t<span class=\"ls-hebergement__photos-constructeur\">Photos constructeur<\/span>\n\t\t\t<div class=\"ls-hebergement__gammes\">\n\t\t\t\tgamme privilege\t\t\t<\/div>\n\t\t\tMobilhome CUPIDON &#8211; aire condicionat &#8211; TV\t\t<\/div>\n\n\t\t<div class=\"ls-hebergement__details\">\n\n\t\t\t<div class=\"ls-hebergement__icons\">\n\n\t\t\t\t\t\t\t\t<span class=\"ls-hebergement__icon\">\n\t\t\t\t\t<i class=\"calagogo-family\"><\/i>\n\t\t\t\t\t3\t\t\t\t<\/span>\n\t\t\t\t\n\t\t\t\t\n\t\t\t\t<div class=\"ls-hebergement__infos\">\n\t\t\t\t\t\t\t\t\t\t<span class=\"ls-hebergement__detail\">\n\t\t\t\t\t\t<i class=\"calagogo-area1\"><\/i> 20m\u00b2\n\t\t\t\t\t<\/span>\n\t\t\t\t\t\t\t\t\t\t\t\t\t\t\t<span class=\"ls-hebergement__detail\">\n\t\t\t\t\t\t\t\t\t\t\t\t<i class=\"calagogo-door\"><\/i> 1\t\t\t\t\t\tcap.\t\t\t\t\t\t\t\t\t\t\t<\/span>\n\t\t\t\t\t\t\t\t\t<\/div>\n\t\t\t\t\n\t\t\t<\/div>\n\n\n\t\t<\/div>\n\n\t\t<div class=\"ls-hebergement__disponibilites\">\n\t\t\tDescobreix\t\t<\/div>\n\t\t<div class=\"ls-button in-view animated fadeInUp\" style=\"opacity: 1;\">\n\t\t\t<span>Descobreix<\/span><i class='calagogo-right-arrow'><\/i><\/div>\n\t<\/a>\n<\/div><div class=\"ls-hebergement\" data-postid='2830186' data-id-reservation='62539' data-id-site='' data-id1='' data-gammes_hebergements='gamme-plaisir' data-nombre_de_personnes='4' data-nombre_de_chambres='2' data-type='accommodation-fr mobil-home-fr'>\n\t<a href=\"https:\/\/www.camping-le-calagogo.fr\/ca\/hebergements\/mobil-home-caramany-2-ch-climatise-tv\/#primary\" rel=\"noopener\" target=\"_blank\"\n\t\tclass=\"ls-hebergement__link\">\n\t\t<div class=\"ls-hebergement__thumb\">\n\t\t\t\t\t\t<img decoding=\"async\" src=\"https:\/\/www.camping-le-calagogo.fr\/wp-content\/uploads\/2025\/12\/0-1409694-scaled.jpg\" alt=\"Mobilhome ATHENA &#8211; aire condicionat &#8211; TV\" \/>\n\t\t<\/div>\n\t\t\t\t\t\t<div class=\"ls-hebergement__title\">\n\t\t\t<span class=\"ls-hebergement__photos-constructeur\">Photos constructeur<\/span>\n\t\t\t<div class=\"ls-hebergement__gammes\">\n\t\t\t\tgamme plaisir\t\t\t<\/div>\n\t\t\tMobilhome ATHENA &#8211; aire condicionat &#8211; TV\t\t<\/div>\n\n\t\t<div class=\"ls-hebergement__details\">\n\n\t\t\t<div class=\"ls-hebergement__icons\">\n\n\t\t\t\t\t\t\t\t<span class=\"ls-hebergement__icon\">\n\t\t\t\t\t<i class=\"calagogo-family\"><\/i>\n\t\t\t\t\t4\t\t\t\t<\/span>\n\t\t\t\t\n\t\t\t\t\n\t\t\t\t<div class=\"ls-hebergement__infos\">\n\t\t\t\t\t\t\t\t\t\t<span class=\"ls-hebergement__detail\">\n\t\t\t\t\t\t<i class=\"calagogo-area1\"><\/i> 33m\u00b2\n\t\t\t\t\t<\/span>\n\t\t\t\t\t\t\t\t\t\t\t\t\t\t\t<span class=\"ls-hebergement__detail\">\n\t\t\t\t\t\t\t\t\t\t\t\t<i class=\"calagogo-door\"><\/i> 2\t\t\t\t\t\tcap.\t\t\t\t\t\t\t\t\t\t\t<\/span>\n\t\t\t\t\t\t\t\t\t<\/div>\n\t\t\t\t\n\t\t\t<\/div>\n\n\n\t\t<\/div>\n\n\t\t<div class=\"ls-hebergement__disponibilites\">\n\t\t\tDescobreix\t\t<\/div>\n\t\t<div class=\"ls-button in-view animated fadeInUp\" style=\"opacity: 1;\">\n\t\t\t<span>Descobreix<\/span><i class='calagogo-right-arrow'><\/i><\/div>\n\t<\/a>\n<\/div><\/div><\/div>\n\n\r\n    <\/div>\r\n<\/section><section id=\"ls-section-block_31827c0c201bcd2e58f413ee953e723b\" class=\"ls-section  section-parallax has-background-image has-parallax has-background has-color-black-background-color has-p-t p-t-30 has-p-b p-b-0\" >\r\n    <div class=\"ls-section__background-image opacity-58\"><img decoding=\"async\" src=\"https:\/\/www.camping-le-calagogo.fr\/wp-content\/uploads\/2023\/12\/location-hebergement-perpignan-1.webp\" alt=\"\"><\/div>    <div class=\"container container--wide\">\r\n        \n\n<div class=\"wp-block-columns has-color-white-background-color has-background is-layout-flex wp-container-core-columns-is-layout-9d6595d7 wp-block-columns-is-layout-flex\">\n<div class=\"wp-block-column is-layout-flow wp-block-column-is-layout-flow\">\n<p class=\"ls-paragraph has-text-align-center\">Llogar una casa m\u00f2bil en un <a href=\"https:\/\/www.camping-le-calagogo.fr\/ca\/\" data-type=\"page\" data-id=\"9\">c\u00e0mping a Saint-Cyprien<\/a> \u00e9s una soluci\u00f3 ideal per descobrir <strong>la cultura catalana<\/strong> . L&#8217;\u00faltima gran ciutat francesa abans de la frontera espanyola, Perpiny\u00e0 \u00e9s una ciutat acollidora plena de <strong>llocs tur\u00edstics i activitats d&#8217;oci<\/strong> . El vostre <a href=\"https:\/\/www.camping-le-calagogo.fr\/ca\/camping-perpinya\/autocaravana-perpinya\/\" data-type=\"page\" data-id=\"82\">lloguer de mobil home de Perpiny\u00e0<\/a> al Llenguadoc-Rossell\u00f3 al c\u00e0mping prop de Perpiny\u00e0 us permet gaudir di\u00e0riament <strong>dels plaers de la platja<\/strong> , per\u00f2 tamb\u00e9 arribar f\u00e0cilment al centre de Perpiny\u00e0, accessible amb cotxe en menys de 25 minuts. Descobreix la nostra gamma d&#8217;ofertes de baix cost per gaudir d&#8217;allotjament amb WIFI al nostre c\u00e0mping durant tot l&#8217;any.<\/p>\n\n\n\n<p class=\"ls-paragraph has-text-align-center\">La destinaci\u00f3 \u00e9s ideal si esteu llogant i busqueu un lloc per sortir als <a href=\"https:\/\/www.camping-le-calagogo.fr\/ca\/turisme-pirineu-oriental\/\" data-type=\"page\" data-id=\"142\">Pirineus Orientals<\/a> : els carrers del nucli antic medieval s\u00f3n animats amb nombrosos bars i restaurants amb terrasses agradables. La ciutat tamb\u00e9 \u00e9s escenari de <strong>nombrosos actes festius:<\/strong> entre les tradicions catalanes m\u00e9s arrelades es troben les festes de Sant Joan i el festival de m\u00fasica Ida i Vuelta. Cinema, escape games, sales d&#8217;espectacles, bitlles i discoteques tamb\u00e9 t&#8217;esperen a <strong>Perpiny\u00e0<\/strong> .<\/p>\n<\/div>\n<\/div>\n\n\r\n    <\/div>\r\n<\/section><section id=\"ls-section-block_0b7c06e3cfeadb95eeafe0ca1a37b38a\" class=\"ls-section  page-one has-p-b p-b-14\" >\r\n        <div class=\"container container--wide\">\r\n        \n\n<div class=\"wp-block-columns is-layout-flex wp-container-core-columns-is-layout-9d6595d7 wp-block-columns-is-layout-flex\">\n<div class=\"wp-block-column is-vertically-aligned-center first is-layout-flow wp-block-column-is-layout-flow\" style=\"flex-basis:66.7%\">\n<figure class=\"wp-block-image size-full\"><img decoding=\"async\" width=\"1733\" height=\"1200\" src=\"https:\/\/www.camping-le-calagogo.fr\/wp-content\/uploads\/2023\/12\/espace-aquatique-camping-perpignan.webp\" alt=\"zona aqu&#xE0;tica c&#xE0;mping perpiny&#xE0;\" class=\"wp-image-2629836\" srcset=\"https:\/\/www.camping-le-calagogo.fr\/wp-content\/uploads\/2023\/12\/espace-aquatique-camping-perpignan.webp 1733w, https:\/\/www.camping-le-calagogo.fr\/wp-content\/uploads\/2023\/12\/espace-aquatique-camping-perpignan-300x208.webp 300w, https:\/\/www.camping-le-calagogo.fr\/wp-content\/uploads\/2023\/12\/espace-aquatique-camping-perpignan-1024x709.webp 1024w, https:\/\/www.camping-le-calagogo.fr\/wp-content\/uploads\/2023\/12\/espace-aquatique-camping-perpignan-768x532.webp 768w, https:\/\/www.camping-le-calagogo.fr\/wp-content\/uploads\/2023\/12\/espace-aquatique-camping-perpignan-1536x1064.webp 1536w\" sizes=\"(max-width: 1733px) 100vw, 1733px\" \/><\/figure>\n<\/div>\n\n\n\n<div class=\"wp-block-column is-vertically-aligned-center second is-layout-flow wp-block-column-is-layout-flow\" style=\"flex-basis:33.3%\">\n<h2 class=\"ls__heading wp-block-heading\">Camping Perpiny\u00e0 amb piscina<\/h2>\n\n\n\n<p class=\"ls-paragraph\">Somies amb descobrir el <a href=\"https:\/\/www.camping-le-calagogo.fr\/ca\/actu-camping-saint-cyprien\/palacio-de-los-reyes-de-mallorca\/\" data-type=\"post\" data-id=\"10850\">palau dels Reis de Mallorca<\/a> , la Loge de Mer, la catedral de Sant Joan Baptista, el convent dels Germans de la Predicaci\u00f3, les fortificacions i els altres <strong>monuments imprescindibles de Perpiny\u00e0?<\/strong><\/p>\n\n\n\n<p class=\"ls-paragraph\">Reserva <strong>ara la teva estada a Cala Gogo<\/strong> , un dels c\u00e0mpings m\u00e9s bonics amb zona aqu\u00e0tica vora el mar situat a nom\u00e9s 20 km de la ciutat catalana!<\/p>\n\n\n\n<p class=\"ls-paragraph addReadMore showlesscontent\">El parc aqu\u00e0tic de 600 m\u00b2  <a href=\"https:\/\/www.camping-le-calagogo.fr\/ca\/\" data-type=\"page\" data-id=\"9\">C\u00e0mping Perpiny\u00e0<\/a>  amb piscina inclosa  <strong>dues grans piscines climatitzades, spa i tobogans climatitzats<\/strong>, ideal per als m\u00e9s prudents i que s&#8217;allotgen en temporada baixa, aix\u00ed com una bonica piscina infantil amb tobogans i jocs aqu\u00e0tics reservats als m\u00e9s petits que vulguin esquitxar-se i divertir-se a l&#8217;aigua amb total seguretat. Aquest ampli espai aqu\u00e0tic dedicat a la nataci\u00f3 i <strong>la relaxaci\u00f3<\/strong> tamb\u00e9 disposa d&#8217;un sol\u00e0rium prop de la cabana i del bar amb palmeres.<\/p>\n\n\n\n<p class=\"ls-paragraph\">Vine a carregar piles <strong>en parella, en fam\u00edlia o amb amics<\/strong> a Cala Gogo prop de <strong>Perpiny\u00e0!<\/strong><\/p>\n\n\n\n<a href=\"https:\/\/www.camping-le-calagogo.fr\/ca\/camping-perpinya\/piscina-perpinya\/\" id=\"ls-button-block_832af134b01f03aed8ad5e71b6cf388f\" target=\"\" rel=\"\" class=\"ls-button alignleft\" ><span>Descobreix la piscina<\/span> <i class='calagogo-right-arrow'><\/i><\/a>\n<\/div>\n<\/div>\n\n\r\n    <\/div>\r\n<\/section><section id=\"ls-section-block_cc9f93dbb6188494a558add93fb86dd6\" class=\"ls-section  page-two mosaique has-background has-color-4-background-color has-p-t p-t-14 has-p-b p-b-14\" >\r\n        <div class=\"container container--wide\">\r\n        \n\n<div class=\"wp-block-columns is-layout-flex wp-container-core-columns-is-layout-9d6595d7 wp-block-columns-is-layout-flex\">\n<div class=\"wp-block-column is-vertically-aligned-center is-layout-flow wp-block-column-is-layout-flow\">\n<h2 class=\"ls__heading wp-block-heading has-text-align-left\">Turisme a Perpiny\u00e0<\/h2>\n\n\n\n<p class=\"ls-paragraph has-text-align-left\">Antiga capital del regne de Mallorca, <strong>Perpiny\u00e0<\/strong> porta per sempre l&#8217;empremta sumptuosa dels sobirans que s&#8217;hi van allotjar: <strong>lloc ineludible de la comarca<\/strong> , el palau dels reis de Mallorca domina la ciutat amb la seva arquitectura d&#8217;influ\u00e8ncia oriental.<\/p>\n\n\n\n<p class=\"ls-paragraph has-text-align-left\">Entre els altres monuments destacables del centre i els afores de Perpiny\u00e0 es troben el Castillet, la p\u00f3lvora, la Loge de Mer, l&#8217;hotel Pams, l&#8217;antic bisbat, el Campo Santo o el convent dels Minimes. Tamb\u00e9 cal admirar <strong>nombroses capelles i esgl\u00e9sies<\/strong> dels segles XIII i XIV. Tamb\u00e9 podeu prendre el temps per descobrir l&#8217;encantador poble de Toulouges proper.<\/p>\n\n\n\n<p class=\"ls-paragraph has-text-align-left\">Molt impressionant per les seves extraordin\u00e0ries dimensions, la <strong>catedral de Saint-Jean-Baptiste<\/strong> no s&#8217;ha de perdre. <a href=\"https:\/\/www.perpignantourisme.com\/\" target=\"_blank\" rel=\"noreferrer noopener\">Perpiny\u00e0<\/a> tamb\u00e9 t\u00e9 museus fascinants, com ara el <a href=\"https:\/\/www.mairie-perpignan.fr\/culture-patrimoine\/culture\/musees\/museum-dhistoire-naturelle\" target=\"_blank\" rel=\"noreferrer noopener\">Museu d&#8217;Hist\u00f2ria Natural<\/a> , el museu de la nina (Bella), el conservatori del patrimoni aeron\u00e0utic i un centre d&#8217;art contemporani.<\/p>\n\n\n\n<p class=\"ls-paragraph has-text-align-left addReadMore showlesscontent\">L&#8217;oficina de turisme de la ciutat ofereix <strong>nombroses caminades tem\u00e0tiques i visites guiades<\/strong> . M\u00e9s tradicional, el <strong>trenet tur\u00edstic<\/strong> tamb\u00e9 et porta a descobrir els <strong>llocs imprescindibles de la ciutat catalana<\/strong> .<\/p>\n\n\n\n<p class=\"ls-paragraph has-text-align-left\"><strong>Anar d&#8217;excursi\u00f3 a Perpiny\u00e0<\/strong> per la Process\u00f3 de Sanch.<\/p>\n<\/div>\n\n\n\n<div class=\"wp-block-column is-vertically-aligned-center is-layout-flow wp-block-column-is-layout-flow\">\n<iframe src=\"https:\/\/www.google.com\/maps\/embed?pb=!1m28!1m12!1m3!1d195625.04931519768!2d2.863684243559259!3d42.67623698740485!2m3!1f0!2f0!3f0!3m2!1i1024!2i768!4f13.1!4m13!3e0!4m5!1s0x12b07c232d050435%3A0xcb342de2280a2e20!2sCamping%20Cala%20Gogo%2C%2004%20Av.%20Armand%20Lanoux%2C%2066750%20Saint-Cyprien!3m2!1d42.5988201!2d3.0397849!4m5!1s0x12b06489347ae3cd%3A0xf794c83f59f94996!2sCanet-en-Roussillon!3m2!1d42.706091!2d3.0098979999999997!5e0!3m2!1sfr!2sfr!4v1701120726691!5m2!1sfr!2sfr\" width=\"100%\" height=\"550\" style=\"border:0;\" allowfullscreen=\"\" loading=\"lazy\" referrerpolicy=\"no-referrer-when-downgrade\"><\/iframe>\n<\/div>\n<\/div>\n\n\r\n    <\/div>\r\n<\/section><section id=\"ls-section-block_1a72f09729d53f4de1095b31e6228752\" class=\"ls-section  page-maillage has-p-b p-b-14\" >\r\n        <div class=\"container container--wide\">\r\n        \n\n<div id=\"ls-heading ls-titre-div-block_d5163e44f1a2c4fddee5d4504e93c7c7\" class=\"ls-titre-div m-left h2-like\" >\n    Perpiny\u00e0<\/br> i els pobles del voltant<\/div>\n\n\n<div id=\"ls-maillage-block_9561ab425c12b2bd66f13aa6f0271730\" class=\"ls-maillage cta-style-normal\" data-rows=\"6\">\n    <div class=\"wp-block-columns  \"><div class=\"wp-block-column\"><div id=\"destinations\" class=\"ls-cta\">\n\n<a href=\"https:\/\/www.camping-le-calagogo.fr\/ca\/camping-argeles-sur-mer\/turisme-argeles-sur-mer\/\" target=\"\" rel=\"noopener\" class=\"ls-cta__link\">\n\n\t<div class=\"ls-cta__image\"><img decoding=\"async\" src=\"https:\/\/www.camping-le-calagogo.fr\/wp-content\/uploads\/2023\/11\/visiter-argeles-sur-mer.webp\" alt=\"\"><\/div>\n\t<div class=\"ls-cta__title\">\n\t\tArgel\u00e8s-sur-Mer\t<\/div>\n\t\n\t\t\n<\/a><\/div><\/div><div class=\"wp-block-column\"><div id=\"destinations\" class=\"ls-cta\">\n\n<a href=\"https:\/\/www.camping-le-calagogo.fr\/ca\/turisme-colliure\/\" target=\"\" rel=\"noopener\" class=\"ls-cta__link\">\n\n\t<div class=\"ls-cta__image\"><img decoding=\"async\" src=\"https:\/\/www.camping-le-calagogo.fr\/wp-content\/uploads\/2023\/12\/tourisme-collioure.webp\" alt=\"\"><\/div>\n\t<div class=\"ls-cta__title\">\n\t\tCotlliure\t<\/div>\n\t\n\t\t\n<\/a><\/div><\/div><div class=\"wp-block-column\"><div id=\"destinations\" class=\"ls-cta\">\n\n<a href=\"https:\/\/www.camping-le-calagogo.fr\/ca\/turisme-port-barcares\/\" target=\"\" rel=\"noopener\" class=\"ls-cta__link\">\n\n\t<div class=\"ls-cta__image\"><img decoding=\"async\" src=\"https:\/\/www.camping-le-calagogo.fr\/wp-content\/uploads\/2023\/11\/visiter-port-barcares.webp\" alt=\"\"><\/div>\n\t<div class=\"ls-cta__title\">\n\t\tPort Barcar\u00e8s\t<\/div>\n\t\n\t\t\n<\/a><\/div><\/div><div class=\"wp-block-column\"><div id=\"destinations\" class=\"ls-cta\">\n\n<a href=\"https:\/\/www.camping-le-calagogo.fr\/ca\/camping-canet-en-rousillon\/\" target=\"\" rel=\"noopener\" class=\"ls-cta__link\">\n\n\t<div class=\"ls-cta__image\"><img decoding=\"async\" src=\"https:\/\/www.camping-le-calagogo.fr\/wp-content\/uploads\/2023\/12\/vacances-canet-en-rousillon.webp\" alt=\"\"><\/div>\n\t<div class=\"ls-cta__title\">\n\t\tCamping a Canet-en-Rousillon\t<\/div>\n\t\n\t\t\n<\/a><\/div><\/div><div class=\"wp-block-column\"><div id=\"destinations\" class=\"ls-cta\">\n\n<a href=\"https:\/\/www.camping-le-calagogo.fr\/ca\/camping-carcassona\/\" target=\"\" rel=\"noopener\" class=\"ls-cta__link\">\n\n\t<div class=\"ls-cta__image\"><img decoding=\"async\" src=\"https:\/\/www.camping-le-calagogo.fr\/wp-content\/uploads\/2023\/12\/sejour-camping-carcassonne.webp\" alt=\"\"><\/div>\n\t<div class=\"ls-cta__title\">\n\t\tCamping Carcasonne\t<\/div>\n\t\n\t\t\n<\/a><\/div><\/div><div class=\"wp-block-column\"><div id=\"destinations\" class=\"ls-cta\">\n\n<a href=\"https:\/\/www.camping-le-calagogo.fr\/ca\/camping-sant-andre\/\" target=\"\" rel=\"noopener\" class=\"ls-cta__link\">\n\n\t<div class=\"ls-cta__image\"><img decoding=\"async\" src=\"https:\/\/www.camping-le-calagogo.fr\/wp-content\/uploads\/2024\/01\/visiter-saint-andre.webp\" alt=\"visitar sant andre\"><\/div>\n\t<div class=\"ls-cta__title\">\n\t\tSant-Andr\u00e9\t<\/div>\n\t\n\t\t\n<\/a><\/div><\/div><\/div><\/div>\n\r\n    <\/div>\r\n<\/section>","protected":false},"excerpt":{"rendered":"","protected":false},"author":1,"featured_media":2708244,"parent":0,"menu_order":0,"comment_status":"closed","ping_status":"closed","template":"","meta":{"_acf_changed":false,"_seopress_robots_primary_cat":"","_seopress_titles_title":"Camping Perpiny\u00e0 5 estrelles | Casa m\u00f2bil i parcel\u00b7la a Perpiny\u00e0 (66)","_seopress_titles_desc":"Busques un c\u00e0mping de 5 estrelles a Perpiny\u00e0? Descobreix Cala-Gogo , un dels c\u00e0mpings costaners m\u00e9s bonics dels Pirineus Orientals!","_seopress_robots_index":"","inline_featured_image":false,"footnotes":""},"sujet":[],"class_list":["post-2708668","page","type-page","status-publish","has-post-thumbnail","hentry"],"acf":[],"_links":{"self":[{"href":"https:\/\/www.camping-le-calagogo.fr\/ca\/wp-json\/wp\/v2\/pages\/2708668","targetHints":{"allow":["GET"]}}],"collection":[{"href":"https:\/\/www.camping-le-calagogo.fr\/ca\/wp-json\/wp\/v2\/pages"}],"about":[{"href":"https:\/\/www.camping-le-calagogo.fr\/ca\/wp-json\/wp\/v2\/types\/page"}],"author":[{"embeddable":true,"href":"https:\/\/www.camping-le-calagogo.fr\/ca\/wp-json\/wp\/v2\/users\/1"}],"replies":[{"embeddable":true,"href":"https:\/\/www.camping-le-calagogo.fr\/ca\/wp-json\/wp\/v2\/comments?post=2708668"}],"version-history":[{"count":17,"href":"https:\/\/www.camping-le-calagogo.fr\/ca\/wp-json\/wp\/v2\/pages\/2708668\/revisions"}],"predecessor-version":[{"id":2835818,"href":"https:\/\/www.camping-le-calagogo.fr\/ca\/wp-json\/wp\/v2\/pages\/2708668\/revisions\/2835818"}],"wp:featuredmedia":[{"embeddable":true,"href":"https:\/\/www.camping-le-calagogo.fr\/ca\/wp-json\/wp\/v2\/media\/2708244"}],"wp:attachment":[{"href":"https:\/\/www.camping-le-calagogo.fr\/ca\/wp-json\/wp\/v2\/media?parent=2708668"}],"wp:term":[{"taxonomy":"sujet","embeddable":true,"href":"https:\/\/www.camping-le-calagogo.fr\/ca\/wp-json\/wp\/v2\/sujet?post=2708668"}],"curies":[{"name":"wp","href":"https:\/\/api.w.org\/{rel}","templated":true}]}}