{"id":2708691,"date":"2023-11-25T03:36:02","date_gmt":"2023-11-25T02:36:02","guid":{"rendered":"https:\/\/www.camping-le-calagogo.fr\/sant-andre\/"},"modified":"2024-03-21T09:00:44","modified_gmt":"2024-03-21T08:00:44","slug":"camping-sant-andre","status":"publish","type":"page","link":"https:\/\/www.camping-le-calagogo.fr\/ca\/camping-sant-andre\/","title":{"rendered":"Sant-Andr\u00e9"},"content":{"rendered":"<section id=\"ls-section-block_dbd0f3a2135303f7baa3d4d8f4b98f9b\" class=\"ls-section  page-chapeau deco has-p-b p-b-4\" >\r\n        <div class=\"container \">\r\n        \n\n<h1 class=\"ls__heading wp-block-heading has-text-align-center\">Camping 5 estrelles<br\/><strong>a Saint-Andr\u00e9<\/strong><\/h1>\n\n\r\n    <\/div>\r\n<\/section><section id=\"ls-section-block_b74d98343dd53932923b14aaba0a7b86\" class=\"ls-section  page-one has-p-t p-t-0 has-p-b p-b-14\" >\r\n        <div class=\"container container--wide\">\r\n        \n\n<div class=\"wp-block-columns is-layout-flex wp-container-core-columns-is-layout-9d6595d7 wp-block-columns-is-layout-flex\">\n<div class=\"wp-block-column is-vertically-aligned-center first is-layout-flow wp-block-column-is-layout-flow\" style=\"flex-basis:66.7%\">\n<iframe src=\"https:\/\/www.google.com\/maps\/embed?pb=!1m28!1m12!1m3!1d195625.04931519768!2d2.863684243559259!3d42.67623698740485!2m3!1f0!2f0!3f0!3m2!1i1024!2i768!4f13.1!4m13!3e0!4m5!1s0x12b07c232d050435%3A0xcb342de2280a2e20!2sCamping%20Cala%20Gogo%2C%2004%20Av.%20Armand%20Lanoux%2C%2066750%20Saint-Cyprien!3m2!1d42.5988201!2d3.0397849!4m5!1s0x12b06489347ae3cd%3A0xf794c83f59f94996!2sCanet-en-Roussillon!3m2!1d42.706091!2d3.0098979999999997!5e0!3m2!1sfr!2sfr!4v1701120726691!5m2!1sfr!2sfr\" width=\"100%\" height=\"550\" style=\"border:0;\" allowfullscreen=\"\" loading=\"lazy\" referrerpolicy=\"no-referrer-when-downgrade\"><\/iframe>\n<\/div>\n\n\n\n<div class=\"wp-block-column is-vertically-aligned-center second is-layout-flow wp-block-column-is-layout-flow\" style=\"flex-basis:33.3%\">\n<p class=\"ls-paragraph\">Situat als peus dels Alb\u00e8res, el <strong>t\u00edpic poble catal\u00e0 de Saint-Andr\u00e9<\/strong> es troba a menys de 15 km del <a href=\"https:\/\/www.camping-le-calagogo.fr\/ca\/\" data-type=\"page\" data-id=\"9\">c\u00e0mping dels Pirineus Orientals<\/a> Le Cala Gogo.<\/p>\n\n\n\n<p class=\"ls-paragraph\">Accessible en <strong>20 minuts amb cotxe<\/strong> , tamb\u00e9 pot ser objecte d&#8217;un bonic passeig en bicicleta: un recorregut m\u00e9s directe, de 12 km, permet arribar <strong>a Saint-Andr\u00e9 pedalant en menys de 40 minuts<\/strong> .<\/p>\n<\/div>\n<\/div>\n\n\r\n    <\/div>\r\n<\/section><section id=\"ls-section-block_b96b091772e9106f08b2bc9d936b1040\" class=\"ls-section  has-background has-color-4-background-color\" >\r\n        <div class=\"container container--wide\">\r\n        \n\n<h2 class=\"ls__heading wp-block-heading has-text-align-center\">Lloguer de mobil home a Saint-Andr\u00e9 al Llenguadoc Rossell\u00f3<\/h2>\n\n\n\n<div id=\"ls-hebergements-block_35893a15173a4a113b02941e36919c68\" class=\"ls-hebergements\" >\n    \n    <div class=\"ls-customizer\">\n\n    <div class=\"ls-customizer__filters\">\n        <div class=\"ls-customizer__filters__close\">\n            <i class=\"fas fa-times\"><\/i>\n        <\/div>\n\n        <div class=\"ls-customizer__filters__title\">\n            <b>Filtres<\/b>\n            <span class=\"ls-customizer__filters__clear\"><i class=\"fas fa-times\"><\/i>\n                Esborra els filtres<\/span>\n        <\/div>\n\n\n                \n        <!-- Filtres ACF fields -->\n        \n                        <!-- Filtre gammes_hebergements -->\n                <div class=\"filter\" id=\"filter-gammes_hebergements\">\n            <div class=\"filter__title\">Intervals<i class=\"fas fa-angle-down\"><\/i><\/div>\n            <fieldset data-filter=\"gammes_hebergements\" data-operator=\"==\"\n                class=\"input\">\n\n                <div><input type=\"radio\" name=\"gammes_hebergements\" id=\"gammes_hebergements-all\"  class=\"checkbox\" \/><label for='gammes_hebergements-all'>Tots<\/label><\/div><div><input type=\"radio\" name=\"gammes_hebergements\" id=\"gammes_hebergements-gamme-plaisir\" value=\"gamme-plaisir\" class=\"checkbox\"  \/><label for='gammes_hebergements-gamme-plaisir'>gamme plaisir<\/label><\/div><div><input type=\"radio\" name=\"gammes_hebergements\" id=\"gammes_hebergements-gamme-prestige\" value=\"gamme-prestige\" class=\"checkbox\"  \/><label for='gammes_hebergements-gamme-prestige'>gamme prestige<\/label><\/div><div><input type=\"radio\" name=\"gammes_hebergements\" id=\"gammes_hebergements-gamme-privilege\" value=\"gamme-privilege\" class=\"checkbox\"  \/><label for='gammes_hebergements-gamme-privilege'>gamme privilege<\/label><\/div>            <\/fieldset>\n        <\/div>\n                        <!-- Filtre nombre_de_personnes -->\n                <div class=\"filter\" id=\"filter-nombre_de_personnes\">\n            <div class=\"filter__title\">Capacitat m\u00e0xima<i class=\"fas fa-angle-down\"><\/i><\/div>\n            <fieldset data-filter=\"nombre_de_personnes\" data-operator=\"<=\"\n                class=\"input\">\n\n                <div><input type=\"radio\" name=\"nombre_de_personnes\" id=\"nombre_de_personnes-all\"  class=\"checkbox\" \/><label for='nombre_de_personnes-all'>Tots<\/label><\/div><div><input type=\"radio\" name=\"nombre_de_personnes\" id=\"nombre_de_personnes-3\" value=\"3\" class=\"checkbox\"  \/><label for='nombre_de_personnes-3'>Fins que 3 pers.<\/label><\/div><div><input type=\"radio\" name=\"nombre_de_personnes\" id=\"nombre_de_personnes-4\" value=\"4\" class=\"checkbox\"  \/><label for='nombre_de_personnes-4'>Fins que 4 pers.<\/label><\/div><div><input type=\"radio\" name=\"nombre_de_personnes\" id=\"nombre_de_personnes-6\" value=\"6\" class=\"checkbox\"  \/><label for='nombre_de_personnes-6'>Fins que 6 pers.<\/label><\/div><div><input type=\"radio\" name=\"nombre_de_personnes\" id=\"nombre_de_personnes-8\" value=\"8\" class=\"checkbox\"  \/><label for='nombre_de_personnes-8'>Fins que 8 pers.<\/label><\/div><div><input type=\"radio\" name=\"nombre_de_personnes\" id=\"nombre_de_personnes-10\" value=\"10\" class=\"checkbox\"  \/><label for='nombre_de_personnes-10'>Fins que 10 pers.<\/label><\/div><div><input type=\"radio\" name=\"nombre_de_personnes\" id=\"nombre_de_personnes-14\" value=\"14\" class=\"checkbox\"  \/><label for='nombre_de_personnes-14'>Fins que 14 pers.<\/label><\/div>            <\/fieldset>\n        <\/div>\n                        <!-- Filtre nombre_de_chambres -->\n                <div class=\"filter\" id=\"filter-nombre_de_chambres\">\n            <div class=\"filter__title\">nombre d&#8217;habitatges<i class=\"fas fa-angle-down\"><\/i><\/div>\n            <fieldset data-filter=\"nombre_de_chambres\" data-operator=\"==\"\n                class=\"input\">\n\n                <div><input type=\"radio\" name=\"nombre_de_chambres\" id=\"nombre_de_chambres-all\"  class=\"checkbox\" \/><label for='nombre_de_chambres-all'>Tots<\/label><\/div><div><input type=\"radio\" name=\"nombre_de_chambres\" id=\"nombre_de_chambres-1\" value=\"1\" class=\"checkbox\"  \/><label for='nombre_de_chambres-1'>1<\/label><\/div><div><input type=\"radio\" name=\"nombre_de_chambres\" id=\"nombre_de_chambres-2\" value=\"2\" class=\"checkbox\"  \/><label for='nombre_de_chambres-2'>2<\/label><\/div><div><input type=\"radio\" name=\"nombre_de_chambres\" id=\"nombre_de_chambres-3\" value=\"3\" class=\"checkbox\"  \/><label for='nombre_de_chambres-3'>3<\/label><\/div><div><input type=\"radio\" name=\"nombre_de_chambres\" id=\"nombre_de_chambres-4\" value=\"4\" class=\"checkbox\"  \/><label for='nombre_de_chambres-4'>4<\/label><\/div>            <\/fieldset>\n        <\/div>\n                \n        \n    <\/div>\n\n<\/div><div class=\"ls-hebergements__results\" data-row=\"3\" data-campings=\"false\" data-types=\"false\"><div class=\"ls-hebergement\" data-postid='2847240' data-id-reservation='146117' data-id-site='' data-id1='' data-gammes_hebergements='gamme-prestige' data-nombre_de_personnes='14' data-nombre_de_chambres='' data-type='accommodation-fr mobil-home-fr'>\n\t<a href=\"https:\/\/www.camping-le-calagogo.fr\/ca\/hebergements\/cleopatre-area-3-mh-7-ch-6-salles-deau-climatise-tv\/#primary\" rel=\"noopener\" target=\"_blank\"\n\t\tclass=\"ls-hebergement__link\">\n\t\t<div class=\"ls-hebergement__thumb\">\n\t\t\t\t\t\t<img decoding=\"async\" src=\"https:\/\/www.camping-le-calagogo.fr\/wp-content\/uploads\/2025\/12\/0-1409731-scaled.jpg\" alt=\"CLEOPATRE area &#8211; 3 mh &#8211; 7 ch &#8211; 6 Bathrooms &#8211; Air Conditioning &#8211; TV\" \/>\n\t\t<\/div>\n\t\t\t\t\t\t<div class=\"ls-hebergement__title\">\n\t\t\t<span class=\"ls-hebergement__photos-constructeur\">Photos constructeur<\/span>\n\t\t\t<div class=\"ls-hebergement__gammes\">\n\t\t\t\tgamme prestige\t\t\t<\/div>\n\t\t\tCLEOPATRE area &#8211; 3 mh &#8211; 7 ch &#8211; 6 Bathrooms &#8211; Air Conditioning &#8211; TV\t\t<\/div>\n\n\t\t<div class=\"ls-hebergement__details\">\n\n\t\t\t<div class=\"ls-hebergement__icons\">\n\n\t\t\t\t\t\t\t\t<span class=\"ls-hebergement__icon\">\n\t\t\t\t\t<i class=\"calagogo-family\"><\/i>\n\t\t\t\t\t14\t\t\t\t<\/span>\n\t\t\t\t\n\t\t\t\t\n\t\t\t\t<div class=\"ls-hebergement__infos\">\n\t\t\t\t\t\t\t\t\t\t\t\t\t\t<\/div>\n\t\t\t\t\n\t\t\t<\/div>\n\n\n\t\t<\/div>\n\n\t\t<div class=\"ls-hebergement__disponibilites\">\n\t\t\tDescobreix\t\t<\/div>\n\t\t<div class=\"ls-button in-view animated fadeInUp\" style=\"opacity: 1;\">\n\t\t\t<span>Descobreix<\/span><i class='calagogo-right-arrow'><\/i><\/div>\n\t<\/a>\n<\/div><div class=\"ls-hebergement\" data-postid='2847243' data-id-reservation='146165' data-id-site='' data-id1='' data-gammes_hebergements='gamme-prestige' data-nombre_de_personnes='10' data-nombre_de_chambres='' data-type='accommodation-fr mobil-home-fr'>\n\t<a href=\"https:\/\/www.camping-le-calagogo.fr\/ca\/hebergements\/hera-area-2-mh-5-ch-4-salles-deau-climatise-tv\/#primary\" rel=\"noopener\" target=\"_blank\"\n\t\tclass=\"ls-hebergement__link\">\n\t\t<div class=\"ls-hebergement__thumb\">\n\t\t\t\t\t\t<img decoding=\"async\" src=\"https:\/\/www.camping-le-calagogo.fr\/wp-content\/uploads\/2025\/12\/0-1409738-scaled.jpg\" alt=\"HERA area &#8211; 2 mh &#8211; 5 ch &#8211; 4 Bathrooms &#8211; Air Conditioning &#8211; TV\" \/>\n\t\t<\/div>\n\t\t\t\t\t\t<div class=\"ls-hebergement__title\">\n\t\t\t<span class=\"ls-hebergement__photos-constructeur\">Photos constructeur<\/span>\n\t\t\t<div class=\"ls-hebergement__gammes\">\n\t\t\t\tgamme prestige\t\t\t<\/div>\n\t\t\tHERA area &#8211; 2 mh &#8211; 5 ch &#8211; 4 Bathrooms &#8211; Air Conditioning &#8211; TV\t\t<\/div>\n\n\t\t<div class=\"ls-hebergement__details\">\n\n\t\t\t<div class=\"ls-hebergement__icons\">\n\n\t\t\t\t\t\t\t\t<span class=\"ls-hebergement__icon\">\n\t\t\t\t\t<i class=\"calagogo-family\"><\/i>\n\t\t\t\t\t10\t\t\t\t<\/span>\n\t\t\t\t\n\t\t\t\t\n\t\t\t\t<div class=\"ls-hebergement__infos\">\n\t\t\t\t\t\t\t\t\t\t<span class=\"ls-hebergement__detail\">\n\t\t\t\t\t\t<i class=\"calagogo-area1\"><\/i> 80m\u00b2\n\t\t\t\t\t<\/span>\n\t\t\t\t\t\t\t\t\t\t\t\t\t\t<\/div>\n\t\t\t\t\n\t\t\t<\/div>\n\n\n\t\t<\/div>\n\n\t\t<div class=\"ls-hebergement__disponibilites\">\n\t\t\tDescobreix\t\t<\/div>\n\t\t<div class=\"ls-button in-view animated fadeInUp\" style=\"opacity: 1;\">\n\t\t\t<span>Descobreix<\/span><i class='calagogo-right-arrow'><\/i><\/div>\n\t<\/a>\n<\/div><div class=\"ls-hebergement\" data-postid='2830198' data-id-reservation='97162' data-id-site='' data-id1='' data-gammes_hebergements='gamme-privilege' data-nombre_de_personnes='8' data-nombre_de_chambres='4' data-type='accommodation-fr mobil-home-fr'>\n\t<a href=\"https:\/\/www.camping-le-calagogo.fr\/ca\/hebergements\/mobilhome-maury-aire-condicionat\/#primary\" rel=\"noopener\" target=\"_blank\"\n\t\tclass=\"ls-hebergement__link\">\n\t\t<div class=\"ls-hebergement__thumb\">\n\t\t\t\t\t\t<img decoding=\"async\" src=\"https:\/\/www.camping-le-calagogo.fr\/wp-content\/uploads\/2025\/12\/0-1409728-scaled.jpg\" alt=\"Mobilhome MEDUSA aire condicionat\" \/>\n\t\t<\/div>\n\t\t\t\t\t\t<div class=\"ls-hebergement__title\">\n\t\t\t<span class=\"ls-hebergement__photos-constructeur\">Photos constructeur<\/span>\n\t\t\t<div class=\"ls-hebergement__gammes\">\n\t\t\t\tgamme privilege\t\t\t<\/div>\n\t\t\tMobilhome MEDUSA aire condicionat\t\t<\/div>\n\n\t\t<div class=\"ls-hebergement__details\">\n\n\t\t\t<div class=\"ls-hebergement__icons\">\n\n\t\t\t\t\t\t\t\t<span class=\"ls-hebergement__icon\">\n\t\t\t\t\t<i class=\"calagogo-family\"><\/i>\n\t\t\t\t\t8\t\t\t\t<\/span>\n\t\t\t\t\n\t\t\t\t\n\t\t\t\t<div class=\"ls-hebergement__infos\">\n\t\t\t\t\t\t\t\t\t\t<span class=\"ls-hebergement__detail\">\n\t\t\t\t\t\t<i class=\"calagogo-area1\"><\/i> 40m\u00b2\n\t\t\t\t\t<\/span>\n\t\t\t\t\t\t\t\t\t\t\t\t\t\t\t<span class=\"ls-hebergement__detail\">\n\t\t\t\t\t\t\t\t\t\t\t\t<i class=\"calagogo-door\"><\/i> 4\t\t\t\t\t\tcap.\t\t\t\t\t\t\t\t\t\t\t<\/span>\n\t\t\t\t\t\t\t\t\t<\/div>\n\t\t\t\t\n\t\t\t<\/div>\n\n\n\t\t<\/div>\n\n\t\t<div class=\"ls-hebergement__disponibilites\">\n\t\t\tDescobreix\t\t<\/div>\n\t\t<div class=\"ls-button in-view animated fadeInUp\" style=\"opacity: 1;\">\n\t\t\t<span>Descobreix<\/span><i class='calagogo-right-arrow'><\/i><\/div>\n\t<\/a>\n<\/div><div class=\"ls-hebergement\" data-postid='2830196' data-id-reservation='97161' data-id-site='' data-id1='' data-gammes_hebergements='gamme-privilege' data-nombre_de_personnes='6' data-nombre_de_chambres='3' data-type='accommodation-fr mobil-home-fr'>\n\t<a href=\"https:\/\/www.camping-le-calagogo.fr\/ca\/hebergements\/mobil-home-moscat-3-habitacions-2-banys-aire-condicionat-tv\/#primary\" rel=\"noopener\" target=\"_blank\"\n\t\tclass=\"ls-hebergement__link\">\n\t\t<div class=\"ls-hebergement__thumb\">\n\t\t\t\t\t\t<img decoding=\"async\" src=\"https:\/\/www.camping-le-calagogo.fr\/wp-content\/uploads\/2026\/03\/0-1409726-scaled.jpg\" alt=\"Mobilhome CALISTA aire condicionat\" \/>\n\t\t<\/div>\n\t\t\t\t\t\t<div class=\"ls-hebergement__title\">\n\t\t\t<span class=\"ls-hebergement__photos-constructeur\">Photos constructeur<\/span>\n\t\t\t<div class=\"ls-hebergement__gammes\">\n\t\t\t\tgamme privilege\t\t\t<\/div>\n\t\t\tMobilhome CALISTA aire condicionat\t\t<\/div>\n\n\t\t<div class=\"ls-hebergement__details\">\n\n\t\t\t<div class=\"ls-hebergement__icons\">\n\n\t\t\t\t\t\t\t\t<span class=\"ls-hebergement__icon\">\n\t\t\t\t\t<i class=\"calagogo-family\"><\/i>\n\t\t\t\t\t6\t\t\t\t<\/span>\n\t\t\t\t\n\t\t\t\t\n\t\t\t\t<div class=\"ls-hebergement__infos\">\n\t\t\t\t\t\t\t\t\t\t<span class=\"ls-hebergement__detail\">\n\t\t\t\t\t\t<i class=\"calagogo-area1\"><\/i> 40m\u00b2\n\t\t\t\t\t<\/span>\n\t\t\t\t\t\t\t\t\t\t\t\t\t\t\t<span class=\"ls-hebergement__detail\">\n\t\t\t\t\t\t\t\t\t\t\t\t<i class=\"calagogo-door\"><\/i> 3\t\t\t\t\t\tcap.\t\t\t\t\t\t\t\t\t\t\t<\/span>\n\t\t\t\t\t\t\t\t\t<\/div>\n\t\t\t\t\n\t\t\t<\/div>\n\n\n\t\t<\/div>\n\n\t\t<div class=\"ls-hebergement__disponibilites\">\n\t\t\tDescobreix\t\t<\/div>\n\t\t<div class=\"ls-button in-view animated fadeInUp\" style=\"opacity: 1;\">\n\t\t\t<span>Descobreix<\/span><i class='calagogo-right-arrow'><\/i><\/div>\n\t<\/a>\n<\/div><div class=\"ls-hebergement\" data-postid='2830189' data-id-reservation='40480' data-id-site='' data-id1='' data-gammes_hebergements='' data-nombre_de_personnes='6' data-nombre_de_chambres='' data-type='pitch-fr'>\n\t<a href=\"https:\/\/www.camping-le-calagogo.fr\/ca\/hebergements\/pack-confort-parcella-1-cotxe-electricitat-10a-connexio-aigua-calenta-desguas\/#primary\" rel=\"noopener\" target=\"_blank\"\n\t\tclass=\"ls-hebergement__link\">\n\t\t<div class=\"ls-hebergement__thumb\">\n\t\t\t\t\t\t<img decoding=\"async\" src=\"https:\/\/www.camping-le-calagogo.fr\/wp-content\/uploads\/2025\/12\/0-1409269-scaled.jpg\" alt=\"Pack CONFORT  : Parcel\u2022la + 1 cotxe + electricitat 10A + Connexi\u00f3 aigua calenta \/ desgu\u00e0s\" \/>\n\t\t<\/div>\n\t\t\t\t<div class=\"ls-hebergement__title\">\n\t\t\t<span class=\"ls-hebergement__photos-constructeur\">Photos constructeur<\/span>\n\t\t\t<div class=\"ls-hebergement__gammes\">\n\t\t\t\t\t\t\t<\/div>\n\t\t\tPack CONFORT  : Parcel\u2022la + 1 cotxe + electricitat 10A + Connexi\u00f3 aigua calenta \/ desgu\u00e0s\t\t<\/div>\n\n\t\t<div class=\"ls-hebergement__details\">\n\n\t\t\t<div class=\"ls-hebergement__icons\">\n\n\t\t\t\t\t\t\t\t<span class=\"ls-hebergement__icon\">\n\t\t\t\t\t<i class=\"calagogo-family\"><\/i>\n\t\t\t\t\t6\t\t\t\t<\/span>\n\t\t\t\t\n\t\t\t\t\n\t\t\t\t<div class=\"ls-hebergement__infos\">\n\t\t\t\t\t\t\t\t\t\t\t\t\t\t<\/div>\n\t\t\t\t\n\t\t\t<\/div>\n\n\n\t\t<\/div>\n\n\t\t<div class=\"ls-hebergement__disponibilites\">\n\t\t\tDescobreix\t\t<\/div>\n\t\t<div class=\"ls-button in-view animated fadeInUp\" style=\"opacity: 1;\">\n\t\t\t<span>Descobreix<\/span><i class='calagogo-right-arrow'><\/i><\/div>\n\t<\/a>\n<\/div><div class=\"ls-hebergement\" data-postid='2830192' data-id-reservation='97159' data-id-site='' data-id1='' data-gammes_hebergements='gamme-privilege' data-nombre_de_personnes='4' data-nombre_de_chambres='2' data-type='accommodation-fr mobil-home-fr'>\n\t<a href=\"https:\/\/www.camping-le-calagogo.fr\/ca\/hebergements\/mobil-home-banuyls-2-ch-2-salles-deau-climatise-tv\/#primary\" rel=\"noopener\" target=\"_blank\"\n\t\tclass=\"ls-hebergement__link\">\n\t\t<div class=\"ls-hebergement__thumb\">\n\t\t\t\t\t\t<img decoding=\"async\" src=\"https:\/\/www.camping-le-calagogo.fr\/wp-content\/uploads\/2026\/03\/0-1409721-scaled.jpg\" alt=\"Mobilhome VENUSIA aire condicionat\" \/>\n\t\t<\/div>\n\t\t\t\t\t\t<div class=\"ls-hebergement__title\">\n\t\t\t<span class=\"ls-hebergement__photos-constructeur\">Photos constructeur<\/span>\n\t\t\t<div class=\"ls-hebergement__gammes\">\n\t\t\t\tgamme privilege\t\t\t<\/div>\n\t\t\tMobilhome VENUSIA aire condicionat\t\t<\/div>\n\n\t\t<div class=\"ls-hebergement__details\">\n\n\t\t\t<div class=\"ls-hebergement__icons\">\n\n\t\t\t\t\t\t\t\t<span class=\"ls-hebergement__icon\">\n\t\t\t\t\t<i class=\"calagogo-family\"><\/i>\n\t\t\t\t\t4\t\t\t\t<\/span>\n\t\t\t\t\n\t\t\t\t\n\t\t\t\t<div class=\"ls-hebergement__infos\">\n\t\t\t\t\t\t\t\t\t\t<span class=\"ls-hebergement__detail\">\n\t\t\t\t\t\t<i class=\"calagogo-area1\"><\/i> 33m\u00b2\n\t\t\t\t\t<\/span>\n\t\t\t\t\t\t\t\t\t\t\t\t\t\t\t<span class=\"ls-hebergement__detail\">\n\t\t\t\t\t\t\t\t\t\t\t\t<i class=\"calagogo-door\"><\/i> 2\t\t\t\t\t\tcap.\t\t\t\t\t\t\t\t\t\t\t<\/span>\n\t\t\t\t\t\t\t\t\t<\/div>\n\t\t\t\t\n\t\t\t<\/div>\n\n\n\t\t<\/div>\n\n\t\t<div class=\"ls-hebergement__disponibilites\">\n\t\t\tDescobreix\t\t<\/div>\n\t\t<div class=\"ls-button in-view animated fadeInUp\" style=\"opacity: 1;\">\n\t\t\t<span>Descobreix<\/span><i class='calagogo-right-arrow'><\/i><\/div>\n\t<\/a>\n<\/div><div class=\"ls-hebergement\" data-postid='2830193' data-id-reservation='76982' data-id-site='' data-id1='' data-gammes_hebergements='gamme-privilege' data-nombre_de_personnes='4' data-nombre_de_chambres='2' data-type='accommodation-fr mobil-home-fr'>\n\t<a href=\"https:\/\/www.camping-le-calagogo.fr\/ca\/hebergements\/mobilhome-adaptat-per-a-persones-amb-mobilitat-reduida-adapt-pmr\/#primary\" rel=\"noopener\" target=\"_blank\"\n\t\tclass=\"ls-hebergement__link\">\n\t\t<div class=\"ls-hebergement__thumb\">\n\t\t\t\t\t\t<img decoding=\"async\" src=\"https:\/\/www.camping-le-calagogo.fr\/wp-content\/uploads\/2025\/12\/0-1409275-scaled.jpg\" alt=\"Mobilhome Adaptat per a persones amb mobilitat redu\u00efda ADAPT (PMR)\" \/>\n\t\t<\/div>\n\t\t\t\t\t\t<div class=\"ls-hebergement__title\">\n\t\t\t<span class=\"ls-hebergement__photos-constructeur\">Photos constructeur<\/span>\n\t\t\t<div class=\"ls-hebergement__gammes\">\n\t\t\t\tgamme privilege\t\t\t<\/div>\n\t\t\tMobilhome Adaptat per a persones amb mobilitat redu\u00efda ADAPT (PMR)\t\t<\/div>\n\n\t\t<div class=\"ls-hebergement__details\">\n\n\t\t\t<div class=\"ls-hebergement__icons\">\n\n\t\t\t\t\t\t\t\t<span class=\"ls-hebergement__icon\">\n\t\t\t\t\t<i class=\"calagogo-family\"><\/i>\n\t\t\t\t\t4\t\t\t\t<\/span>\n\t\t\t\t\n\t\t\t\t\n\t\t\t\t<div class=\"ls-hebergement__infos\">\n\t\t\t\t\t\t\t\t\t\t<span class=\"ls-hebergement__detail\">\n\t\t\t\t\t\t<i class=\"calagogo-area1\"><\/i> 36m\u00b2\n\t\t\t\t\t<\/span>\n\t\t\t\t\t\t\t\t\t\t\t\t\t\t\t<span class=\"ls-hebergement__detail\">\n\t\t\t\t\t\t\t\t\t\t\t\t<i class=\"calagogo-door\"><\/i> 2\t\t\t\t\t\tcap.\t\t\t\t\t\t\t\t\t\t\t<\/span>\n\t\t\t\t\t\t\t\t\t<\/div>\n\t\t\t\t\n\t\t\t<\/div>\n\n\n\t\t<\/div>\n\n\t\t<div class=\"ls-hebergement__disponibilites\">\n\t\t\tDescobreix\t\t<\/div>\n\t\t<div class=\"ls-button in-view animated fadeInUp\" style=\"opacity: 1;\">\n\t\t\t<span>Descobreix<\/span><i class='calagogo-right-arrow'><\/i><\/div>\n\t<\/a>\n<\/div><div class=\"ls-hebergement\" data-postid='2830194' data-id-reservation='45598' data-id-site='' data-id1='' data-gammes_hebergements='gamme-privilege' data-nombre_de_personnes='6' data-nombre_de_chambres='3' data-type='accommodation-fr mobil-home-fr'>\n\t<a href=\"https:\/\/www.camping-le-calagogo.fr\/ca\/hebergements\/casa-mobil-collioure-3-ch-climatise-tv\/#primary\" rel=\"noopener\" target=\"_blank\"\n\t\tclass=\"ls-hebergement__link\">\n\t\t<div class=\"ls-hebergement__thumb\">\n\t\t\t\t\t\t<img decoding=\"async\" src=\"https:\/\/www.camping-le-calagogo.fr\/wp-content\/uploads\/2025\/12\/0-1409706.jpg\" alt=\"Mobilhome HELIOS &#8211; aire condicionat &#8211; TV\" \/>\n\t\t<\/div>\n\t\t\t\t\t\t<div class=\"ls-hebergement__title\">\n\t\t\t<span class=\"ls-hebergement__photos-constructeur\">Photos constructeur<\/span>\n\t\t\t<div class=\"ls-hebergement__gammes\">\n\t\t\t\tgamme privilege\t\t\t<\/div>\n\t\t\tMobilhome HELIOS &#8211; aire condicionat &#8211; TV\t\t<\/div>\n\n\t\t<div class=\"ls-hebergement__details\">\n\n\t\t\t<div class=\"ls-hebergement__icons\">\n\n\t\t\t\t\t\t\t\t<span class=\"ls-hebergement__icon\">\n\t\t\t\t\t<i class=\"calagogo-family\"><\/i>\n\t\t\t\t\t6\t\t\t\t<\/span>\n\t\t\t\t\n\t\t\t\t\n\t\t\t\t<div class=\"ls-hebergement__infos\">\n\t\t\t\t\t\t\t\t\t\t<span class=\"ls-hebergement__detail\">\n\t\t\t\t\t\t<i class=\"calagogo-area1\"><\/i> 33m\u00b2\n\t\t\t\t\t<\/span>\n\t\t\t\t\t\t\t\t\t\t\t\t\t\t\t<span class=\"ls-hebergement__detail\">\n\t\t\t\t\t\t\t\t\t\t\t\t<i class=\"calagogo-door\"><\/i> 3\t\t\t\t\t\tcap.\t\t\t\t\t\t\t\t\t\t\t<\/span>\n\t\t\t\t\t\t\t\t\t<\/div>\n\t\t\t\t\n\t\t\t<\/div>\n\n\n\t\t<\/div>\n\n\t\t<div class=\"ls-hebergement__disponibilites\">\n\t\t\tDescobreix\t\t<\/div>\n\t\t<div class=\"ls-button in-view animated fadeInUp\" style=\"opacity: 1;\">\n\t\t\t<span>Descobreix<\/span><i class='calagogo-right-arrow'><\/i><\/div>\n\t<\/a>\n<\/div><div class=\"ls-hebergement\" data-postid='2830195' data-id-reservation='62542' data-id-site='' data-id1='' data-gammes_hebergements='gamme-plaisir' data-nombre_de_personnes='6' data-nombre_de_chambres='3' data-type='accommodation-fr mobil-home-fr'>\n\t<a href=\"https:\/\/www.camping-le-calagogo.fr\/ca\/hebergements\/mobil-home-tautavel-3-ch-climatise-tv\/#primary\" rel=\"noopener\" target=\"_blank\"\n\t\tclass=\"ls-hebergement__link\">\n\t\t<div class=\"ls-hebergement__thumb\">\n\t\t\t\t\t\t<img decoding=\"async\" src=\"https:\/\/www.camping-le-calagogo.fr\/wp-content\/uploads\/2025\/12\/0-1409700-scaled.jpg\" alt=\"Mobilhome ISIS &#8211; aire condicionat &#8211; TV\" \/>\n\t\t<\/div>\n\t\t\t\t\t\t<div class=\"ls-hebergement__title\">\n\t\t\t<span class=\"ls-hebergement__photos-constructeur\">Photos constructeur<\/span>\n\t\t\t<div class=\"ls-hebergement__gammes\">\n\t\t\t\tgamme plaisir\t\t\t<\/div>\n\t\t\tMobilhome ISIS &#8211; aire condicionat &#8211; TV\t\t<\/div>\n\n\t\t<div class=\"ls-hebergement__details\">\n\n\t\t\t<div class=\"ls-hebergement__icons\">\n\n\t\t\t\t\t\t\t\t<span class=\"ls-hebergement__icon\">\n\t\t\t\t\t<i class=\"calagogo-family\"><\/i>\n\t\t\t\t\t6\t\t\t\t<\/span>\n\t\t\t\t\n\t\t\t\t\n\t\t\t\t<div class=\"ls-hebergement__infos\">\n\t\t\t\t\t\t\t\t\t\t<span class=\"ls-hebergement__detail\">\n\t\t\t\t\t\t<i class=\"calagogo-area1\"><\/i> 33m\u00b2\n\t\t\t\t\t<\/span>\n\t\t\t\t\t\t\t\t\t\t\t\t\t\t\t<span class=\"ls-hebergement__detail\">\n\t\t\t\t\t\t\t\t\t\t\t\t<i class=\"calagogo-door\"><\/i> 3\t\t\t\t\t\tcap.\t\t\t\t\t\t\t\t\t\t\t<\/span>\n\t\t\t\t\t\t\t\t\t<\/div>\n\t\t\t\t\n\t\t\t<\/div>\n\n\n\t\t<\/div>\n\n\t\t<div class=\"ls-hebergement__disponibilites\">\n\t\t\tDescobreix\t\t<\/div>\n\t\t<div class=\"ls-button in-view animated fadeInUp\" style=\"opacity: 1;\">\n\t\t\t<span>Descobreix<\/span><i class='calagogo-right-arrow'><\/i><\/div>\n\t<\/a>\n<\/div><div class=\"ls-hebergement\" data-postid='2830199' data-id-reservation='45597' data-id-site='' data-id1='' data-gammes_hebergements='gamme-privilege' data-nombre_de_personnes='3' data-nombre_de_chambres='1' data-type='accommodation-fr mobil-home-fr'>\n\t<a href=\"https:\/\/www.camping-le-calagogo.fr\/ca\/hebergements\/mobil-home-rivesaltes-1-ch-climatise-tv\/#primary\" rel=\"noopener\" target=\"_blank\"\n\t\tclass=\"ls-hebergement__link\">\n\t\t<div class=\"ls-hebergement__thumb\">\n\t\t\t\t\t\t<img decoding=\"async\" src=\"https:\/\/www.camping-le-calagogo.fr\/wp-content\/uploads\/2025\/12\/0-1409703-scaled.jpg\" alt=\"Mobilhome CUPIDON &#8211; aire condicionat &#8211; TV\" \/>\n\t\t<\/div>\n\t\t\t\t\t\t<div class=\"ls-hebergement__title\">\n\t\t\t<span class=\"ls-hebergement__photos-constructeur\">Photos constructeur<\/span>\n\t\t\t<div class=\"ls-hebergement__gammes\">\n\t\t\t\tgamme privilege\t\t\t<\/div>\n\t\t\tMobilhome CUPIDON &#8211; aire condicionat &#8211; TV\t\t<\/div>\n\n\t\t<div class=\"ls-hebergement__details\">\n\n\t\t\t<div class=\"ls-hebergement__icons\">\n\n\t\t\t\t\t\t\t\t<span class=\"ls-hebergement__icon\">\n\t\t\t\t\t<i class=\"calagogo-family\"><\/i>\n\t\t\t\t\t3\t\t\t\t<\/span>\n\t\t\t\t\n\t\t\t\t\n\t\t\t\t<div class=\"ls-hebergement__infos\">\n\t\t\t\t\t\t\t\t\t\t<span class=\"ls-hebergement__detail\">\n\t\t\t\t\t\t<i class=\"calagogo-area1\"><\/i> 20m\u00b2\n\t\t\t\t\t<\/span>\n\t\t\t\t\t\t\t\t\t\t\t\t\t\t\t<span class=\"ls-hebergement__detail\">\n\t\t\t\t\t\t\t\t\t\t\t\t<i class=\"calagogo-door\"><\/i> 1\t\t\t\t\t\tcap.\t\t\t\t\t\t\t\t\t\t\t<\/span>\n\t\t\t\t\t\t\t\t\t<\/div>\n\t\t\t\t\n\t\t\t<\/div>\n\n\n\t\t<\/div>\n\n\t\t<div class=\"ls-hebergement__disponibilites\">\n\t\t\tDescobreix\t\t<\/div>\n\t\t<div class=\"ls-button in-view animated fadeInUp\" style=\"opacity: 1;\">\n\t\t\t<span>Descobreix<\/span><i class='calagogo-right-arrow'><\/i><\/div>\n\t<\/a>\n<\/div><div class=\"ls-hebergement\" data-postid='2830182' data-id-reservation='125289' data-id-site='' data-id1='' data-gammes_hebergements='' data-nombre_de_personnes='6' data-nombre_de_chambres='' data-type='pitch-fr'>\n\t<a href=\"https:\/\/www.camping-le-calagogo.fr\/ca\/hebergements\/parcella-amb-lavabo\/#primary\" rel=\"noopener\" target=\"_blank\"\n\t\tclass=\"ls-hebergement__link\">\n\t\t<div class=\"ls-hebergement__thumb\">\n\t\t\t\t\t\t<img decoding=\"async\" src=\"https:\/\/www.camping-le-calagogo.fr\/wp-content\/uploads\/2025\/12\/0-1409271-scaled.jpg\" alt=\"Parcel\u00b7la amb lavabo\" \/>\n\t\t<\/div>\n\t\t\t\t<div class=\"ls-hebergement__title\">\n\t\t\t<span class=\"ls-hebergement__photos-constructeur\">Photos constructeur<\/span>\n\t\t\t<div class=\"ls-hebergement__gammes\">\n\t\t\t\t\t\t\t<\/div>\n\t\t\tParcel\u00b7la amb lavabo\t\t<\/div>\n\n\t\t<div class=\"ls-hebergement__details\">\n\n\t\t\t<div class=\"ls-hebergement__icons\">\n\n\t\t\t\t\t\t\t\t<span class=\"ls-hebergement__icon\">\n\t\t\t\t\t<i class=\"calagogo-family\"><\/i>\n\t\t\t\t\t6\t\t\t\t<\/span>\n\t\t\t\t\n\t\t\t\t\n\t\t\t\t<div class=\"ls-hebergement__infos\">\n\t\t\t\t\t\t\t\t\t\t\t\t\t\t<\/div>\n\t\t\t\t\n\t\t\t<\/div>\n\n\n\t\t<\/div>\n\n\t\t<div class=\"ls-hebergement__disponibilites\">\n\t\t\tDescobreix\t\t<\/div>\n\t\t<div class=\"ls-button in-view animated fadeInUp\" style=\"opacity: 1;\">\n\t\t\t<span>Descobreix<\/span><i class='calagogo-right-arrow'><\/i><\/div>\n\t<\/a>\n<\/div><div class=\"ls-hebergement\" data-postid='2830186' data-id-reservation='62539' data-id-site='' data-id1='' data-gammes_hebergements='gamme-plaisir' data-nombre_de_personnes='4' data-nombre_de_chambres='2' data-type='accommodation-fr mobil-home-fr'>\n\t<a href=\"https:\/\/www.camping-le-calagogo.fr\/ca\/hebergements\/mobil-home-caramany-2-ch-climatise-tv\/#primary\" rel=\"noopener\" target=\"_blank\"\n\t\tclass=\"ls-hebergement__link\">\n\t\t<div class=\"ls-hebergement__thumb\">\n\t\t\t\t\t\t<img decoding=\"async\" src=\"https:\/\/www.camping-le-calagogo.fr\/wp-content\/uploads\/2025\/12\/0-1409694-scaled.jpg\" alt=\"Mobilhome ATHENA &#8211; aire condicionat &#8211; TV\" \/>\n\t\t<\/div>\n\t\t\t\t\t\t<div class=\"ls-hebergement__title\">\n\t\t\t<span class=\"ls-hebergement__photos-constructeur\">Photos constructeur<\/span>\n\t\t\t<div class=\"ls-hebergement__gammes\">\n\t\t\t\tgamme plaisir\t\t\t<\/div>\n\t\t\tMobilhome ATHENA &#8211; aire condicionat &#8211; TV\t\t<\/div>\n\n\t\t<div class=\"ls-hebergement__details\">\n\n\t\t\t<div class=\"ls-hebergement__icons\">\n\n\t\t\t\t\t\t\t\t<span class=\"ls-hebergement__icon\">\n\t\t\t\t\t<i class=\"calagogo-family\"><\/i>\n\t\t\t\t\t4\t\t\t\t<\/span>\n\t\t\t\t\n\t\t\t\t\n\t\t\t\t<div class=\"ls-hebergement__infos\">\n\t\t\t\t\t\t\t\t\t\t<span class=\"ls-hebergement__detail\">\n\t\t\t\t\t\t<i class=\"calagogo-area1\"><\/i> 33m\u00b2\n\t\t\t\t\t<\/span>\n\t\t\t\t\t\t\t\t\t\t\t\t\t\t\t<span class=\"ls-hebergement__detail\">\n\t\t\t\t\t\t\t\t\t\t\t\t<i class=\"calagogo-door\"><\/i> 2\t\t\t\t\t\tcap.\t\t\t\t\t\t\t\t\t\t\t<\/span>\n\t\t\t\t\t\t\t\t\t<\/div>\n\t\t\t\t\n\t\t\t<\/div>\n\n\n\t\t<\/div>\n\n\t\t<div class=\"ls-hebergement__disponibilites\">\n\t\t\tDescobreix\t\t<\/div>\n\t\t<div class=\"ls-button in-view animated fadeInUp\" style=\"opacity: 1;\">\n\t\t\t<span>Descobreix<\/span><i class='calagogo-right-arrow'><\/i><\/div>\n\t<\/a>\n<\/div><div class=\"ls-hebergement\" data-postid='2830188' data-id-reservation='7475' data-id-site='' data-id1='' data-gammes_hebergements='' data-nombre_de_personnes='6' data-nombre_de_chambres='' data-type='pitch-fr'>\n\t<a href=\"https:\/\/www.camping-le-calagogo.fr\/ca\/hebergements\/pack-standard-parcella-1-cotxe-electricitat-10a\/#primary\" rel=\"noopener\" target=\"_blank\"\n\t\tclass=\"ls-hebergement__link\">\n\t\t<div class=\"ls-hebergement__thumb\">\n\t\t\t\t\t\t<img decoding=\"async\" src=\"https:\/\/www.camping-le-calagogo.fr\/wp-content\/uploads\/2025\/12\/0-1409267-scaled.jpg\" alt=\"Pack STANDARD : Parcella + 1 cotxe + electricitat 10A\" \/>\n\t\t<\/div>\n\t\t\t\t<div class=\"ls-hebergement__title\">\n\t\t\t<span class=\"ls-hebergement__photos-constructeur\">Photos constructeur<\/span>\n\t\t\t<div class=\"ls-hebergement__gammes\">\n\t\t\t\t\t\t\t<\/div>\n\t\t\tPack STANDARD : Parcella + 1 cotxe + electricitat 10A\t\t<\/div>\n\n\t\t<div class=\"ls-hebergement__details\">\n\n\t\t\t<div class=\"ls-hebergement__icons\">\n\n\t\t\t\t\t\t\t\t<span class=\"ls-hebergement__icon\">\n\t\t\t\t\t<i class=\"calagogo-family\"><\/i>\n\t\t\t\t\t6\t\t\t\t<\/span>\n\t\t\t\t\n\t\t\t\t\n\t\t\t\t<div class=\"ls-hebergement__infos\">\n\t\t\t\t\t\t\t\t\t\t\t\t\t\t<\/div>\n\t\t\t\t\n\t\t\t<\/div>\n\n\n\t\t<\/div>\n\n\t\t<div class=\"ls-hebergement__disponibilites\">\n\t\t\tDescobreix\t\t<\/div>\n\t\t<div class=\"ls-button in-view animated fadeInUp\" style=\"opacity: 1;\">\n\t\t\t<span>Descobreix<\/span><i class='calagogo-right-arrow'><\/i><\/div>\n\t<\/a>\n<\/div><\/div><\/div>\n\n\n\n<p class=\"ls-paragraph has-text-align-center\">Amb la seva oferta de mobil-homes de diferents capacitats i les seves parcel\u00b7les ombrejades a la platja, el <strong>c\u00e0mping Cala Gogo<\/strong> us ofereix l&#8217;oportunitat ideal per residir el <strong>m\u00e9s a prop possible del mar<\/strong> i a prop dels nombrosos llocs d&#8217;Occit\u00e0nia. A pocs quil\u00f2metres hi ha el <strong>poble de Saint-Andr\u00e9<\/strong> , que val la pena fer una petita excursi\u00f3: constru\u00eft al voltant d&#8217;una abadia que avui ha estat desmantellada, Saint-Andr\u00e9 conserva una notable esgl\u00e9sia abacial d&#8217;arquitectura rom\u00e0nica.<\/p>\n\n\n\n<p class=\"ls-paragraph has-text-align-center\">Amb Sor\u00e8de, Saint-G\u00e9nis-des-Fontaines, Palau-del-Vidre, Laroque-des-Alb\u00e8res, Montesquieu-des-Alb\u00e8res i Villelongue-dels-Monts, <strong>Saint-Andr\u00e9<\/strong> forma una xarxa de pobles amb un <strong>ric patrimoni cultural i hist\u00f2ric.<\/strong> , que inclou castells medievals, priorats, capelles i museus en el paisatge muntany\u00f3s dels Alb\u00e8res. Una visita obligada com a part d&#8217;una <a href=\"https:\/\/www.camping-le-calagogo.fr\/ca\/turisme-pirineu-oriental\/\">visita als Pirineus Orientals<\/a> , <strong>Saint-Andr\u00e9<\/strong> us permet descobrir tot l&#8217;encant de l&#8217;interior a pocs quil\u00f2metres de la <strong>costa i de la sublim Costa Vermeille<\/strong> .<\/p>\n\n\r\n    <\/div>\r\n<\/section><section id=\"ls-section-block_40ff33277d26b9d2d55e02d8fd79438d\" class=\"ls-section  page-one has-p-b p-b-14\" >\r\n        <div class=\"container container--wide\">\r\n        \n\n<div class=\"wp-block-columns is-layout-flex wp-container-core-columns-is-layout-9d6595d7 wp-block-columns-is-layout-flex\">\n<div class=\"wp-block-column is-vertically-aligned-center first is-layout-flow wp-block-column-is-layout-flow\" style=\"flex-basis:66.7%\">\n<figure class=\"wp-block-image size-full\"><img decoding=\"async\" width=\"2000\" height=\"1200\" src=\"https:\/\/www.camping-le-calagogo.fr\/wp-content\/uploads\/2024\/01\/visiter-saint-andre.webp\" alt=\"visitar sant andre\" class=\"wp-image-2825726\" srcset=\"https:\/\/www.camping-le-calagogo.fr\/wp-content\/uploads\/2024\/01\/visiter-saint-andre.webp 2000w, https:\/\/www.camping-le-calagogo.fr\/wp-content\/uploads\/2024\/01\/visiter-saint-andre-300x180.webp 300w, https:\/\/www.camping-le-calagogo.fr\/wp-content\/uploads\/2024\/01\/visiter-saint-andre-1024x614.webp 1024w, https:\/\/www.camping-le-calagogo.fr\/wp-content\/uploads\/2024\/01\/visiter-saint-andre-768x461.webp 768w, https:\/\/www.camping-le-calagogo.fr\/wp-content\/uploads\/2024\/01\/visiter-saint-andre-1536x922.webp 1536w\" sizes=\"(max-width: 2000px) 100vw, 2000px\" \/><\/figure>\n<\/div>\n\n\n\n<div class=\"wp-block-column is-vertically-aligned-center second is-layout-flow wp-block-column-is-layout-flow\" style=\"flex-basis:33.3%\">\n<h2 class=\"ls__heading wp-block-heading\">Turisme a Saint-Andr\u00e9<\/h2>\n\n\n\n<p class=\"ls-paragraph\">L&#8217;antiga esgl\u00e9sia abacial benedictina <strong>de Saint-Andr\u00e9<\/strong> de Sor\u00e8de, <strong>catalogada com a monument hist\u00f2ric<\/strong> , \u00e9s el lloc que no us podeu perdre durant la vostra excursi\u00f3.<\/p>\n\n\n\n<p class=\"ls-paragraph\">El <strong>poble de Saint-Andr\u00e9<\/strong> <strong>us reserva altres sorpreses:<\/strong> la Casa de l&#8217;Art Rom\u00e0nic \u00e9s un centre d&#8217;interpretaci\u00f3 dedicat \u00edntegrament a l&#8217;esgl\u00e9sia rom\u00e0nica i, de manera m\u00e9s general, a l&#8217;art rom\u00e0nic de Catalunya.<\/p>\n\n\n\n<p class=\"ls-paragraph\">L&#8217;ajuntament <a href=\"https:\/\/www.saint-andre66.fr\/\">de Saint-Andr\u00e9<\/a> acull una galeria d&#8217;art, que acull exposicions temporals de pintura, escultura o fotografia.<\/p>\n<\/div>\n<\/div>\n\n\r\n    <\/div>\r\n<\/section><section id=\"ls-section-block_57ac1b706bd5f21c0f2feb6287614673\" class=\"ls-section  page-two mosaique has-background has-color-4-background-color has-p-t p-t-14 has-p-b p-b-14\" >\r\n        <div class=\"container container--wide\">\r\n        \n\n<div class=\"wp-block-columns is-layout-flex wp-container-core-columns-is-layout-9d6595d7 wp-block-columns-is-layout-flex\">\n<div class=\"wp-block-column is-vertically-aligned-center is-layout-flow wp-block-column-is-layout-flow\">\n<p class=\"ls-paragraph\">Tamb\u00e9 es poden visitar <strong>tallers d&#8217;artesania<\/strong> : un de pintura cer\u00e0mica, l&#8217;altre de bufat de vidre tradicional. Tamb\u00e9 trobareu a <strong>Saint-Andr\u00e9<\/strong> una <strong>granja de descoberta per visitar amb la fam\u00edlia<\/strong> : tant un parc d&#8217;animals com d&#8217;oci, el lloc us ofereix l&#8217;oportunitat de descobrir races de cria que s&#8217;han convertit en rares, de participar en nombrosos tallers i un recorregut divertit el 3 hect\u00e0rees de verdor.<\/p>\n\n\n\n<p class=\"ls-paragraph\">Per fi, Saint-Andr\u00e9 acull <strong>cada any un festival de teatre:<\/strong> no us perdeu aquest esdeveniment al juliol!<\/p>\n<\/div>\n\n\n\n<div class=\"wp-block-column is-vertically-aligned-center is-layout-flow wp-block-column-is-layout-flow\">\n<figure class=\"wp-block-image size-full\"><img decoding=\"async\" width=\"2000\" height=\"1200\" src=\"https:\/\/www.camping-le-calagogo.fr\/wp-content\/uploads\/2024\/01\/camping-saint-andre.webp\" alt=\"c&#xE0;mping sant andre\" class=\"wp-image-2825731\" srcset=\"https:\/\/www.camping-le-calagogo.fr\/wp-content\/uploads\/2024\/01\/camping-saint-andre.webp 2000w, https:\/\/www.camping-le-calagogo.fr\/wp-content\/uploads\/2024\/01\/camping-saint-andre-300x180.webp 300w, https:\/\/www.camping-le-calagogo.fr\/wp-content\/uploads\/2024\/01\/camping-saint-andre-1024x614.webp 1024w, https:\/\/www.camping-le-calagogo.fr\/wp-content\/uploads\/2024\/01\/camping-saint-andre-768x461.webp 768w, https:\/\/www.camping-le-calagogo.fr\/wp-content\/uploads\/2024\/01\/camping-saint-andre-1536x922.webp 1536w\" sizes=\"(max-width: 2000px) 100vw, 2000px\" \/><\/figure>\n<\/div>\n<\/div>\n\n\r\n    <\/div>\r\n<\/section><section id=\"ls-section-block_8385a051c39e1ab7aa92a6a3e07abee1\" class=\"ls-section  page-maillage has-p-b p-b-14\" >\r\n        <div class=\"container container--wide\">\r\n        \n\n<div id=\"ls-heading ls-titre-div-block_220c345d07632688b05ea9704fc621a0\" class=\"ls-titre-div m-left h2-like\" >\n    Tamb\u00e9 per descobrir als voltants<\/br> del nostre c\u00e0mping a Saint-Andr\u00e9<\/div>\n\n\n<div id=\"ls-maillage-block_3b19a79e2cdc5583a6362a83f6ff7b15\" class=\"ls-maillage cta-style-normal\" data-rows=\"6\">\n    <div class=\"wp-block-columns  \"><div class=\"wp-block-column\"><div id=\"destinations\" class=\"ls-cta\">\n\n<a href=\"https:\/\/www.camping-le-calagogo.fr\/ca\/camping-elne\/\" target=\"\" rel=\"noopener\" class=\"ls-cta__link\">\n\n\t<div class=\"ls-cta__image\"><img decoding=\"async\" src=\"https:\/\/www.camping-le-calagogo.fr\/wp-content\/uploads\/2023\/12\/sejour-camping-elne.webp\" alt=\"\"><\/div>\n\t<div class=\"ls-cta__title\">\n\t\tCamping Elne\t<\/div>\n\t\n\t\t\n<\/a><\/div><\/div><div class=\"wp-block-column\"><div id=\"destinations\" class=\"ls-cta\">\n\n<a href=\"https:\/\/www.camping-le-calagogo.fr\/ca\/turisme-colliure\/\" target=\"\" rel=\"noopener\" class=\"ls-cta__link\">\n\n\t<div class=\"ls-cta__image\"><img decoding=\"async\" src=\"https:\/\/www.camping-le-calagogo.fr\/wp-content\/uploads\/2023\/12\/tourisme-collioure.webp\" alt=\"\"><\/div>\n\t<div class=\"ls-cta__title\">\n\t\tCotlliure\t<\/div>\n\t\n\t\t\n<\/a><\/div><\/div><div class=\"wp-block-column\"><div id=\"destinations\" class=\"ls-cta\">\n\n<a href=\"https:\/\/www.camping-le-calagogo.fr\/ca\/camping-palau-del-vidre\/\" target=\"\" rel=\"noopener\" class=\"ls-cta__link\">\n\n\t<div class=\"ls-cta__image\"><img decoding=\"async\" src=\"https:\/\/www.camping-le-calagogo.fr\/wp-content\/uploads\/2023\/12\/camping-meileur-prix-perpignan.webp\" alt=\"\"><\/div>\n\t<div class=\"ls-cta__title\">\n\t\tCamping Paul-del-Vidre\t<\/div>\n\t\n\t\t\n<\/a><\/div><\/div><\/div><\/div>\n\r\n    <\/div>\r\n<\/section>","protected":false},"excerpt":{"rendered":"","protected":false},"author":1,"featured_media":2708140,"parent":0,"menu_order":0,"comment_status":"closed","ping_status":"closed","template":"","meta":{"_acf_changed":false,"_seopress_robots_primary_cat":"","_seopress_titles_title":"Camping Saint Andre | Lloguer de mobilhome i parcel\u00b7la Saint-Andr\u00e9","_seopress_titles_desc":"","_seopress_robots_index":"","inline_featured_image":false,"footnotes":""},"sujet":[],"class_list":["post-2708691","page","type-page","status-publish","has-post-thumbnail","hentry"],"acf":[],"_links":{"self":[{"href":"https:\/\/www.camping-le-calagogo.fr\/ca\/wp-json\/wp\/v2\/pages\/2708691","targetHints":{"allow":["GET"]}}],"collection":[{"href":"https:\/\/www.camping-le-calagogo.fr\/ca\/wp-json\/wp\/v2\/pages"}],"about":[{"href":"https:\/\/www.camping-le-calagogo.fr\/ca\/wp-json\/wp\/v2\/types\/page"}],"author":[{"embeddable":true,"href":"https:\/\/www.camping-le-calagogo.fr\/ca\/wp-json\/wp\/v2\/users\/1"}],"replies":[{"embeddable":true,"href":"https:\/\/www.camping-le-calagogo.fr\/ca\/wp-json\/wp\/v2\/comments?post=2708691"}],"version-history":[{"count":9,"href":"https:\/\/www.camping-le-calagogo.fr\/ca\/wp-json\/wp\/v2\/pages\/2708691\/revisions"}],"predecessor-version":[{"id":2832461,"href":"https:\/\/www.camping-le-calagogo.fr\/ca\/wp-json\/wp\/v2\/pages\/2708691\/revisions\/2832461"}],"wp:featuredmedia":[{"embeddable":true,"href":"https:\/\/www.camping-le-calagogo.fr\/ca\/wp-json\/wp\/v2\/media\/2708140"}],"wp:attachment":[{"href":"https:\/\/www.camping-le-calagogo.fr\/ca\/wp-json\/wp\/v2\/media?parent=2708691"}],"wp:term":[{"taxonomy":"sujet","embeddable":true,"href":"https:\/\/www.camping-le-calagogo.fr\/ca\/wp-json\/wp\/v2\/sujet?post=2708691"}],"curies":[{"name":"wp","href":"https:\/\/api.w.org\/{rel}","templated":true}]}}