{"id":2708711,"date":"2023-12-02T01:43:28","date_gmt":"2023-12-02T00:43:28","guid":{"rendered":"https:\/\/www.camping-le-calagogo.fr\/politica-de-privacitat\/"},"modified":"2024-01-11T11:04:40","modified_gmt":"2024-01-11T10:04:40","slug":"politica-de-privacitat","status":"publish","type":"page","link":"https:\/\/www.camping-le-calagogo.fr\/ca\/politica-de-privacitat\/","title":{"rendered":"Pol\u00edtica de privacitat"},"content":{"rendered":"\n<div class=\"wp-block-group\" style=\"margin-top:var(--wp--preset--spacing--80);margin-bottom:var(--wp--preset--spacing--80);padding-top:var(--wp--preset--spacing--60);padding-bottom:var(--wp--preset--spacing--60)\"><div class=\"wp-block-group__inner-container is-layout-constrained wp-container-core-group-is-layout-e025d9cf wp-block-group-is-layout-constrained\">\n<h1 class=\"ls__heading wp-block-heading\">La nostra pol\u00edtica de privadesa<\/h1>\n\n\n\n<p class=\"ls-paragraph\">Aquesta pol\u00edtica de privadesa descriu les dades personals que es recullen o es generen (tracten) quan utilitzeu el lloc web. Aquesta Pol\u00edtica de privadesa descriu els tipus de dades personals recopilades quan utilitzeu el nostre lloc i com s&#8217;utilitzen, comparteixen i protegeixen les vostres dades personals. Tamb\u00e9 explica les opcions que teniu pel que fa a les vostres dades personals i com contactar amb nosaltres.<\/p>\n\n\n\n<h2 class=\"ls__heading wp-block-heading\">Continguts<\/h2>\n\n\n\n<ul class=\"ls-list wp-block-list\">\n<li><a href=\"https:\/\/www.camping-le-calagogo.fr\/ca\/politica-de-privacitat\/#gdpr-1\">Qui s\u00f3m ?<\/a><\/li>\n\n\n\n<li><a href=\"https:\/\/www.camping-le-calagogo.fr\/ca\/politica-de-privacitat\/#gdpr-2\">\u00das de les dades personals recollides<\/a><\/li>\n\n\n\n<li><a href=\"https:\/\/www.camping-le-calagogo.fr\/ca\/politica-de-privacitat\/#gdpr-3\">Comentaris<\/a><\/li>\n\n\n\n<li><a href=\"https:\/\/www.camping-le-calagogo.fr\/ca\/politica-de-privacitat\/#gdpr-4\">Mitjans de comunicaci\u00f3<\/a><\/li>\n\n\n\n<li><a href=\"https:\/\/www.camping-le-calagogo.fr\/ca\/politica-de-privacitat\/#gdpr-5\">Formularis de contacte<\/a><\/li>\n\n\n\n<li><a href=\"https:\/\/www.camping-le-calagogo.fr\/ca\/politica-de-privacitat\/#gdpr-6\">\u00das de cookies<\/a><\/li>\n\n\n\n<li><a href=\"https:\/\/www.camping-le-calagogo.fr\/ca\/politica-de-privacitat\/#gdpr-7\">Estad\u00edstiques i mesures d&#8217;audi\u00e8ncia<\/a><\/li>\n\n\n\n<li><a href=\"https:\/\/www.camping-le-calagogo.fr\/ca\/politica-de-privacitat\/#gdpr-8\">Temps d&#8217;emmagatzematge de les vostres dades<\/a><\/li>\n\n\n\n<li><a href=\"https:\/\/www.camping-le-calagogo.fr\/ca\/politica-de-privacitat\/#gdpr-9\">Els drets que tens sobre les teves dades<\/a><\/li>\n\n\n\n<li><a href=\"https:\/\/www.camping-le-calagogo.fr\/ca\/politica-de-privacitat\/#gdpr-10\">Transmissi\u00f3 de les seves dades personals<\/a><\/li>\n\n\n\n<li><a href=\"https:\/\/www.camping-le-calagogo.fr\/ca\/politica-de-privacitat\/#gdpr-11\">Com protegim les vostres dades<\/a><\/li>\n\n\n\n<li><a href=\"https:\/\/www.camping-le-calagogo.fr\/ca\/politica-de-privacitat\/#gdpr-12\">Informaci\u00f3 de contacte<\/a><\/li>\n<\/ul>\n\n\n\n<h2 class=\"ls__heading wp-block-heading\" id=\"gdpr-1\">Qui s\u00f3m ?<\/h2>\n\n\n\n<p class=\"ls-paragraph\">D\u00e9couvrez toutes nos informations sur la page\u00a0<a href=\"https:\/\/www.camping-le-calagogo.fr\/ca\/avis-legal\/\" data-type=\"page\" data-id=\"2629607\">mentions l\u00e9gales<\/a>.<\/p>\n\n\n\n<h2 class=\"ls__heading wp-block-heading\" id=\"gdpr-2\">\u00das de les dades personals recollides<\/h2>\n\n\n\n<p class=\"ls-paragraph\">Recollim autom\u00e0ticament i directament qualsevol dada sobre vost\u00e8.<\/p>\n\n\n\n<p class=\"ls-paragraph\">Nonobstant nous pouvons collecter des informations, y compris des informations personnelles aupr\u00e8s de tiers (voir la section\u00a0<a href=\"https:\/\/www.camping-le-calagogo.fr\/ca\/politica-de-privacitat\/#gdpr-5\" data-type=\"page\" data-id=\"3\">Cookies<\/a>).<\/p>\n\n\n\n<h2 class=\"ls__heading wp-block-heading\" id=\"gdpr-3\">Comentaris<\/h2>\n\n\n\n<p class=\"ls-paragraph\">Quan deixeu un comentari al nostre lloc web del c\u00e0mping, es recullen les dades introdu\u00efdes al formulari de comentaris, per\u00f2 tamb\u00e9 la vostra adre\u00e7a IP i l&#8217;agent d&#8217;usuari del vostre navegador per ajudar-nos a detectar comentaris no desitjats.<\/p>\n\n\n\n<p class=\"ls-paragraph\">Es pot enviar una cadena an\u00f2nima creada a partir de la vostra adre\u00e7a de correu electr\u00f2nic (tamb\u00e9 anomenada hash) al servei Gravatar per comprovar si l&#8217;est\u00e0s utilitzant. Les cl\u00e0usules de confidencialitat del servei Gravatar estan disponibles https:\/\/automattic.com\/privacy\/. Despr\u00e9s de validar el teu comentari, la teva foto de perfil ser\u00e0 visible p\u00fablicament al costat del teu comentari.<\/p>\n\n\n\n<h2 class=\"ls__heading wp-block-heading\" id=\"gdpr-4\">Mitjans de comunicaci\u00f3<\/h2>\n\n\n\n<p class=\"ls-paragraph\">Si sou un usuari registrat i pengeu imatges al lloc web, us recomanem que eviteu penjar imatges que continguin dades de coordenades GPS EXIF \u200b\u200b\u200b\u200b. Els visitants del vostre lloc web poden baixar i extreure dades d&#8217;ubicaci\u00f3 d&#8217;aquestes imatges.<\/p>\n\n\n\n<h2 class=\"ls__heading wp-block-heading\" id=\"gdpr-5\">Formularis de contacte<\/h2>\n\n\n\n<p class=\"ls-paragraph\">Podeu optar per proporcionar-nos informaci\u00f3 quan ompliu un formulari, aquest ens ser\u00e0 enviat per correu electr\u00f2nic i no s&#8217;emmagatzemar\u00e0 en cap altre lloc que no sigui el nostre servei de correu electr\u00f2nic, aquesta informaci\u00f3 s&#8217;utilitzar\u00e0 amb l&#8217;\u00fanic prop\u00f2sit de respondre a la vostra sol\u00b7licitud. Si \u00e9s probable que la informaci\u00f3 s&#8217;utilitzi amb finalitats comercials, un av\u00eds ho indicar\u00e0 al final del formulari. Sempre us demanarem el vostre consentiment quan recopilem informaci\u00f3 mitjan\u00e7ant un formulari.<\/p>\n\n\n\n<h2 class=\"ls__heading wp-block-heading\" id=\"gdpr-6\">\u00das de cookies<\/h2>\n\n\n\n<p class=\"ls-paragraph\"><strong>Qu\u00e8 \u00e9s una galeta?<\/strong><br\/>Una galeta \u00e9s un petit fitxer de dades que es transfereix i s&#8217;emmagatzema al vostre dispositiu. Concretament, una cookie ens permet, per exemple, recon\u00e8ixer el vostre navegador, el vostre idioma o conservar les vostres prefer\u00e8ncies.<br\/>Al nostre lloc s&#8217;utilitzen dos tipus de cookies: &#8220;galetes de sessi\u00f3&#8221; i &#8220;galetes persistents&#8221;. Les galetes de sessi\u00f3 caduquen quan tanqueu el navegador, mentre que les galetes persistents romanen al vostre dispositiu despr\u00e9s de tancar-lo i es poden tornar a utilitzar la propera vegada que visiteu el nostre lloc.<\/p>\n\n\n\n<p class=\"ls-paragraph\">M\u00e9s informaci\u00f3 a <a href=\"https:\/\/allaboutcookies.org\/fr\" rel=\"noreferrer noopener\" target=\"_blank\">allaboutcookies.org<\/a> .<\/p>\n\n\n\n<p class=\"ls-paragraph\"><strong>Les nostres galetes<\/strong><\/p>\n\n\n\n<p class=\"ls-paragraph\">Si deixeu un comentari al nostre lloc, podeu desar el vostre nom, adre\u00e7a de correu electr\u00f2nic i lloc web en galetes. Aix\u00f2 nom\u00e9s \u00e9s per a la vostra comoditat perqu\u00e8 no h\u00e0giu d&#8217;omplir aquesta informaci\u00f3 si deixeu un altre comentari m\u00e9s tard. Aquestes cookies caduquen al cap d&#8217;un any.<\/p>\n\n\n\n<p class=\"ls-paragraph\">Si teniu un compte i inicieu sessi\u00f3 en aquest lloc, es crear\u00e0 una galeta temporal per determinar si el vostre navegador accepta cookies. No cont\u00e9 dades personals i s&#8217;eliminar\u00e0 autom\u00e0ticament quan tanqueu el navegador.<\/p>\n\n\n\n<p class=\"ls-paragraph\">Quan inicieu sessi\u00f3, establirem una s\u00e8rie de galetes per desar la vostra informaci\u00f3 d&#8217;inici de sessi\u00f3 i les prefer\u00e8ncies de la pantalla. La vida \u00fatil d&#8217;una galeta de connexi\u00f3 \u00e9s de dos dies, la d&#8217;una galeta d&#8217;opci\u00f3 de pantalla \u00e9s d&#8217;un any. Si marqueu &#8220;Recorda&#8217;m&#8221;, la galeta d&#8217;inici de sessi\u00f3 es conservar\u00e0 durant dues setmanes. Si tanqueu la sessi\u00f3 del vostre compte, la galeta d&#8217;inici de sessi\u00f3 s&#8217;eliminar\u00e0.<\/p>\n\n\n\n<p class=\"ls-paragraph\">En editar o publicar un article, s&#8217;emmagatzemar\u00e0 una galeta addicional al vostre navegador. Aquesta cookie no inclou cap dada personal. Simplement indica l&#8217;ID de l&#8217;article que acabes de modificar. Caduca al cap d&#8217;un dia.<\/p>\n\n\n\n<p class=\"ls-paragraph\"><strong>Cookies de tercers<\/strong><\/p>\n\n\n\n<p class=\"ls-paragraph\">Els articles d&#8217;aquest lloc poden incloure contingut incrustat (per exemple, v\u00eddeos, imatges, articles, etc.). El contingut incrustat d&#8217;altres llocs es comporta igual que si el visitant an\u00e9s a aquest altre lloc.<\/p>\n\n\n\n<p class=\"ls-paragraph\">Aquests llocs web podrien recopilar dades sobre vost\u00e8, utilitzar galetes, incrustar eines de seguiment de tercers, fer un seguiment de les seves interaccions amb aquest contingut incrustat si teniu un compte connectat al seu lloc web.<\/p>\n\n\n\n<p class=\"ls-paragraph\">Podem permetre que determinats socis comercials instal\u00b7lin tecnologies al nostre lloc. Aquests socis utilitzen aquestes tecnologies per ajudar-nos a analitzar com feu servir el lloc, com per exemple, assenyalant els serveis de tercers a trav\u00e9s dels quals vau arribar a la Plataforma, comercialitzar i promocionar els nostres serveis al nostre lloc i als llocs web de tercers, ens ajuden a detectar i prevenir el frau o realitzar avaluacions de riscos, o recopilar informaci\u00f3 sobre les vostres activitats al lloc web.<\/p>\n\n\n\n<p class=\"ls-paragraph\">El nostre lloc web pot utilitzar connectors socials proporcionats i gestionats per empreses de tercers, com ara el bot\u00f3 &#8220;M&#8217;agrada&#8221; de Facebook. En conseq\u00fc\u00e8ncia, podeu enviar al tercer la informaci\u00f3 que visualitzeu en una secci\u00f3 concreta del nostre lloc. Si no esteu connectat al vostre compte obert amb el tercer, aquest no podr\u00e0 con\u00e8ixer la vostra identitat. Si esteu connectat al vostre compte obert amb el tercer, aquest \u00faltim pot enlla\u00e7ar la informaci\u00f3 o les accions relacionades amb les vostres interaccions amb el nostre lloc al compte que teniu amb el tercer en q\u00fcesti\u00f3. Reviseu les pol\u00edtiques de privadesa de tercers per obtenir m\u00e9s informaci\u00f3 sobre les seves pr\u00e0ctiques de dades.<\/p>\n\n\n\n<p class=\"ls-paragraph\">La liste des cookies tiers utilis\u00e9s sur ce site est disponible depuis le\u00a0<a href=\"https:\/\/www.camping-le-calagogo.fr\/#moove_gdpr_cookie_modal\" data-type=\"page\" data-id=\"192\">panneau de gestion des cookies<\/a>.<\/p>\n\n\n\n<h2 class=\"ls__heading wp-block-heading\" id=\"gdpr-7\">Estad\u00edstiques i mesures d&#8217;audi\u00e8ncia<\/h2>\n\n\n\n<p class=\"ls-paragraph\">Pel que fa a l&#8217;an\u00e0lisi treballem amb Google Analytics per obtenir informaci\u00f3 sobre l&#8217;\u00fas del nostre lloc web per tal de millorar-lo. Aquest \u00faltim es pot desactivar des del <a href=\"https:\/\/www.comtesse.geek-tonic.dev\/#moove_gdpr_cookie_modal\">panell de gesti\u00f3 de cookies<\/a> .<\/p>\n\n\n\n<p class=\"ls-paragraph\">Per evitar que Google Analytics utilitzi la vostra informaci\u00f3 amb finalitats anal\u00edtiques, tamb\u00e9 podeu instal\u00b7lar el complement del navegador de desactivaci\u00f3 de Google Analytics fent clic <a href=\"https:\/\/tools.google.com\/dlpage\/gaoptout\" rel=\"noreferrer noopener\" target=\"_blank\">aqu\u00ed<\/a> . Tingueu en compte que no tenim cap control sobre aquest enlla\u00e7 de desactivaci\u00f3 i no som responsables de la disponibilitat o precisi\u00f3 d&#8217;aquest mecanisme. Consulteu <a href=\"https:\/\/support.google.com\/analytics\/answer\/6004245\" rel=\"noreferrer noopener\" target=\"_blank\">aquesta documentaci\u00f3<\/a> per obtenir m\u00e9s informaci\u00f3.<\/p>\n\n\n\n<h2 class=\"ls__heading wp-block-heading\" id=\"gdpr-8\">Temps d&#8217;emmagatzematge de les vostres dades<\/h2>\n\n\n\n<p class=\"ls-paragraph\">Si deixeu un comentari, el comentari i les seves metadades es conserven indefinidament. Aix\u00f2 permet que els comentaris posteriors siguin reconeguts i aprovats autom\u00e0ticament en lloc de deixar-los a la cua de moderaci\u00f3.<\/p>\n\n\n\n<p class=\"ls-paragraph\">Per als usuaris que es registren al nostre lloc (si \u00e9s possible), tamb\u00e9 emmagatzemem les dades personals indicades al seu perfil. Tots els usuaris poden veure, modificar o eliminar la seva informaci\u00f3 personal en qualsevol moment (excepte el seu nom d&#8217;usuari). Els administradors del lloc tamb\u00e9 poden veure i modificar aquesta informaci\u00f3.<\/p>\n\n\n\n<h2 class=\"ls__heading wp-block-heading\" id=\"gdpr-9\">Els drets que tens sobre les teves dades<\/h2>\n\n\n\n<p class=\"ls-paragraph\">Si teniu un compte o heu deixat comentaris al lloc, podeu sol\u00b7licitar rebre un fitxer que contingui totes les dades personals que tenim sobre vosaltres, incloses les que ens heu proporcionat. Tamb\u00e9 podeu sol\u00b7licitar la supressi\u00f3 de les dades personals que us concerneixen. Aix\u00f2 no t\u00e9 en compte les dades emmagatzemades amb finalitats administratives, legals o de seguretat.<\/p>\n\n\n\n<h2 class=\"ls__heading wp-block-heading\" id=\"gdpr-10\">Transmissi\u00f3 de les seves dades personals<\/h2>\n\n\n\n<p class=\"ls-paragraph\">Els comentaris dels visitants es poden comprovar mitjan\u00e7ant un servei automatitzat de detecci\u00f3 de comentaris de correu brossa<br\/>Totes les dades personals que tractem es tracten dins de la Uni\u00f3 Europea.<\/p>\n\n\n\n<h2 class=\"ls__heading wp-block-heading\" id=\"gdpr-11\">Com protegim les vostres dades<\/h2>\n\n\n\n<p class=\"ls-paragraph\">Implementem i actualitzem cont\u00ednuament <strong>la seguretat<\/strong> del lloc per protegir la vostra informaci\u00f3 contra l&#8217;acc\u00e9s no autoritzat, la p\u00e8rdua, la destrucci\u00f3 o l&#8217;alteraci\u00f3. Per tant, estem treballant perqu\u00e8 les vostres dades siguin el m\u00e9s invulnerables possible. Com que Internet no \u00e9s un entorn 100% segur, no podem garantir completament la seguretat de la transmissi\u00f3 o l&#8217;emmagatzematge de la vostra informaci\u00f3.<\/p>\n\n\n\n<h2 class=\"ls__heading wp-block-heading\" id=\"gdpr-12\">Informaci\u00f3 de contacte<\/h2>\n\n\n\n<p class=\"ls-paragraph\">Pour toute demande ou question concernant vos donn\u00e9es personnelles, contactez nous sur rgpd@geek-tonic.com, les autres informations de contact sont disponibles sur nos\u00a0<a href=\"https:\/\/www.camping-le-calagogo.fr\/ca\/avis-legal\/\" data-type=\"page\" data-id=\"2629607\">mentions l\u00e9gales<\/a>. Veuillez noter que nous pouvons vous demander de v\u00e9rifier votre identit\u00e9 avant de prendre d\u2019autres mesures concernant votre demande.<\/p>\n<\/div><\/div>\n","protected":false},"excerpt":{"rendered":"<p>La nostra pol\u00edtica de privadesa Aquesta pol\u00edtica de privadesa descriu les dades personals que es recullen o es generen (tracten) quan utilitzeu el lloc web. Aquesta Pol\u00edtica de privadesa descriu els tipus de dades personals recopilades quan utilitzeu el nostre lloc i com s&#8217;utilitzen, comparteixen i protegeixen les vostres dades personals. Tamb\u00e9 explica les opcions [&hellip;]<\/p>\n","protected":false},"author":1,"featured_media":0,"parent":0,"menu_order":0,"comment_status":"closed","ping_status":"closed","template":"","meta":{"_acf_changed":false,"_seopress_robots_primary_cat":"","_seopress_titles_title":"","_seopress_titles_desc":"","_seopress_robots_index":"","inline_featured_image":false,"footnotes":""},"sujet":[],"class_list":["post-2708711","page","type-page","status-publish","hentry"],"acf":[],"_links":{"self":[{"href":"https:\/\/www.camping-le-calagogo.fr\/ca\/wp-json\/wp\/v2\/pages\/2708711","targetHints":{"allow":["GET"]}}],"collection":[{"href":"https:\/\/www.camping-le-calagogo.fr\/ca\/wp-json\/wp\/v2\/pages"}],"about":[{"href":"https:\/\/www.camping-le-calagogo.fr\/ca\/wp-json\/wp\/v2\/types\/page"}],"author":[{"embeddable":true,"href":"https:\/\/www.camping-le-calagogo.fr\/ca\/wp-json\/wp\/v2\/users\/1"}],"replies":[{"embeddable":true,"href":"https:\/\/www.camping-le-calagogo.fr\/ca\/wp-json\/wp\/v2\/comments?post=2708711"}],"version-history":[{"count":6,"href":"https:\/\/www.camping-le-calagogo.fr\/ca\/wp-json\/wp\/v2\/pages\/2708711\/revisions"}],"predecessor-version":[{"id":2826232,"href":"https:\/\/www.camping-le-calagogo.fr\/ca\/wp-json\/wp\/v2\/pages\/2708711\/revisions\/2826232"}],"wp:attachment":[{"href":"https:\/\/www.camping-le-calagogo.fr\/ca\/wp-json\/wp\/v2\/media?parent=2708711"}],"wp:term":[{"taxonomy":"sujet","embeddable":true,"href":"https:\/\/www.camping-le-calagogo.fr\/ca\/wp-json\/wp\/v2\/sujet?post=2708711"}],"curies":[{"name":"wp","href":"https:\/\/api.w.org\/{rel}","templated":true}]}}