{"id":2708348,"date":"2023-10-18T09:09:28","date_gmt":"2023-10-18T07:09:28","guid":{"rendered":"https:\/\/www.camping-le-calagogo.fr\/campingplatz-dienstleistungen-pyrenaen-orientales\/"},"modified":"2024-10-08T16:03:24","modified_gmt":"2024-10-08T14:03:24","slug":"camping-services-pyrenees-orientales","status":"publish","type":"page","link":"https:\/\/www.camping-le-calagogo.fr\/de\/camping-services-pyrenees-orientales\/","title":{"rendered":"Dienstleistungen und Gesch\u00e4fte"},"content":{"rendered":"<section id=\"ls-section-block_396824bee3512879eba1f210f85639a1\" class=\"ls-section  page-chapeau deco has-p-b p-b-4\" >\r\n        <div class=\"container \">\r\n        \n\n<h1 class=\"ls__heading wp-block-heading has-text-align-center\">Dienstleistungen des Campingplatzes:<br\/><strong>Empfang, Bar, Restaurant<br\/>und andere Gesch\u00e4fte<\/strong><\/h1>\n\n\r\n    <\/div>\r\n<\/section><section id=\"ls-section-block_2d642045b35066206908245e45695b1f\" class=\"ls-section  page-one has-p-t p-t-0 has-p-b p-b-14\" >\r\n        <div class=\"container container--wide\">\r\n        \n\n<div class=\"wp-block-columns is-layout-flex wp-container-core-columns-is-layout-9d6595d7 wp-block-columns-is-layout-flex\">\n<div class=\"wp-block-column first is-layout-flow wp-block-column-is-layout-flow\" style=\"flex-basis:66.7%\">\n<figure class=\"wp-block-gallery has-nested-images columns-default is-cropped gallery-slider-page animated fadeInUp slow wp-block-gallery-1 is-layout-flex wp-block-gallery-is-layout-flex\">\n<figure class=\"wp-block-image size-full\"><a href=\"https:\/\/www.camping-le-calagogo.fr\/wp-content\/uploads\/2023\/12\/camping-reception.webp\"><img decoding=\"async\" width=\"2000\" height=\"1115\" data-id=\"2630115\" src=\"https:\/\/www.camping-le-calagogo.fr\/wp-content\/uploads\/2023\/12\/camping-reception.webp\" alt=\"Camping Rezeption\" class=\"wp-image-2630115\" srcset=\"https:\/\/www.camping-le-calagogo.fr\/wp-content\/uploads\/2023\/12\/camping-reception.webp 2000w, https:\/\/www.camping-le-calagogo.fr\/wp-content\/uploads\/2023\/12\/camping-reception-300x167.webp 300w, https:\/\/www.camping-le-calagogo.fr\/wp-content\/uploads\/2023\/12\/camping-reception-1024x571.webp 1024w, https:\/\/www.camping-le-calagogo.fr\/wp-content\/uploads\/2023\/12\/camping-reception-768x428.webp 768w, https:\/\/www.camping-le-calagogo.fr\/wp-content\/uploads\/2023\/12\/camping-reception-1536x856.webp 1536w\" sizes=\"(max-width: 2000px) 100vw, 2000px\" \/><\/a><\/figure>\n\n\n\n<figure class=\"wp-block-image size-full\"><a href=\"https:\/\/www.camping-le-calagogo.fr\/wp-content\/uploads\/2023\/12\/location-velo-saint-cyprien.webp\"><img decoding=\"async\" width=\"1866\" height=\"1200\" data-id=\"2630175\" src=\"https:\/\/www.camping-le-calagogo.fr\/wp-content\/uploads\/2023\/12\/location-velo-saint-cyprien.webp\" alt=\"vermietung von fahrr&#xE4;dern saint cyprien\" class=\"wp-image-2630175\" srcset=\"https:\/\/www.camping-le-calagogo.fr\/wp-content\/uploads\/2023\/12\/location-velo-saint-cyprien.webp 1866w, https:\/\/www.camping-le-calagogo.fr\/wp-content\/uploads\/2023\/12\/location-velo-saint-cyprien-300x193.webp 300w, https:\/\/www.camping-le-calagogo.fr\/wp-content\/uploads\/2023\/12\/location-velo-saint-cyprien-1024x659.webp 1024w, https:\/\/www.camping-le-calagogo.fr\/wp-content\/uploads\/2023\/12\/location-velo-saint-cyprien-768x494.webp 768w, https:\/\/www.camping-le-calagogo.fr\/wp-content\/uploads\/2023\/12\/location-velo-saint-cyprien-1536x988.webp 1536w\" sizes=\"(max-width: 1866px) 100vw, 1866px\" \/><\/a><\/figure>\n\n\n\n<figure class=\"wp-block-image size-full\"><a href=\"https:\/\/www.camping-le-calagogo.fr\/wp-content\/uploads\/2023\/12\/renseignements-touristique-saint-cyprien.webp\"><img decoding=\"async\" width=\"1800\" height=\"1200\" data-id=\"2630183\" src=\"https:\/\/www.camping-le-calagogo.fr\/wp-content\/uploads\/2023\/12\/renseignements-touristique-saint-cyprien.webp\" alt=\"tourismusauskunft saint cyprien\" class=\"wp-image-2630183\" srcset=\"https:\/\/www.camping-le-calagogo.fr\/wp-content\/uploads\/2023\/12\/renseignements-touristique-saint-cyprien.webp 1800w, https:\/\/www.camping-le-calagogo.fr\/wp-content\/uploads\/2023\/12\/renseignements-touristique-saint-cyprien-300x200.webp 300w, https:\/\/www.camping-le-calagogo.fr\/wp-content\/uploads\/2023\/12\/renseignements-touristique-saint-cyprien-1024x683.webp 1024w, https:\/\/www.camping-le-calagogo.fr\/wp-content\/uploads\/2023\/12\/renseignements-touristique-saint-cyprien-768x512.webp 768w, https:\/\/www.camping-le-calagogo.fr\/wp-content\/uploads\/2023\/12\/renseignements-touristique-saint-cyprien-1536x1024.webp 1536w\" sizes=\"(max-width: 1800px) 100vw, 1800px\" \/><\/a><\/figure>\n\n\n\n<figure class=\"wp-block-image size-full\"><a href=\"https:\/\/www.camping-le-calagogo.fr\/wp-content\/uploads\/2023\/12\/equipe-camping.webp\"><img decoding=\"async\" width=\"1800\" height=\"1200\" data-id=\"2630188\" src=\"https:\/\/www.camping-le-calagogo.fr\/wp-content\/uploads\/2023\/12\/equipe-camping.webp\" alt=\"Camping-Team\" class=\"wp-image-2630188\" srcset=\"https:\/\/www.camping-le-calagogo.fr\/wp-content\/uploads\/2023\/12\/equipe-camping.webp 1800w, https:\/\/www.camping-le-calagogo.fr\/wp-content\/uploads\/2023\/12\/equipe-camping-300x200.webp 300w, https:\/\/www.camping-le-calagogo.fr\/wp-content\/uploads\/2023\/12\/equipe-camping-1024x683.webp 1024w, https:\/\/www.camping-le-calagogo.fr\/wp-content\/uploads\/2023\/12\/equipe-camping-768x512.webp 768w, https:\/\/www.camping-le-calagogo.fr\/wp-content\/uploads\/2023\/12\/equipe-camping-1536x1024.webp 1536w\" sizes=\"(max-width: 1800px) 100vw, 1800px\" \/><\/a><\/figure>\n<\/figure>\n<\/div>\n\n\n\n<div class=\"wp-block-column is-vertically-aligned-center second is-layout-flow wp-block-column-is-layout-flow\" style=\"flex-basis:33.3%\">\n<figure class=\"wp-block-image size-full is-resized illustration m-right\"><img decoding=\"async\" src=\"https:\/\/www.camping-le-calagogo.fr\/wp-content\/uploads\/2023\/11\/icones_Plan-de-travail-1-21.svg\" alt=\"icons Arbeitsplan 1 21\" class=\"wp-image-2759\" style=\"width:319px;height:auto\"\/><\/figure>\n\n\n\n<p class=\"ls-paragraph\">Die mehrsprachige Rezeption ist jeden Tag ge\u00f6ffnet. Hier finden Sie eine <strong>Tourismusinfoecke mit Fahrradtouren<\/strong>, einer Karte des Departements, historischen oder anderen Sehensw\u00fcrdigkeiten, die Sie besuchen k\u00f6nnen. Sie werden auch einen <strong>Geldautomaten<\/strong> finden, das erspart Ihnen eine Warteschlange bei Ihrer Bank. In der Waschecke stehen Ihnen ein W\u00e4schetrockner und ein B\u00fcgelbrett mit B\u00fcgeleisen zur Verf\u00fcgung.<\/p>\n\n\n\n<p class=\"ls-paragraph\">Genie\u00dfen Sie Ihren Urlaub mit <strong>Freunden oder der Familie<\/strong> in vollen Z\u00fcgen auf dem Campingplatz Cala-Gogo. Es werden Ihnen verschiedene Dienstleistungen angeboten, damit jeder w\u00e4hrend seines Urlaubs in S\u00fcdfrankreich gl\u00fccklich ist.<\/p>\n\n\n\n<p class=\"ls-paragraph\">Besucher werden auf dem Campingplatz geduldet. Besucher m\u00fcssen sich bei ihrer Ankunft an der Rezeption melden, und die genaue Anzahl der Personen angeben. Ihnen werden individuell Besucherarmb\u00e4nder ausgeh\u00e4ndigt. Besuch: von 8 Uhr bis 23 Uhr. Wir bitten unsere freundlichen Kunden, die Besucher an der Rezeption abzuholen. <strong>Besucher haben keinen Zugang zum Wasserpark<\/strong> <br\/>. Au\u00dferhalb der \u00d6ffnungszeiten des Empfangsb\u00fcros werden keine Besucherarmb\u00e4nder ausgestellt. Die Direktion beh\u00e4lt sich das Recht vor, Besuchern den Zutritt zu verweigern, die sich unangenehm verhalten die sich nicht an die Regeln halten.      <\/p>\n<\/div>\n<\/div>\n\n\r\n    <\/div>\r\n<\/section><section id=\"ls-section-block_b9d68279770d4a3e5bcc02e6c52e2e81\" class=\"ls-section  page-two mosaique has-background has-color-4-background-color has-p-t p-t-14 has-p-b p-b-14\" >\r\n        <div class=\"container container--wide\">\r\n        \n\n<div class=\"wp-block-columns are-vertically-aligned-center is-layout-flex wp-container-core-columns-is-layout-9d6595d7 wp-block-columns-is-layout-flex\">\n<div class=\"wp-block-column is-vertically-aligned-center is-layout-flow wp-block-column-is-layout-flow\">\n<h2 class=\"ls__heading wp-block-heading\">Wifi und Rezeption<\/h2>\n\n\n\n<p class=\"ls-paragraph\"><strong>Bleiben Sie in Verbindung<\/strong>, teilen Sie Ihre Momente mit Ihren Freunden und halten Sie mit ihnen Schritt: <strong>WLAN ist kostenlos<\/strong> mit vollem Empfang auf dem <a href=\"https:\/\/www.camping-le-calagogo.fr\/de\/\" data-type=\"page\" data-id=\"9\">Campingplatz in Saint-Cyprien<\/a>.<\/p>\n\n\n\n<h2 class=\"ls__heading wp-block-heading\">Mieten Sie Ihr Fahrzeug f\u00fcr Ihren Urlaub!<\/h2>\n\n\n\n<p class=\"ls-paragraph\">Es ist jetzt m\u00f6glich, Ihr Auto f\u00fcr Ihren Urlaub zu mieten, dank unserer Partnerschaft mit Solution Auto! Z\u00f6gern Sie also nicht l\u00e4nger und kontaktieren Sie sie f\u00fcr weitere Informationen!<br\/><strong>Tel: 04.28.70.51.79<\/strong><\/p>\n\n\n\n<h2 class=\"ls__heading wp-block-heading\">Unser Partnertaxi<\/h2>\n\n\n\n<p class=\"ls-paragraph\">Z\u00f6gern Sie nicht, sich mit unserem Partnertaxi Axurit Taxi in Verbindung zu setzen. Tag und Nacht, haben Sie Zugang zu Vorzugspreisen, sei es f\u00fcr Transferfahrten, am Bahnhof, am Flughafen oder f\u00fcr Ihre Abendveranstaltungen.  <br\/><strong>Tel : 06.43.97.05.53<\/strong><\/p>\n<\/div>\n\n\n\n<div class=\"wp-block-column is-vertically-aligned-center is-layout-flow wp-block-column-is-layout-flow\">\n<figure class=\"wp-block-image size-full animated fadeInRight delay-100ms slow\"><a href=\"https:\/\/www.camping-le-calagogo.fr\/wp-content\/uploads\/2023\/12\/camping-wifi.webp\"><img decoding=\"async\" width=\"1800\" height=\"1200\" src=\"https:\/\/www.camping-le-calagogo.fr\/wp-content\/uploads\/2023\/12\/camping-wifi.webp\" alt=\"Camping Wifi\" class=\"wp-image-2630161\" srcset=\"https:\/\/www.camping-le-calagogo.fr\/wp-content\/uploads\/2023\/12\/camping-wifi.webp 1800w, https:\/\/www.camping-le-calagogo.fr\/wp-content\/uploads\/2023\/12\/camping-wifi-300x200.webp 300w, https:\/\/www.camping-le-calagogo.fr\/wp-content\/uploads\/2023\/12\/camping-wifi-1024x683.webp 1024w, https:\/\/www.camping-le-calagogo.fr\/wp-content\/uploads\/2023\/12\/camping-wifi-768x512.webp 768w, https:\/\/www.camping-le-calagogo.fr\/wp-content\/uploads\/2023\/12\/camping-wifi-1536x1024.webp 1536w\" sizes=\"(max-width: 1800px) 100vw, 1800px\" \/><\/a><\/figure>\n<\/div>\n<\/div>\n\n\r\n    <\/div>\r\n<\/section><section id=\"ls-section-block_017fd4d2b4bfb4065fa141a96c449f56\" class=\"ls-section  section-parallax has-background-image has-parallax has-background has-color-black-background-color has-p-t p-t-14 has-p-b p-b-0\" >\r\n    <div class=\"ls-section__background-image opacity-58\"><img decoding=\"async\" src=\"https:\/\/www.camping-le-calagogo.fr\/wp-content\/uploads\/2023\/12\/snack-bar-languedoc.webp\" alt=\"\"><\/div>    <div class=\"container container--wide\">\r\n        \n\n<div class=\"wp-block-columns has-color-white-background-color has-background is-layout-flex wp-container-core-columns-is-layout-9d6595d7 wp-block-columns-is-layout-flex\">\n<div class=\"wp-block-column is-layout-flow wp-block-column-is-layout-flow\">\n<h2 class=\"ls__heading wp-block-heading has-text-align-center\">Gesch\u00e4fte auf dem Campingplatz<\/h2>\n\n\n\n<div id=\"ls-heading ls-titre-div-block_f39c3aeaa10c908ecb1f1df4a840bb55\" class=\"ls-titre-div aligncenter h2-like\" >\n    Alle unsere Gesch\u00e4fte sind von der Er\u00f6ffnung des Campings bis zur Schlie\u00dfung ge\u00f6ffnet.<\/div>\n\n\n\n<h3 class=\"ls__heading wp-block-heading has-text-align-center\">Bar &#8211; Eisdiele und Pub<\/h3>\n\n\n\n<p class=\"ls-paragraph has-text-align-center\">Was gibt es Sch\u00f6neres, als <strong>seinen Kaffee gleich am Morgen zu trinken? am Morgen auf der Terrasse der Bar<\/strong> im Schatten der Strohh\u00fctte, mit Blick auf den Pool, umzu tr\u00e4umen. Ebenfalls in einem musikalischen Ambiente, Hier k\u00f6nnen Sie im Schatten der Strohh\u00fctten Eis, Churros, k\u00fchle Getr\u00e4nke und Cocktails <strong>genie\u00dfen<\/strong>. <\/p>\n\n\n\n<p class=\"ls-paragraph has-text-align-center\">Hier <strong>trifft man sich und erlebt gesellige Momente<\/strong>, hier findet alles statt: Auff\u00fchrungen, Musikgruppen&#8230; In der Eisdiele lassen die handwerklich hergestellten Eissorten mit einer Vielzahl von Geschmacksrichtungen Gro\u00df und Klein das Wasser im Munde zusammenlaufen, w\u00e4hrend sie ein H\u00f6rnchen oder einen sch\u00f6nen Becher trinken. Hier finden Sie alle originellsten oder einfach nur s\u00fcdl\u00e4ndischen <strong> Geschmacksrichtungen<\/strong>: Melone, Aprikose, Passionsfrucht, Muskateller und sogar Lakritze, ein reines Vergn\u00fcgen.<\/p>\n<\/div>\n<\/div>\n\n\r\n    <\/div>\r\n<\/section><section id=\"ls-section-block_deb6ff4cd36ee3cf1b8cb93fa443f515\" class=\"ls-section  page-three has-p-t p-t-14 has-p-b p-b-14\" >\r\n        <div class=\"container container--wide\">\r\n        \n\n<div class=\"wp-block-columns is-layout-flex wp-container-core-columns-is-layout-9d6595d7 wp-block-columns-is-layout-flex\">\n<div class=\"wp-block-column first is-layout-flow wp-block-column-is-layout-flow\">\n<figure class=\"wp-block-image size-full animated fadeInLeft delay-100ms slow\"><img decoding=\"async\" width=\"1800\" height=\"1200\" src=\"https:\/\/www.camping-le-calagogo.fr\/wp-content\/uploads\/2023\/12\/restaurant-saint-cyprien.webp\" alt=\"restaurant saint cyprien\" class=\"wp-image-2630125\" srcset=\"https:\/\/www.camping-le-calagogo.fr\/wp-content\/uploads\/2023\/12\/restaurant-saint-cyprien.webp 1800w, https:\/\/www.camping-le-calagogo.fr\/wp-content\/uploads\/2023\/12\/restaurant-saint-cyprien-300x200.webp 300w, https:\/\/www.camping-le-calagogo.fr\/wp-content\/uploads\/2023\/12\/restaurant-saint-cyprien-1024x683.webp 1024w, https:\/\/www.camping-le-calagogo.fr\/wp-content\/uploads\/2023\/12\/restaurant-saint-cyprien-768x512.webp 768w, https:\/\/www.camping-le-calagogo.fr\/wp-content\/uploads\/2023\/12\/restaurant-saint-cyprien-1536x1024.webp 1536w\" sizes=\"(max-width: 1800px) 100vw, 1800px\" \/><\/figure>\n\n\n\n<figure class=\"wp-block-image size-full lunettes m-left\"><img decoding=\"async\" src=\"https:\/\/www.camping-le-calagogo.fr\/wp-content\/uploads\/2023\/11\/icones_Plan-de-travail-1-07.svg\" alt=\"icones Arbeitsplan 1 07\" class=\"wp-image-2833\"\/><\/figure>\n<\/div>\n\n\n\n<div class=\"wp-block-column is-vertically-aligned-top second is-layout-flow wp-block-column-is-layout-flow\">\n<h3 class=\"ls__heading wp-block-heading\">Restaurant und Gerichte zum Mitnehmen<\/h3>\n\n\n\n<p class=\"ls-paragraph\">Auf der Restaurantseite genie\u00dfen Sie <strong>mediterrane K\u00fcche<\/strong>, Plancha, Gegrilltes, Gem\u00fcse der Saison, gegrilltes Fleisch oder Fisch, Parillades, Grillmix&#8230;<\/p>\n\n\n\n<p class=\"ls-paragraph\">Der Chefpizzab\u00e4cker bietet Ihnen Pizzas, Salate, Paninis, Bruschettas und <strong>viele andere Gerichte, die Sie vor Ort genie\u00dfen oder mitnehmen k\u00f6nnen<\/strong>.<\/p>\n\n\n\n<h3 class=\"ls__heading wp-block-heading\">Selbstbedienung und Hotspot<\/h3>\n\n\n\n<p class=\"ls-paragraph\">Jeden Morgen haben Sie eine gro\u00dfe Auswahl, um Ihr <strong>Fr\u00fchst\u00fcck<\/strong> und die Snacks des Tages zuzubereiten: verschiedene Geb\u00e4cksorten, Brot, das den ganzen Tag \u00fcber vor Ort gebacken wird.<\/p>\n\n\n\n<p class=\"ls-paragraph\">Die <strong>Obst- und Gem\u00fcseabteilung<\/strong> ist mit ihrer Vielfalt an Fr\u00fcchten aus dem Roussillon in den Farben S\u00fcdfrankreichs gehalten. Das Team wird Sie auch \u00fcber regionale Produkte beraten und die Woche mit Verkostungen beleben.<\/p>\n\n\n\n<p class=\"ls-paragraph\">Die vor Ort gebratenen H\u00e4hnchen mit s\u00fcdl\u00e4ndischem Aroma sind der Hit bei allen Campern. <strong>Vermeiden Sie es, mit dem Auto<\/strong> zu fahren und Zeit auf der Stra\u00dfe zu verbringen, der <strong>Selbstbedienungsladen<\/strong> auf dem Campingplatz bietet Ihnen eine gro\u00dfe Auswahl an Produkten.<\/p>\n<\/div>\n<\/div>\n\n\r\n    <\/div>\r\n<\/section><section id=\"ls-section-block_47dd8a54b23bfa61c0cfaa45a881c702\" class=\"ls-section  page-two mosaique has-p-t p-t-14 has-p-b p-b-14\" >\r\n        <div class=\"container container--wide\">\r\n        \n\n<div class=\"wp-block-columns is-layout-flex wp-container-core-columns-is-layout-9d6595d7 wp-block-columns-is-layout-flex\">\n<div class=\"wp-block-column first is-layout-flow wp-block-column-is-layout-flow\" style=\"flex-basis:66.7%\">\n<figure class=\"wp-block-gallery has-nested-images columns-default is-cropped gallery-slider-page animated fadeInUp slow wp-block-gallery-2 is-layout-flex wp-block-gallery-is-layout-flex\">\n<figure class=\"wp-block-image size-full\"><a href=\"https:\/\/www.camping-le-calagogo.fr\/wp-content\/uploads\/2023\/12\/bar-saint-cyprien.webp\"><img decoding=\"async\" width=\"1800\" height=\"1200\" data-id=\"2630120\" src=\"https:\/\/www.camping-le-calagogo.fr\/wp-content\/uploads\/2023\/12\/bar-saint-cyprien.webp\" alt=\"bar saint cyprien\" class=\"wp-image-2630120\" srcset=\"https:\/\/www.camping-le-calagogo.fr\/wp-content\/uploads\/2023\/12\/bar-saint-cyprien.webp 1800w, https:\/\/www.camping-le-calagogo.fr\/wp-content\/uploads\/2023\/12\/bar-saint-cyprien-300x200.webp 300w, https:\/\/www.camping-le-calagogo.fr\/wp-content\/uploads\/2023\/12\/bar-saint-cyprien-1024x683.webp 1024w, https:\/\/www.camping-le-calagogo.fr\/wp-content\/uploads\/2023\/12\/bar-saint-cyprien-768x512.webp 768w, https:\/\/www.camping-le-calagogo.fr\/wp-content\/uploads\/2023\/12\/bar-saint-cyprien-1536x1024.webp 1536w\" sizes=\"(max-width: 1800px) 100vw, 1800px\" \/><\/a><\/figure>\n\n\n\n<figure class=\"wp-block-image size-full\"><a href=\"https:\/\/www.camping-le-calagogo.fr\/wp-content\/uploads\/2023\/12\/epicerie-saint-cyprien.webp\"><img decoding=\"async\" width=\"1800\" height=\"1200\" data-id=\"2630130\" src=\"https:\/\/www.camping-le-calagogo.fr\/wp-content\/uploads\/2023\/12\/epicerie-saint-cyprien.webp\" alt=\"lebensmittelgesch&#xE4;ft saint cyprien\" class=\"wp-image-2630130\" srcset=\"https:\/\/www.camping-le-calagogo.fr\/wp-content\/uploads\/2023\/12\/epicerie-saint-cyprien.webp 1800w, https:\/\/www.camping-le-calagogo.fr\/wp-content\/uploads\/2023\/12\/epicerie-saint-cyprien-300x200.webp 300w, https:\/\/www.camping-le-calagogo.fr\/wp-content\/uploads\/2023\/12\/epicerie-saint-cyprien-1024x683.webp 1024w, https:\/\/www.camping-le-calagogo.fr\/wp-content\/uploads\/2023\/12\/epicerie-saint-cyprien-768x512.webp 768w, https:\/\/www.camping-le-calagogo.fr\/wp-content\/uploads\/2023\/12\/epicerie-saint-cyprien-1536x1024.webp 1536w\" sizes=\"(max-width: 1800px) 100vw, 1800px\" \/><\/a><\/figure>\n\n\n\n<figure class=\"wp-block-image size-full\"><a href=\"https:\/\/www.camping-le-calagogo.fr\/wp-content\/uploads\/2023\/12\/snack-saint-cyprien.webp\"><img decoding=\"async\" width=\"1888\" height=\"1200\" data-id=\"2630135\" src=\"https:\/\/www.camping-le-calagogo.fr\/wp-content\/uploads\/2023\/12\/snack-saint-cyprien.webp\" alt=\"snack saint cyprien\" class=\"wp-image-2630135\" srcset=\"https:\/\/www.camping-le-calagogo.fr\/wp-content\/uploads\/2023\/12\/snack-saint-cyprien.webp 1888w, https:\/\/www.camping-le-calagogo.fr\/wp-content\/uploads\/2023\/12\/snack-saint-cyprien-300x191.webp 300w, https:\/\/www.camping-le-calagogo.fr\/wp-content\/uploads\/2023\/12\/snack-saint-cyprien-1024x651.webp 1024w, https:\/\/www.camping-le-calagogo.fr\/wp-content\/uploads\/2023\/12\/snack-saint-cyprien-768x488.webp 768w, https:\/\/www.camping-le-calagogo.fr\/wp-content\/uploads\/2023\/12\/snack-saint-cyprien-1536x976.webp 1536w\" sizes=\"(max-width: 1888px) 100vw, 1888px\" \/><\/a><\/figure>\n\n\n\n<figure class=\"wp-block-image size-full\"><a href=\"https:\/\/www.camping-le-calagogo.fr\/wp-content\/uploads\/2023\/12\/epicerie-languedoc.webp\"><img decoding=\"async\" width=\"1800\" height=\"1200\" data-id=\"2630140\" src=\"https:\/\/www.camping-le-calagogo.fr\/wp-content\/uploads\/2023\/12\/epicerie-languedoc.webp\" alt=\"Lebensmittelgesch&#xE4;ft languedoc\" class=\"wp-image-2630140\" srcset=\"https:\/\/www.camping-le-calagogo.fr\/wp-content\/uploads\/2023\/12\/epicerie-languedoc.webp 1800w, https:\/\/www.camping-le-calagogo.fr\/wp-content\/uploads\/2023\/12\/epicerie-languedoc-300x200.webp 300w, https:\/\/www.camping-le-calagogo.fr\/wp-content\/uploads\/2023\/12\/epicerie-languedoc-1024x683.webp 1024w, https:\/\/www.camping-le-calagogo.fr\/wp-content\/uploads\/2023\/12\/epicerie-languedoc-768x512.webp 768w, https:\/\/www.camping-le-calagogo.fr\/wp-content\/uploads\/2023\/12\/epicerie-languedoc-1536x1024.webp 1536w\" sizes=\"(max-width: 1800px) 100vw, 1800px\" \/><\/a><\/figure>\n<\/figure>\n<\/div>\n\n\n\n<div class=\"wp-block-column is-vertically-aligned-center second is-layout-flow wp-block-column-is-layout-flow\" style=\"flex-basis:33.3%\">\n<h3 class=\"ls__heading wp-block-heading\">Tabak &#8211; Presse &#8211; Souvenirs<\/h3>\n\n\n\n<p class=\"ls-paragraph\">Von Flip-Flops bis hin zu M\u00fctzen und H\u00fcten, bis hin zum aufblasbaren Boot oder Schwimmring und Sonnencreme, k\u00f6nnen Sie Ihre Strandtasche mit den Artikeln erg\u00e4nzen . aus dem <strong>Shop oder auch als Erinnerungsgeschenk<\/strong>.<\/p>\n\n\n\n<p class=\"ls-paragraph\">Von der nationalen bis zur europ\u00e4ischen Presse, Zeitschriften&#8230; Sie k\u00f6nnen Ihre Tage mit <strong>Lesen oder Spielen am Strand<\/strong> am Rande <a href=\"https:\/\/www.camping-le-calagogo.fr\/de\/camping-mit-schwimmbad-saint-cyprien\/\">unseres Schwimmbads in Saint-Cyprien<\/a> im Schatten der Palmen ausschm\u00fccken.<\/p>\n\n\n\n<h3 class=\"ls__heading wp-block-heading\">Der Cala Beach Club<\/h3>\n\n\n\n<p class=\"ls-paragraph\">Der Cala Beach Club \u00f6ffnet sich Ihnen wie ein <strong>kleines St\u00fcck vom Paradies<\/strong>, am feinen Sandstrand von <a href=\"https:\/\/www.camping-le-calagogo.fr\/de\/camping-argeles-sur-mer\/camping-aan-zee-argeles-sur-mer\/\">Cala Gogo am Meer in Argel\u00e8s<\/a>.<\/p>\n\n\n\n<p class=\"ls-paragraph\"><strong>Ge\u00f6ffnet im Juli und August<\/strong>, genie\u00dfen Sie einen Moment der Ruhe und Stille vor dem Hintergrund, die Atmosph\u00e4re ist warm und freundlich. Bei einem Kaffee, einem k\u00fchlen Getr\u00e4nk, einem Sandwich, Pommes frites oder Eisbechern mit Blick auf das Meer tauchen Sie in das totale <strong>Nichtstun<\/strong> ein.<\/p>\n\n\n\n<ul class=\"ls-list wp-block-list\">\n\n<li><a href=\"https:\/\/www.camping-le-calagogo.fr\/de\/camping-comite-unternehmen-st-cyprien\/\" data-type=\"page\" data-id=\"2191\">Speziell f\u00fcr Betriebsr\u00e4te<\/a><\/li>\n\n\n<li><a href=\"https:\/\/www.camping-le-calagogo.fr\/de\/familienfreundlicher-campingplatz-saint-cyprien\/\" data-type=\"page\" data-id=\"20\">Animationen &amp; Abendveranstaltungen<\/a><\/li>\n\n\n<li><a href=\"https:\/\/www.camping-le-calagogo.fr\/de\/camping-faq-saint-cyprien\/\" data-type=\"page\" data-id=\"36\">H\u00e4ufig gestellte Fragen<\/a><\/li>\n\n<\/ul>\n<\/div>\n<\/div>\n\n\r\n    <\/div>\r\n<\/section><section id=\"ls-section-block_2d05d0cbbd4499e064fada331013cb20\" class=\"ls-section  section-parallax has-background-image has-parallax has-background has-color-black-background-color has-p-t p-t-30 has-p-b p-b-0\" >\r\n    <div class=\"ls-section__background-image opacity-58\"><img decoding=\"async\" src=\"https:\/\/www.camping-le-calagogo.fr\/wp-content\/uploads\/2023\/12\/8_location-mobil-home-a-Saint-Cyprien-1.jpg\" alt=\"location mobil home a saint cyprien\"><\/div>    <div class=\"container container--wide\">\r\n        \n\n<div id=\"ls-heading ls-titre-div-block_87ce379f5c064cb51aeddeea89a133b7\" class=\"ls-titre-div m-right aligncenter h1-like\" >\n    Eine <em>Frage?<\/em><\/div>\n\n\n\n<div class=\"wp-block-columns has-color-white-background-color has-background is-layout-flex wp-container-core-columns-is-layout-9d6595d7 wp-block-columns-is-layout-flex\">\n<div class=\"wp-block-column is-layout-flow wp-block-column-is-layout-flow\">\n<h2 class=\"ls__heading wp-block-heading has-text-align-center\">H\u00e4ufig gestellte Fragen <br\/>zu den Diensten<\/h2>\n\n\n<div id=\"faq\" class=\"faq-container\"><div class=\"faq-wrap\" itemscope=\"\" itemtype=\"https:\/\/schema.org\/FAQPage\"><div class=\"faq__box faq__item\"><div class=\"faq__container\"><div class=\"faq__block\" itemscope=\"\" itemprop=\"mainEntity\" itemtype=\"https:\/\/schema.org\/Question\"><details class=\"faq\"><summary class=\"faq-question\" itemprop=\"name\">Kann man auf dem Campingplatz Fahrr\u00e4der mieten?<span class=\"faq-opener\"><\/span><\/summary><div class=\"content\" itemscope=\"\" itemprop=\"acceptedAnswer\" itemtype=\"https:\/\/schema.org\/Answer\"><div itemprop=\"text\"><p><em><p>Ja, Sie k\u00f6nnen Fahrr\u00e4der mieten. Begeben Sie sich dazu an die Rezeption des Campingplatzes.<\/p>\n<\/em><\/p><\/div><\/div><\/details><\/div><\/div><\/div><div class=\"faq__box faq__item\"><div class=\"faq__container\"><div class=\"faq__block\" itemscope=\"\" itemprop=\"mainEntity\" itemtype=\"https:\/\/schema.org\/Question\"><details class=\"faq\"><summary class=\"faq-question\" itemprop=\"name\">Kann ich ein Babybett oder einen Hochstuhl mieten?<span class=\"faq-opener\"><\/span><\/summary><div class=\"content\" itemscope=\"\" itemprop=\"acceptedAnswer\" itemtype=\"https:\/\/schema.org\/Answer\"><div itemprop=\"text\"><p><em><p>Ja, wir haben einen Stuhl, eine Badewanne, ein Babybett und eine Wickelauflage zur Verf\u00fcgung. Fragen Sie einfach bei der Buchung danach oder kommen Sie direkt an die Rezeption (je nach Verf\u00fcgbarkeit).<\/p>\n<\/em><\/p><\/div><\/div><\/details><\/div><\/div><\/div><div class=\"faq__box faq__item\"><div class=\"faq__container\"><div class=\"faq__block\" itemscope=\"\" itemprop=\"mainEntity\" itemtype=\"https:\/\/schema.org\/Question\"><details class=\"faq\"><summary class=\"faq-question\" itemprop=\"name\">Gibt es eine Kinderbetreuung f\u00fcr Kleinkinder?<span class=\"faq-opener\"><\/span><\/summary><div class=\"content\" itemscope=\"\" itemprop=\"acceptedAnswer\" itemtype=\"https:\/\/schema.org\/Answer\"><div itemprop=\"text\"><p><em><p>Nein, wir haben keine Kinderbetreuung f\u00fcr Kleinkinder.<\/p>\n<\/em><\/p><\/div><\/div><\/details><\/div><\/div><\/div><div class=\"faq__box faq__item\"><div class=\"faq__container\"><div class=\"faq__block\" itemscope=\"\" itemprop=\"mainEntity\" itemtype=\"https:\/\/schema.org\/Question\"><details class=\"faq\"><summary class=\"faq-question\" itemprop=\"name\">K\u00f6nnen Grills gemietet werden?<span class=\"faq-opener\"><\/span><\/summary><div class=\"content\" itemscope=\"\" itemprop=\"acceptedAnswer\" itemtype=\"https:\/\/schema.org\/Answer\"><div itemprop=\"text\"><p><em><p>Per Pr\u00e4fekturerlass sind nur Gasgrills erlaubt. Der Verleih von Grills ist vor Ort beim Minimarkt m\u00f6glich.<\/p>\n<\/em><\/p><\/div><\/div><\/details><\/div><\/div><\/div><div class=\"faq__box faq__item\"><div class=\"faq__container\"><div class=\"faq__block\" itemscope=\"\" itemprop=\"mainEntity\" itemtype=\"https:\/\/schema.org\/Question\"><details class=\"faq\"><summary class=\"faq-question\" itemprop=\"name\">Muss ich bei meiner Abreise einen Termin f\u00fcr die Bestandsaufnahme vereinbaren?<span class=\"faq-opener\"><\/span><\/summary><div class=\"content\" itemscope=\"\" itemprop=\"acceptedAnswer\" itemtype=\"https:\/\/schema.org\/Answer\"><div itemprop=\"text\"><p><em><p>Nein, Sie m\u00fcssen nur die Schl\u00fcssel des Mobilheims vor 10 Uhr zur\u00fcckbringen. Unser Team k\u00fcmmert sich im Anschluss daran um die Bestandsaufnahme.<\/p>\n<\/em><\/p><\/div><\/div><\/details><\/div><\/div><\/div><div class=\"faq__box faq__item\"><div class=\"faq__container\"><div class=\"faq__block\" itemscope=\"\" itemprop=\"mainEntity\" itemtype=\"https:\/\/schema.org\/Question\"><details class=\"faq\"><summary class=\"faq-question\" itemprop=\"name\">Sind das Restaurant sowie die anderen Gesch\u00e4fte auch in der Nebensaison ge\u00f6ffnet?<span class=\"faq-opener\"><\/span><\/summary><div class=\"content\" itemscope=\"\" itemprop=\"acceptedAnswer\" itemtype=\"https:\/\/schema.org\/Answer\"><div itemprop=\"text\"><p><em><p>Ja, das sind sie, sobald der Campingplatz er\u00f6ffnet wird.<\/p>\n<\/em><\/p><\/div><\/div><\/details><\/div><\/div><\/div><div class=\"faq__box faq__item\"><div class=\"faq__container\"><div class=\"faq__block\" itemscope=\"\" itemprop=\"mainEntity\" itemtype=\"https:\/\/schema.org\/Question\"><details class=\"faq\"><summary class=\"faq-question\" itemprop=\"name\">Wird f\u00fcr die Mobilheime ein Reinigungsservice angeboten?<span class=\"faq-opener\"><\/span><\/summary><div class=\"content\" itemscope=\"\" itemprop=\"acceptedAnswer\" itemtype=\"https:\/\/schema.org\/Answer\"><div itemprop=\"text\"><p><em><p>Ja, wir bieten Ihnen einen Reinigungsservice f\u00fcr 80\u20ac am Ende Ihres Aufenthalts an.<\/p>\n<\/em><\/p><\/div><\/div><\/details><\/div><\/div><\/div><div class=\"faq__box faq__item\"><div class=\"faq__container\"><div class=\"faq__block\" itemscope=\"\" itemprop=\"mainEntity\" itemtype=\"https:\/\/schema.org\/Question\"><details class=\"faq\"><summary class=\"faq-question\" itemprop=\"name\">Gibt es auf dem Campingplatz eine W\u00e4scherei?<span class=\"faq-opener\"><\/span><\/summary><div class=\"content\" itemscope=\"\" itemprop=\"acceptedAnswer\" itemtype=\"https:\/\/schema.org\/Answer\"><div itemprop=\"text\"><p><em><p>Ja, wir haben eine W\u00e4scherei hinter dem Wasserbereich.<\/p>\n<\/em><\/p><\/div><\/div><\/details><\/div><\/div><\/div><span class=\"faq__elipsis lire-plus active\">Lesen Sie mehr +<\/span><span class=\"faq__elipsis lire-moins\">Lire moins &#8211;<\/span><\/div><\/div><\/div>\n<\/div>\n\n\r\n    <\/div>\r\n<\/section><section id=\"ls-section-block_51c270b88071057b90492066ef3605ef\" class=\"ls-section  page-maillage has-p-b p-b-14\" >\r\n        <div class=\"container container--wide\">\r\n        \n\n<div id=\"ls-heading ls-titre-div-block_86b386266efa51c39a458cdf1f368b05\" class=\"ls-titre-div m-left h2-like\" >\n    Entdecken Sie die Unterk\u00fcnfte, <\/br>Dienstleistungen und Animationen!<\/div>\n\n\n<div id=\"ls-maillage-block_3ac345abb2e5d20fd487134914a19289\" class=\"ls-maillage cta-style-normal\" data-rows=\"3\">\n    <div class=\"wp-block-columns  \"><div class=\"wp-block-column\"><div id=\"destinations\" class=\"ls-cta\">\n\n<a href=\"https:\/\/www.camping-le-calagogo.fr\/de\/familienfreundlicher-campingplatz-saint-cyprien\/\" target=\"\" rel=\"noopener\" class=\"ls-cta__link\">\n\n\t<div class=\"ls-cta__image\"><img decoding=\"async\" src=\"https:\/\/www.camping-le-calagogo.fr\/wp-content\/uploads\/2023\/12\/camping-animations-familiales-saint-cyprien.webp\" alt=\"\"><\/div>\n\t<div class=\"ls-cta__title\">\n\t\tAnimationen und Abendveranstaltungen\t<\/div>\n\t\n\t\t\n<\/a><\/div><\/div><div class=\"wp-block-column\"><div id=\"destinations\" class=\"ls-cta\">\n\n<a href=\"https:\/\/www.camping-le-calagogo.fr\/de\/camping-services-pyrenees-orientales\/\" target=\"\" rel=\"noopener\" class=\"ls-cta__link\">\n\n\t<div class=\"ls-cta__image\"><img decoding=\"async\" src=\"https:\/\/www.camping-le-calagogo.fr\/wp-content\/uploads\/2023\/12\/epicerie-languedoc.webp\" alt=\"\"><\/div>\n\t<div class=\"ls-cta__title\">\n\t\tDienstleistungen und Gesch\u00e4fte\t<\/div>\n\t\n\t\t\n<\/a><\/div><\/div><div class=\"wp-block-column\"><div id=\"destinations\" class=\"ls-cta\">\n\n<a href=\"https:\/\/www.camping-le-calagogo.fr\/de\/vermietung-mobil-home-languedoc-roussillon\/\" target=\"\" rel=\"noopener\" class=\"ls-cta__link\">\n\n\t<div class=\"ls-cta__image\"><img decoding=\"async\" src=\"https:\/\/www.camping-le-calagogo.fr\/wp-content\/uploads\/2023\/12\/sejour-mobil-home-pyrenees-orientales.webp\" alt=\"\"><\/div>\n\t<div class=\"ls-cta__title\">\n\t\tMobilheime\t<\/div>\n\t\n\t\t\n<\/a><\/div><\/div><\/div><\/div>\n\r\n    <\/div>\r\n<\/section>","protected":false},"excerpt":{"rendered":"","protected":false},"author":1,"featured_media":2630213,"parent":0,"menu_order":0,"comment_status":"closed","ping_status":"closed","template":"","meta":{"_acf_changed":false,"_seopress_robots_primary_cat":"","_seopress_titles_title":"Dienstleistungen auf dem Campingplatz | Gesch\u00e4fte, Bar und Restaurant auf dem Campingplatz","_seopress_titles_desc":"","_seopress_robots_index":"","inline_featured_image":false,"footnotes":""},"sujet":[],"class_list":["post-2708348","page","type-page","status-publish","has-post-thumbnail","hentry"],"acf":[],"_links":{"self":[{"href":"https:\/\/www.camping-le-calagogo.fr\/de\/wp-json\/wp\/v2\/pages\/2708348","targetHints":{"allow":["GET"]}}],"collection":[{"href":"https:\/\/www.camping-le-calagogo.fr\/de\/wp-json\/wp\/v2\/pages"}],"about":[{"href":"https:\/\/www.camping-le-calagogo.fr\/de\/wp-json\/wp\/v2\/types\/page"}],"author":[{"embeddable":true,"href":"https:\/\/www.camping-le-calagogo.fr\/de\/wp-json\/wp\/v2\/users\/1"}],"replies":[{"embeddable":true,"href":"https:\/\/www.camping-le-calagogo.fr\/de\/wp-json\/wp\/v2\/comments?post=2708348"}],"version-history":[{"count":25,"href":"https:\/\/www.camping-le-calagogo.fr\/de\/wp-json\/wp\/v2\/pages\/2708348\/revisions"}],"predecessor-version":[{"id":2845968,"href":"https:\/\/www.camping-le-calagogo.fr\/de\/wp-json\/wp\/v2\/pages\/2708348\/revisions\/2845968"}],"wp:featuredmedia":[{"embeddable":true,"href":"https:\/\/www.camping-le-calagogo.fr\/de\/wp-json\/wp\/v2\/media\/2630213"}],"wp:attachment":[{"href":"https:\/\/www.camping-le-calagogo.fr\/de\/wp-json\/wp\/v2\/media?parent=2708348"}],"wp:term":[{"taxonomy":"sujet","embeddable":true,"href":"https:\/\/www.camping-le-calagogo.fr\/de\/wp-json\/wp\/v2\/sujet?post=2708348"}],"curies":[{"name":"wp","href":"https:\/\/api.w.org\/{rel}","templated":true}]}}