{"id":2708477,"date":"2023-10-18T09:41:55","date_gmt":"2023-10-18T07:41:55","guid":{"rendered":"https:\/\/www.camping-le-calagogo.fr\/nicht-cher\/"},"modified":"2024-03-21T08:59:46","modified_gmt":"2024-03-21T07:59:46","slug":"camping-billig-perpignan","status":"publish","type":"page","link":"https:\/\/www.camping-le-calagogo.fr\/de\/camping-port-barcares\/camping-billig-perpignan\/","title":{"rendered":"G\u00fcnstiger Campingplatz Barcar\u00e8s"},"content":{"rendered":"<section id=\"ls-section-block_9c6be0d715aebb3db894d28ef51df117\" class=\"ls-section  page-chapeau deco has-p-b p-b-4\" >\r\n        <div class=\"container \">\r\n        \n\n<h1 class=\"ls__heading wp-block-heading has-text-align-center\">G\u00fcnstiger Camping in Port Barcar\u00e8s<br\/><strong>in den Pyr\u00e9n\u00e9es-Orientales<\/strong><\/h1>\n\n\n\n<p class=\"ls-paragraph has-text-align-center\">Verbringen Sie einen sch\u00f6nen Urlaub mit der Familie oder mit Freunden in der zauberhaften Umgebung des <a href=\"https:\/\/www.camping-le-calagogo.fr\/de\/\" data-type=\"page\" data-id=\"9\">F\u00fcnf-Sterne-Campingplatzes Le Cala Gogo<\/a>. Die Einrichtung empf\u00e4ngt Sie am Mittelmeer, eine halbe Stunde von Port Barcar\u00e8s entfernt.<\/p>\n\n\r\n    <\/div>\r\n<\/section><section id=\"ls-section-block_f99d959466ddcc45813d1d1919d8eb2d\" class=\"ls-section  page-one has-p-t p-t-0 has-p-b p-b-14\" >\r\n        <div class=\"container container--wide\">\r\n        \n\n<div class=\"wp-block-columns is-layout-flex wp-container-core-columns-is-layout-9d6595d7 wp-block-columns-is-layout-flex\">\n<div class=\"wp-block-column is-vertically-aligned-center first is-layout-flow wp-block-column-is-layout-flow\" style=\"flex-basis:66.7%\">\n<figure class=\"wp-block-image size-full\"><img decoding=\"async\" width=\"1920\" height=\"1200\" src=\"https:\/\/www.camping-le-calagogo.fr\/wp-content\/uploads\/2023\/11\/vacances-port-barcares.webp.webp\" alt=\"urlaub port barcares\" class=\"wp-image-2629343\" srcset=\"https:\/\/www.camping-le-calagogo.fr\/wp-content\/uploads\/2023\/11\/vacances-port-barcares.webp.webp 1920w, https:\/\/www.camping-le-calagogo.fr\/wp-content\/uploads\/2023\/11\/vacances-port-barcares.webp-300x188.webp 300w, https:\/\/www.camping-le-calagogo.fr\/wp-content\/uploads\/2023\/11\/vacances-port-barcares.webp-1024x640.webp 1024w, https:\/\/www.camping-le-calagogo.fr\/wp-content\/uploads\/2023\/11\/vacances-port-barcares.webp-768x480.webp 768w, https:\/\/www.camping-le-calagogo.fr\/wp-content\/uploads\/2023\/11\/vacances-port-barcares.webp-1536x960.webp 1536w\" sizes=\"(max-width: 1920px) 100vw, 1920px\" \/><\/figure>\n<\/div>\n\n\n\n<div class=\"wp-block-column is-vertically-aligned-center second is-layout-flow wp-block-column-is-layout-flow\" style=\"flex-basis:33.3%\">\n<h2 class=\"ls__heading wp-block-heading\">G\u00fcnstige Unterk\u00fcnfte in Port Barcar\u00e8s<\/h2>\n\n\n\n<p class=\"ls-paragraph\">F\u00fcr diesen Camping-Urlaub mit der ganzen Familie in S\u00fcdfrankreich haben Sie die Wahl zwischen mehreren komfortablen und gut ausgestatteten Unterk\u00fcnften. Dies sind <a href=\"https:\/\/www.camping-le-calagogo.fr\/de\/camping-port-barcares\/mobilheim\/\" data-type=\"page\" data-id=\"2309\">Mobilheim-Vermietungen Port Barcar\u00e8s<\/a> mit einem bis vier Schlafzimmern, die zwei bis acht Personen beherbergen k\u00f6nnen.<\/p>\n\n\n\n<p class=\"ls-paragraph addReadMore showlesscontent\">Sie sind alle klimatisiert und verf\u00fcgen \u00fcber eine \u00fcberdachte Terrasse.<\/p>\n\n\n\n<ul class=\"ls-list wp-block-list\">\n<li>Mobilheim Rivesaltes 1 Zimmer (19.5 m\u00b2): 2-3 Personen<\/li>\n\n\n\n<li>Mobilheim Caramany 2 Zimmer (25 m\u00b2): 4 Personen mit Baby<\/li>\n\n\n\n<li>Mobilheim PMR (35 m\u00b2): 4 Personen mit Baby<\/li>\n\n\n\n<li>Mobilheim Banyuls 2 Zimmer und 2 Badezimmer (32 m\u00b2): 4 Personen mit Baby<\/li>\n\n\n\n<li>Mobilheim Muscat 3 Zimmer und 2 B\u00e4der (37 m\u00b2): 6 Personen mit Baby<\/li>\n\n\n\n<li>Mobilheim Paulilles 2 Zimmer (27 m\u00b2): 5 Personen mit Baby<\/li>\n\n\n\n<li>Mobilheim Collioure 3 Zimmer (34 m\u00b2): 6 Personen mit Baby<\/li>\n\n\n\n<li>Mobilheim Maury 4 Schlafzimmer und 2 Badezimmer (41 m\u00b2): 7-8 Personen<\/li>\n\n\n\n<li>Mobilheim Rivesaltes 1 Schlafzimmer f\u00fcr 2-3 Personen mit \u00fcberdachter Terrasse<\/li>\n<\/ul>\n<\/div>\n<\/div>\n\n\r\n    <\/div>\r\n<\/section><section id=\"ls-section-block_14f13901b4a948dabc1c2aa2e7a32d79\" class=\"ls-section  page-two mosaique has-background has-color-4-background-color has-p-t p-t-14 has-p-b p-b-14\" >\r\n        <div class=\"container container--wide\">\r\n        \n\n<div class=\"wp-block-columns is-layout-flex wp-container-core-columns-is-layout-9d6595d7 wp-block-columns-is-layout-flex\">\n<div class=\"wp-block-column is-vertically-aligned-center is-layout-flow wp-block-column-is-layout-flow\">\n<p class=\"ls-paragraph\">Dar\u00fcber hinaus k\u00f6nnen Urlauber darauf hoffen, dank der verschiedenen Preisnachl\u00e4sse, die der <strong>g\u00fcnstige Campingplatz Port Barcar\u00e8s<\/strong> gew\u00e4hrt, bei ihren Urlaubsausgaben zu sparen.  <\/p>\n\n\n\n<p class=\"ls-paragraph\">Bei einer Buchung f\u00fcr vier oder drei Wochen sind die letzten sieben Tage kostenlos, was einem<strong> Rabatt von -30%<\/strong> (28 Tage auf dem Campingplatz) <strong>bzw. -20% <\/strong>(21 Tage) entspricht.<\/p>\n\n\n\n<p class=\"ls-paragraph has-text-align-left\">Es gibt auch interessante Angebote bez\u00fcglich der Standorte. Die Einrichtung bietet zwei Pauschalen an:<\/p>\n\n\n\n<p class=\"ls-paragraph\">Mit dem <strong>&#8222;Standard&#8220;-Paket<\/strong> haben Sie Anspruch auf einen Stellplatz, der Platz f\u00fcr zwei Personen und ein Auto bietet. Das Grundst\u00fcck verf\u00fcgt \u00fcber einen Stromanschluss von 10 Ampere und ist f\u00fcr Menschen mit eingeschr\u00e4nkter Mobilit\u00e4t zug\u00e4nglich.<\/p>\n\n\n\n<p class=\"ls-paragraph\">Mit der <strong>Pauschale &#8222;Komfort&#8220;<\/strong> k\u00f6nnen Sie einen Stellplatz mit der gleichen Aufnahmekapazit\u00e4t buchen, der ebenfalls \u00fcber einen Stromanschluss von 10 Ampere verf\u00fcgt. Die Parzelle wird aber zus\u00e4tzlich einen Wasseranschluss und ein Abwassersystem haben.<\/p>\n<\/div>\n\n\n\n<div class=\"wp-block-column is-vertically-aligned-center is-layout-flow wp-block-column-is-layout-flow\">\n<figure class=\"wp-block-image size-full\"><img decoding=\"async\" width=\"1800\" height=\"1200\" src=\"https:\/\/www.camping-le-calagogo.fr\/wp-content\/uploads\/2023\/12\/louer-mobil-home-saint-cyprien.webp\" alt=\"mieten mobilheim preiswert port barcares\" class=\"wp-image-2630239\" srcset=\"https:\/\/www.camping-le-calagogo.fr\/wp-content\/uploads\/2023\/12\/louer-mobil-home-saint-cyprien.webp 1800w, https:\/\/www.camping-le-calagogo.fr\/wp-content\/uploads\/2023\/12\/louer-mobil-home-saint-cyprien-300x200.webp 300w, https:\/\/www.camping-le-calagogo.fr\/wp-content\/uploads\/2023\/12\/louer-mobil-home-saint-cyprien-1024x683.webp 1024w, https:\/\/www.camping-le-calagogo.fr\/wp-content\/uploads\/2023\/12\/louer-mobil-home-saint-cyprien-768x512.webp 768w, https:\/\/www.camping-le-calagogo.fr\/wp-content\/uploads\/2023\/12\/louer-mobil-home-saint-cyprien-1536x1024.webp 1536w\" sizes=\"(max-width: 1800px) 100vw, 1800px\" \/><\/figure>\n<\/div>\n<\/div>\n\n\r\n    <\/div>\r\n<\/section><section id=\"ls-section-block_6628681771d0a63cf77864aa905c08f4\" class=\"ls-section  has-p-t p-t-14 has-p-b p-b-14\" >\r\n        <div class=\"container container--wide\">\r\n        \n\n<div class=\"wp-block-columns is-layout-flex wp-container-core-columns-is-layout-9d6595d7 wp-block-columns-is-layout-flex\">\n<div class=\"wp-block-column is-layout-flow wp-block-column-is-layout-flow\">\n<h2 class=\"ls__heading wp-block-heading\">Camping Port Barcar\u00e8s Meeresk\u00fcste billig<\/h2>\n\n\n\n<p class=\"ls-paragraph\">G\u00f6nnen Sie sich etwas Gutes und genie\u00dfen Sie einen Aufenthalt am Meer in vollen Z\u00fcgen. Teilen Sie diese Erfahrung mit der Familie oder mit Freunden, die Sie w\u00e4hrend des Einschlusses vielleicht nicht zu Gesicht bekommen h\u00e4tten.<\/p>\n\n\n\n<p class=\"ls-paragraph\">Der <a href=\"https:\/\/www.camping-le-calagogo.fr\/de\/camping-port-barcares\/\" data-type=\"page\" data-id=\"2144\">Campingplatz Port Barcares<\/a> Le Cala-Gogo ist eine interessante Wahl f\u00fcr diesen Ausflug in die Pyr\u00e9n\u00e9es-Orientales, nicht zuletzt, weil die Anlage einen direkten Zugang zum Mittelmeer bietet. Der Zugang zum Strand vom <strong>g\u00fcnstigen Camping Port Barcar\u00e8s<\/strong> aus wird durch einen langen Holzboden erleichtert, der wie eine Promenade in Nizza aussieht.<\/p>\n\n\n\n<p class=\"ls-paragraph\">W\u00e4hrend der Monate Juli und August werden die Str\u00e4nde \u00fcberwacht. So k\u00f6nnen Sie sich mit Ihren Kindern ungest\u00f6rt am\u00fcsieren. Ein Strand f\u00fcr FKK-Anh\u00e4nger ist \u00fcbrigens nur wenige hundert Meter vom <a href=\"https:\/\/www.camping-le-calagogo.fr\/de\/camping-port-barcares\/meereskueste\/\" data-type=\"page\" data-id=\"49\">Camping Port Barcar\u00e8s bord de mer<\/a> entfernt zug\u00e4nglich.<\/p>\n<\/div>\n\n\n\n<div class=\"wp-block-column is-layout-flow wp-block-column-is-layout-flow\">\n<h2 class=\"ls__heading wp-block-heading\">Profitieren Sie von den besten Angeboten und Aktionen<\/h2>\n\n\n\n<p class=\"ls-paragraph\">Die Angebote und Aktionen des Campingplatzes erm\u00f6glichen es Ihnen, <strong>einen sch\u00f6nen Urlaub<\/strong> am Meer zu genie\u00dfen, ohne sich zu verausgaben. Die verschiedenen Preiserm\u00e4\u00dfigungen betreffen sowohl Mobilheime als auch Stellpl\u00e4tze, insbesondere unsere Erm\u00e4\u00dfigung <strong>&#8222;Meer &#8211; Sonne&#8220;<\/strong>. Z\u00f6gern Sie nicht, uns f\u00fcr weitere Informationen zu kontaktieren.<\/p>\n\n\n\n<ul class=\"ls-list wp-block-list\">\n<li><strong>Profitieren Sie von -30% <\/strong>: 4 Wochen = 3 gekaufte Wochen + 1 geschenkte Woche<\/li>\n\n\n\n<li><strong>Buchen Sie 3 Wochen<\/strong> = 2 Wochen gekauft + 1 Woche geschenkt! 20% Rabatt<\/li>\n<\/ul>\n\n\n\n<p class=\"ls-paragraph has-text-align-left\"><em>G\u00fcltig im Mai, Juni und September<\/em> &#8211; <em>Angebot nicht kumulierbar<\/em><\/p>\n<\/div>\n<\/div>\n\n\r\n    <\/div>\r\n<\/section><section id=\"ls-section-block_4dbeaa9a2980c1ddd4cd508e56d61e73\" class=\"ls-section  page-maillage has-p-b p-b-14\" >\r\n        <div class=\"container container--wide\">\r\n        \n\n<div id=\"ls-heading ls-titre-div-block_f1b64198a8327767c1c68e7c5c662419\" class=\"ls-titre-div m-left h2-like\" >\n    Der Campingplatz und die Mobilheime <\/br>in Port Barcar\u00e8s<\/div>\n\n\n<div id=\"ls-maillage-block_ff0223c8ec2183690e5f880c2d642056\" class=\"ls-maillage cta-style-normal\" data-rows=\"3\">\n    <div class=\"wp-block-columns  \"><div class=\"wp-block-column\"><div id=\"destinations\" class=\"ls-cta\">\n\n<a href=\"https:\/\/www.camping-le-calagogo.fr\/de\/camping-port-barcares\/meereskueste\/\" target=\"\" rel=\"noopener\" class=\"ls-cta__link\">\n\n\t<div class=\"ls-cta__image\"><img decoding=\"async\" src=\"https:\/\/www.camping-le-calagogo.fr\/wp-content\/uploads\/2023\/12\/decouvrir-port-barcares.webp\" alt=\"\"><\/div>\n\t<div class=\"ls-cta__title\">\n\t\tStrandpromenade Port Barcar\u00e8s\t<\/div>\n\t\n\t\t\n<\/a><\/div><\/div><div class=\"wp-block-column\"><div id=\"destinations\" class=\"ls-cta\">\n\n<a href=\"https:\/\/www.camping-le-calagogo.fr\/de\/camping-port-barcares\/\" target=\"\" rel=\"noopener\" class=\"ls-cta__link\">\n\n\t<div class=\"ls-cta__image\"><img decoding=\"async\" src=\"https:\/\/www.camping-le-calagogo.fr\/wp-content\/uploads\/2023\/12\/louer-hebergement-perpignan.webp\" alt=\"\"><\/div>\n\t<div class=\"ls-cta__title\">\n\t\tCamping Barcar\u00e8s\t<\/div>\n\t\n\t\t\n<\/a><\/div><\/div><div class=\"wp-block-column\"><div id=\"destinations\" class=\"ls-cta\">\n\n<a href=\"https:\/\/www.camping-le-calagogo.fr\/de\/camping-port-barcares\/mobilheim\/\" target=\"\" rel=\"noopener\" class=\"ls-cta__link\">\n\n\t<div class=\"ls-cta__image\"><img decoding=\"async\" src=\"https:\/\/www.camping-le-calagogo.fr\/wp-content\/uploads\/2023\/12\/vacances-port-barcares.webp.webp\" alt=\"\"><\/div>\n\t<div class=\"ls-cta__title\">\n\t\tMobilheime Port Barcar\u00e8s\t<\/div>\n\t\n\t\t\n<\/a><\/div><\/div><\/div><\/div>\n\r\n    <\/div>\r\n<\/section>","protected":false},"excerpt":{"rendered":"","protected":false},"author":1,"featured_media":2630369,"parent":2708624,"menu_order":0,"comment_status":"closed","ping_status":"closed","template":"","meta":{"_acf_changed":false,"_seopress_robots_primary_cat":"","_seopress_titles_title":"Camping Port Barcar\u00e8s | Sonderangebot Campingaufenthalt in Barcar\u00e8s","_seopress_titles_desc":"","_seopress_robots_index":"","inline_featured_image":false,"footnotes":""},"sujet":[],"class_list":["post-2708477","page","type-page","status-publish","has-post-thumbnail","hentry"],"acf":[],"_links":{"self":[{"href":"https:\/\/www.camping-le-calagogo.fr\/de\/wp-json\/wp\/v2\/pages\/2708477","targetHints":{"allow":["GET"]}}],"collection":[{"href":"https:\/\/www.camping-le-calagogo.fr\/de\/wp-json\/wp\/v2\/pages"}],"about":[{"href":"https:\/\/www.camping-le-calagogo.fr\/de\/wp-json\/wp\/v2\/types\/page"}],"author":[{"embeddable":true,"href":"https:\/\/www.camping-le-calagogo.fr\/de\/wp-json\/wp\/v2\/users\/1"}],"replies":[{"embeddable":true,"href":"https:\/\/www.camping-le-calagogo.fr\/de\/wp-json\/wp\/v2\/comments?post=2708477"}],"version-history":[{"count":12,"href":"https:\/\/www.camping-le-calagogo.fr\/de\/wp-json\/wp\/v2\/pages\/2708477\/revisions"}],"predecessor-version":[{"id":2832421,"href":"https:\/\/www.camping-le-calagogo.fr\/de\/wp-json\/wp\/v2\/pages\/2708477\/revisions\/2832421"}],"up":[{"embeddable":true,"href":"https:\/\/www.camping-le-calagogo.fr\/de\/wp-json\/wp\/v2\/pages\/2708624"}],"wp:featuredmedia":[{"embeddable":true,"href":"https:\/\/www.camping-le-calagogo.fr\/de\/wp-json\/wp\/v2\/media\/2630369"}],"wp:attachment":[{"href":"https:\/\/www.camping-le-calagogo.fr\/de\/wp-json\/wp\/v2\/media?parent=2708477"}],"wp:term":[{"taxonomy":"sujet","embeddable":true,"href":"https:\/\/www.camping-le-calagogo.fr\/de\/wp-json\/wp\/v2\/sujet?post=2708477"}],"curies":[{"name":"wp","href":"https:\/\/api.w.org\/{rel}","templated":true}]}}