{"id":2708677,"date":"2023-11-22T01:46:08","date_gmt":"2023-11-22T00:46:08","guid":{"rendered":"https:\/\/www.camping-le-calagogo.fr\/camping-port-barcares\/wohnmobil\/"},"modified":"2024-01-11T00:55:49","modified_gmt":"2024-01-10T23:55:49","slug":"mobilheim","status":"publish","type":"page","link":"https:\/\/www.camping-le-calagogo.fr\/de\/camping-port-barcares\/mobilheim\/","title":{"rendered":"Vermietung Mobilheim Port Barcar\u00e8s"},"content":{"rendered":"<section id=\"ls-section-block_c6086046a79b39b6c3a5237b03e724a7\" class=\"ls-section  page-chapeau deco has-p-b p-b-4\" >\r\n        <div class=\"container \">\r\n        \n\n<h1 class=\"ls__heading wp-block-heading has-text-align-center\">Vermietung von Mobilheimen <br><strong>in Port Barcar\u00e8s<\/strong><\/h1>\n\n\n\n<p class=\"ls-paragraph has-text-align-center\">G\u00f6nnen Sie sich etwas Gutes und genie\u00dfen Sie einen Aufenthalt mit der Familie oder mit Freunden in einer Umgebung, die zum Auftanken und zur Flucht aus dem Alltag einl\u00e4dt. Der Camping Le Cala Gogo empf\u00e4ngt Sie am Mittelmeer, eine halbe Stunde von Port Barcar\u00e8s entfernt. Hier k\u00f6nnen Sie einen Familienurlaub in einer unserer ger\u00e4umigen Mietunterk\u00fcnfte verbringen.<\/p>\n\n\r\n    <\/div>\r\n<\/section>\n\n<section id=\"ls-section-block_5543e54ef478d078849bc63df2ed2c75\" class=\"ls-section  page-hebergements has-p-t p-t-0\" >\r\n        <div class=\"container container--wide\">\r\n        \n\n<h2 class=\"ls__heading wp-block-heading has-text-align-center\">Entdecken Sie alle unsere Mobilheime in Port Barcar\u00e8s<\/h2>\n\n\n\n<div id=\"ls-hebergements-block_cadda2a11740fcec7560905b26e3f56b\" class=\"ls-hebergements\" >\n    \n    <div class=\"ls-customizer\">\n\n    <div class=\"ls-customizer__filters\">\n        <div class=\"ls-customizer__filters__close\">\n            <i class=\"fas fa-times\"><\/i>\n        <\/div>\n\n        <div class=\"ls-customizer__filters__title\">\n            <b>Filter<\/b>\n            <span class=\"ls-customizer__filters__clear\"><i class=\"fas fa-times\"><\/i>\n                Filter l\u00f6schen<\/span>\n        <\/div>\n\n\n                \n        <!-- Filtres ACF fields -->\n        \n                        <!-- Filtre gammes_hebergements -->\n                <div class=\"filter\" id=\"filter-gammes_hebergements\">\n            <div class=\"filter__title\">Reihen<i class=\"fas fa-angle-down\"><\/i><\/div>\n            <fieldset data-filter=\"gammes_hebergements\" data-operator=\"==\"\n                class=\"input\">\n\n                <div><input type=\"radio\" name=\"gammes_hebergements\" id=\"gammes_hebergements-all\"  class=\"checkbox\" \/><label for='gammes_hebergements-all'>Alle<\/label><\/div><div><input type=\"radio\" name=\"gammes_hebergements\" id=\"gammes_hebergements-gamme-plaisir\" value=\"gamme-plaisir\" class=\"checkbox\"  \/><label for='gammes_hebergements-gamme-plaisir'>gamme plaisir<\/label><\/div><div><input type=\"radio\" name=\"gammes_hebergements\" id=\"gammes_hebergements-gamme-prestige\" value=\"gamme-prestige\" class=\"checkbox\"  \/><label for='gammes_hebergements-gamme-prestige'>gamme prestige<\/label><\/div><div><input type=\"radio\" name=\"gammes_hebergements\" id=\"gammes_hebergements-gamme-privilege\" value=\"gamme-privilege\" class=\"checkbox\"  \/><label for='gammes_hebergements-gamme-privilege'>gamme privilege<\/label><\/div>            <\/fieldset>\n        <\/div>\n                        <!-- Filtre nombre_de_personnes -->\n                <div class=\"filter\" id=\"filter-nombre_de_personnes\">\n            <div class=\"filter__title\">Maximale Kapazit\u00e4t<i class=\"fas fa-angle-down\"><\/i><\/div>\n            <fieldset data-filter=\"nombre_de_personnes\" data-operator=\"<=\"\n                class=\"input\">\n\n                <div><input type=\"radio\" name=\"nombre_de_personnes\" id=\"nombre_de_personnes-all\"  class=\"checkbox\" \/><label for='nombre_de_personnes-all'>Alle<\/label><\/div><div><input type=\"radio\" name=\"nombre_de_personnes\" id=\"nombre_de_personnes-3\" value=\"3\" class=\"checkbox\"  \/><label for='nombre_de_personnes-3'>Bis zu 3 pers.<\/label><\/div><div><input type=\"radio\" name=\"nombre_de_personnes\" id=\"nombre_de_personnes-4\" value=\"4\" class=\"checkbox\"  \/><label for='nombre_de_personnes-4'>Bis zu 4 pers.<\/label><\/div><div><input type=\"radio\" name=\"nombre_de_personnes\" id=\"nombre_de_personnes-6\" value=\"6\" class=\"checkbox\"  \/><label for='nombre_de_personnes-6'>Bis zu 6 pers.<\/label><\/div><div><input type=\"radio\" name=\"nombre_de_personnes\" id=\"nombre_de_personnes-8\" value=\"8\" class=\"checkbox\"  \/><label for='nombre_de_personnes-8'>Bis zu 8 pers.<\/label><\/div><div><input type=\"radio\" name=\"nombre_de_personnes\" id=\"nombre_de_personnes-10\" value=\"10\" class=\"checkbox\"  \/><label for='nombre_de_personnes-10'>Bis zu 10 pers.<\/label><\/div><div><input type=\"radio\" name=\"nombre_de_personnes\" id=\"nombre_de_personnes-14\" value=\"14\" class=\"checkbox\"  \/><label for='nombre_de_personnes-14'>Bis zu 14 pers.<\/label><\/div>            <\/fieldset>\n        <\/div>\n                        <!-- Filtre nombre_de_chambres -->\n                <div class=\"filter\" id=\"filter-nombre_de_chambres\">\n            <div class=\"filter__title\">Anzahl der Zimmer<i class=\"fas fa-angle-down\"><\/i><\/div>\n            <fieldset data-filter=\"nombre_de_chambres\" data-operator=\"==\"\n                class=\"input\">\n\n                <div><input type=\"radio\" name=\"nombre_de_chambres\" id=\"nombre_de_chambres-all\"  class=\"checkbox\" \/><label for='nombre_de_chambres-all'>Alle<\/label><\/div><div><input type=\"radio\" name=\"nombre_de_chambres\" id=\"nombre_de_chambres-1\" value=\"1\" class=\"checkbox\"  \/><label for='nombre_de_chambres-1'>1<\/label><\/div><div><input type=\"radio\" name=\"nombre_de_chambres\" id=\"nombre_de_chambres-2\" value=\"2\" class=\"checkbox\"  \/><label for='nombre_de_chambres-2'>2<\/label><\/div><div><input type=\"radio\" name=\"nombre_de_chambres\" id=\"nombre_de_chambres-3\" value=\"3\" class=\"checkbox\"  \/><label for='nombre_de_chambres-3'>3<\/label><\/div><div><input type=\"radio\" name=\"nombre_de_chambres\" id=\"nombre_de_chambres-4\" value=\"4\" class=\"checkbox\"  \/><label for='nombre_de_chambres-4'>4<\/label><\/div>            <\/fieldset>\n        <\/div>\n                \n        \n    <\/div>\n\n<\/div><div class=\"ls-hebergements__results\" data-row=\"3\" data-campings=\"false\" data-types=\"[22]\"><div class=\"ls-hebergement\" data-postid='2847242' data-id-reservation='146117' data-id-site='' data-id1='' data-gammes_hebergements='gamme-prestige' data-nombre_de_personnes='14' data-nombre_de_chambres='' data-type='accommodation-fr mobil-home-fr'>\n\t<a href=\"https:\/\/www.camping-le-calagogo.fr\/de\/hebergements\/cleopatre-bereich-3-mh-7-ch-6-salles-deau-climatise-tv\/#primary\" rel=\"noopener\" target=\"_blank\"\n\t\tclass=\"ls-hebergement__link\">\n\t\t<div class=\"ls-hebergement__thumb\">\n\t\t\t\t\t\t<img decoding=\"async\" src=\"https:\/\/www.camping-le-calagogo.fr\/wp-content\/uploads\/2025\/12\/0-1409731-scaled.jpg\" alt=\"CLEOPATRE-Bereich &#8211; 3 mh &#8211; 7 ch &#8211; 6 Badezimmern &#8211; Klimaanlage &#8211; TV\" \/>\n\t\t<\/div>\n\t\t\t\t\t\t<div class=\"ls-hebergement__title\">\n\t\t\t<span class=\"ls-hebergement__photos-constructeur\">Photos constructeur<\/span>\n\t\t\t<div class=\"ls-hebergement__gammes\">\n\t\t\t\tgamme prestige\t\t\t<\/div>\n\t\t\tCLEOPATRE-Bereich &#8211; 3 mh &#8211; 7 ch &#8211; 6 Badezimmern &#8211; Klimaanlage &#8211; TV\t\t<\/div>\n\n\t\t<div class=\"ls-hebergement__details\">\n\n\t\t\t<div class=\"ls-hebergement__icons\">\n\n\t\t\t\t\t\t\t\t<span class=\"ls-hebergement__icon\">\n\t\t\t\t\t<i class=\"calagogo-family\"><\/i>\n\t\t\t\t\t14\t\t\t\t<\/span>\n\t\t\t\t\n\t\t\t\t\n\t\t\t\t<div class=\"ls-hebergement__infos\">\n\t\t\t\t\t\t\t\t\t\t\t\t\t\t<\/div>\n\t\t\t\t\n\t\t\t<\/div>\n\n\n\t\t<\/div>\n\n\t\t<div class=\"ls-hebergement__disponibilites\">\n\t\t\tEntdecken Sie\t\t<\/div>\n\t\t<div class=\"ls-button in-view animated fadeInUp\" style=\"opacity: 1;\">\n\t\t\t<span>Entdecken Sie<\/span><i class='calagogo-right-arrow'><\/i><\/div>\n\t<\/a>\n<\/div><div class=\"ls-hebergement\" data-postid='2847241' data-id-reservation='146165' data-id-site='' data-id1='' data-gammes_hebergements='gamme-prestige' data-nombre_de_personnes='10' data-nombre_de_chambres='' data-type='accommodation-fr mobil-home-fr'>\n\t<a href=\"https:\/\/www.camping-le-calagogo.fr\/de\/hebergements\/hera-bereich-2-mh-5-ch-4-salles-deau-climatise-tv\/#primary\" rel=\"noopener\" target=\"_blank\"\n\t\tclass=\"ls-hebergement__link\">\n\t\t<div class=\"ls-hebergement__thumb\">\n\t\t\t\t\t\t<img decoding=\"async\" src=\"https:\/\/www.camping-le-calagogo.fr\/wp-content\/uploads\/2025\/12\/0-1409738-scaled.jpg\" alt=\"HERA-Bereich &#8211; 2 mh &#8211; 5 ch &#8211; 4 Badezimmern &#8211; Klimaanlage &#8211; TV\" \/>\n\t\t<\/div>\n\t\t\t\t\t\t<div class=\"ls-hebergement__title\">\n\t\t\t<span class=\"ls-hebergement__photos-constructeur\">Photos constructeur<\/span>\n\t\t\t<div class=\"ls-hebergement__gammes\">\n\t\t\t\tgamme prestige\t\t\t<\/div>\n\t\t\tHERA-Bereich &#8211; 2 mh &#8211; 5 ch &#8211; 4 Badezimmern &#8211; Klimaanlage &#8211; TV\t\t<\/div>\n\n\t\t<div class=\"ls-hebergement__details\">\n\n\t\t\t<div class=\"ls-hebergement__icons\">\n\n\t\t\t\t\t\t\t\t<span class=\"ls-hebergement__icon\">\n\t\t\t\t\t<i class=\"calagogo-family\"><\/i>\n\t\t\t\t\t10\t\t\t\t<\/span>\n\t\t\t\t\n\t\t\t\t\n\t\t\t\t<div class=\"ls-hebergement__infos\">\n\t\t\t\t\t\t\t\t\t\t<span class=\"ls-hebergement__detail\">\n\t\t\t\t\t\t<i class=\"calagogo-area1\"><\/i> 80m\u00b2\n\t\t\t\t\t<\/span>\n\t\t\t\t\t\t\t\t\t\t\t\t\t\t<\/div>\n\t\t\t\t\n\t\t\t<\/div>\n\n\n\t\t<\/div>\n\n\t\t<div class=\"ls-hebergement__disponibilites\">\n\t\t\tEntdecken Sie\t\t<\/div>\n\t\t<div class=\"ls-button in-view animated fadeInUp\" style=\"opacity: 1;\">\n\t\t\t<span>Entdecken Sie<\/span><i class='calagogo-right-arrow'><\/i><\/div>\n\t<\/a>\n<\/div><div class=\"ls-hebergement\" data-postid='2830214' data-id-reservation='97162' data-id-site='' data-id1='' data-gammes_hebergements='gamme-privilege' data-nombre_de_personnes='8' data-nombre_de_chambres='4' data-type='accommodation-fr mobil-home-fr'>\n\t<a href=\"https:\/\/www.camping-le-calagogo.fr\/de\/hebergements\/mobilheim-maury-klimaanlage\/#primary\" rel=\"noopener\" target=\"_blank\"\n\t\tclass=\"ls-hebergement__link\">\n\t\t<div class=\"ls-hebergement__thumb\">\n\t\t\t\t\t\t<img decoding=\"async\" src=\"https:\/\/www.camping-le-calagogo.fr\/wp-content\/uploads\/2025\/12\/0-1409728-scaled.jpg\" alt=\"Mobilheim MEDUSA &#8211; 4 ch &#8211; 2 Badezimmern &#8211; Klimaanlage &#8211; TV\" \/>\n\t\t<\/div>\n\t\t\t\t\t\t<div class=\"ls-hebergement__title\">\n\t\t\t<span class=\"ls-hebergement__photos-constructeur\">Photos constructeur<\/span>\n\t\t\t<div class=\"ls-hebergement__gammes\">\n\t\t\t\tgamme privilege\t\t\t<\/div>\n\t\t\tMobilheim MEDUSA &#8211; 4 ch &#8211; 2 Badezimmern &#8211; Klimaanlage &#8211; TV\t\t<\/div>\n\n\t\t<div class=\"ls-hebergement__details\">\n\n\t\t\t<div class=\"ls-hebergement__icons\">\n\n\t\t\t\t\t\t\t\t<span class=\"ls-hebergement__icon\">\n\t\t\t\t\t<i class=\"calagogo-family\"><\/i>\n\t\t\t\t\t8\t\t\t\t<\/span>\n\t\t\t\t\n\t\t\t\t\n\t\t\t\t<div class=\"ls-hebergement__infos\">\n\t\t\t\t\t\t\t\t\t\t<span class=\"ls-hebergement__detail\">\n\t\t\t\t\t\t<i class=\"calagogo-area1\"><\/i> 40m\u00b2\n\t\t\t\t\t<\/span>\n\t\t\t\t\t\t\t\t\t\t\t\t\t\t\t<span class=\"ls-hebergement__detail\">\n\t\t\t\t\t\t\t\t\t\t\t\t<i class=\"calagogo-door\"><\/i> 4\t\t\t\t\t\tZimmer\t\t\t\t\t\t\t\t\t\t\t<\/span>\n\t\t\t\t\t\t\t\t\t<\/div>\n\t\t\t\t\n\t\t\t<\/div>\n\n\n\t\t<\/div>\n\n\t\t<div class=\"ls-hebergement__disponibilites\">\n\t\t\tEntdecken Sie\t\t<\/div>\n\t\t<div class=\"ls-button in-view animated fadeInUp\" style=\"opacity: 1;\">\n\t\t\t<span>Entdecken Sie<\/span><i class='calagogo-right-arrow'><\/i><\/div>\n\t<\/a>\n<\/div><div class=\"ls-hebergement\" data-postid='2830219' data-id-reservation='97161' data-id-site='' data-id1='' data-gammes_hebergements='gamme-privilege' data-nombre_de_personnes='6' data-nombre_de_chambres='3' data-type='accommodation-fr mobil-home-fr'>\n\t<a href=\"https:\/\/www.camping-le-calagogo.fr\/de\/hebergements\/mobilheim-muscat-klimaanlage\/#primary\" rel=\"noopener\" target=\"_blank\"\n\t\tclass=\"ls-hebergement__link\">\n\t\t<div class=\"ls-hebergement__thumb\">\n\t\t\t\t\t\t<img decoding=\"async\" src=\"https:\/\/www.camping-le-calagogo.fr\/wp-content\/uploads\/2026\/03\/0-1409726-scaled.jpg\" alt=\"Mobilheim CALISTA &#8211; 3 ch &#8211; 2 Badezimmern &#8211; Klimaanlage &#8211; TV\" \/>\n\t\t<\/div>\n\t\t\t\t\t\t<div class=\"ls-hebergement__title\">\n\t\t\t<span class=\"ls-hebergement__photos-constructeur\">Photos constructeur<\/span>\n\t\t\t<div class=\"ls-hebergement__gammes\">\n\t\t\t\tgamme privilege\t\t\t<\/div>\n\t\t\tMobilheim CALISTA &#8211; 3 ch &#8211; 2 Badezimmern &#8211; Klimaanlage &#8211; TV\t\t<\/div>\n\n\t\t<div class=\"ls-hebergement__details\">\n\n\t\t\t<div class=\"ls-hebergement__icons\">\n\n\t\t\t\t\t\t\t\t<span class=\"ls-hebergement__icon\">\n\t\t\t\t\t<i class=\"calagogo-family\"><\/i>\n\t\t\t\t\t6\t\t\t\t<\/span>\n\t\t\t\t\n\t\t\t\t\n\t\t\t\t<div class=\"ls-hebergement__infos\">\n\t\t\t\t\t\t\t\t\t\t<span class=\"ls-hebergement__detail\">\n\t\t\t\t\t\t<i class=\"calagogo-area1\"><\/i> 40m\u00b2\n\t\t\t\t\t<\/span>\n\t\t\t\t\t\t\t\t\t\t\t\t\t\t\t<span class=\"ls-hebergement__detail\">\n\t\t\t\t\t\t\t\t\t\t\t\t<i class=\"calagogo-door\"><\/i> 3\t\t\t\t\t\tZimmer\t\t\t\t\t\t\t\t\t\t\t<\/span>\n\t\t\t\t\t\t\t\t\t<\/div>\n\t\t\t\t\n\t\t\t<\/div>\n\n\n\t\t<\/div>\n\n\t\t<div class=\"ls-hebergement__disponibilites\">\n\t\t\tEntdecken Sie\t\t<\/div>\n\t\t<div class=\"ls-button in-view animated fadeInUp\" style=\"opacity: 1;\">\n\t\t\t<span>Entdecken Sie<\/span><i class='calagogo-right-arrow'><\/i><\/div>\n\t<\/a>\n<\/div><div class=\"ls-hebergement\" data-postid='2830205' data-id-reservation='45597' data-id-site='' data-id1='' data-gammes_hebergements='gamme-privilege' data-nombre_de_personnes='3' data-nombre_de_chambres='1' data-type='accommodation-fr mobil-home-fr'>\n\t<a href=\"https:\/\/www.camping-le-calagogo.fr\/de\/hebergements\/mobil-home-rivesaltes-1-ch-climatise-tv\/#primary\" rel=\"noopener\" target=\"_blank\"\n\t\tclass=\"ls-hebergement__link\">\n\t\t<div class=\"ls-hebergement__thumb\">\n\t\t\t\t\t\t<img decoding=\"async\" src=\"https:\/\/www.camping-le-calagogo.fr\/wp-content\/uploads\/2025\/12\/0-1409703-scaled.jpg\" alt=\"Mobilheim CUPIDON &#8211; 1 ch &#8211; Klimaanlage &#8211; TV\" \/>\n\t\t<\/div>\n\t\t\t\t\t\t<div class=\"ls-hebergement__title\">\n\t\t\t<span class=\"ls-hebergement__photos-constructeur\">Photos constructeur<\/span>\n\t\t\t<div class=\"ls-hebergement__gammes\">\n\t\t\t\tgamme privilege\t\t\t<\/div>\n\t\t\tMobilheim CUPIDON &#8211; 1 ch &#8211; Klimaanlage &#8211; TV\t\t<\/div>\n\n\t\t<div class=\"ls-hebergement__details\">\n\n\t\t\t<div class=\"ls-hebergement__icons\">\n\n\t\t\t\t\t\t\t\t<span class=\"ls-hebergement__icon\">\n\t\t\t\t\t<i class=\"calagogo-family\"><\/i>\n\t\t\t\t\t3\t\t\t\t<\/span>\n\t\t\t\t\n\t\t\t\t\n\t\t\t\t<div class=\"ls-hebergement__infos\">\n\t\t\t\t\t\t\t\t\t\t<span class=\"ls-hebergement__detail\">\n\t\t\t\t\t\t<i class=\"calagogo-area1\"><\/i> 20m\u00b2\n\t\t\t\t\t<\/span>\n\t\t\t\t\t\t\t\t\t\t\t\t\t\t\t<span class=\"ls-hebergement__detail\">\n\t\t\t\t\t\t\t\t\t\t\t\t<i class=\"calagogo-door\"><\/i> 1\t\t\t\t\t\tZimmer\t\t\t\t\t\t\t\t\t\t\t<\/span>\n\t\t\t\t\t\t\t\t\t<\/div>\n\t\t\t\t\n\t\t\t<\/div>\n\n\n\t\t<\/div>\n\n\t\t<div class=\"ls-hebergement__disponibilites\">\n\t\t\tEntdecken Sie\t\t<\/div>\n\t\t<div class=\"ls-button in-view animated fadeInUp\" style=\"opacity: 1;\">\n\t\t\t<span>Entdecken Sie<\/span><i class='calagogo-right-arrow'><\/i><\/div>\n\t<\/a>\n<\/div><div class=\"ls-hebergement\" data-postid='2830207' data-id-reservation='97159' data-id-site='' data-id1='' data-gammes_hebergements='gamme-privilege' data-nombre_de_personnes='4' data-nombre_de_chambres='2' data-type='accommodation-fr mobil-home-fr'>\n\t<a href=\"https:\/\/www.camping-le-calagogo.fr\/de\/hebergements\/mobil-home-banuyls-2-ch-2-wasserraum-klimaanlage-tv\/#primary\" rel=\"noopener\" target=\"_blank\"\n\t\tclass=\"ls-hebergement__link\">\n\t\t<div class=\"ls-hebergement__thumb\">\n\t\t\t\t\t\t<img decoding=\"async\" src=\"https:\/\/www.camping-le-calagogo.fr\/wp-content\/uploads\/2026\/03\/0-1409721-scaled.jpg\" alt=\"Mobilheim VENUSIA &#8211; 2 ch &#8211; 2 Badezimmern &#8211; Klimaanlage &#8211; TV\" \/>\n\t\t<\/div>\n\t\t\t\t\t\t<div class=\"ls-hebergement__title\">\n\t\t\t<span class=\"ls-hebergement__photos-constructeur\">Photos constructeur<\/span>\n\t\t\t<div class=\"ls-hebergement__gammes\">\n\t\t\t\tgamme privilege\t\t\t<\/div>\n\t\t\tMobilheim VENUSIA &#8211; 2 ch &#8211; 2 Badezimmern &#8211; Klimaanlage &#8211; TV\t\t<\/div>\n\n\t\t<div class=\"ls-hebergement__details\">\n\n\t\t\t<div class=\"ls-hebergement__icons\">\n\n\t\t\t\t\t\t\t\t<span class=\"ls-hebergement__icon\">\n\t\t\t\t\t<i class=\"calagogo-family\"><\/i>\n\t\t\t\t\t4\t\t\t\t<\/span>\n\t\t\t\t\n\t\t\t\t\n\t\t\t\t<div class=\"ls-hebergement__infos\">\n\t\t\t\t\t\t\t\t\t\t<span class=\"ls-hebergement__detail\">\n\t\t\t\t\t\t<i class=\"calagogo-area1\"><\/i> 33m\u00b2\n\t\t\t\t\t<\/span>\n\t\t\t\t\t\t\t\t\t\t\t\t\t\t\t<span class=\"ls-hebergement__detail\">\n\t\t\t\t\t\t\t\t\t\t\t\t<i class=\"calagogo-door\"><\/i> 2\t\t\t\t\t\tZimmer\t\t\t\t\t\t\t\t\t\t\t<\/span>\n\t\t\t\t\t\t\t\t\t<\/div>\n\t\t\t\t\n\t\t\t<\/div>\n\n\n\t\t<\/div>\n\n\t\t<div class=\"ls-hebergement__disponibilites\">\n\t\t\tEntdecken Sie\t\t<\/div>\n\t\t<div class=\"ls-button in-view animated fadeInUp\" style=\"opacity: 1;\">\n\t\t\t<span>Entdecken Sie<\/span><i class='calagogo-right-arrow'><\/i><\/div>\n\t<\/a>\n<\/div><div class=\"ls-hebergement\" data-postid='2830211' data-id-reservation='45598' data-id-site='' data-id1='' data-gammes_hebergements='gamme-privilege' data-nombre_de_personnes='6' data-nombre_de_chambres='3' data-type='accommodation-fr mobil-home-fr'>\n\t<a href=\"https:\/\/www.camping-le-calagogo.fr\/de\/hebergements\/mobil-home-collioure-3-ch-climatise-tv\/#primary\" rel=\"noopener\" target=\"_blank\"\n\t\tclass=\"ls-hebergement__link\">\n\t\t<div class=\"ls-hebergement__thumb\">\n\t\t\t\t\t\t<img decoding=\"async\" src=\"https:\/\/www.camping-le-calagogo.fr\/wp-content\/uploads\/2025\/12\/0-1409706.jpg\" alt=\"Mobilheim HELIOS &#8211; 3 ch &#8211; Klimaanlage &#8211; TV\" \/>\n\t\t<\/div>\n\t\t\t\t\t\t<div class=\"ls-hebergement__title\">\n\t\t\t<span class=\"ls-hebergement__photos-constructeur\">Photos constructeur<\/span>\n\t\t\t<div class=\"ls-hebergement__gammes\">\n\t\t\t\tgamme privilege\t\t\t<\/div>\n\t\t\tMobilheim HELIOS &#8211; 3 ch &#8211; Klimaanlage &#8211; TV\t\t<\/div>\n\n\t\t<div class=\"ls-hebergement__details\">\n\n\t\t\t<div class=\"ls-hebergement__icons\">\n\n\t\t\t\t\t\t\t\t<span class=\"ls-hebergement__icon\">\n\t\t\t\t\t<i class=\"calagogo-family\"><\/i>\n\t\t\t\t\t6\t\t\t\t<\/span>\n\t\t\t\t\n\t\t\t\t\n\t\t\t\t<div class=\"ls-hebergement__infos\">\n\t\t\t\t\t\t\t\t\t\t<span class=\"ls-hebergement__detail\">\n\t\t\t\t\t\t<i class=\"calagogo-area1\"><\/i> 33m\u00b2\n\t\t\t\t\t<\/span>\n\t\t\t\t\t\t\t\t\t\t\t\t\t\t\t<span class=\"ls-hebergement__detail\">\n\t\t\t\t\t\t\t\t\t\t\t\t<i class=\"calagogo-door\"><\/i> 3\t\t\t\t\t\tZimmer\t\t\t\t\t\t\t\t\t\t\t<\/span>\n\t\t\t\t\t\t\t\t\t<\/div>\n\t\t\t\t\n\t\t\t<\/div>\n\n\n\t\t<\/div>\n\n\t\t<div class=\"ls-hebergement__disponibilites\">\n\t\t\tEntdecken Sie\t\t<\/div>\n\t\t<div class=\"ls-button in-view animated fadeInUp\" style=\"opacity: 1;\">\n\t\t\t<span>Entdecken Sie<\/span><i class='calagogo-right-arrow'><\/i><\/div>\n\t<\/a>\n<\/div><div class=\"ls-hebergement\" data-postid='2830215' data-id-reservation='76982' data-id-site='' data-id1='' data-gammes_hebergements='gamme-privilege' data-nombre_de_personnes='4' data-nombre_de_chambres='2' data-type='accommodation-fr mobil-home-fr'>\n\t<a href=\"https:\/\/www.camping-le-calagogo.fr\/de\/hebergements\/mobilheim-behindertengerecht-adapt-koerperbehinderten\/#primary\" rel=\"noopener\" target=\"_blank\"\n\t\tclass=\"ls-hebergement__link\">\n\t\t<div class=\"ls-hebergement__thumb\">\n\t\t\t\t\t\t<img decoding=\"async\" src=\"https:\/\/www.camping-le-calagogo.fr\/wp-content\/uploads\/2025\/12\/0-1409275-scaled.jpg\" alt=\"Mobilheim behindertengerecht ADAPT (K\u00f6rperbehinderten)\" \/>\n\t\t<\/div>\n\t\t\t\t\t\t<div class=\"ls-hebergement__title\">\n\t\t\t<span class=\"ls-hebergement__photos-constructeur\">Photos constructeur<\/span>\n\t\t\t<div class=\"ls-hebergement__gammes\">\n\t\t\t\tgamme privilege\t\t\t<\/div>\n\t\t\tMobilheim behindertengerecht ADAPT (K\u00f6rperbehinderten)\t\t<\/div>\n\n\t\t<div class=\"ls-hebergement__details\">\n\n\t\t\t<div class=\"ls-hebergement__icons\">\n\n\t\t\t\t\t\t\t\t<span class=\"ls-hebergement__icon\">\n\t\t\t\t\t<i class=\"calagogo-family\"><\/i>\n\t\t\t\t\t4\t\t\t\t<\/span>\n\t\t\t\t\n\t\t\t\t\n\t\t\t\t<div class=\"ls-hebergement__infos\">\n\t\t\t\t\t\t\t\t\t\t<span class=\"ls-hebergement__detail\">\n\t\t\t\t\t\t<i class=\"calagogo-area1\"><\/i> 36m\u00b2\n\t\t\t\t\t<\/span>\n\t\t\t\t\t\t\t\t\t\t\t\t\t\t\t<span class=\"ls-hebergement__detail\">\n\t\t\t\t\t\t\t\t\t\t\t\t<i class=\"calagogo-door\"><\/i> 2\t\t\t\t\t\tZimmer\t\t\t\t\t\t\t\t\t\t\t<\/span>\n\t\t\t\t\t\t\t\t\t<\/div>\n\t\t\t\t\n\t\t\t<\/div>\n\n\n\t\t<\/div>\n\n\t\t<div class=\"ls-hebergement__disponibilites\">\n\t\t\tEntdecken Sie\t\t<\/div>\n\t\t<div class=\"ls-button in-view animated fadeInUp\" style=\"opacity: 1;\">\n\t\t\t<span>Entdecken Sie<\/span><i class='calagogo-right-arrow'><\/i><\/div>\n\t<\/a>\n<\/div><div class=\"ls-hebergement\" data-postid='2830223' data-id-reservation='62542' data-id-site='' data-id1='' data-gammes_hebergements='gamme-plaisir' data-nombre_de_personnes='6' data-nombre_de_chambres='3' data-type='accommodation-fr mobil-home-fr'>\n\t<a href=\"https:\/\/www.camping-le-calagogo.fr\/de\/hebergements\/mobilheim-tautavel-klimaanlage-tv\/#primary\" rel=\"noopener\" target=\"_blank\"\n\t\tclass=\"ls-hebergement__link\">\n\t\t<div class=\"ls-hebergement__thumb\">\n\t\t\t\t\t\t<img decoding=\"async\" src=\"https:\/\/www.camping-le-calagogo.fr\/wp-content\/uploads\/2025\/12\/0-1409700-scaled.jpg\" alt=\"Mobilheim ISIS &#8211; 3 ch &#8211; Klimaanlage, TV\" \/>\n\t\t<\/div>\n\t\t\t\t\t\t<div class=\"ls-hebergement__title\">\n\t\t\t<span class=\"ls-hebergement__photos-constructeur\">Photos constructeur<\/span>\n\t\t\t<div class=\"ls-hebergement__gammes\">\n\t\t\t\tgamme plaisir\t\t\t<\/div>\n\t\t\tMobilheim ISIS &#8211; 3 ch &#8211; Klimaanlage, TV\t\t<\/div>\n\n\t\t<div class=\"ls-hebergement__details\">\n\n\t\t\t<div class=\"ls-hebergement__icons\">\n\n\t\t\t\t\t\t\t\t<span class=\"ls-hebergement__icon\">\n\t\t\t\t\t<i class=\"calagogo-family\"><\/i>\n\t\t\t\t\t6\t\t\t\t<\/span>\n\t\t\t\t\n\t\t\t\t\n\t\t\t\t<div class=\"ls-hebergement__infos\">\n\t\t\t\t\t\t\t\t\t\t<span class=\"ls-hebergement__detail\">\n\t\t\t\t\t\t<i class=\"calagogo-area1\"><\/i> 33m\u00b2\n\t\t\t\t\t<\/span>\n\t\t\t\t\t\t\t\t\t\t\t\t\t\t\t<span class=\"ls-hebergement__detail\">\n\t\t\t\t\t\t\t\t\t\t\t\t<i class=\"calagogo-door\"><\/i> 3\t\t\t\t\t\tZimmer\t\t\t\t\t\t\t\t\t\t\t<\/span>\n\t\t\t\t\t\t\t\t\t<\/div>\n\t\t\t\t\n\t\t\t<\/div>\n\n\n\t\t<\/div>\n\n\t\t<div class=\"ls-hebergement__disponibilites\">\n\t\t\tEntdecken Sie\t\t<\/div>\n\t\t<div class=\"ls-button in-view animated fadeInUp\" style=\"opacity: 1;\">\n\t\t\t<span>Entdecken Sie<\/span><i class='calagogo-right-arrow'><\/i><\/div>\n\t<\/a>\n<\/div><div class=\"ls-hebergement\" data-postid='2830206' data-id-reservation='62539' data-id-site='' data-id1='' data-gammes_hebergements='gamme-plaisir' data-nombre_de_personnes='4' data-nombre_de_chambres='2' data-type='accommodation-fr mobil-home-fr'>\n\t<a href=\"https:\/\/www.camping-le-calagogo.fr\/de\/hebergements\/mobil-home-caramany-2-ch-climatise-tv\/#primary\" rel=\"noopener\" target=\"_blank\"\n\t\tclass=\"ls-hebergement__link\">\n\t\t<div class=\"ls-hebergement__thumb\">\n\t\t\t\t\t\t<img decoding=\"async\" src=\"https:\/\/www.camping-le-calagogo.fr\/wp-content\/uploads\/2025\/12\/0-1409694-scaled.jpg\" alt=\"Mobilheim ATHENA &#8211; 2 ch &#8211; Klimaanlage &#8211; TV\" \/>\n\t\t<\/div>\n\t\t\t\t\t\t<div class=\"ls-hebergement__title\">\n\t\t\t<span class=\"ls-hebergement__photos-constructeur\">Photos constructeur<\/span>\n\t\t\t<div class=\"ls-hebergement__gammes\">\n\t\t\t\tgamme plaisir\t\t\t<\/div>\n\t\t\tMobilheim ATHENA &#8211; 2 ch &#8211; Klimaanlage &#8211; TV\t\t<\/div>\n\n\t\t<div class=\"ls-hebergement__details\">\n\n\t\t\t<div class=\"ls-hebergement__icons\">\n\n\t\t\t\t\t\t\t\t<span class=\"ls-hebergement__icon\">\n\t\t\t\t\t<i class=\"calagogo-family\"><\/i>\n\t\t\t\t\t4\t\t\t\t<\/span>\n\t\t\t\t\n\t\t\t\t\n\t\t\t\t<div class=\"ls-hebergement__infos\">\n\t\t\t\t\t\t\t\t\t\t<span class=\"ls-hebergement__detail\">\n\t\t\t\t\t\t<i class=\"calagogo-area1\"><\/i> 33m\u00b2\n\t\t\t\t\t<\/span>\n\t\t\t\t\t\t\t\t\t\t\t\t\t\t\t<span class=\"ls-hebergement__detail\">\n\t\t\t\t\t\t\t\t\t\t\t\t<i class=\"calagogo-door\"><\/i> 2\t\t\t\t\t\tZimmer\t\t\t\t\t\t\t\t\t\t\t<\/span>\n\t\t\t\t\t\t\t\t\t<\/div>\n\t\t\t\t\n\t\t\t<\/div>\n\n\n\t\t<\/div>\n\n\t\t<div class=\"ls-hebergement__disponibilites\">\n\t\t\tEntdecken Sie\t\t<\/div>\n\t\t<div class=\"ls-button in-view animated fadeInUp\" style=\"opacity: 1;\">\n\t\t\t<span>Entdecken Sie<\/span><i class='calagogo-right-arrow'><\/i><\/div>\n\t<\/a>\n<\/div><\/div><\/div>\n\n\r\n    <\/div>\r\n<\/section>\n\n<section id=\"ls-section-block_c6e780cc8a5f9cd062de66557bdc0c9e\" class=\"ls-section  page-one mosaique has-background has-color-4-background-color has-p-t p-t-14 has-p-b p-b-14\" >\r\n        <div class=\"container container--wide\">\r\n        \n\n<h2 class=\"ls__heading wp-block-heading has-text-align-center\">Mobilheimvermietung f\u00fcr Paare in Port Barcar\u00e8s<\/h2>\n\n\n\n<div class=\"wp-block-columns is-layout-flex wp-container-core-columns-is-layout-9d6595d7 wp-block-columns-is-layout-flex\">\n<div class=\"wp-block-column is-layout-flow wp-block-column-is-layout-flow\">\n<p class=\"ls-paragraph\">F\u00fcr Ihren n\u00e4chsten Urlaub am Meer im Departement Pyr\u00e9n\u00e9es-Orientales ist der <a href=\"https:\/\/www.camping-le-calagogo.fr\/de\/camping-port-barcares\/\" data-type=\"page\" data-id=\"2144\">Camping Port Barcares<\/a> Le Cala-Gogo eine interessante Option, sowohl wegen seiner idyllischen Lage als auch wegen der Qualit\u00e4t seiner Infrastrukturen, insbesondere der Mietunterk\u00fcnfte.<\/p>\n\n\n\n<p class=\"ls-paragraph\">Wenn Sie planen, als Paar zu kommen, k\u00f6nnen Sie ein 19,5 m\u00b2 gro\u00dfes Mobilheim mit einem komfortablen Schlafzimmer buchen. Dieser besteht aus einem Doppelbett (160*200), einem Kleiderschrank und Nachttischen. Das Badezimmer, das an das Schlafzimmer angrenzt, verf\u00fcgt \u00fcber eine Dusche und ein Waschbecken, aber auch \u00fcber Aufbewahrungsm\u00f6bel und 1 Heizk\u00f6rper. F\u00fcr mehr Komfort ist die Toilette vom Badezimmer getrennt.<\/p>\n<\/div>\n\n\n\n<div class=\"wp-block-column is-layout-flow wp-block-column-is-layout-flow\">\n<p class=\"ls-paragraph\">Das Mobilheim f\u00fcr Paare verf\u00fcgt au\u00dferdem \u00fcber ein Wohnzimmer mit Esstisch, Sitzbank und Fernseher. In der K\u00fcche stehen Ihnen mehrere Ger\u00e4te zur Verf\u00fcgung, darunter 1 gro\u00dfer K\u00fchlschrank mit Gefrierfach, 1 Mikrowellenherd, 1 Senseo-Kaffeemaschine, 1 Geschirrsp\u00fcler, um nur einige Beispiele zu nennen.<\/p>\n\n\n\n<p class=\"ls-paragraph\">Der <strong>Mobilheimverleih Port Barcar\u00e8s<\/strong> umfasst au\u00dferdem schattige Gartenm\u00f6bel, wo Sie die sch\u00f6nen Sonnentage in vollen Z\u00fcgen genie\u00dfen k\u00f6nnen. Der Au\u00dfenbereich ist auch der perfekte Ort, um sich zu entspannen oder Verwandte zu empfangen.<\/p>\n<\/div>\n<\/div>\n\n\r\n    <\/div>\r\n<\/section>\n\n<section id=\"ls-section-block_497c1498078edf49c6768dc5164dda9d\" class=\"ls-section  section-parallax has-parallax has-background has-color-white-background-color has-p-t p-t-14 has-p-b p-b-14\" >\r\n        <div class=\"container container--wide\">\r\n        \n\n<h2 class=\"ls__heading wp-block-heading has-text-align-center\">Mieten Sie ein Familienmobilheim in Port Barcar\u00e8s<\/h2>\n\n\n\n<p class=\"ls-paragraph has-text-align-center\">Sowohl f\u00fcr Familien als auch f\u00fcr Gruppen von Freunden gibt es eine gro\u00dfe Auswahl an <strong>Mobilheimen in Port Barcar\u00e8s<\/strong>. Es stehen mehrere Mobilheime mit 3 oder 4 Schlafzimmern zur Verf\u00fcgung, die vier bis sechs Personen beherbergen k\u00f6nnen. Auf dem Camping gibt es auch ein Modell f\u00fcr gro\u00dfe Familien, das aus vier Schlafzimmern besteht und bis zu acht Personen beherbergen kann. Sie k\u00f6nnen also ein Mobilheim f\u00fcr Ihren Urlaub auf dem Camping in einem komfortablen Mobilheim mit der ganzen Familie mieten.<\/p>\n\n\n\n<div class=\"wp-block-columns is-layout-flex wp-container-core-columns-is-layout-9d6595d7 wp-block-columns-is-layout-flex\">\n<div class=\"wp-block-column is-layout-flow wp-block-column-is-layout-flow\">\n<ul class=\"ls-list wp-block-list\">\n<li><strong>Mobilheim Paulilles (27 m\u00b2)<\/strong><\/li>\n<\/ul>\n\n\n\n<p class=\"ls-paragraph\">Das Mobilheim Paulilles hat ebenfalls zwei Schlafzimmer, kann aber bis zu f\u00fcnf Personen beherbergen. Die Unterkunft verf\u00fcgt au\u00dferdem \u00fcber eine voll ausgestattete K\u00fcche und ein klimatisiertes Wohnzimmer mit Sitzbank und Fernseher. Au\u00dferdem gibt es ein Badezimmer mit Dusche und Waschbecken sowie eine separate Toilette mit Waschbecken. Die Camper k\u00f6nnen au\u00dferdem eine 8 m\u00b2 gro\u00dfe Terrasse mit Gartenm\u00f6beln und Liegest\u00fchlen nutzen.<\/p>\n\n\n\n<ul class=\"ls-list wp-block-list\">\n<li><strong>Mobilheim PMR (35 m\u00b2)<\/strong><\/li>\n<\/ul>\n\n\n\n<p class=\"ls-paragraph\">Das Mobilheim PMR hat zwei Schlafzimmer und bietet Platz f\u00fcr vier Personen mit Baby. Die Unterkunft verf\u00fcgt ebenfalls \u00fcber eine voll ausgestattete K\u00fcche und ein Wohnzimmer mit Esstisch, Sitzbank und Fernseher. Hinzu kommt ein Badezimmer mit Dusche, Waschbecken und eingebauter Toilette. Die Mieter profitieren au\u00dferdem von einer gro\u00dfen Terrasse und Gartenm\u00f6beln mit zwei Liegest\u00fchlen.<\/p>\n\n\n\n<ul class=\"ls-list wp-block-list\">\n<li><strong>Mobilheim Banyuls (32 m\u00b2)<\/strong><\/li>\n<\/ul>\n\n\n\n<p class=\"ls-paragraph addReadMore showlesscontent\">Das Mobilheim Banyuls hat zwei Schlafzimmer und bietet Platz f\u00fcr vier Personen mit Baby. Hinzu kommen eine voll ausgestattete K\u00fcche und ein Wohnzimmer, das unter anderem einen Esstisch, eine Sitzbank und einen Fernseher enth\u00e4lt. Die Unterkunft verf\u00fcgt au\u00dferdem \u00fcber zwei Badezimmer mit Dusche und Waschbecken sowie eine separate Toilette mit Waschbecken. Die Bewohner k\u00f6nnen au\u00dferdem einen privaten Gartenbereich mit Gartenm\u00f6beln und Sonnenliegen nutzen.<\/p>\n\n\n\n<ul class=\"ls-list wp-block-list\">\n<li><strong>Mobilheim Tautavel (29.5 m\u00b2)<\/strong><\/li>\n<\/ul>\n\n\n\n<p class=\"ls-paragraph\">Das Mobilheim Tautavel auf dem <a href=\"https:\/\/www.camping-le-calagogo.fr\/de\/camping-port-barcares\/camping-billig-perpignan\/\" data-type=\"page\" data-id=\"114\">g\u00fcnstigen Camping Port Barcares<\/a> hat hingegen drei Schlafzimmer und bietet Platz f\u00fcr sechs Personen mit Baby. Hinzu kommen eine voll ausgestattete K\u00fcche und ein Wohnzimmer mit umkehrbarer Klimaanlage, Sitzbank und TV. Das Badezimmer verf\u00fcgt \u00fcber eine Dusche und ein Waschbecken und die Toilette ist separat. Camper haben au\u00dferdem Anspruch auf eine \u00fcberdachte Holzterrasse mit Gartenm\u00f6beln und Sonnenliegen.<\/p>\n<\/div>\n\n\n\n<div class=\"wp-block-column is-layout-flow wp-block-column-is-layout-flow\">\n<ul class=\"ls-list wp-block-list\">\n<li><strong>Mobilheim Caramany (25 m\u00b2)<\/strong><\/li>\n<\/ul>\n\n\n\n<p class=\"ls-paragraph\">Das Mobilheim Caramany hat zwei Schlafzimmer und bietet Platz f\u00fcr vier Personen mit Baby. Den Bewohnern steht auch eine voll ausgestattete K\u00fcche zur Verf\u00fcgung, die u. a. mit einem Herd mit vier Kochstellen, einem K\u00fchlschrank mit Gefrierfach, einer Mikrowelle usw. ausgestattet ist. Das Wohnzimmer verf\u00fcgt \u00fcber eine umkehrbare Klimaanlage, aber auch \u00fcber eine Sitzbank und einen Fernseher. Das Mobilheim verf\u00fcgt au\u00dferdem \u00fcber ein Badezimmer mit Dusche und Waschbecken sowie eine separate Toilette mit Waschbecken. Camper haben au\u00dferdem Anspruch auf eine 9 m\u00b2 gro\u00dfe Terrasse mit Gartenm\u00f6beln und Liegest\u00fchlen.<\/p>\n\n\n\n<ul class=\"ls-list wp-block-list\">\n<li><strong>Mobilheim Collioure (34 m\u00b2)<\/strong><\/li>\n<\/ul>\n\n\n\n<p class=\"ls-paragraph addReadMore showlesscontent\">Das Mobilheim Collioure besteht ebenfalls aus drei Schlafzimmern und bietet Platz f\u00fcr sechs Personen mit Baby. Letzteren stehen eine gut ausgestattete K\u00fcche und ein klimatisiertes Wohnzimmer mit Sitzbank und Flachbildfernseher zur Verf\u00fcgung. Die Unterkunft verf\u00fcgt au\u00dferdem \u00fcber ein Badezimmer mit Dusche und Waschbecken sowie eine separate Toilette. Hinzu kommt eine gro\u00dfe Terrasse mit Gartenm\u00f6beln, Liegest\u00fchlen und Plancha.<\/p>\n\n\n\n<ul class=\"ls-list wp-block-list\">\n<li><strong>Mobilheim Muscat (37 m\u00b2)<\/strong><\/li>\n<\/ul>\n\n\n\n<p class=\"ls-paragraph\">Das Mobilheim Muscat verf\u00fcgt au\u00dferdem \u00fcber drei Schlafzimmer und bietet Platz f\u00fcr sechs Personen mit Baby. Au\u00dferdem gibt es eine voll ausgestattete K\u00fcche und ein Wohnzimmer mit Esstisch, Sitzbank und Fernseher. Hinzu kommen zwei Badezimmer und eine separate Toilette. Das Mietobjekt umfasst au\u00dferdem einen privaten Gartenbereich mit schattenspendender Laube, aber auch Gartenm\u00f6beln und zwei Liegest\u00fchlen, damit Sie die sch\u00f6nen Sonnentage genie\u00dfen k\u00f6nnen.<\/p>\n\n\n\n<ul class=\"ls-list wp-block-list\">\n<li><strong>Mobilheim Maury (41 m\u00b2)<\/strong><\/li>\n<\/ul>\n\n\n\n<p class=\"ls-paragraph\">Die gr\u00f6\u00dfte Unterkunft auf dem <a href=\"https:\/\/www.camping-le-calagogo.fr\/de\/camping-port-barcares\/meereskueste\/\" data-type=\"page\" data-id=\"49\">Camping Port Barcares am Meer<\/a> besteht aus vier Schlafzimmern und bietet Platz f\u00fcr sieben bis acht Personen. Die Bewohner haben Anspruch auf eine voll ausgestattete K\u00fcche und ein klimatisiertes Wohnzimmer, das unter anderem mit einer und Bank und einem Fernseher ausgestattet ist. Das Mobilheim hat zwei Badezimmer und eine separate Toilette mit Waschbecken. Es umfasst au\u00dferdem einen privaten Gartenbereich mit schattenspendender Laube und Gartenm\u00f6beln.<\/p>\n<\/div>\n<\/div>\n\n\r\n    <\/div>\r\n<\/section>\n\n<section id=\"ls-section-block_643f3dd92b3a0158c5b5eed0fabb68f7\" class=\"ls-section  mosaique has-background has-color-4-background-color has-p-t p-t-14 has-p-b p-b-14\" >\r\n        <div class=\"container container--wide\">\r\n        \n\n<h2 class=\"ls__heading wp-block-heading has-text-align-center\">G\u00fcnstige Mobilheime Port Barcar\u00e8s<\/h2>\n\n\n\n<p class=\"ls-paragraph has-text-align-center\">Die Angebote und Sonderaktionen im Bereich <strong>Mobilheimvermietung Port Barcar\u00e8s<\/strong> erm\u00f6glichen Urlaubern nicht unerhebliche Einsparungen, egal ob sie in einem Mobilheim oder auf einem Stellplatz \u00fcbernachten. Wie zum Beispiel unsere Erm\u00e4\u00dfigung <strong>&#8222;Meer &#8211; Sonne&#8220;<\/strong>:<\/p>\n\n\n\n<ul class=\"ls-list ls-list-undefined has-p-l p-l-14 wp-block-list\">\n<li><strong>Profitieren Sie von -30% <\/strong>: 4 Wochen = 3 gekaufte Wochen + 1 geschenkte Woche<\/li>\n\n\n\n<li><strong>Buchen Sie 3 Wochen<\/strong> = 2 Wochen gekauft + 1 Woche geschenkt! 20% Rabatt<\/li>\n<\/ul>\n\n\n\n<p class=\"ls-paragraph has-text-align-center\"><em>G\u00fcltig im Mai, Juni und September<\/em> &#8211; <em>Angebot nicht kumulierbar<\/em><\/p>\n\n\r\n    <\/div>\r\n<\/section>\n\n<section id=\"ls-section-block_84ce35cb666bc0fdffeb63c51e165686\" class=\"ls-section  page-maillage has-p-b p-b-14\" >\r\n        <div class=\"container container--wide\">\r\n        \n\n<div id=\"ls-heading ls-titre-div-block_b7ac269e9526f94b30a96e0911c5716a\" class=\"ls-titre-div m-left h2-like\" >\n    Der Camping und die Strandpromenade <\/br>in Port Barcar\u00e8s<\/div>\n\n\n<div id=\"ls-maillage-block_bfd4c5cdd3038bff37cf98823dde1506\" class=\"ls-maillage cta-style-normal\" data-rows=\"3\">\n    <div class=\"wp-block-columns  \"><div class=\"wp-block-column\"><div id=\"destinations\" class=\"ls-cta\">\n\n<a href=\"https:\/\/www.camping-le-calagogo.fr\/de\/camping-port-barcares\/meereskueste\/\" target=\"\" rel=\"noopener\" class=\"ls-cta__link\">\n\n\t<div class=\"ls-cta__image\"><img decoding=\"async\" src=\"https:\/\/www.camping-le-calagogo.fr\/wp-content\/uploads\/2023\/12\/decouvrir-port-barcares.webp\" alt=\"\"><\/div>\n\t<div class=\"ls-cta__title\">\n\t\tStrandpromenade Port Barcar\u00e8s\t<\/div>\n\t\n\t\t\n<\/a><\/div><\/div><div class=\"wp-block-column\"><div id=\"destinations\" class=\"ls-cta\">\n\n<a href=\"https:\/\/www.camping-le-calagogo.fr\/de\/camping-port-barcares\/camping-billig-perpignan\/\" target=\"\" rel=\"noopener\" class=\"ls-cta__link\">\n\n\t<div class=\"ls-cta__image\"><img decoding=\"async\" src=\"https:\/\/www.camping-le-calagogo.fr\/wp-content\/uploads\/2023\/12\/hebergement-promotion-saint-cyprien.webp\" alt=\"\"><\/div>\n\t<div class=\"ls-cta__title\">\n\t\tG\u00fcnstiger Campingplatz Port Barcar\u00e8s\t<\/div>\n\t\n\t\t\n<\/a><\/div><\/div><div class=\"wp-block-column\"><div id=\"destinations\" class=\"ls-cta\">\n\n<a href=\"https:\/\/www.camping-le-calagogo.fr\/de\/camping-port-barcares\/\" target=\"\" rel=\"noopener\" class=\"ls-cta__link\">\n\n\t<div class=\"ls-cta__image\"><img decoding=\"async\" src=\"https:\/\/www.camping-le-calagogo.fr\/wp-content\/uploads\/2023\/12\/louer-hebergement-perpignan.webp\" alt=\"\"><\/div>\n\t<div class=\"ls-cta__title\">\n\t\tCamping Barcar\u00e8s\t<\/div>\n\t\n\t\t\n<\/a><\/div><\/div><\/div><\/div>\n\r\n    <\/div>\r\n<\/section>","protected":false},"excerpt":{"rendered":"","protected":false},"author":1,"featured_media":2631300,"parent":2708624,"menu_order":0,"comment_status":"closed","ping_status":"closed","template":"","meta":{"_acf_changed":false,"_seopress_robots_primary_cat":"","_seopress_titles_title":"Mobilheim mieten Port Barcar\u00e8s | Camping Barcar\u00e8s mit Mobilheimen","_seopress_titles_desc":"","_seopress_robots_index":"","inline_featured_image":false,"footnotes":""},"sujet":[],"class_list":["post-2708677","page","type-page","status-publish","has-post-thumbnail","hentry"],"acf":[],"_links":{"self":[{"href":"https:\/\/www.camping-le-calagogo.fr\/de\/wp-json\/wp\/v2\/pages\/2708677","targetHints":{"allow":["GET"]}}],"collection":[{"href":"https:\/\/www.camping-le-calagogo.fr\/de\/wp-json\/wp\/v2\/pages"}],"about":[{"href":"https:\/\/www.camping-le-calagogo.fr\/de\/wp-json\/wp\/v2\/types\/page"}],"author":[{"embeddable":true,"href":"https:\/\/www.camping-le-calagogo.fr\/de\/wp-json\/wp\/v2\/users\/1"}],"replies":[{"embeddable":true,"href":"https:\/\/www.camping-le-calagogo.fr\/de\/wp-json\/wp\/v2\/comments?post=2708677"}],"version-history":[{"count":9,"href":"https:\/\/www.camping-le-calagogo.fr\/de\/wp-json\/wp\/v2\/pages\/2708677\/revisions"}],"predecessor-version":[{"id":2826154,"href":"https:\/\/www.camping-le-calagogo.fr\/de\/wp-json\/wp\/v2\/pages\/2708677\/revisions\/2826154"}],"up":[{"embeddable":true,"href":"https:\/\/www.camping-le-calagogo.fr\/de\/wp-json\/wp\/v2\/pages\/2708624"}],"wp:featuredmedia":[{"embeddable":true,"href":"https:\/\/www.camping-le-calagogo.fr\/de\/wp-json\/wp\/v2\/media\/2631300"}],"wp:attachment":[{"href":"https:\/\/www.camping-le-calagogo.fr\/de\/wp-json\/wp\/v2\/media?parent=2708677"}],"wp:term":[{"taxonomy":"sujet","embeddable":true,"href":"https:\/\/www.camping-le-calagogo.fr\/de\/wp-json\/wp\/v2\/sujet?post=2708677"}],"curies":[{"name":"wp","href":"https:\/\/api.w.org\/{rel}","templated":true}]}}